{"version":"1.0","provider_name":"i Region \u00d6sterg\u00f6tland","provider_url":"https:\/\/wp.kristdemokraterna.se\/regionostergotland","title":"Nyhetsbrev vecka 21 - i Region \u00d6sterg\u00f6tland","type":"rich","width":600,"height":338,"html":"<blockquote class=\"wp-embedded-content\" data-secret=\"kgEKLWirbY\"><a href=\"https:\/\/wp.kristdemokraterna.se\/regionostergotland\/nyhetsbrev-vecka-21-7\/\">Nyhetsbrev vecka 21<\/a><\/blockquote><iframe sandbox=\"allow-scripts\" security=\"restricted\" src=\"https:\/\/wp.kristdemokraterna.se\/regionostergotland\/nyhetsbrev-vecka-21-7\/embed\/#?secret=kgEKLWirbY\" width=\"600\" height=\"338\" title=\"\u201dNyhetsbrev vecka 21\u201d &ndash; i Region \u00d6sterg\u00f6tland\" data-secret=\"kgEKLWirbY\" frameborder=\"0\" marginwidth=\"0\" marginheight=\"0\" scrolling=\"no\" class=\"wp-embedded-content\"><\/iframe><script type=\"text\/javascript\">\n\/* <![CDATA[ *\/\n\/*! This file is auto-generated *\/\n!function(d,l){\"use strict\";l.querySelector&&d.addEventListener&&\"undefined\"!=typeof URL&&(d.wp=d.wp||{},d.wp.receiveEmbedMessage||(d.wp.receiveEmbedMessage=function(e){var t=e.data;if((t||t.secret||t.message||t.value)&&!\/[^a-zA-Z0-9]\/.test(t.secret)){for(var s,r,n,a=l.querySelectorAll('iframe[data-secret=\"'+t.secret+'\"]'),o=l.querySelectorAll('blockquote[data-secret=\"'+t.secret+'\"]'),c=new RegExp(\"^https?:$\",\"i\"),i=0;i<o.length;i++)o[i].style.display=\"none\";for(i=0;i<a.length;i++)s=a[i],e.source===s.contentWindow&&(s.removeAttribute(\"style\"),\"height\"===t.message?(1e3<(r=parseInt(t.value,10))?r=1e3:~~r<200&&(r=200),s.height=r):\"link\"===t.message&&(r=new URL(s.getAttribute(\"src\")),n=new URL(t.value),c.test(n.protocol))&&n.host===r.host&&l.activeElement===s&&(d.top.location.href=t.value))}},d.addEventListener(\"message\",d.wp.receiveEmbedMessage,!1),l.addEventListener(\"DOMContentLoaded\",function(){for(var e,t,s=l.querySelectorAll(\"iframe.wp-embedded-content\"),r=0;r<s.length;r++)(t=(e=s[r]).getAttribute(\"data-secret\"))||(t=Math.random().toString(36).substring(2,12),e.src+=\"#?secret=\"+t,e.setAttribute(\"data-secret\",t)),e.contentWindow.postMessage({message:\"ready\",secret:t},\"*\")},!1)))}(window,document);\n\/\/# sourceURL=https:\/\/wp.kristdemokraterna.se\/regionostergotland\/wp-includes\/js\/wp-embed.min.js\n\/* ]]> *\/\n<\/script>\n","description":"Hej! Veckans nyhetsbrev f\u00f6rfattas p\u00e5 t\u00e5get hem fr\u00e5n Stockholm efter ett par dagars m\u00f6ten kopplat till regionernas dialog med regeringen om regionala utvecklingsfr\u00e5gor. Jag ska som vanligt kort f\u00f6rs\u00f6ka sammanfatta n\u00e5gra av veckans h\u00e4ndelser. Trevlig l\u00e4sning!","thumbnail_url":"http:\/\/wp.kristdemokraterna.se\/regionostergotland\/files\/2025\/05\/bild-nyhetsbrev-2025-vecka-21-1024x533.jpg","thumbnail_width":1024,"thumbnail_height":533}