{"version":"1.0","provider_name":"i Region \u00d6sterg\u00f6tland","provider_url":"https:\/\/wp.kristdemokraterna.se\/regionostergotland","title":"Nyhetsbrev vecka 43 - i Region \u00d6sterg\u00f6tland","type":"rich","width":600,"height":338,"html":"<blockquote class=\"wp-embedded-content\" data-secret=\"u8wtPT4hQ5\"><a href=\"https:\/\/wp.kristdemokraterna.se\/regionostergotland\/nyhetsbrev-vecka-43-5\/\">Nyhetsbrev vecka 43<\/a><\/blockquote><iframe sandbox=\"allow-scripts\" security=\"restricted\" src=\"https:\/\/wp.kristdemokraterna.se\/regionostergotland\/nyhetsbrev-vecka-43-5\/embed\/#?secret=u8wtPT4hQ5\" width=\"600\" height=\"338\" title=\"\u201dNyhetsbrev vecka 43\u201d &ndash; i Region \u00d6sterg\u00f6tland\" data-secret=\"u8wtPT4hQ5\" frameborder=\"0\" marginwidth=\"0\" marginheight=\"0\" scrolling=\"no\" class=\"wp-embedded-content\"><\/iframe><script type=\"text\/javascript\">\n\/* <![CDATA[ *\/\n\/*! This file is auto-generated *\/\n!function(d,l){\"use strict\";l.querySelector&&d.addEventListener&&\"undefined\"!=typeof URL&&(d.wp=d.wp||{},d.wp.receiveEmbedMessage||(d.wp.receiveEmbedMessage=function(e){var t=e.data;if((t||t.secret||t.message||t.value)&&!\/[^a-zA-Z0-9]\/.test(t.secret)){for(var s,r,n,a=l.querySelectorAll('iframe[data-secret=\"'+t.secret+'\"]'),o=l.querySelectorAll('blockquote[data-secret=\"'+t.secret+'\"]'),c=new RegExp(\"^https?:$\",\"i\"),i=0;i<o.length;i++)o[i].style.display=\"none\";for(i=0;i<a.length;i++)s=a[i],e.source===s.contentWindow&&(s.removeAttribute(\"style\"),\"height\"===t.message?(1e3<(r=parseInt(t.value,10))?r=1e3:~~r<200&&(r=200),s.height=r):\"link\"===t.message&&(r=new URL(s.getAttribute(\"src\")),n=new URL(t.value),c.test(n.protocol))&&n.host===r.host&&l.activeElement===s&&(d.top.location.href=t.value))}},d.addEventListener(\"message\",d.wp.receiveEmbedMessage,!1),l.addEventListener(\"DOMContentLoaded\",function(){for(var e,t,s=l.querySelectorAll(\"iframe.wp-embedded-content\"),r=0;r<s.length;r++)(t=(e=s[r]).getAttribute(\"data-secret\"))||(t=Math.random().toString(36).substring(2,12),e.src+=\"#?secret=\"+t,e.setAttribute(\"data-secret\",t)),e.contentWindow.postMessage({message:\"ready\",secret:t},\"*\")},!1)))}(window,document);\n\/\/# sourceURL=https:\/\/wp.kristdemokraterna.se\/regionostergotland\/wp-includes\/js\/wp-embed.min.js\n\/* ]]> *\/\n<\/script>\n","description":"Hej! V\u00e4ntan har varit l\u00e5ng, men nu \u00e4r nyhetsbrevet \u00e4ntligen tillbaka! Efter sommaruppeh\u00e5ll, valr\u00f6relse och ett antal veckor av f\u00f6rhandlingar, \u00e4r det nu r\u00e4tt tid att \u00e5terg\u00e5 till att regelbundet ge en kort veckorapport fr\u00e5n det regionpolitiska arbetet ur ett kristdemokratiskt perspektiv. Trevlig l\u00e4sning!","thumbnail_url":"http:\/\/wp.kristdemokraterna.se\/regionostergotland\/files\/2022\/10\/bild-nyhetsbrev-2022-vecka-43-1024x533.jpg","thumbnail_width":1024,"thumbnail_height":533}