{"version":"1.0","provider_name":"i Region \u00d6sterg\u00f6tland","provider_url":"https:\/\/wp.kristdemokraterna.se\/regionostergotland","title":"Presstr\u00e4ff Finansplan 2020-2022 - i Region \u00d6sterg\u00f6tland","type":"rich","width":600,"height":338,"html":"<blockquote class=\"wp-embedded-content\" data-secret=\"hwIuqI16Aa\"><a href=\"https:\/\/wp.kristdemokraterna.se\/regionostergotland\/presstraff-finansplan-2020-2022\/\">Presstr\u00e4ff Finansplan 2020-2022<\/a><\/blockquote><iframe sandbox=\"allow-scripts\" security=\"restricted\" src=\"https:\/\/wp.kristdemokraterna.se\/regionostergotland\/presstraff-finansplan-2020-2022\/embed\/#?secret=hwIuqI16Aa\" width=\"600\" height=\"338\" title=\"\u201dPresstr\u00e4ff Finansplan 2020-2022\u201d &ndash; i Region \u00d6sterg\u00f6tland\" data-secret=\"hwIuqI16Aa\" frameborder=\"0\" marginwidth=\"0\" marginheight=\"0\" scrolling=\"no\" class=\"wp-embedded-content\"><\/iframe><script type=\"text\/javascript\">\n\/* <![CDATA[ *\/\n\/*! This file is auto-generated *\/\n!function(d,l){\"use strict\";l.querySelector&&d.addEventListener&&\"undefined\"!=typeof URL&&(d.wp=d.wp||{},d.wp.receiveEmbedMessage||(d.wp.receiveEmbedMessage=function(e){var t=e.data;if((t||t.secret||t.message||t.value)&&!\/[^a-zA-Z0-9]\/.test(t.secret)){for(var s,r,n,a=l.querySelectorAll('iframe[data-secret=\"'+t.secret+'\"]'),o=l.querySelectorAll('blockquote[data-secret=\"'+t.secret+'\"]'),c=new RegExp(\"^https?:$\",\"i\"),i=0;i<o.length;i++)o[i].style.display=\"none\";for(i=0;i<a.length;i++)s=a[i],e.source===s.contentWindow&&(s.removeAttribute(\"style\"),\"height\"===t.message?(1e3<(r=parseInt(t.value,10))?r=1e3:~~r<200&&(r=200),s.height=r):\"link\"===t.message&&(r=new URL(s.getAttribute(\"src\")),n=new URL(t.value),c.test(n.protocol))&&n.host===r.host&&l.activeElement===s&&(d.top.location.href=t.value))}},d.addEventListener(\"message\",d.wp.receiveEmbedMessage,!1),l.addEventListener(\"DOMContentLoaded\",function(){for(var e,t,s=l.querySelectorAll(\"iframe.wp-embedded-content\"),r=0;r<s.length;r++)(t=(e=s[r]).getAttribute(\"data-secret\"))||(t=Math.random().toString(36).substring(2,12),e.src+=\"#?secret=\"+t,e.setAttribute(\"data-secret\",t)),e.contentWindow.postMessage({message:\"ready\",secret:t},\"*\")},!1)))}(window,document);\n\/\/# sourceURL=https:\/\/wp.kristdemokraterna.se\/regionostergotland\/wp-includes\/js\/wp-embed.min.js\n\/* ]]> *\/\n<\/script>\n","thumbnail_url":"https:\/\/wp.kristdemokraterna.se\/regionostergotland\/files\/2019\/11\/70502805_1407580542752993_7678044418661679104_o.jpg","thumbnail_width":2048,"thumbnail_height":1270,"description":"Region \u00d6sterg\u00f6tland befinner sig i ett mycket allvarligt l\u00e4ge. Inte p\u00e5 m\u00e5nga \u00e5r har utmaningarna f\u00f6r Region \u00d6sterg\u00f6tland varit s\u00e5 stora som de \u00e4r just nu. Under flera \u00e5r har det varit en stor v\u00e5rdplatsbrist som grundar sig i rekryteringsproblem av fram f\u00f6r allt sjuksk\u00f6terskor i s\u00e5 kallad 24sju-verksamhet. Detta har bidragit till l\u00e4ngre v\u00e5rdk\u00f6er Read More"}