{"version":"1.0","provider_name":"i Region \u00d6sterg\u00f6tland","provider_url":"https:\/\/wp.kristdemokraterna.se\/regionostergotland","title":"Vi \u00e4r redo att ge regionen en nystart - i Region \u00d6sterg\u00f6tland","type":"rich","width":600,"height":338,"html":"<blockquote class=\"wp-embedded-content\" data-secret=\"cA64R1krAL\"><a href=\"https:\/\/wp.kristdemokraterna.se\/regionostergotland\/vi-ar-redo-att-ge-regionen-en-nystart\/\">Vi \u00e4r redo att ge regionen en nystart<\/a><\/blockquote><iframe sandbox=\"allow-scripts\" security=\"restricted\" src=\"https:\/\/wp.kristdemokraterna.se\/regionostergotland\/vi-ar-redo-att-ge-regionen-en-nystart\/embed\/#?secret=cA64R1krAL\" width=\"600\" height=\"338\" title=\"\u201dVi \u00e4r redo att ge regionen en nystart\u201d &ndash; i Region \u00d6sterg\u00f6tland\" data-secret=\"cA64R1krAL\" frameborder=\"0\" marginwidth=\"0\" marginheight=\"0\" scrolling=\"no\" class=\"wp-embedded-content\"><\/iframe><script type=\"text\/javascript\">\n\/* <![CDATA[ *\/\n\/*! This file is auto-generated *\/\n!function(d,l){\"use strict\";l.querySelector&&d.addEventListener&&\"undefined\"!=typeof URL&&(d.wp=d.wp||{},d.wp.receiveEmbedMessage||(d.wp.receiveEmbedMessage=function(e){var t=e.data;if((t||t.secret||t.message||t.value)&&!\/[^a-zA-Z0-9]\/.test(t.secret)){for(var s,r,n,a=l.querySelectorAll('iframe[data-secret=\"'+t.secret+'\"]'),o=l.querySelectorAll('blockquote[data-secret=\"'+t.secret+'\"]'),c=new RegExp(\"^https?:$\",\"i\"),i=0;i<o.length;i++)o[i].style.display=\"none\";for(i=0;i<a.length;i++)s=a[i],e.source===s.contentWindow&&(s.removeAttribute(\"style\"),\"height\"===t.message?(1e3<(r=parseInt(t.value,10))?r=1e3:~~r<200&&(r=200),s.height=r):\"link\"===t.message&&(r=new URL(s.getAttribute(\"src\")),n=new URL(t.value),c.test(n.protocol))&&n.host===r.host&&l.activeElement===s&&(d.top.location.href=t.value))}},d.addEventListener(\"message\",d.wp.receiveEmbedMessage,!1),l.addEventListener(\"DOMContentLoaded\",function(){for(var e,t,s=l.querySelectorAll(\"iframe.wp-embedded-content\"),r=0;r<s.length;r++)(t=(e=s[r]).getAttribute(\"data-secret\"))||(t=Math.random().toString(36).substring(2,12),e.src+=\"#?secret=\"+t,e.setAttribute(\"data-secret\",t)),e.contentWindow.postMessage({message:\"ready\",secret:t},\"*\")},!1)))}(window,document);\n\/\/# sourceURL=https:\/\/wp.kristdemokraterna.se\/regionostergotland\/wp-includes\/js\/wp-embed.min.js\n\/* ]]> *\/\n<\/script>\n","description":"N\u00e4r vi i \u00d6stg\u00f6tasamverkan (M, KD och L) i dag l\u00e4gger fram v\u00e5r f\u00f6rsta budget p\u00e5 regionfullm\u00e4ktiges bord g\u00f6rs det i ett ytterst anstr\u00e4ngt l\u00e4ge. L\u00e5nga v\u00e5rdk\u00f6er, st\u00e4ngda v\u00e5rdplatser, operationssalar som inte kan bemannas och stora ekonomiska utmaningar \u00e4r vad Region \u00d6sterg\u00f6tland st\u00e5r mitt i. V\u00e4gen fram\u00e5t kommer inte att bli enkel, men vi \u00e4r Read More"}