{"id":150,"date":"2017-06-09T11:15:25","date_gmt":"2017-06-09T09:15:25","guid":{"rendered":"http:\/\/wp.kristdemokraterna.se\/regionostergotland\/?page_id=150"},"modified":"2022-06-21T12:12:07","modified_gmt":"2022-06-21T10:12:07","slug":"budget-amp-finansplan","status":"publish","type":"page","link":"https:\/\/wp.kristdemokraterna.se\/regionostergotland\/var-politik\/budget-amp-finansplan\/","title":{"rendered":"Budget- &amp; Finansplan"},"content":{"rendered":"<p><strong>Budget- och Finansplan<br \/>\n<\/strong>Kristdemokraterna och Moderaterna i Region \u00d6sterg\u00f6tland har ett uttalat samarbete i opposition.<br \/>\nVi l\u00e4gger d\u00e4rf\u00f6r fram ett gemensamt f\u00f6rslag till <em>Strategisk plan med tre\u00e5rsbudget<\/em> samt <em>Finansplan<\/em>.<br \/>\nFr\u00e5n 2020 \u00e4r budgetprocessen f\u00f6r\u00e4ndrad och ingen Finansplan tas fram. Tre\u00e5rsbudgeten ska ist\u00e4llet inneh\u00e5lla ett antal fokusomr\u00e5den utifr\u00e5n ett Strategiprogrammet.<\/p>\n<p>&nbsp;<\/p>\n<table>\n<tbody>\n<tr>\n<td width=\"302\"><a href=\"http:\/\/wp.kristdemokraterna.se\/regionostergotland\/files\/2022\/06\/220621-trearsbudget-mkd-2023-2025.pdf\" target=\"_blank\" rel=\"noopener\"><img loading=\"lazy\" decoding=\"async\" class=\"alignnone size-medium wp-image-1933\" src=\"http:\/\/wp.kristdemokraterna.se\/regionostergotland\/files\/2022\/06\/220613-budget-mkd-2023-2025-1-kopiera-212x300.jpg\" alt=\"\" width=\"212\" height=\"300\" srcset=\"https:\/\/wp.kristdemokraterna.se\/regionostergotland\/files\/2022\/06\/220613-budget-mkd-2023-2025-1-kopiera-212x300.jpg 212w, https:\/\/wp.kristdemokraterna.se\/regionostergotland\/files\/2022\/06\/220613-budget-mkd-2023-2025-1-kopiera-141x200.jpg 141w, https:\/\/wp.kristdemokraterna.se\/regionostergotland\/files\/2022\/06\/220613-budget-mkd-2023-2025-1-kopiera-370x524.jpg 370w, https:\/\/wp.kristdemokraterna.se\/regionostergotland\/files\/2022\/06\/220613-budget-mkd-2023-2025-1-kopiera-450x637.jpg 450w, https:\/\/wp.kristdemokraterna.se\/regionostergotland\/files\/2022\/06\/220613-budget-mkd-2023-2025-1-kopiera-280x396.jpg 280w, https:\/\/wp.kristdemokraterna.se\/regionostergotland\/files\/2022\/06\/220613-budget-mkd-2023-2025-1-kopiera-340x481.jpg 340w, https:\/\/wp.kristdemokraterna.se\/regionostergotland\/files\/2022\/06\/220613-budget-mkd-2023-2025-1-kopiera-40x56.jpg 40w, https:\/\/wp.kristdemokraterna.se\/regionostergotland\/files\/2022\/06\/220613-budget-mkd-2023-2025-1-kopiera.jpg 595w\" sizes=\"auto, (max-width: 212px) 100vw, 212px\" \/><\/a><\/td>\n<td width=\"302\"><\/td>\n<\/tr>\n<tr>\n<td width=\"302\"><a href=\"http:\/\/wp.kristdemokraterna.se\/regionostergotland\/files\/2022\/06\/220621-trearsbudget-mkd-2023-2025.pdf\" target=\"_blank\" rel=\"noopener\">Tre\u00e5rsbudget 2023-2025 med fokusomr\u00e5den f\u00f6r 2023<\/a><\/td>\n<td width=\"302\"><\/td>\n<\/tr>\n<\/tbody>\n<\/table>\n<p>&nbsp;<\/p>\n<p>&nbsp;<\/p>\n<hr \/>\n<table>\n<tbody>\n<tr>\n<td width=\"302\"><a href=\"http:\/\/wp.kristdemokraterna.se\/regionostergotland\/files\/2021\/06\/210607-slutversion-trearsbudget-m_kd-med-bilagor.pdf\" target=\"_blank\" rel=\"noopener\"><img loading=\"lazy\" decoding=\"async\" class=\"alignnone size-medium wp-image-1673\" src=\"http:\/\/wp.kristdemokraterna.se\/regionostergotland\/files\/2021\/06\/210607-slutversion-trearsbudget-m_kd-med-bilagor-1-206x300.jpg\" alt=\"\" width=\"206\" height=\"300\" srcset=\"https:\/\/wp.kristdemokraterna.se\/regionostergotland\/files\/2021\/06\/210607-slutversion-trearsbudget-m_kd-med-bilagor-1-206x300.jpg 206w, https:\/\/wp.kristdemokraterna.se\/regionostergotland\/files\/2021\/06\/210607-slutversion-trearsbudget-m_kd-med-bilagor-1-137x200.jpg 137w, https:\/\/wp.kristdemokraterna.se\/regionostergotland\/files\/2021\/06\/210607-slutversion-trearsbudget-m_kd-med-bilagor-1-370x540.jpg 370w, https:\/\/wp.kristdemokraterna.se\/regionostergotland\/files\/2021\/06\/210607-slutversion-trearsbudget-m_kd-med-bilagor-1-450x656.jpg 450w, https:\/\/wp.kristdemokraterna.se\/regionostergotland\/files\/2021\/06\/210607-slutversion-trearsbudget-m_kd-med-bilagor-1-276x402.jpg 276w, https:\/\/wp.kristdemokraterna.se\/regionostergotland\/files\/2021\/06\/210607-slutversion-trearsbudget-m_kd-med-bilagor-1-340x496.jpg 340w, https:\/\/wp.kristdemokraterna.se\/regionostergotland\/files\/2021\/06\/210607-slutversion-trearsbudget-m_kd-med-bilagor-1-38x56.jpg 38w, https:\/\/wp.kristdemokraterna.se\/regionostergotland\/files\/2021\/06\/210607-slutversion-trearsbudget-m_kd-med-bilagor-1.jpg 545w\" sizes=\"auto, (max-width: 206px) 100vw, 206px\" \/><\/a><\/td>\n<td width=\"302\"><\/td>\n<\/tr>\n<tr>\n<td width=\"302\"><a href=\"http:\/\/wp.kristdemokraterna.se\/regionostergotland\/files\/2021\/06\/210607-slutversion-trearsbudget-m_kd-med-bilagor.pdf\" target=\"_blank\" rel=\"noopener\">Tre\u00e5rsbudget 2022-2024 med fokusomr\u00e5den 2022<\/a><\/td>\n<td width=\"302\"><\/td>\n<\/tr>\n<\/tbody>\n<\/table>\n<table>\n<tbody>\n<tr>\n<td width=\"302\"><a href=\"http:\/\/wp.kristdemokraterna.se\/regionostergotland\/files\/2020\/11\/trearsbudget-m-kd-2021-2023.pdf\" target=\"_blank\" rel=\"noopener noreferrer\"><img loading=\"lazy\" decoding=\"async\" class=\"alignnone size-medium wp-image-1508\" src=\"http:\/\/wp.kristdemokraterna.se\/regionostergotland\/files\/2020\/11\/trearsbudget-m-kd-2021-2023-1-206x300.jpg\" alt=\"\" width=\"206\" height=\"300\" srcset=\"https:\/\/wp.kristdemokraterna.se\/regionostergotland\/files\/2020\/11\/trearsbudget-m-kd-2021-2023-1-206x300.jpg 206w, https:\/\/wp.kristdemokraterna.se\/regionostergotland\/files\/2020\/11\/trearsbudget-m-kd-2021-2023-1-137x200.jpg 137w, https:\/\/wp.kristdemokraterna.se\/regionostergotland\/files\/2020\/11\/trearsbudget-m-kd-2021-2023-1-370x539.jpg 370w, https:\/\/wp.kristdemokraterna.se\/regionostergotland\/files\/2020\/11\/trearsbudget-m-kd-2021-2023-1-450x656.jpg 450w, https:\/\/wp.kristdemokraterna.se\/regionostergotland\/files\/2020\/11\/trearsbudget-m-kd-2021-2023-1-276x402.jpg 276w, https:\/\/wp.kristdemokraterna.se\/regionostergotland\/files\/2020\/11\/trearsbudget-m-kd-2021-2023-1-340x496.jpg 340w, https:\/\/wp.kristdemokraterna.se\/regionostergotland\/files\/2020\/11\/trearsbudget-m-kd-2021-2023-1-38x56.jpg 38w, https:\/\/wp.kristdemokraterna.se\/regionostergotland\/files\/2020\/11\/trearsbudget-m-kd-2021-2023-1.jpg 546w\" sizes=\"auto, (max-width: 206px) 100vw, 206px\" \/><\/a><\/td>\n<td width=\"302\"><a href=\"http:\/\/wp.kristdemokraterna.se\/regionostergotland\/files\/2020\/11\/strategiprogram-m-kd-2022-2022.pdf\" target=\"_blank\" rel=\"noopener noreferrer\"><img loading=\"lazy\" decoding=\"async\" class=\"alignnone size-medium wp-image-1507\" src=\"http:\/\/wp.kristdemokraterna.se\/regionostergotland\/files\/2020\/11\/strategiprogram-m-kd-2022-2022-1-205x300.jpg\" alt=\"\" width=\"205\" height=\"300\" srcset=\"https:\/\/wp.kristdemokraterna.se\/regionostergotland\/files\/2020\/11\/strategiprogram-m-kd-2022-2022-1-205x300.jpg 205w, https:\/\/wp.kristdemokraterna.se\/regionostergotland\/files\/2020\/11\/strategiprogram-m-kd-2022-2022-1-137x200.jpg 137w, https:\/\/wp.kristdemokraterna.se\/regionostergotland\/files\/2020\/11\/strategiprogram-m-kd-2022-2022-1-370x541.jpg 370w, https:\/\/wp.kristdemokraterna.se\/regionostergotland\/files\/2020\/11\/strategiprogram-m-kd-2022-2022-1-450x658.jpg 450w, https:\/\/wp.kristdemokraterna.se\/regionostergotland\/files\/2020\/11\/strategiprogram-m-kd-2022-2022-1-275x402.jpg 275w, https:\/\/wp.kristdemokraterna.se\/regionostergotland\/files\/2020\/11\/strategiprogram-m-kd-2022-2022-1-340x497.jpg 340w, https:\/\/wp.kristdemokraterna.se\/regionostergotland\/files\/2020\/11\/strategiprogram-m-kd-2022-2022-1-38x56.jpg 38w, https:\/\/wp.kristdemokraterna.se\/regionostergotland\/files\/2020\/11\/strategiprogram-m-kd-2022-2022-1.jpg 544w\" sizes=\"auto, (max-width: 205px) 100vw, 205px\" \/><\/a><\/td>\n<\/tr>\n<tr>\n<td width=\"302\"><a href=\"http:\/\/wp.kristdemokraterna.se\/regionostergotland\/files\/2020\/11\/trearsbudget-m-kd-2021-2023.pdf\" target=\"_blank\" rel=\"noopener noreferrer\">Tre\u00e5rsbudget 2021-2023 med fokusomr\u00e5den 2021<\/a><\/td>\n<td width=\"302\"><a href=\"http:\/\/wp.kristdemokraterna.se\/regionostergotland\/files\/2020\/11\/strategiprogram-m-kd-2022-2022.pdf\" target=\"_blank\" rel=\"noopener noreferrer\">Strategiprogram f\u00f6r Region \u00d6sterg\u00f6tland 2020-2022<\/a><\/td>\n<\/tr>\n<\/tbody>\n<\/table>\n<table>\n<tbody>\n<tr>\n<td width=\"302\"><a href=\"http:\/\/wp.kristdemokraterna.se\/regionostergotland\/files\/2019\/06\/stab-m_kd_2020-2022_final.pdf\" target=\"_blank\" rel=\"noopener noreferrer\"><img loading=\"lazy\" decoding=\"async\" class=\"alignnone size-medium wp-image-1240\" src=\"http:\/\/wp.kristdemokraterna.se\/regionostergotland\/files\/2019\/11\/stab-m_kd_2020-2022_finalbilagor-1-206x300.jpg\" alt=\"\" width=\"206\" height=\"300\" srcset=\"https:\/\/wp.kristdemokraterna.se\/regionostergotland\/files\/2019\/11\/stab-m_kd_2020-2022_finalbilagor-1-206x300.jpg 206w, https:\/\/wp.kristdemokraterna.se\/regionostergotland\/files\/2019\/11\/stab-m_kd_2020-2022_finalbilagor-1-137x200.jpg 137w, https:\/\/wp.kristdemokraterna.se\/regionostergotland\/files\/2019\/11\/stab-m_kd_2020-2022_finalbilagor-1-370x540.jpg 370w, https:\/\/wp.kristdemokraterna.se\/regionostergotland\/files\/2019\/11\/stab-m_kd_2020-2022_finalbilagor-1-450x656.jpg 450w, https:\/\/wp.kristdemokraterna.se\/regionostergotland\/files\/2019\/11\/stab-m_kd_2020-2022_finalbilagor-1-276x402.jpg 276w, https:\/\/wp.kristdemokraterna.se\/regionostergotland\/files\/2019\/11\/stab-m_kd_2020-2022_finalbilagor-1-340x496.jpg 340w, https:\/\/wp.kristdemokraterna.se\/regionostergotland\/files\/2019\/11\/stab-m_kd_2020-2022_finalbilagor-1-38x56.jpg 38w, https:\/\/wp.kristdemokraterna.se\/regionostergotland\/files\/2019\/11\/stab-m_kd_2020-2022_finalbilagor-1.jpg 545w\" sizes=\"auto, (max-width: 206px) 100vw, 206px\" \/><\/a><\/td>\n<td width=\"302\"><a href=\"http:\/\/wp.kristdemokraterna.se\/regionostergotland\/files\/2019\/11\/191111-master-finansplan-mkd-2020-2022.pdf\" target=\"_blank\" rel=\"noopener noreferrer\"><img loading=\"lazy\" decoding=\"async\" class=\"alignnone size-medium wp-image-1236\" src=\"http:\/\/wp.kristdemokraterna.se\/regionostergotland\/files\/2019\/11\/191111-master-finansplan-mkd-2020-2022-1-206x300.jpg\" alt=\"\" width=\"206\" height=\"300\" srcset=\"https:\/\/wp.kristdemokraterna.se\/regionostergotland\/files\/2019\/11\/191111-master-finansplan-mkd-2020-2022-1-206x300.jpg 206w, https:\/\/wp.kristdemokraterna.se\/regionostergotland\/files\/2019\/11\/191111-master-finansplan-mkd-2020-2022-1-137x200.jpg 137w, https:\/\/wp.kristdemokraterna.se\/regionostergotland\/files\/2019\/11\/191111-master-finansplan-mkd-2020-2022-1-370x540.jpg 370w, https:\/\/wp.kristdemokraterna.se\/regionostergotland\/files\/2019\/11\/191111-master-finansplan-mkd-2020-2022-1-450x656.jpg 450w, https:\/\/wp.kristdemokraterna.se\/regionostergotland\/files\/2019\/11\/191111-master-finansplan-mkd-2020-2022-1-276x402.jpg 276w, https:\/\/wp.kristdemokraterna.se\/regionostergotland\/files\/2019\/11\/191111-master-finansplan-mkd-2020-2022-1-340x496.jpg 340w, https:\/\/wp.kristdemokraterna.se\/regionostergotland\/files\/2019\/11\/191111-master-finansplan-mkd-2020-2022-1-38x56.jpg 38w, https:\/\/wp.kristdemokraterna.se\/regionostergotland\/files\/2019\/11\/191111-master-finansplan-mkd-2020-2022-1.jpg 545w\" sizes=\"auto, (max-width: 206px) 100vw, 206px\" \/><\/a><\/td>\n<\/tr>\n<tr>\n<td width=\"302\"><a href=\"http:\/\/wp.kristdemokraterna.se\/regionostergotland\/files\/2019\/06\/stab-m_kd_2020-2022_final.pdf\" target=\"_blank\" rel=\"noopener noreferrer\">Strategisk plan med tre\u00e5rsbudget<br \/>\n2020-2022<\/a><\/td>\n<td width=\"302\"><a href=\"http:\/\/wp.kristdemokraterna.se\/regionostergotland\/files\/2019\/11\/191111-master-finansplan-mkd-2020-2022.pdf\" target=\"_blank\" rel=\"noopener noreferrer\">Finansplan 2020-2022<\/a><\/td>\n<\/tr>\n<\/tbody>\n<\/table>\n<table>\n<tbody>\n<tr>\n<td width=\"302\"><a href=\"http:\/\/wp.kristdemokraterna.se\/regionostergotland\/files\/2019\/04\/01.b-m_kd_stab_2019-2021-1.pdf\" target=\"_blank\" rel=\"noopener noreferrer\"><img loading=\"lazy\" decoding=\"async\" class=\"alignnone size-medium wp-image-945\" src=\"http:\/\/wp.kristdemokraterna.se\/regionostergotland\/files\/2019\/04\/01.b-m_kd_stab_2019-2021-1_sida_01-212x300.jpg\" alt=\"\" width=\"212\" height=\"300\" srcset=\"https:\/\/wp.kristdemokraterna.se\/regionostergotland\/files\/2019\/04\/01.b-m_kd_stab_2019-2021-1_sida_01-212x300.jpg 212w, https:\/\/wp.kristdemokraterna.se\/regionostergotland\/files\/2019\/04\/01.b-m_kd_stab_2019-2021-1_sida_01-768x1086.jpg 768w, https:\/\/wp.kristdemokraterna.se\/regionostergotland\/files\/2019\/04\/01.b-m_kd_stab_2019-2021-1_sida_01-724x1024.jpg 724w, https:\/\/wp.kristdemokraterna.se\/regionostergotland\/files\/2019\/04\/01.b-m_kd_stab_2019-2021-1_sida_01.jpg 1712w\" sizes=\"auto, (max-width: 212px) 100vw, 212px\" \/><\/a><\/td>\n<td width=\"302\"><a href=\"http:\/\/wp.kristdemokraterna.se\/regionostergotland\/files\/2018\/11\/slutversion_finansplan_mkd_181105.pdf\" target=\"_blank\" rel=\"noopener noreferrer\"><img loading=\"lazy\" decoding=\"async\" class=\"alignnone size-medium wp-image-1241\" src=\"http:\/\/wp.kristdemokraterna.se\/regionostergotland\/files\/2019\/11\/slutversion_finansplan_mkd_181105-1-216x300.jpg\" alt=\"\" width=\"216\" height=\"300\" srcset=\"https:\/\/wp.kristdemokraterna.se\/regionostergotland\/files\/2019\/11\/slutversion_finansplan_mkd_181105-1-216x300.jpg 216w, https:\/\/wp.kristdemokraterna.se\/regionostergotland\/files\/2019\/11\/slutversion_finansplan_mkd_181105-1-144x200.jpg 144w, https:\/\/wp.kristdemokraterna.se\/regionostergotland\/files\/2019\/11\/slutversion_finansplan_mkd_181105-1-370x513.jpg 370w, https:\/\/wp.kristdemokraterna.se\/regionostergotland\/files\/2019\/11\/slutversion_finansplan_mkd_181105-1-450x624.jpg 450w, https:\/\/wp.kristdemokraterna.se\/regionostergotland\/files\/2019\/11\/slutversion_finansplan_mkd_181105-1-280x388.jpg 280w, https:\/\/wp.kristdemokraterna.se\/regionostergotland\/files\/2019\/11\/slutversion_finansplan_mkd_181105-1-340x471.jpg 340w, https:\/\/wp.kristdemokraterna.se\/regionostergotland\/files\/2019\/11\/slutversion_finansplan_mkd_181105-1-40x56.jpg 40w, https:\/\/wp.kristdemokraterna.se\/regionostergotland\/files\/2019\/11\/slutversion_finansplan_mkd_181105-1.jpg 595w\" sizes=\"auto, (max-width: 216px) 100vw, 216px\" \/><\/a><\/td>\n<\/tr>\n<tr>\n<td width=\"302\"><a href=\"http:\/\/wp.kristdemokraterna.se\/regionostergotland\/files\/2019\/04\/01.b-m_kd_stab_2019-2021-1.pdf\" target=\"_blank\" rel=\"noopener noreferrer\">Strategisk plan med tre\u00e5rsbudget<br \/>\n2019-2021<\/a><\/td>\n<td width=\"302\"><a href=\"http:\/\/wp.kristdemokraterna.se\/regionostergotland\/files\/2018\/11\/slutversion_finansplan_mkd_181105.pdf\" target=\"_blank\" rel=\"noopener noreferrer\">Finansplan 2019-2021<\/a><\/td>\n<\/tr>\n<\/tbody>\n<\/table>\n<table>\n<tbody>\n<tr>\n<td width=\"302\"><a href=\"http:\/\/wp.kristdemokraterna.se\/regionostergotland\/files\/2017\/06\/mkd_stab_2018-2020_small.pdf\" target=\"_blank\" rel=\"noopener noreferrer\"><img loading=\"lazy\" decoding=\"async\" class=\"alignnone size-medium wp-image-482\" src=\"http:\/\/wp.kristdemokraterna.se\/regionostergotland\/files\/2016\/10\/stab_2018-2020-212x300.png\" alt=\"\" width=\"212\" height=\"300\" \/><\/a><\/td>\n<td width=\"302\"><a href=\"http:\/\/wp.kristdemokraterna.se\/regionostergotland\/files\/2019\/11\/finansplan-m_kd-2018-2020_med-bilagor.pdf\" target=\"_blank\" rel=\"noopener noreferrer\"><img loading=\"lazy\" decoding=\"async\" class=\"alignnone size-medium wp-image-1241\" src=\"http:\/\/wp.kristdemokraterna.se\/regionostergotland\/files\/2019\/11\/slutversion_finansplan_mkd_181105-1-216x300.jpg\" alt=\"\" width=\"216\" height=\"300\" srcset=\"https:\/\/wp.kristdemokraterna.se\/regionostergotland\/files\/2019\/11\/slutversion_finansplan_mkd_181105-1-216x300.jpg 216w, https:\/\/wp.kristdemokraterna.se\/regionostergotland\/files\/2019\/11\/slutversion_finansplan_mkd_181105-1-144x200.jpg 144w, https:\/\/wp.kristdemokraterna.se\/regionostergotland\/files\/2019\/11\/slutversion_finansplan_mkd_181105-1-370x513.jpg 370w, https:\/\/wp.kristdemokraterna.se\/regionostergotland\/files\/2019\/11\/slutversion_finansplan_mkd_181105-1-450x624.jpg 450w, https:\/\/wp.kristdemokraterna.se\/regionostergotland\/files\/2019\/11\/slutversion_finansplan_mkd_181105-1-280x388.jpg 280w, https:\/\/wp.kristdemokraterna.se\/regionostergotland\/files\/2019\/11\/slutversion_finansplan_mkd_181105-1-340x471.jpg 340w, https:\/\/wp.kristdemokraterna.se\/regionostergotland\/files\/2019\/11\/slutversion_finansplan_mkd_181105-1-40x56.jpg 40w, https:\/\/wp.kristdemokraterna.se\/regionostergotland\/files\/2019\/11\/slutversion_finansplan_mkd_181105-1.jpg 595w\" sizes=\"auto, (max-width: 216px) 100vw, 216px\" \/><\/a><\/td>\n<\/tr>\n<tr>\n<td width=\"302\"><a href=\"http:\/\/wp.kristdemokraterna.se\/regionostergotland\/files\/2017\/06\/mkd_stab_2018-2020_small.pdf\" target=\"_blank\" rel=\"noopener noreferrer\">Strategisk plan med tre\u00e5rsbudget<br \/>\n2018-2020<\/a><\/td>\n<td width=\"302\"><a href=\"http:\/\/wp.kristdemokraterna.se\/regionostergotland\/files\/2019\/11\/finansplan-m_kd-2018-2020_med-bilagor.pdf\" target=\"_blank\" rel=\"noopener noreferrer\">Finansplan 2018-2020<\/a><\/td>\n<\/tr>\n<\/tbody>\n<\/table>\n<table>\n<tbody>\n<tr>\n<td width=\"302\"><a href=\"http:\/\/wp.kristdemokraterna.se\/regionostergotland\/files\/2016\/10\/2.m-o-kd-stab-2017-2019_web.pdf\" target=\"_blank\" rel=\"noopener noreferrer\"><img loading=\"lazy\" decoding=\"async\" class=\"alignnone size-medium wp-image-164\" src=\"http:\/\/wp.kristdemokraterna.se\/regionostergotland\/files\/2016\/10\/budget2017-2019-211x300.png\" alt=\"\" width=\"211\" height=\"300\" srcset=\"https:\/\/wp.kristdemokraterna.se\/regionostergotland\/files\/2016\/10\/budget2017-2019-211x300.png 211w, https:\/\/wp.kristdemokraterna.se\/regionostergotland\/files\/2016\/10\/budget2017-2019.png 421w\" sizes=\"auto, (max-width: 211px) 100vw, 211px\" \/><\/a><\/td>\n<td width=\"302\"><a href=\"http:\/\/wp.kristdemokraterna.se\/regionostergotland\/files\/2016\/10\/m_kd_finansplan_2017-2019_final.compressed.pdf\" target=\"_blank\" rel=\"noopener noreferrer\"><img loading=\"lazy\" decoding=\"async\" class=\"alignnone size-medium wp-image-273\" src=\"http:\/\/wp.kristdemokraterna.se\/regionostergotland\/files\/2016\/10\/finansplan2017-2019-211x300.png\" alt=\"\" width=\"211\" height=\"300\" srcset=\"https:\/\/wp.kristdemokraterna.se\/regionostergotland\/files\/2016\/10\/finansplan2017-2019-211x300.png 211w, https:\/\/wp.kristdemokraterna.se\/regionostergotland\/files\/2016\/10\/finansplan2017-2019.png 424w\" sizes=\"auto, (max-width: 211px) 100vw, 211px\" \/><\/a><\/td>\n<\/tr>\n<tr>\n<td width=\"302\"><a href=\"http:\/\/wp.kristdemokraterna.se\/regionostergotland\/files\/2016\/10\/2.m-o-kd-stab-2017-2019_web.pdf\" target=\"_blank\" rel=\"noopener noreferrer\">Strategisk plan med tre\u00e5rsbudget<br \/>\n2017-2019<\/a><\/td>\n<td width=\"302\"><a href=\"http:\/\/wp.kristdemokraterna.se\/regionostergotland\/files\/2016\/10\/m_kd_finansplan_2017-2019_final.compressed.pdf\" target=\"_blank\" rel=\"noopener noreferrer\">Finansplan 2017-2019<\/a><\/td>\n<\/tr>\n<\/tbody>\n<\/table>\n<table>\n<tbody>\n<tr>\n<td width=\"302\"><a href=\"http:\/\/wp.kristdemokraterna.se\/regionostergotland\/files\/2016\/10\/150530_final_budgetforslag_lowres_rgb.pdf\" target=\"_blank\" rel=\"noopener noreferrer\"><img loading=\"lazy\" decoding=\"async\" class=\"alignnone size-medium wp-image-163\" src=\"http:\/\/wp.kristdemokraterna.se\/regionostergotland\/files\/2016\/10\/budget2016-2018-212x300.png\" alt=\"\" width=\"212\" height=\"300\" srcset=\"https:\/\/wp.kristdemokraterna.se\/regionostergotland\/files\/2016\/10\/budget2016-2018-212x300.png 212w, https:\/\/wp.kristdemokraterna.se\/regionostergotland\/files\/2016\/10\/budget2016-2018.png 423w\" sizes=\"auto, (max-width: 212px) 100vw, 212px\" \/><\/a><\/td>\n<td width=\"302\"><a href=\"http:\/\/wp.kristdemokraterna.se\/regionostergotland\/files\/2016\/10\/mkd_finansplan_2016-2018_lowres.pdf\" target=\"_blank\" rel=\"noopener noreferrer\"><img loading=\"lazy\" decoding=\"async\" class=\"alignnone size-medium wp-image-166\" src=\"http:\/\/wp.kristdemokraterna.se\/regionostergotland\/files\/2016\/10\/finansplan2016-2018-210x300.png\" alt=\"\" width=\"210\" height=\"300\" srcset=\"https:\/\/wp.kristdemokraterna.se\/regionostergotland\/files\/2016\/10\/finansplan2016-2018-210x300.png 210w, https:\/\/wp.kristdemokraterna.se\/regionostergotland\/files\/2016\/10\/finansplan2016-2018.png 420w\" sizes=\"auto, (max-width: 210px) 100vw, 210px\" \/><\/a><\/td>\n<\/tr>\n<tr>\n<td width=\"302\"><a href=\"http:\/\/wp.kristdemokraterna.se\/regionostergotland\/files\/2016\/10\/150530_final_budgetforslag_lowres_rgb.pdf\" target=\"_blank\" rel=\"noopener noreferrer\">Strategisk plan med tre\u00e5rsbudget<br \/>\n2016-2018<\/a><\/td>\n<td width=\"302\"><a href=\"http:\/\/wp.kristdemokraterna.se\/regionostergotland\/files\/2016\/10\/mkd_finansplan_2016-2018_lowres.pdf\" target=\"_blank\" rel=\"noopener noreferrer\">Finansplan 2016-2018<\/a><\/td>\n<\/tr>\n<\/tbody>\n<\/table>\n","protected":false},"excerpt":{"rendered":"<p>Budget- och Finansplan Kristdemokraterna och Moderaterna i Region \u00d6sterg\u00f6tland har ett uttalat samarbete i opposition. Vi l\u00e4gger d\u00e4rf\u00f6r fram ett gemensamt f\u00f6rslag till Strategisk plan med tre\u00e5rsbudget samt Finansplan. Fr\u00e5n 2020 \u00e4r budgetprocessen f\u00f6r\u00e4ndrad och ingen Finansplan tas fram. Tre\u00e5rsbudgeten ska ist\u00e4llet inneh\u00e5lla ett antal fokusomr\u00e5den utifr\u00e5n ett Strategiprogrammet. &nbsp; Tre\u00e5rsbudget 2023-2025 med fokusomr\u00e5den f\u00f6r <a class=\"read-more-link\" href=\"https:\/\/wp.kristdemokraterna.se\/regionostergotland\/var-politik\/budget-amp-finansplan\/\">Read More<\/a><\/p>\n","protected":false},"author":737,"featured_media":0,"parent":37,"menu_order":1,"comment_status":"closed","ping_status":"closed","template":"page.php","meta":{"_acf_changed":false,"footnotes":""},"class_list":["post-150","page","type-page","status-publish","hentry"],"acf":[],"yoast_head":"<!-- This site is optimized with the Yoast SEO plugin v27.4 - https:\/\/yoast.com\/product\/yoast-seo-wordpress\/ -->\n<title>Budget- &amp; Finansplan - i Region \u00d6sterg\u00f6tland<\/title>\n<meta name=\"robots\" content=\"index, follow, max-snippet:-1, max-image-preview:large, max-video-preview:-1\" \/>\n<link rel=\"canonical\" href=\"https:\/\/wp.kristdemokraterna.se\/regionostergotland\/var-politik\/budget-amp-finansplan\/\" \/>\n<meta property=\"og:locale\" content=\"sv_SE\" \/>\n<meta property=\"og:type\" content=\"article\" \/>\n<meta property=\"og:title\" content=\"Budget- &amp; Finansplan - i Region \u00d6sterg\u00f6tland\" \/>\n<meta property=\"og:description\" content=\"Budget- och Finansplan Kristdemokraterna och Moderaterna i Region \u00d6sterg\u00f6tland har ett uttalat samarbete i opposition. Vi l\u00e4gger d\u00e4rf\u00f6r fram ett gemensamt f\u00f6rslag till Strategisk plan med tre\u00e5rsbudget samt Finansplan. Fr\u00e5n 2020 \u00e4r budgetprocessen f\u00f6r\u00e4ndrad och ingen Finansplan tas fram. Tre\u00e5rsbudgeten ska ist\u00e4llet inneh\u00e5lla ett antal fokusomr\u00e5den utifr\u00e5n ett Strategiprogrammet. &nbsp; Tre\u00e5rsbudget 2023-2025 med fokusomr\u00e5den f\u00f6r Read More\" \/>\n<meta property=\"og:url\" content=\"https:\/\/wp.kristdemokraterna.se\/regionostergotland\/var-politik\/budget-amp-finansplan\/\" \/>\n<meta property=\"og:site_name\" content=\"i Region \u00d6sterg\u00f6tland\" \/>\n<meta property=\"article:modified_time\" content=\"2022-06-21T10:12:07+00:00\" \/>\n<meta property=\"og:image\" content=\"http:\/\/wp.kristdemokraterna.se\/regionostergotland\/files\/2022\/06\/220613-budget-mkd-2023-2025-1-kopiera-212x300.jpg\" \/>\n<meta name=\"twitter:card\" content=\"summary_large_image\" \/>\n<meta name=\"twitter:label1\" content=\"Ber\u00e4knad l\u00e4stid\" \/>\n\t<meta name=\"twitter:data1\" content=\"4 minuter\" \/>\n<script type=\"application\/ld+json\" class=\"yoast-schema-graph\">{\"@context\":\"https:\\\/\\\/schema.org\",\"@graph\":[{\"@type\":\"WebPage\",\"@id\":\"https:\\\/\\\/wp.kristdemokraterna.se\\\/regionostergotland\\\/var-politik\\\/budget-amp-finansplan\\\/\",\"url\":\"https:\\\/\\\/wp.kristdemokraterna.se\\\/regionostergotland\\\/var-politik\\\/budget-amp-finansplan\\\/\",\"name\":\"Budget- &amp; Finansplan - i Region \u00d6sterg\u00f6tland\",\"isPartOf\":{\"@id\":\"https:\\\/\\\/wp.kristdemokraterna.se\\\/regionostergotland\\\/#website\"},\"primaryImageOfPage\":{\"@id\":\"https:\\\/\\\/wp.kristdemokraterna.se\\\/regionostergotland\\\/var-politik\\\/budget-amp-finansplan\\\/#primaryimage\"},\"image\":{\"@id\":\"https:\\\/\\\/wp.kristdemokraterna.se\\\/regionostergotland\\\/var-politik\\\/budget-amp-finansplan\\\/#primaryimage\"},\"thumbnailUrl\":\"http:\\\/\\\/wp.kristdemokraterna.se\\\/regionostergotland\\\/files\\\/2022\\\/06\\\/220613-budget-mkd-2023-2025-1-kopiera-212x300.jpg\",\"datePublished\":\"2017-06-09T09:15:25+00:00\",\"dateModified\":\"2022-06-21T10:12:07+00:00\",\"breadcrumb\":{\"@id\":\"https:\\\/\\\/wp.kristdemokraterna.se\\\/regionostergotland\\\/var-politik\\\/budget-amp-finansplan\\\/#breadcrumb\"},\"inLanguage\":\"sv-SE\",\"potentialAction\":[{\"@type\":\"ReadAction\",\"target\":[\"https:\\\/\\\/wp.kristdemokraterna.se\\\/regionostergotland\\\/var-politik\\\/budget-amp-finansplan\\\/\"]}]},{\"@type\":\"ImageObject\",\"inLanguage\":\"sv-SE\",\"@id\":\"https:\\\/\\\/wp.kristdemokraterna.se\\\/regionostergotland\\\/var-politik\\\/budget-amp-finansplan\\\/#primaryimage\",\"url\":\"http:\\\/\\\/wp.kristdemokraterna.se\\\/regionostergotland\\\/files\\\/2022\\\/06\\\/220613-budget-mkd-2023-2025-1-kopiera-212x300.jpg\",\"contentUrl\":\"http:\\\/\\\/wp.kristdemokraterna.se\\\/regionostergotland\\\/files\\\/2022\\\/06\\\/220613-budget-mkd-2023-2025-1-kopiera-212x300.jpg\"},{\"@type\":\"BreadcrumbList\",\"@id\":\"https:\\\/\\\/wp.kristdemokraterna.se\\\/regionostergotland\\\/var-politik\\\/budget-amp-finansplan\\\/#breadcrumb\",\"itemListElement\":[{\"@type\":\"ListItem\",\"position\":1,\"name\":\"Hem\",\"item\":\"https:\\\/\\\/wp.kristdemokraterna.se\\\/regionostergotland\\\/\"},{\"@type\":\"ListItem\",\"position\":2,\"name\":\"V\u00e5r politik\",\"item\":\"https:\\\/\\\/wp.kristdemokraterna.se\\\/regionostergotland\\\/var-politik\\\/\"},{\"@type\":\"ListItem\",\"position\":3,\"name\":\"Budget- &amp; Finansplan\"}]},{\"@type\":\"WebSite\",\"@id\":\"https:\\\/\\\/wp.kristdemokraterna.se\\\/regionostergotland\\\/#website\",\"url\":\"https:\\\/\\\/wp.kristdemokraterna.se\\\/regionostergotland\\\/\",\"name\":\"i Region \u00d6sterg\u00f6tland\",\"description\":\"\",\"inLanguage\":\"sv-SE\"}]}<\/script>\n<!-- \/ Yoast SEO plugin. -->","yoast_head_json":{"title":"Budget- &amp; Finansplan - i Region \u00d6sterg\u00f6tland","robots":{"index":"index","follow":"follow","max-snippet":"max-snippet:-1","max-image-preview":"max-image-preview:large","max-video-preview":"max-video-preview:-1"},"canonical":"https:\/\/wp.kristdemokraterna.se\/regionostergotland\/var-politik\/budget-amp-finansplan\/","og_locale":"sv_SE","og_type":"article","og_title":"Budget- &amp; Finansplan - i Region \u00d6sterg\u00f6tland","og_description":"Budget- och Finansplan Kristdemokraterna och Moderaterna i Region \u00d6sterg\u00f6tland har ett uttalat samarbete i opposition. Vi l\u00e4gger d\u00e4rf\u00f6r fram ett gemensamt f\u00f6rslag till Strategisk plan med tre\u00e5rsbudget samt Finansplan. Fr\u00e5n 2020 \u00e4r budgetprocessen f\u00f6r\u00e4ndrad och ingen Finansplan tas fram. Tre\u00e5rsbudgeten ska ist\u00e4llet inneh\u00e5lla ett antal fokusomr\u00e5den utifr\u00e5n ett Strategiprogrammet. &nbsp; Tre\u00e5rsbudget 2023-2025 med fokusomr\u00e5den f\u00f6r Read More","og_url":"https:\/\/wp.kristdemokraterna.se\/regionostergotland\/var-politik\/budget-amp-finansplan\/","og_site_name":"i Region \u00d6sterg\u00f6tland","article_modified_time":"2022-06-21T10:12:07+00:00","og_image":[{"url":"http:\/\/wp.kristdemokraterna.se\/regionostergotland\/files\/2022\/06\/220613-budget-mkd-2023-2025-1-kopiera-212x300.jpg","type":"","width":"","height":""}],"twitter_card":"summary_large_image","twitter_misc":{"Ber\u00e4knad l\u00e4stid":"4 minuter"},"schema":{"@context":"https:\/\/schema.org","@graph":[{"@type":"WebPage","@id":"https:\/\/wp.kristdemokraterna.se\/regionostergotland\/var-politik\/budget-amp-finansplan\/","url":"https:\/\/wp.kristdemokraterna.se\/regionostergotland\/var-politik\/budget-amp-finansplan\/","name":"Budget- &amp; Finansplan - i Region \u00d6sterg\u00f6tland","isPartOf":{"@id":"https:\/\/wp.kristdemokraterna.se\/regionostergotland\/#website"},"primaryImageOfPage":{"@id":"https:\/\/wp.kristdemokraterna.se\/regionostergotland\/var-politik\/budget-amp-finansplan\/#primaryimage"},"image":{"@id":"https:\/\/wp.kristdemokraterna.se\/regionostergotland\/var-politik\/budget-amp-finansplan\/#primaryimage"},"thumbnailUrl":"http:\/\/wp.kristdemokraterna.se\/regionostergotland\/files\/2022\/06\/220613-budget-mkd-2023-2025-1-kopiera-212x300.jpg","datePublished":"2017-06-09T09:15:25+00:00","dateModified":"2022-06-21T10:12:07+00:00","breadcrumb":{"@id":"https:\/\/wp.kristdemokraterna.se\/regionostergotland\/var-politik\/budget-amp-finansplan\/#breadcrumb"},"inLanguage":"sv-SE","potentialAction":[{"@type":"ReadAction","target":["https:\/\/wp.kristdemokraterna.se\/regionostergotland\/var-politik\/budget-amp-finansplan\/"]}]},{"@type":"ImageObject","inLanguage":"sv-SE","@id":"https:\/\/wp.kristdemokraterna.se\/regionostergotland\/var-politik\/budget-amp-finansplan\/#primaryimage","url":"http:\/\/wp.kristdemokraterna.se\/regionostergotland\/files\/2022\/06\/220613-budget-mkd-2023-2025-1-kopiera-212x300.jpg","contentUrl":"http:\/\/wp.kristdemokraterna.se\/regionostergotland\/files\/2022\/06\/220613-budget-mkd-2023-2025-1-kopiera-212x300.jpg"},{"@type":"BreadcrumbList","@id":"https:\/\/wp.kristdemokraterna.se\/regionostergotland\/var-politik\/budget-amp-finansplan\/#breadcrumb","itemListElement":[{"@type":"ListItem","position":1,"name":"Hem","item":"https:\/\/wp.kristdemokraterna.se\/regionostergotland\/"},{"@type":"ListItem","position":2,"name":"V\u00e5r politik","item":"https:\/\/wp.kristdemokraterna.se\/regionostergotland\/var-politik\/"},{"@type":"ListItem","position":3,"name":"Budget- &amp; Finansplan"}]},{"@type":"WebSite","@id":"https:\/\/wp.kristdemokraterna.se\/regionostergotland\/#website","url":"https:\/\/wp.kristdemokraterna.se\/regionostergotland\/","name":"i Region \u00d6sterg\u00f6tland","description":"","inLanguage":"sv-SE"}]}},"_links":{"self":[{"href":"https:\/\/wp.kristdemokraterna.se\/regionostergotland\/wp-json\/wp\/v2\/pages\/150","targetHints":{"allow":["GET"]}}],"collection":[{"href":"https:\/\/wp.kristdemokraterna.se\/regionostergotland\/wp-json\/wp\/v2\/pages"}],"about":[{"href":"https:\/\/wp.kristdemokraterna.se\/regionostergotland\/wp-json\/wp\/v2\/types\/page"}],"author":[{"embeddable":true,"href":"https:\/\/wp.kristdemokraterna.se\/regionostergotland\/wp-json\/wp\/v2\/users\/737"}],"replies":[{"embeddable":true,"href":"https:\/\/wp.kristdemokraterna.se\/regionostergotland\/wp-json\/wp\/v2\/comments?post=150"}],"version-history":[{"count":34,"href":"https:\/\/wp.kristdemokraterna.se\/regionostergotland\/wp-json\/wp\/v2\/pages\/150\/revisions"}],"predecessor-version":[{"id":1951,"href":"https:\/\/wp.kristdemokraterna.se\/regionostergotland\/wp-json\/wp\/v2\/pages\/150\/revisions\/1951"}],"up":[{"embeddable":true,"href":"https:\/\/wp.kristdemokraterna.se\/regionostergotland\/wp-json\/wp\/v2\/pages\/37"}],"wp:attachment":[{"href":"https:\/\/wp.kristdemokraterna.se\/regionostergotland\/wp-json\/wp\/v2\/media?parent=150"}],"curies":[{"name":"wp","href":"https:\/\/api.w.org\/{rel}","templated":true}]}}