{"version":"1.0","provider_name":"Kristdemokraterna Sandviken","provider_url":"https:\/\/wp.kristdemokraterna.se\/sandviken","title":"Ins\u00e4ndare- Ligger Sandvikens gymnasieskola i fas med antalet elever? - Kristdemokraterna Sandviken","type":"rich","width":600,"height":338,"html":"<blockquote class=\"wp-embedded-content\" data-secret=\"QYnjQQ2Fpq\"><a href=\"https:\/\/wp.kristdemokraterna.se\/sandviken\/ligger-sandvikens-gymnasieskola-i-fas-med-antalet-elever\/\">Ins\u00e4ndare- Ligger Sandvikens gymnasieskola i fas med antalet elever?<\/a><\/blockquote><iframe sandbox=\"allow-scripts\" security=\"restricted\" src=\"https:\/\/wp.kristdemokraterna.se\/sandviken\/ligger-sandvikens-gymnasieskola-i-fas-med-antalet-elever\/embed\/#?secret=QYnjQQ2Fpq\" width=\"600\" height=\"338\" title=\"\u201dIns\u00e4ndare- Ligger Sandvikens gymnasieskola i fas med antalet elever?\u201d &ndash; Kristdemokraterna Sandviken\" data-secret=\"QYnjQQ2Fpq\" frameborder=\"0\" marginwidth=\"0\" marginheight=\"0\" scrolling=\"no\" class=\"wp-embedded-content\"><\/iframe><script type=\"text\/javascript\">\n\/* <![CDATA[ *\/\n\/*! This file is auto-generated *\/\n!function(d,l){\"use strict\";l.querySelector&&d.addEventListener&&\"undefined\"!=typeof URL&&(d.wp=d.wp||{},d.wp.receiveEmbedMessage||(d.wp.receiveEmbedMessage=function(e){var t=e.data;if((t||t.secret||t.message||t.value)&&!\/[^a-zA-Z0-9]\/.test(t.secret)){for(var s,r,n,a=l.querySelectorAll('iframe[data-secret=\"'+t.secret+'\"]'),o=l.querySelectorAll('blockquote[data-secret=\"'+t.secret+'\"]'),c=new RegExp(\"^https?:$\",\"i\"),i=0;i<o.length;i++)o[i].style.display=\"none\";for(i=0;i<a.length;i++)s=a[i],e.source===s.contentWindow&&(s.removeAttribute(\"style\"),\"height\"===t.message?(1e3<(r=parseInt(t.value,10))?r=1e3:~~r<200&&(r=200),s.height=r):\"link\"===t.message&&(r=new URL(s.getAttribute(\"src\")),n=new URL(t.value),c.test(n.protocol))&&n.host===r.host&&l.activeElement===s&&(d.top.location.href=t.value))}},d.addEventListener(\"message\",d.wp.receiveEmbedMessage,!1),l.addEventListener(\"DOMContentLoaded\",function(){for(var e,t,s=l.querySelectorAll(\"iframe.wp-embedded-content\"),r=0;r<s.length;r++)(t=(e=s[r]).getAttribute(\"data-secret\"))||(t=Math.random().toString(36).substring(2,12),e.src+=\"#?secret=\"+t,e.setAttribute(\"data-secret\",t)),e.contentWindow.postMessage({message:\"ready\",secret:t},\"*\")},!1)))}(window,document);\n\/\/# sourceURL=https:\/\/wp.kristdemokraterna.se\/sandviken\/wp-includes\/js\/wp-embed.min.js\n\/* ]]> *\/\n<\/script>\n","description":"Ins\u00e4ndare- Ligger Sandvikens gymnasieskola i fas med antalet elever? Den fr\u00e5gan kan man st\u00e4lla sig n\u00e4r det kommer signaler fr\u00e5n Sandvikens grundskolors Studie och yrkesv\u00e4gledare d\u00e4r man ber\u00e4ttar att elever med beh\u00f6righet inte f\u00e5r plats inom gymnasieskolan. Vissa elever f\u00e5r inte plats p\u00e5 den utbildning man s\u00f6kt utan slussas ist\u00e4llet \u00f6ver till andra program som L\u00e4s mer"}