{"version":"1.0","provider_name":"S\u00e4vsj\u00f6","provider_url":"https:\/\/wp.kristdemokraterna.se\/savsjo","title":"Arbetsmarknad, bost\u00e4der och kommunikationer viktigt vid rekrytering - S\u00e4vsj\u00f6","type":"rich","width":600,"height":338,"html":"<blockquote class=\"wp-embedded-content\" data-secret=\"GZOj3JHPcm\"><a href=\"https:\/\/wp.kristdemokraterna.se\/savsjo\/99\/\">Arbetsmarknad, bost\u00e4der och kommunikationer viktigt vid rekrytering<\/a><\/blockquote><iframe sandbox=\"allow-scripts\" security=\"restricted\" src=\"https:\/\/wp.kristdemokraterna.se\/savsjo\/99\/embed\/#?secret=GZOj3JHPcm\" width=\"600\" height=\"338\" title=\"\u201dArbetsmarknad, bost\u00e4der och kommunikationer viktigt vid rekrytering\u201d &ndash; S\u00e4vsj\u00f6\" data-secret=\"GZOj3JHPcm\" frameborder=\"0\" marginwidth=\"0\" marginheight=\"0\" scrolling=\"no\" class=\"wp-embedded-content\"><\/iframe><script type=\"text\/javascript\">\n\/* <![CDATA[ *\/\n\/*! This file is auto-generated *\/\n!function(d,l){\"use strict\";l.querySelector&&d.addEventListener&&\"undefined\"!=typeof URL&&(d.wp=d.wp||{},d.wp.receiveEmbedMessage||(d.wp.receiveEmbedMessage=function(e){var t=e.data;if((t||t.secret||t.message||t.value)&&!\/[^a-zA-Z0-9]\/.test(t.secret)){for(var s,r,n,a=l.querySelectorAll('iframe[data-secret=\"'+t.secret+'\"]'),o=l.querySelectorAll('blockquote[data-secret=\"'+t.secret+'\"]'),c=new RegExp(\"^https?:$\",\"i\"),i=0;i<o.length;i++)o[i].style.display=\"none\";for(i=0;i<a.length;i++)s=a[i],e.source===s.contentWindow&&(s.removeAttribute(\"style\"),\"height\"===t.message?(1e3<(r=parseInt(t.value,10))?r=1e3:~~r<200&&(r=200),s.height=r):\"link\"===t.message&&(r=new URL(s.getAttribute(\"src\")),n=new URL(t.value),c.test(n.protocol))&&n.host===r.host&&l.activeElement===s&&(d.top.location.href=t.value))}},d.addEventListener(\"message\",d.wp.receiveEmbedMessage,!1),l.addEventListener(\"DOMContentLoaded\",function(){for(var e,t,s=l.querySelectorAll(\"iframe.wp-embedded-content\"),r=0;r<s.length;r++)(t=(e=s[r]).getAttribute(\"data-secret\"))||(t=Math.random().toString(36).substring(2,12),e.src+=\"#?secret=\"+t,e.setAttribute(\"data-secret\",t)),e.contentWindow.postMessage({message:\"ready\",secret:t},\"*\")},!1)))}(window,document);\n\/\/# sourceURL=https:\/\/wp.kristdemokraterna.se\/savsjo\/wp-includes\/js\/wp-embed.min.js\n\/* ]]> *\/\n<\/script>\n","thumbnail_url":"https:\/\/wp.kristdemokraterna.se\/savsjo\/files\/2014\/02\/Startmote-om-761-hemsida.jpg","thumbnail_width":455,"thumbnail_height":307,"description":"I en ins\u00e4ndare i Sm\u00e5lands Dagblad 15 januari st\u00e4ller \u201dSkattebetalare, S\u00e4vsj\u00f6\u201d en rad fr\u00e5gor och g\u00f6r olika p\u00e5st\u00e5enden om rekrytering av personal och fr\u00e4mst tj\u00e4nstem\u00e4n i S\u00e4vsj\u00f6 kommun.\u00a0F\u00f6r att balansera den bild som m\u00e5las upp kan det vara bra att veta det inom kommunkoncernen \u00e5rligen sker rekrytering och anst\u00e4llning av ca 70 personer. Konsulthj\u00e4lp har, Read More"}