{"version":"1.0","provider_name":"S\u00e4vsj\u00f6","provider_url":"https:\/\/wp.kristdemokraterna.se\/savsjo","title":"Busstrafik framg\u00e5ng p\u00e5 konvent - S\u00e4vsj\u00f6","type":"rich","width":600,"height":338,"html":"<blockquote class=\"wp-embedded-content\" data-secret=\"p1lxUliPKp\"><a href=\"https:\/\/wp.kristdemokraterna.se\/savsjo\/busstrafik-framgang-pa-konvent\/\">Busstrafik framg\u00e5ng p\u00e5 konvent<\/a><\/blockquote><iframe sandbox=\"allow-scripts\" security=\"restricted\" src=\"https:\/\/wp.kristdemokraterna.se\/savsjo\/busstrafik-framgang-pa-konvent\/embed\/#?secret=p1lxUliPKp\" width=\"600\" height=\"338\" title=\"\u201dBusstrafik framg\u00e5ng p\u00e5 konvent\u201d &ndash; S\u00e4vsj\u00f6\" data-secret=\"p1lxUliPKp\" frameborder=\"0\" marginwidth=\"0\" marginheight=\"0\" scrolling=\"no\" class=\"wp-embedded-content\"><\/iframe><script type=\"text\/javascript\">\n\/* <![CDATA[ *\/\n\/*! This file is auto-generated *\/\n!function(d,l){\"use strict\";l.querySelector&&d.addEventListener&&\"undefined\"!=typeof URL&&(d.wp=d.wp||{},d.wp.receiveEmbedMessage||(d.wp.receiveEmbedMessage=function(e){var t=e.data;if((t||t.secret||t.message||t.value)&&!\/[^a-zA-Z0-9]\/.test(t.secret)){for(var s,r,n,a=l.querySelectorAll('iframe[data-secret=\"'+t.secret+'\"]'),o=l.querySelectorAll('blockquote[data-secret=\"'+t.secret+'\"]'),c=new RegExp(\"^https?:$\",\"i\"),i=0;i<o.length;i++)o[i].style.display=\"none\";for(i=0;i<a.length;i++)s=a[i],e.source===s.contentWindow&&(s.removeAttribute(\"style\"),\"height\"===t.message?(1e3<(r=parseInt(t.value,10))?r=1e3:~~r<200&&(r=200),s.height=r):\"link\"===t.message&&(r=new URL(s.getAttribute(\"src\")),n=new URL(t.value),c.test(n.protocol))&&n.host===r.host&&l.activeElement===s&&(d.top.location.href=t.value))}},d.addEventListener(\"message\",d.wp.receiveEmbedMessage,!1),l.addEventListener(\"DOMContentLoaded\",function(){for(var e,t,s=l.querySelectorAll(\"iframe.wp-embedded-content\"),r=0;r<s.length;r++)(t=(e=s[r]).getAttribute(\"data-secret\"))||(t=Math.random().toString(36).substring(2,12),e.src+=\"#?secret=\"+t,e.setAttribute(\"data-secret\",t)),e.contentWindow.postMessage({message:\"ready\",secret:t},\"*\")},!1)))}(window,document);\n\/\/# sourceURL=https:\/\/wp.kristdemokraterna.se\/savsjo\/wp-includes\/js\/wp-embed.min.js\n\/* ]]> *\/\n<\/script>\n","thumbnail_url":"https:\/\/wp.kristdemokraterna.se\/savsjo\/files\/2017\/11\/kd-konvent.jpg","thumbnail_width":500,"thumbnail_height":300,"description":"Ett h\u00e4rligt g\u00e4ng kristdemokrater fr\u00e5n S\u00e4vsj\u00f6 kommun var under l\u00f6rdagen i J\u00f6nk\u00f6ping f\u00f6r att delta i l\u00e4nets H\u00f6stkonvent. M\u00e5nga viktiga diskussioner och beslut kring verksamhetsplan, budget, valsedlar och valprogram ligger nu till grund f\u00f6r kommande val\u00e5r och kampanjarbete. En viktig framg\u00e5ng f\u00f6r S\u00e4vsj\u00f6delegationen var att partikonventet beslutade om att det ska inr\u00e4ttas busstrafik mellan l\u00e4nets Read More"}