{"version":"1.0","provider_name":"S\u00e4vsj\u00f6","provider_url":"https:\/\/wp.kristdemokraterna.se\/savsjo","title":"V\u00e5rglada S\u00e4vsj\u00f6 med politik - S\u00e4vsj\u00f6","type":"rich","width":600,"height":338,"html":"<blockquote class=\"wp-embedded-content\" data-secret=\"NFzlzjNhhn\"><a href=\"https:\/\/wp.kristdemokraterna.se\/savsjo\/mot-oss-pa-varglada-savsjo-30-maj\/\">V\u00e5rglada S\u00e4vsj\u00f6 med politik<\/a><\/blockquote><iframe sandbox=\"allow-scripts\" security=\"restricted\" src=\"https:\/\/wp.kristdemokraterna.se\/savsjo\/mot-oss-pa-varglada-savsjo-30-maj\/embed\/#?secret=NFzlzjNhhn\" width=\"600\" height=\"338\" title=\"\u201dV\u00e5rglada S\u00e4vsj\u00f6 med politik\u201d &ndash; S\u00e4vsj\u00f6\" data-secret=\"NFzlzjNhhn\" frameborder=\"0\" marginwidth=\"0\" marginheight=\"0\" scrolling=\"no\" class=\"wp-embedded-content\"><\/iframe><script type=\"text\/javascript\">\n\/* <![CDATA[ *\/\n\/*! This file is auto-generated *\/\n!function(d,l){\"use strict\";l.querySelector&&d.addEventListener&&\"undefined\"!=typeof URL&&(d.wp=d.wp||{},d.wp.receiveEmbedMessage||(d.wp.receiveEmbedMessage=function(e){var t=e.data;if((t||t.secret||t.message||t.value)&&!\/[^a-zA-Z0-9]\/.test(t.secret)){for(var s,r,n,a=l.querySelectorAll('iframe[data-secret=\"'+t.secret+'\"]'),o=l.querySelectorAll('blockquote[data-secret=\"'+t.secret+'\"]'),c=new RegExp(\"^https?:$\",\"i\"),i=0;i<o.length;i++)o[i].style.display=\"none\";for(i=0;i<a.length;i++)s=a[i],e.source===s.contentWindow&&(s.removeAttribute(\"style\"),\"height\"===t.message?(1e3<(r=parseInt(t.value,10))?r=1e3:~~r<200&&(r=200),s.height=r):\"link\"===t.message&&(r=new URL(s.getAttribute(\"src\")),n=new URL(t.value),c.test(n.protocol))&&n.host===r.host&&l.activeElement===s&&(d.top.location.href=t.value))}},d.addEventListener(\"message\",d.wp.receiveEmbedMessage,!1),l.addEventListener(\"DOMContentLoaded\",function(){for(var e,t,s=l.querySelectorAll(\"iframe.wp-embedded-content\"),r=0;r<s.length;r++)(t=(e=s[r]).getAttribute(\"data-secret\"))||(t=Math.random().toString(36).substring(2,12),e.src+=\"#?secret=\"+t,e.setAttribute(\"data-secret\",t)),e.contentWindow.postMessage({message:\"ready\",secret:t},\"*\")},!1)))}(window,document);\n\/\/# sourceURL=https:\/\/wp.kristdemokraterna.se\/savsjo\/wp-includes\/js\/wp-embed.min.js\n\/* ]]> *\/\n<\/script>\n","thumbnail_url":"https:\/\/wp.kristdemokraterna.se\/savsjo\/files\/2014\/05\/varglada-kd-540x409.jpg","thumbnail_width":540,"thumbnail_height":409,"description":"Kristdemokraterna var p\u00e5 torget i S\u00e4vsj\u00f6 fredag 30 maj mellan 09 \u00a0och 13. Det var ett fint v\u00e5rv\u00e4der med sol och helt molnfri himmel. M\u00e5nga bes\u00f6kte f\u00f6r en stunds samtal om politik \u00f6ver en kopp kaffe!"}