{"version":"1.0","provider_name":"S\u00e4vsj\u00f6","provider_url":"https:\/\/wp.kristdemokraterna.se\/savsjo","title":"Region och kommundagar inspirerade - S\u00e4vsj\u00f6","type":"rich","width":600,"height":338,"html":"<blockquote class=\"wp-embedded-content\" data-secret=\"FKyXE9ufjs\"><a href=\"https:\/\/wp.kristdemokraterna.se\/savsjo\/region-och-kommundagar-inspirerade\/\">Region och kommundagar inspirerade<\/a><\/blockquote><iframe sandbox=\"allow-scripts\" security=\"restricted\" src=\"https:\/\/wp.kristdemokraterna.se\/savsjo\/region-och-kommundagar-inspirerade\/embed\/#?secret=FKyXE9ufjs\" width=\"600\" height=\"338\" title=\"\u201dRegion och kommundagar inspirerade\u201d &ndash; S\u00e4vsj\u00f6\" data-secret=\"FKyXE9ufjs\" frameborder=\"0\" marginwidth=\"0\" marginheight=\"0\" scrolling=\"no\" class=\"wp-embedded-content\"><\/iframe><script type=\"text\/javascript\">\n\/* <![CDATA[ *\/\n\/*! This file is auto-generated *\/\n!function(d,l){\"use strict\";l.querySelector&&d.addEventListener&&\"undefined\"!=typeof URL&&(d.wp=d.wp||{},d.wp.receiveEmbedMessage||(d.wp.receiveEmbedMessage=function(e){var t=e.data;if((t||t.secret||t.message||t.value)&&!\/[^a-zA-Z0-9]\/.test(t.secret)){for(var s,r,n,a=l.querySelectorAll('iframe[data-secret=\"'+t.secret+'\"]'),o=l.querySelectorAll('blockquote[data-secret=\"'+t.secret+'\"]'),c=new RegExp(\"^https?:$\",\"i\"),i=0;i<o.length;i++)o[i].style.display=\"none\";for(i=0;i<a.length;i++)s=a[i],e.source===s.contentWindow&&(s.removeAttribute(\"style\"),\"height\"===t.message?(1e3<(r=parseInt(t.value,10))?r=1e3:~~r<200&&(r=200),s.height=r):\"link\"===t.message&&(r=new URL(s.getAttribute(\"src\")),n=new URL(t.value),c.test(n.protocol))&&n.host===r.host&&l.activeElement===s&&(d.top.location.href=t.value))}},d.addEventListener(\"message\",d.wp.receiveEmbedMessage,!1),l.addEventListener(\"DOMContentLoaded\",function(){for(var e,t,s=l.querySelectorAll(\"iframe.wp-embedded-content\"),r=0;r<s.length;r++)(t=(e=s[r]).getAttribute(\"data-secret\"))||(t=Math.random().toString(36).substring(2,12),e.src+=\"#?secret=\"+t,e.setAttribute(\"data-secret\",t)),e.contentWindow.postMessage({message:\"ready\",secret:t},\"*\")},!1)))}(window,document);\n\/\/# sourceURL=https:\/\/wp.kristdemokraterna.se\/savsjo\/wp-includes\/js\/wp-embed.min.js\n\/* ]]> *\/\n<\/script>\n","thumbnail_url":"http:\/\/wp.kristdemokraterna.se\/savsjo\/files\/2023\/04\/orebro-hemsida.jpg","thumbnail_width":500,"thumbnail_height":300,"description":"Region och kommundagarna i \u00d6rebro hade i \u00e5r hela 1200 deltagare. Fr\u00e5n S\u00e4vsj\u00f6 var det ett stort kd-g\u00e4ng p\u00e5 plats. Dessa dagar har varit pr\u00e4glade av en god st\u00e4mning och m\u00e5nga bra m\u00f6ten med politiska kollegor och olika intressanta seminarium. S\u00e4vsj\u00f6 kommuns nya kommunalr\u00e5d, Therese Petterson, gjorde en mycket fin insats b\u00e5de p\u00e5 stora scenen Read More"}