{"id":269,"date":"2021-04-08T00:00:28","date_gmt":"2021-04-07T22:00:28","guid":{"rendered":"http:\/\/wp.kristdemokraterna.se\/sigtuna2\/?page_id=269"},"modified":"2021-04-28T23:31:09","modified_gmt":"2021-04-28T21:31:09","slug":"textsida-med-vanster-sidebar","status":"publish","type":"page","link":"https:\/\/wp.kristdemokraterna.se\/sigtuna\/textsida-med-vanster-sidebar\/","title":{"rendered":"V\u00e5r partiavdelning"},"content":{"rendered":"<h1>V\u00c4LKOMMEN<\/h1>\n<h3>Du \u00e4r varmt v\u00e4lkommen till Kristdemokraterna i Sigtuna kommun. H\u00e4r kan du st\u00e4lla fr\u00e5gor om v\u00e5r politik eller ber\u00e4tta om det du tycker \u00e4r viktigt. Vill du vara med och p\u00e5verka Sigtuna kommun eller vill du bli medlem hos oss. Kontakta oss d\u00e5, du \u00e4r s\u00e5 v\u00e4lkommen!<\/h3>\n<h3>LOKALA FR\u00c5GOR ELLER IDE\u00c8R<\/h3>\n<h3>H\u00e4r kan du mejla till oss <a href=\"mailto:sigtuna@kristdemokraterna.se\">sigtuna@kristdemokraterna.se<\/a><\/h3>\n<h3>TITTA VAD VI G\u00d6R P\u00c5 FACEBOOK<\/h3>\n<h3><a href=\"https:\/\/www.facebook.com\/kdsigtuna\">https:\/\/www.facebook.com\/kdsigtuna<\/a><\/h3>\n<h3>BLI MEDLEM<\/h3>\n<h3>Klicka p\u00e5 denna l\u00e4nk <a href=\"https:\/\/kristdemokraterna.se\/engagera-dig\/bli-medlem\/\">https:\/\/kristdemokraterna.se\/engagera-dig\/bli-medlem\/<\/a><\/h3>\n<p>&nbsp;<\/p>\n<p>&nbsp;<\/p>\n","protected":false},"excerpt":{"rendered":"<p>V\u00c4LKOMMEN Du \u00e4r varmt v\u00e4lkommen till Kristdemokraterna i Sigtuna kommun. H\u00e4r kan du st\u00e4lla fr\u00e5gor om v\u00e5r politik eller ber\u00e4tta om det du tycker \u00e4r viktigt. Vill du vara med och p\u00e5verka Sigtuna kommun eller vill du bli medlem hos oss. Kontakta oss d\u00e5, du \u00e4r s\u00e5 v\u00e4lkommen! LOKALA FR\u00c5GOR ELLER IDE\u00c8R H\u00e4r kan du <a class=\"read-more-link\" href=\"https:\/\/wp.kristdemokraterna.se\/sigtuna\/textsida-med-vanster-sidebar\/\">L\u00e4s mer<\/a><\/p>\n","protected":false},"author":907,"featured_media":0,"parent":0,"menu_order":0,"comment_status":"closed","ping_status":"closed","template":"page.php","meta":{"_acf_changed":false,"footnotes":""},"class_list":["post-269","page","type-page","status-publish","hentry"],"acf":[],"yoast_head":"<!-- This site is optimized with the Yoast SEO plugin v27.4 - https:\/\/yoast.com\/product\/yoast-seo-wordpress\/ -->\n<title>V\u00e5r partiavdelning - Kristdemokraterna i Sigtuna<\/title>\n<meta name=\"robots\" content=\"index, follow, max-snippet:-1, max-image-preview:large, max-video-preview:-1\" \/>\n<link rel=\"canonical\" href=\"https:\/\/wp.kristdemokraterna.se\/sigtuna\/textsida-med-vanster-sidebar\/\" \/>\n<meta property=\"og:locale\" content=\"sv_SE\" \/>\n<meta property=\"og:type\" content=\"article\" \/>\n<meta property=\"og:title\" content=\"V\u00e5r partiavdelning - Kristdemokraterna i Sigtuna\" \/>\n<meta property=\"og:description\" content=\"V\u00c4LKOMMEN Du \u00e4r varmt v\u00e4lkommen till Kristdemokraterna i Sigtuna kommun. H\u00e4r kan du st\u00e4lla fr\u00e5gor om v\u00e5r politik eller ber\u00e4tta om det du tycker \u00e4r viktigt. Vill du vara med och p\u00e5verka Sigtuna kommun eller vill du bli medlem hos oss. Kontakta oss d\u00e5, du \u00e4r s\u00e5 v\u00e4lkommen! LOKALA FR\u00c5GOR ELLER IDE\u00c8R H\u00e4r kan du L\u00e4s mer\" \/>\n<meta property=\"og:url\" content=\"https:\/\/wp.kristdemokraterna.se\/sigtuna\/textsida-med-vanster-sidebar\/\" \/>\n<meta property=\"og:site_name\" content=\"Kristdemokraterna i Sigtuna\" \/>\n<meta property=\"article:modified_time\" content=\"2021-04-28T21:31:09+00:00\" \/>\n<meta name=\"twitter:card\" content=\"summary_large_image\" \/>\n<meta name=\"twitter:label1\" content=\"Ber\u00e4knad l\u00e4stid\" \/>\n\t<meta name=\"twitter:data1\" content=\"1 minut\" \/>\n<script type=\"application\/ld+json\" class=\"yoast-schema-graph\">{\"@context\":\"https:\\\/\\\/schema.org\",\"@graph\":[{\"@type\":\"WebPage\",\"@id\":\"https:\\\/\\\/wp.kristdemokraterna.se\\\/sigtuna\\\/textsida-med-vanster-sidebar\\\/\",\"url\":\"https:\\\/\\\/wp.kristdemokraterna.se\\\/sigtuna\\\/textsida-med-vanster-sidebar\\\/\",\"name\":\"V\u00e5r partiavdelning - Kristdemokraterna i Sigtuna\",\"isPartOf\":{\"@id\":\"https:\\\/\\\/wp.kristdemokraterna.se\\\/sigtuna\\\/#website\"},\"datePublished\":\"2021-04-07T22:00:28+00:00\",\"dateModified\":\"2021-04-28T21:31:09+00:00\",\"breadcrumb\":{\"@id\":\"https:\\\/\\\/wp.kristdemokraterna.se\\\/sigtuna\\\/textsida-med-vanster-sidebar\\\/#breadcrumb\"},\"inLanguage\":\"sv-SE\",\"potentialAction\":[{\"@type\":\"ReadAction\",\"target\":[\"https:\\\/\\\/wp.kristdemokraterna.se\\\/sigtuna\\\/textsida-med-vanster-sidebar\\\/\"]}]},{\"@type\":\"BreadcrumbList\",\"@id\":\"https:\\\/\\\/wp.kristdemokraterna.se\\\/sigtuna\\\/textsida-med-vanster-sidebar\\\/#breadcrumb\",\"itemListElement\":[{\"@type\":\"ListItem\",\"position\":1,\"name\":\"Hem\",\"item\":\"https:\\\/\\\/wp.kristdemokraterna.se\\\/sigtuna\\\/\"},{\"@type\":\"ListItem\",\"position\":2,\"name\":\"V\u00e5r partiavdelning\"}]},{\"@type\":\"WebSite\",\"@id\":\"https:\\\/\\\/wp.kristdemokraterna.se\\\/sigtuna\\\/#website\",\"url\":\"https:\\\/\\\/wp.kristdemokraterna.se\\\/sigtuna\\\/\",\"name\":\"Kristdemokraterna i Sigtuna\",\"description\":\"En till Kristdemokraterna webbplats\",\"inLanguage\":\"sv-SE\"}]}<\/script>\n<!-- \/ Yoast SEO plugin. -->","yoast_head_json":{"title":"V\u00e5r partiavdelning - Kristdemokraterna i Sigtuna","robots":{"index":"index","follow":"follow","max-snippet":"max-snippet:-1","max-image-preview":"max-image-preview:large","max-video-preview":"max-video-preview:-1"},"canonical":"https:\/\/wp.kristdemokraterna.se\/sigtuna\/textsida-med-vanster-sidebar\/","og_locale":"sv_SE","og_type":"article","og_title":"V\u00e5r partiavdelning - Kristdemokraterna i Sigtuna","og_description":"V\u00c4LKOMMEN Du \u00e4r varmt v\u00e4lkommen till Kristdemokraterna i Sigtuna kommun. H\u00e4r kan du st\u00e4lla fr\u00e5gor om v\u00e5r politik eller ber\u00e4tta om det du tycker \u00e4r viktigt. Vill du vara med och p\u00e5verka Sigtuna kommun eller vill du bli medlem hos oss. Kontakta oss d\u00e5, du \u00e4r s\u00e5 v\u00e4lkommen! LOKALA FR\u00c5GOR ELLER IDE\u00c8R H\u00e4r kan du L\u00e4s mer","og_url":"https:\/\/wp.kristdemokraterna.se\/sigtuna\/textsida-med-vanster-sidebar\/","og_site_name":"Kristdemokraterna i Sigtuna","article_modified_time":"2021-04-28T21:31:09+00:00","twitter_card":"summary_large_image","twitter_misc":{"Ber\u00e4knad l\u00e4stid":"1 minut"},"schema":{"@context":"https:\/\/schema.org","@graph":[{"@type":"WebPage","@id":"https:\/\/wp.kristdemokraterna.se\/sigtuna\/textsida-med-vanster-sidebar\/","url":"https:\/\/wp.kristdemokraterna.se\/sigtuna\/textsida-med-vanster-sidebar\/","name":"V\u00e5r partiavdelning - Kristdemokraterna i Sigtuna","isPartOf":{"@id":"https:\/\/wp.kristdemokraterna.se\/sigtuna\/#website"},"datePublished":"2021-04-07T22:00:28+00:00","dateModified":"2021-04-28T21:31:09+00:00","breadcrumb":{"@id":"https:\/\/wp.kristdemokraterna.se\/sigtuna\/textsida-med-vanster-sidebar\/#breadcrumb"},"inLanguage":"sv-SE","potentialAction":[{"@type":"ReadAction","target":["https:\/\/wp.kristdemokraterna.se\/sigtuna\/textsida-med-vanster-sidebar\/"]}]},{"@type":"BreadcrumbList","@id":"https:\/\/wp.kristdemokraterna.se\/sigtuna\/textsida-med-vanster-sidebar\/#breadcrumb","itemListElement":[{"@type":"ListItem","position":1,"name":"Hem","item":"https:\/\/wp.kristdemokraterna.se\/sigtuna\/"},{"@type":"ListItem","position":2,"name":"V\u00e5r partiavdelning"}]},{"@type":"WebSite","@id":"https:\/\/wp.kristdemokraterna.se\/sigtuna\/#website","url":"https:\/\/wp.kristdemokraterna.se\/sigtuna\/","name":"Kristdemokraterna i Sigtuna","description":"En till Kristdemokraterna webbplats","inLanguage":"sv-SE"}]}},"_links":{"self":[{"href":"https:\/\/wp.kristdemokraterna.se\/sigtuna\/wp-json\/wp\/v2\/pages\/269","targetHints":{"allow":["GET"]}}],"collection":[{"href":"https:\/\/wp.kristdemokraterna.se\/sigtuna\/wp-json\/wp\/v2\/pages"}],"about":[{"href":"https:\/\/wp.kristdemokraterna.se\/sigtuna\/wp-json\/wp\/v2\/types\/page"}],"author":[{"embeddable":true,"href":"https:\/\/wp.kristdemokraterna.se\/sigtuna\/wp-json\/wp\/v2\/users\/907"}],"replies":[{"embeddable":true,"href":"https:\/\/wp.kristdemokraterna.se\/sigtuna\/wp-json\/wp\/v2\/comments?post=269"}],"version-history":[{"count":18,"href":"https:\/\/wp.kristdemokraterna.se\/sigtuna\/wp-json\/wp\/v2\/pages\/269\/revisions"}],"predecessor-version":[{"id":603,"href":"https:\/\/wp.kristdemokraterna.se\/sigtuna\/wp-json\/wp\/v2\/pages\/269\/revisions\/603"}],"wp:attachment":[{"href":"https:\/\/wp.kristdemokraterna.se\/sigtuna\/wp-json\/wp\/v2\/media?parent=269"}],"curies":[{"name":"wp","href":"https:\/\/api.w.org\/{rel}","templated":true}]}}