{"id":660,"date":"2022-08-13T08:49:56","date_gmt":"2022-08-13T06:49:56","guid":{"rendered":"https:\/\/wp.kristdemokraterna.se\/sigtuna\/?page_id=660"},"modified":"2022-08-16T12:23:31","modified_gmt":"2022-08-16T10:23:31","slug":"sigtunas-seniorer-ska-ha-ratt-att-valja-aldreomsorg","status":"publish","type":"page","link":"https:\/\/wp.kristdemokraterna.se\/sigtuna\/i-var-kommun\/sigtunas-seniorer-ska-ha-ratt-att-valja-aldreomsorg\/","title":{"rendered":"Sigtunas seniorer ska ha r\u00e4tt att v\u00e4lja \u00e4ldreomsorg"},"content":{"rendered":"<p><a href=\"http:\/\/wp.kristdemokraterna.se\/sigtuna\/files\/2022\/08\/valfrihet-2.jpg\"><img loading=\"lazy\" decoding=\"async\" class=\"alignnone size-medium wp-image-661\" src=\"http:\/\/wp.kristdemokraterna.se\/sigtuna\/files\/2022\/08\/valfrihet-2-300x169.jpg\" alt=\"\" width=\"300\" height=\"169\" srcset=\"https:\/\/wp.kristdemokraterna.se\/sigtuna\/files\/2022\/08\/valfrihet-2-300x169.jpg 300w, https:\/\/wp.kristdemokraterna.se\/sigtuna\/files\/2022\/08\/valfrihet-2-356x200.jpg 356w, https:\/\/wp.kristdemokraterna.se\/sigtuna\/files\/2022\/08\/valfrihet-2-370x208.jpg 370w, https:\/\/wp.kristdemokraterna.se\/sigtuna\/files\/2022\/08\/valfrihet-2-450x253.jpg 450w, https:\/\/wp.kristdemokraterna.se\/sigtuna\/files\/2022\/08\/valfrihet-2-280x157.jpg 280w, https:\/\/wp.kristdemokraterna.se\/sigtuna\/files\/2022\/08\/valfrihet-2-340x191.jpg 340w, https:\/\/wp.kristdemokraterna.se\/sigtuna\/files\/2022\/08\/valfrihet-2-200x112.jpg 200w, https:\/\/wp.kristdemokraterna.se\/sigtuna\/files\/2022\/08\/valfrihet-2-100x56.jpg 100w, https:\/\/wp.kristdemokraterna.se\/sigtuna\/files\/2022\/08\/valfrihet-2.jpg 605w\" sizes=\"auto, (max-width: 300px) 100vw, 300px\" \/><\/a><\/p>\n<p>Valfriheten inom \u00e4ldreomsorgen \u00e4r en sj\u00e4lvklarhet f\u00f6r oss kristdemokrater. Politiker har inte r\u00e4tt att fr\u00e5nta v\u00e5ra seniorer deras valfrihet. Den som har haft m\u00f6jlighet att v\u00e4lja allt fr\u00e5n frukostflingor till f\u00f6rs\u00e4kringsbolag under livet ska inte ber\u00f6vas sin valfrihet under livets sista etapp.<\/p>\n<p>Kristdemokraterna vill utveckla m\u00f6jligheten att v\u00e4lja \u00e4ldreomsorg i Sigtuna kommun. F\u00f6r oss kristdemokrater \u00e4r valfriheten en fr\u00e5ga om v\u00e4rdighet och respekt inf\u00f6r kommunens alla seniorer. Men det \u00e4r ocks\u00e5 en fr\u00e5ga om kvalitet. Den som inte \u00e4r n\u00f6jd med sin \u00e4ldreomsorg m\u00e5ste f\u00e5 m\u00f6jlighet att byta till en alternativ utf\u00f6rare.<\/p>\n<p>H\u00e4r g\u00e5r en skarp skiljelinje mellan oss kristdemokrater och v\u00e4nsteroppositionen. Kristdemokraterna vill l\u00e5ta seniorerna sj\u00e4lva best\u00e4mma, medan Socialdemokraterna vill fr\u00e5nta alla seniorer r\u00e4tten att v\u00e4lja en passande omsorg.<\/p>\n<p>Majoritetspartierna i Sigtuna kommun \u00e4r \u00f6verens om att valfriheten inom \u00e4ldreomsorgen m\u00e5ste utvecklas \u2013 inte avvecklas. Under den senaste mandatperioden har valfrihetsreformen p\u00e5b\u00f6rjats och vi \u00e4r mitt inne i en stor omst\u00e4llning. Fr\u00e5n att Sigtuna kommun under l\u00e5ng tid har befunnit sig bland de s\u00e4msta 25 procenten i landet inom brukarn\u00f6jdhet har vi under den senaste mandatperioden p\u00e5b\u00f6rjat resan mot en b\u00e4ttre omsorg.<\/p>\n<p>Inom kort kommer en ny upphandling f\u00f6r hemtj\u00e4nsten g\u00e5 ut. Kristdemokraterna vill arbeta f\u00f6r att f\u00f6ljande principer ska vara v\u00e4gledande i upphandlingen:<\/p>\n<ul>\n<li>Sigtunas seniorer ska ha m\u00f6jlighet att v\u00e4lja mellan minst fyra utf\u00f6rare.<\/li>\n<li>Kommunen ska kvalitetss\u00e4kra hemtj\u00e4nsten och m\u00f6jligg\u00f6ra f\u00f6r m\u00e5nga olika alternativ, men inte sj\u00e4lva finnas med som en av utf\u00f6rarna.<\/li>\n<li>Det ska inte finnas n\u00e5got kapacitetstak f\u00f6r enskilda utf\u00f6rare. Brukarna ska kunna v\u00e4lja helt fritt mellan de olika utf\u00f6rarna i kommunen.<\/li>\n<\/ul>\n<p>Kristdemokraterna v\u00e4rnar principen om att alla seniorer ska kunna v\u00e4lja s\u00e5v\u00e4l hemtj\u00e4nst som v\u00e5rd- och omsorgsboende. Verklig valfrihet inneb\u00e4r att det m\u00e5ste finnas flera alternativ att v\u00e4lja emellan. Vi vill d\u00e4rf\u00f6r v\u00e4lkomna fler akt\u00f6rer inom s\u00e5v\u00e4l hemtj\u00e4nst som s\u00e4rskilda boenden till Sigtuna kommun.<\/p>\n<p>Kristdemokraterna vill dessutom att den som \u00e4r 85 \u00e5r, utan bist\u00e5ndsbed\u00f6mning, ska ha m\u00f6jlighet att flytta till ett s\u00e4rskilt boende om den s\u00e5 \u00f6nskar \u2013 genom att verka f\u00f6r en s\u00e5 kallad \u00e4ldreboendegaranti.<\/p>\n<p>Vi kristdemokrater \u00e4r redo att k\u00e4mpa f\u00f6r alla seniorers r\u00e4tt att v\u00e4lja \u00e4ldreomsorg i Sigtuna kommun!<\/p>\n<p><a href=\"https:\/\/wp.kristdemokraterna.se\/sigtuna\/i-var-kommun\/sigtunas-seniorer-fortjanar-en-god-omsorg\/\"><strong>L\u00c4S MER: Sigtunas seniorer f\u00f6rtj\u00e4nar en god omsorg<\/strong><\/a><\/p>\n<p><a href=\"https:\/\/wp.kristdemokraterna.se\/sigtuna\/i-var-kommun\/sigtunas-seniorer-ar-val-varda-att-lyssna-pa\/\"><strong>L\u00c4S MER: Sigtunas seniorer \u00e4r v\u00e4l v\u00e4rda att lyssna p\u00e5<\/strong><\/a><\/p>\n<p><a href=\"https:\/\/wp.kristdemokraterna.se\/sigtuna\/i-var-kommun\/redo-att-kampa-for-alla-seniorer-i-sigtuna-kommun\/\"><strong>L\u00c4S MER: Redo att k\u00e4mpa f\u00f6r alla seniorer i Sigtuna kommun<\/strong><\/a><\/p>\n<p><a href=\"https:\/\/kristdemokraterna.se\/var-politik\/politikomraden\/aldre\"><strong>L\u00c4S MER: Kristdemokraternas \u00e4ldrepolitik<\/strong><\/a><\/p>\n<p>Kristdemokraterna har m\u00e5nga f\u00f6rslag som syftar till att m\u00e4nniskor ska kunna \u00e5ldras i trygghet och v\u00e4rdighet. L\u00e4s mer h\u00e4r om hur vi vill f\u00f6rb\u00e4ttra seniorernas situation.<\/p>\n<p><a href=\"https:\/\/kristdemokraterna.se\/var-politik\/politikomraden\/aldre\">https:\/\/kristdemokraterna.se\/var-politik\/politikomraden\/aldre<\/a><\/p>\n","protected":false},"excerpt":{"rendered":"<p>Valfriheten inom \u00e4ldreomsorgen \u00e4r en sj\u00e4lvklarhet f\u00f6r oss kristdemokrater. Politiker har inte r\u00e4tt att fr\u00e5nta v\u00e5ra seniorer deras valfrihet. Den som har haft m\u00f6jlighet att v\u00e4lja allt fr\u00e5n frukostflingor till f\u00f6rs\u00e4kringsbolag under livet ska inte ber\u00f6vas sin valfrihet under livets sista etapp. Kristdemokraterna vill utveckla m\u00f6jligheten att v\u00e4lja \u00e4ldreomsorg i Sigtuna kommun. F\u00f6r oss kristdemokrater <a class=\"read-more-link\" href=\"https:\/\/wp.kristdemokraterna.se\/sigtuna\/i-var-kommun\/sigtunas-seniorer-ska-ha-ratt-att-valja-aldreomsorg\/\">L\u00e4s mer<\/a><\/p>\n","protected":false},"author":907,"featured_media":0,"parent":342,"menu_order":0,"comment_status":"closed","ping_status":"closed","template":"","meta":{"_acf_changed":false,"footnotes":""},"class_list":["post-660","page","type-page","status-publish","hentry"],"acf":[],"yoast_head":"<!-- This site is optimized with the Yoast SEO plugin v27.4 - https:\/\/yoast.com\/product\/yoast-seo-wordpress\/ -->\n<title>Sigtunas seniorer ska ha r\u00e4tt att v\u00e4lja \u00e4ldreomsorg - Kristdemokraterna i Sigtuna<\/title>\n<meta name=\"robots\" content=\"index, follow, max-snippet:-1, max-image-preview:large, max-video-preview:-1\" \/>\n<link rel=\"canonical\" href=\"https:\/\/wp.kristdemokraterna.se\/sigtuna\/i-var-kommun\/sigtunas-seniorer-ska-ha-ratt-att-valja-aldreomsorg\/\" \/>\n<meta property=\"og:locale\" content=\"sv_SE\" \/>\n<meta property=\"og:type\" content=\"article\" \/>\n<meta property=\"og:title\" content=\"Sigtunas seniorer ska ha r\u00e4tt att v\u00e4lja \u00e4ldreomsorg - Kristdemokraterna i Sigtuna\" \/>\n<meta property=\"og:description\" content=\"Valfriheten inom \u00e4ldreomsorgen \u00e4r en sj\u00e4lvklarhet f\u00f6r oss kristdemokrater. Politiker har inte r\u00e4tt att fr\u00e5nta v\u00e5ra seniorer deras valfrihet. Den som har haft m\u00f6jlighet att v\u00e4lja allt fr\u00e5n frukostflingor till f\u00f6rs\u00e4kringsbolag under livet ska inte ber\u00f6vas sin valfrihet under livets sista etapp. Kristdemokraterna vill utveckla m\u00f6jligheten att v\u00e4lja \u00e4ldreomsorg i Sigtuna kommun. F\u00f6r oss kristdemokrater L\u00e4s mer\" \/>\n<meta property=\"og:url\" content=\"https:\/\/wp.kristdemokraterna.se\/sigtuna\/i-var-kommun\/sigtunas-seniorer-ska-ha-ratt-att-valja-aldreomsorg\/\" \/>\n<meta property=\"og:site_name\" content=\"Kristdemokraterna i Sigtuna\" \/>\n<meta property=\"article:modified_time\" content=\"2022-08-16T10:23:31+00:00\" \/>\n<meta property=\"og:image\" content=\"http:\/\/wp.kristdemokraterna.se\/sigtuna\/files\/2022\/08\/valfrihet-2-300x169.jpg\" \/>\n<meta name=\"twitter:card\" content=\"summary_large_image\" \/>\n<meta name=\"twitter:label1\" content=\"Ber\u00e4knad l\u00e4stid\" \/>\n\t<meta name=\"twitter:data1\" content=\"3 minuter\" \/>\n<script type=\"application\/ld+json\" class=\"yoast-schema-graph\">{\"@context\":\"https:\\\/\\\/schema.org\",\"@graph\":[{\"@type\":\"WebPage\",\"@id\":\"https:\\\/\\\/wp.kristdemokraterna.se\\\/sigtuna\\\/i-var-kommun\\\/sigtunas-seniorer-ska-ha-ratt-att-valja-aldreomsorg\\\/\",\"url\":\"https:\\\/\\\/wp.kristdemokraterna.se\\\/sigtuna\\\/i-var-kommun\\\/sigtunas-seniorer-ska-ha-ratt-att-valja-aldreomsorg\\\/\",\"name\":\"Sigtunas seniorer ska ha r\u00e4tt att v\u00e4lja \u00e4ldreomsorg - Kristdemokraterna i Sigtuna\",\"isPartOf\":{\"@id\":\"https:\\\/\\\/wp.kristdemokraterna.se\\\/sigtuna\\\/#website\"},\"primaryImageOfPage\":{\"@id\":\"https:\\\/\\\/wp.kristdemokraterna.se\\\/sigtuna\\\/i-var-kommun\\\/sigtunas-seniorer-ska-ha-ratt-att-valja-aldreomsorg\\\/#primaryimage\"},\"image\":{\"@id\":\"https:\\\/\\\/wp.kristdemokraterna.se\\\/sigtuna\\\/i-var-kommun\\\/sigtunas-seniorer-ska-ha-ratt-att-valja-aldreomsorg\\\/#primaryimage\"},\"thumbnailUrl\":\"http:\\\/\\\/wp.kristdemokraterna.se\\\/sigtuna\\\/files\\\/2022\\\/08\\\/valfrihet-2-300x169.jpg\",\"datePublished\":\"2022-08-13T06:49:56+00:00\",\"dateModified\":\"2022-08-16T10:23:31+00:00\",\"breadcrumb\":{\"@id\":\"https:\\\/\\\/wp.kristdemokraterna.se\\\/sigtuna\\\/i-var-kommun\\\/sigtunas-seniorer-ska-ha-ratt-att-valja-aldreomsorg\\\/#breadcrumb\"},\"inLanguage\":\"sv-SE\",\"potentialAction\":[{\"@type\":\"ReadAction\",\"target\":[\"https:\\\/\\\/wp.kristdemokraterna.se\\\/sigtuna\\\/i-var-kommun\\\/sigtunas-seniorer-ska-ha-ratt-att-valja-aldreomsorg\\\/\"]}]},{\"@type\":\"ImageObject\",\"inLanguage\":\"sv-SE\",\"@id\":\"https:\\\/\\\/wp.kristdemokraterna.se\\\/sigtuna\\\/i-var-kommun\\\/sigtunas-seniorer-ska-ha-ratt-att-valja-aldreomsorg\\\/#primaryimage\",\"url\":\"http:\\\/\\\/wp.kristdemokraterna.se\\\/sigtuna\\\/files\\\/2022\\\/08\\\/valfrihet-2-300x169.jpg\",\"contentUrl\":\"http:\\\/\\\/wp.kristdemokraterna.se\\\/sigtuna\\\/files\\\/2022\\\/08\\\/valfrihet-2-300x169.jpg\"},{\"@type\":\"BreadcrumbList\",\"@id\":\"https:\\\/\\\/wp.kristdemokraterna.se\\\/sigtuna\\\/i-var-kommun\\\/sigtunas-seniorer-ska-ha-ratt-att-valja-aldreomsorg\\\/#breadcrumb\",\"itemListElement\":[{\"@type\":\"ListItem\",\"position\":1,\"name\":\"Hem\",\"item\":\"https:\\\/\\\/wp.kristdemokraterna.se\\\/sigtuna\\\/\"},{\"@type\":\"ListItem\",\"position\":2,\"name\":\"Vad vill vi i v\u00e5r kommun\",\"item\":\"https:\\\/\\\/wp.kristdemokraterna.se\\\/sigtuna\\\/i-var-kommun\\\/\"},{\"@type\":\"ListItem\",\"position\":3,\"name\":\"Sigtunas seniorer ska ha r\u00e4tt att v\u00e4lja \u00e4ldreomsorg\"}]},{\"@type\":\"WebSite\",\"@id\":\"https:\\\/\\\/wp.kristdemokraterna.se\\\/sigtuna\\\/#website\",\"url\":\"https:\\\/\\\/wp.kristdemokraterna.se\\\/sigtuna\\\/\",\"name\":\"Kristdemokraterna i Sigtuna\",\"description\":\"En till Kristdemokraterna webbplats\",\"inLanguage\":\"sv-SE\"}]}<\/script>\n<!-- \/ Yoast SEO plugin. -->","yoast_head_json":{"title":"Sigtunas seniorer ska ha r\u00e4tt att v\u00e4lja \u00e4ldreomsorg - Kristdemokraterna i Sigtuna","robots":{"index":"index","follow":"follow","max-snippet":"max-snippet:-1","max-image-preview":"max-image-preview:large","max-video-preview":"max-video-preview:-1"},"canonical":"https:\/\/wp.kristdemokraterna.se\/sigtuna\/i-var-kommun\/sigtunas-seniorer-ska-ha-ratt-att-valja-aldreomsorg\/","og_locale":"sv_SE","og_type":"article","og_title":"Sigtunas seniorer ska ha r\u00e4tt att v\u00e4lja \u00e4ldreomsorg - Kristdemokraterna i Sigtuna","og_description":"Valfriheten inom \u00e4ldreomsorgen \u00e4r en sj\u00e4lvklarhet f\u00f6r oss kristdemokrater. Politiker har inte r\u00e4tt att fr\u00e5nta v\u00e5ra seniorer deras valfrihet. Den som har haft m\u00f6jlighet att v\u00e4lja allt fr\u00e5n frukostflingor till f\u00f6rs\u00e4kringsbolag under livet ska inte ber\u00f6vas sin valfrihet under livets sista etapp. Kristdemokraterna vill utveckla m\u00f6jligheten att v\u00e4lja \u00e4ldreomsorg i Sigtuna kommun. F\u00f6r oss kristdemokrater L\u00e4s mer","og_url":"https:\/\/wp.kristdemokraterna.se\/sigtuna\/i-var-kommun\/sigtunas-seniorer-ska-ha-ratt-att-valja-aldreomsorg\/","og_site_name":"Kristdemokraterna i Sigtuna","article_modified_time":"2022-08-16T10:23:31+00:00","og_image":[{"url":"http:\/\/wp.kristdemokraterna.se\/sigtuna\/files\/2022\/08\/valfrihet-2-300x169.jpg","type":"","width":"","height":""}],"twitter_card":"summary_large_image","twitter_misc":{"Ber\u00e4knad l\u00e4stid":"3 minuter"},"schema":{"@context":"https:\/\/schema.org","@graph":[{"@type":"WebPage","@id":"https:\/\/wp.kristdemokraterna.se\/sigtuna\/i-var-kommun\/sigtunas-seniorer-ska-ha-ratt-att-valja-aldreomsorg\/","url":"https:\/\/wp.kristdemokraterna.se\/sigtuna\/i-var-kommun\/sigtunas-seniorer-ska-ha-ratt-att-valja-aldreomsorg\/","name":"Sigtunas seniorer ska ha r\u00e4tt att v\u00e4lja \u00e4ldreomsorg - Kristdemokraterna i Sigtuna","isPartOf":{"@id":"https:\/\/wp.kristdemokraterna.se\/sigtuna\/#website"},"primaryImageOfPage":{"@id":"https:\/\/wp.kristdemokraterna.se\/sigtuna\/i-var-kommun\/sigtunas-seniorer-ska-ha-ratt-att-valja-aldreomsorg\/#primaryimage"},"image":{"@id":"https:\/\/wp.kristdemokraterna.se\/sigtuna\/i-var-kommun\/sigtunas-seniorer-ska-ha-ratt-att-valja-aldreomsorg\/#primaryimage"},"thumbnailUrl":"http:\/\/wp.kristdemokraterna.se\/sigtuna\/files\/2022\/08\/valfrihet-2-300x169.jpg","datePublished":"2022-08-13T06:49:56+00:00","dateModified":"2022-08-16T10:23:31+00:00","breadcrumb":{"@id":"https:\/\/wp.kristdemokraterna.se\/sigtuna\/i-var-kommun\/sigtunas-seniorer-ska-ha-ratt-att-valja-aldreomsorg\/#breadcrumb"},"inLanguage":"sv-SE","potentialAction":[{"@type":"ReadAction","target":["https:\/\/wp.kristdemokraterna.se\/sigtuna\/i-var-kommun\/sigtunas-seniorer-ska-ha-ratt-att-valja-aldreomsorg\/"]}]},{"@type":"ImageObject","inLanguage":"sv-SE","@id":"https:\/\/wp.kristdemokraterna.se\/sigtuna\/i-var-kommun\/sigtunas-seniorer-ska-ha-ratt-att-valja-aldreomsorg\/#primaryimage","url":"http:\/\/wp.kristdemokraterna.se\/sigtuna\/files\/2022\/08\/valfrihet-2-300x169.jpg","contentUrl":"http:\/\/wp.kristdemokraterna.se\/sigtuna\/files\/2022\/08\/valfrihet-2-300x169.jpg"},{"@type":"BreadcrumbList","@id":"https:\/\/wp.kristdemokraterna.se\/sigtuna\/i-var-kommun\/sigtunas-seniorer-ska-ha-ratt-att-valja-aldreomsorg\/#breadcrumb","itemListElement":[{"@type":"ListItem","position":1,"name":"Hem","item":"https:\/\/wp.kristdemokraterna.se\/sigtuna\/"},{"@type":"ListItem","position":2,"name":"Vad vill vi i v\u00e5r kommun","item":"https:\/\/wp.kristdemokraterna.se\/sigtuna\/i-var-kommun\/"},{"@type":"ListItem","position":3,"name":"Sigtunas seniorer ska ha r\u00e4tt att v\u00e4lja \u00e4ldreomsorg"}]},{"@type":"WebSite","@id":"https:\/\/wp.kristdemokraterna.se\/sigtuna\/#website","url":"https:\/\/wp.kristdemokraterna.se\/sigtuna\/","name":"Kristdemokraterna i Sigtuna","description":"En till Kristdemokraterna webbplats","inLanguage":"sv-SE"}]}},"_links":{"self":[{"href":"https:\/\/wp.kristdemokraterna.se\/sigtuna\/wp-json\/wp\/v2\/pages\/660","targetHints":{"allow":["GET"]}}],"collection":[{"href":"https:\/\/wp.kristdemokraterna.se\/sigtuna\/wp-json\/wp\/v2\/pages"}],"about":[{"href":"https:\/\/wp.kristdemokraterna.se\/sigtuna\/wp-json\/wp\/v2\/types\/page"}],"author":[{"embeddable":true,"href":"https:\/\/wp.kristdemokraterna.se\/sigtuna\/wp-json\/wp\/v2\/users\/907"}],"replies":[{"embeddable":true,"href":"https:\/\/wp.kristdemokraterna.se\/sigtuna\/wp-json\/wp\/v2\/comments?post=660"}],"version-history":[{"count":5,"href":"https:\/\/wp.kristdemokraterna.se\/sigtuna\/wp-json\/wp\/v2\/pages\/660\/revisions"}],"predecessor-version":[{"id":709,"href":"https:\/\/wp.kristdemokraterna.se\/sigtuna\/wp-json\/wp\/v2\/pages\/660\/revisions\/709"}],"up":[{"embeddable":true,"href":"https:\/\/wp.kristdemokraterna.se\/sigtuna\/wp-json\/wp\/v2\/pages\/342"}],"wp:attachment":[{"href":"https:\/\/wp.kristdemokraterna.se\/sigtuna\/wp-json\/wp\/v2\/media?parent=660"}],"curies":[{"name":"wp","href":"https:\/\/api.w.org\/{rel}","templated":true}]}}