{"id":673,"date":"2022-08-13T19:54:13","date_gmt":"2022-08-13T17:54:13","guid":{"rendered":"https:\/\/wp.kristdemokraterna.se\/sigtuna\/?page_id=673"},"modified":"2022-08-16T12:34:40","modified_gmt":"2022-08-16T10:34:40","slug":"en-attraktiv-kommun-for-manniskor-jobb-och-foretag","status":"publish","type":"page","link":"https:\/\/wp.kristdemokraterna.se\/sigtuna\/i-var-kommun\/en-attraktiv-kommun-for-manniskor-jobb-och-foretag\/","title":{"rendered":"En attraktiv kommun \u2013 f\u00f6r m\u00e4nniskor, jobb och f\u00f6retag"},"content":{"rendered":"<p><strong><a href=\"http:\/\/wp.kristdemokraterna.se\/sigtuna\/files\/2022\/08\/bengt-hellstrom-kd-sigtuna-scaled.jpg\"><img loading=\"lazy\" decoding=\"async\" class=\"alignnone size-medium wp-image-675\" src=\"http:\/\/wp.kristdemokraterna.se\/sigtuna\/files\/2022\/08\/bengt-hellstrom-kd-sigtuna-213x300.jpg\" alt=\"\" width=\"213\" height=\"300\" \/><\/a><\/strong><\/p>\n<p><strong>Sigtuna ska vara en attraktiv kommun \u2013 f\u00f6r m\u00e4nniskor, jobb och f\u00f6retag. H\u00e4r finns unika m\u00f6jligheter, med det strategiska l\u00e4get mellan Stockholm och Uppsala, precis vid Arlanda. <\/strong><\/p>\n<p><strong>\u2013 Vi kristdemokrater vill skapa goda f\u00f6ruts\u00e4ttningar f\u00f6r fler f\u00f6retag att etablera sig h\u00e4r och f\u00f6r att m\u00e4nniskor ska se det som attraktivt att bo, arbeta och driva f\u00f6retag i Sigtuna kommun, s\u00e4ger Bengt Hellstr\u00f6m, Kristdemokraternas f\u00f6rstanamn till kommunfullm\u00e4ktige.<\/strong><\/p>\n<p>Sigtuna kommun har m\u00e5nga m\u00f6jligheter. Men vi st\u00e5r ocks\u00e5 inf\u00f6r en rad utmaningar. Vi kristdemokrater vill f\u00f6ra en politik som underl\u00e4ttar f\u00f6r f\u00f6retag, hj\u00e4lper fler in p\u00e5 arbetsmarknaden, motverkar segregation och underl\u00e4ttar m\u00e4nniskors livspussel.<\/p>\n<p>\u2013 D\u00e4rf\u00f6r beh\u00f6vs fortsatta satsningar p\u00e5 f\u00f6retagande, infrastruktur och integration i kommunen, s\u00e4ger Bengt Hellstr\u00f6m.<\/p>\n<p><strong>En politik f\u00f6r fler f\u00f6retag<\/strong><\/p>\n<p>Sigtuna kommun ska ha ett gott f\u00f6retagsklimat. Fler f\u00f6retag l\u00e4gger grunden f\u00f6r fler arbetstillf\u00e4llen. Politiker kan inte kommendera fram jobb. Jobb skapas av f\u00f6retagarna, och de flesta jobben v\u00e4xer fram i sm\u00e5 och medelstora f\u00f6retag. Kristdemokraterna vill se en \u00f6kad dialog med kommunens f\u00f6retagare f\u00f6r att vi som kommun ska kunna st\u00f6dja dem p\u00e5 b\u00e4sta s\u00e4tt.<\/p>\n<p>\u2013 Som politiker vill jag fokusera p\u00e5 att st\u00f6dja och underl\u00e4tta f\u00f6r b\u00e5de befintliga och nya f\u00f6retagare, s\u00e5 att de finner det m\u00f6dan v\u00e4rt att starta och driva f\u00f6retag i Sigtuna kommun \u2013 som i sin tur skapar jobb i kommunen, s\u00e4ger Bengt Hellstr\u00f6m.<\/p>\n<p><strong>En politik f\u00f6r en fungerande infrastruktur<\/strong><\/p>\n<p>Sigtuna kommun \u00e4r strategiskt lokaliserad, mitt i det expansiva str\u00e5ket mellan Stockholm och Uppsala. F\u00f6r att m\u00e4nniskor ska kunna bo, leva och arbeta h\u00e4r kr\u00e4vs goda kommunikationer. Arlanda Airport \u00e4r dessutom ett viktigt nav f\u00f6r kommunikationen och en port mot \u00f6vriga v\u00e4rlden. Vi kristdemokrater vill utveckla infrastrukturen i Arlandaregionen och d\u00e4rigenom underl\u00e4tta f\u00f6r fler etableringar, fler jobb, en starkare ekonomi och en f\u00f6rb\u00e4ttrad v\u00e4lf\u00e4rd.<\/p>\n<p>Kristdemokraterna st\u00e5r helhj\u00e4rtat bakom de f\u00f6rslag som Arlandaregionens parter lagt fram:<\/p>\n<ul>\n<li>F\u00f6rb\u00e4ttrad kapacitet p\u00e5 Ostkustbanan, med fler sp\u00e5r mellan Stockholm-Uppsala<\/li>\n<li>F\u00f6rb\u00e4ttrad kapacitet p\u00e5 E4:an till och inom Arlandaregionen<\/li>\n<li>F\u00f6rl\u00e4ngd Roslagsbana till Stockholm Arlanda Airport<\/li>\n<li>F\u00f6rst\u00e4rkt koppling mellan M\u00e4rsta och Arlanda samt kringliggande flygplatsstad genom utbyggd infrastruktur och kollektivtrafikl\u00f6sningar<\/li>\n<\/ul>\n<p><strong>En politik f\u00f6r en b\u00e4ttre integration<\/strong><\/p>\n<p>Sigtuna kommun har under l\u00e5ng tid byggt upp en integrations skuld. F\u00f6r att m\u00e4nniskor ska vilja flytta till v\u00e5r kommun och k\u00e4nna sig trygga h\u00e4r kr\u00e4vs fortsatta insatser. Vi kristdemokrater vill bryta utanf\u00f6rskapet och underl\u00e4tta f\u00f6r en fungerande integration. Tillsammans med de andra majoritetspartierna har vi drivit samh\u00e4llsbyggnads lyftet. N\u00e5gra av de satsningar vi har genomf\u00f6rt under mandatperioden \u00e4r:<\/p>\n<ul>\n<li>Skapat en ny inriktning f\u00f6r samh\u00e4llsplaneringen, genom en st\u00f6rre balans mellan bostadsr\u00e4tter, egna hem och hyresr\u00e4tter<\/li>\n<li>F\u00f6rst\u00e4rkta sociala insatser i socio-ekonomiskt utsatta omr\u00e5den, s\u00e5som\n<ul>\n<li>F\u00f6r\u00e4ldraskaps st\u00f6d<\/li>\n<li>Satsning p\u00e5 stadsdels mammor med st\u00f6d till mammor i utanf\u00f6rskap<\/li>\n<li>Jobbsatsningen \u201dsteg mot f\u00f6rs\u00f6rjning\u201d, med studier, praktik och arbete<\/li>\n<li>F\u00f6rb\u00e4ttrade kunskaper i svenska med fokus p\u00e5 mammor med barn i \u00e5ldern 0 till 6 \u00e5r<\/li>\n<\/ul>\n<\/li>\n<\/ul>\n<p>Vi har tillsammans med de andra majoritetspartierna dessutom ing\u00e5tt i den s\u00e5 kallade samverkans \u00f6verenskommelsen, d\u00e4r kommunen samarbetar med polisen f\u00f6r att:<\/p>\n<ul>\n<li>Minska antalet otrygghets skapande h\u00e4ndelser i offentlig milj\u00f6<\/li>\n<li>Reducera rekrytering till kriminella n\u00e4tverk samt utveckla avhoppar verksamhet<\/li>\n<li>Utveckla myndighetssamverkan mot organiserad brottslighet<\/li>\n<li>Samlokalisera lokalpolisen i Sigtuna med kommunens resurser<\/li>\n<\/ul>\n<p>\u00c4ven om mycket har h\u00e4nt, s\u00e5 \u00e5terst\u00e5r fortfarande mycket att g\u00f6ra.<\/p>\n<p>Ett b\u00e4ttre f\u00f6retagsklimat, en bra infrastruktur och en fungerande integration. Det \u00e4r Kristdemokraternas viktigaste prioriteringar f\u00f6r att Sigtuna ska vara en attraktiv kommun \u2013 f\u00f6r m\u00e4nniskor, jobb och f\u00f6retag.<\/p>\n<p><a href=\"https:\/\/kristdemokraterna.se\/var-politik\/politikomraden\/arbete--foretagande\"><strong>L\u00c4S MER: Kristdemokraternas politik f\u00f6r arbete och f\u00f6retagande<\/strong><\/a><\/p>\n<p>Kristdemokraterna har m\u00e5nga f\u00f6rslag som syftar till att underl\u00e4tta f\u00f6r f\u00f6retag och f\u00f6r fler arbetstillf\u00e4llen. L\u00e4s mer h\u00e4r om hur vi vill bidra till ett b\u00e4ttre f\u00f6retagsklimat:<\/p>\n<p><a href=\"https:\/\/kristdemokraterna.se\/var-politik\/politikomraden\/trygghet\"><strong>L\u00c4S MER: Kristdemokraternas politik f\u00f6r \u00f6kad trygghet<\/strong><\/a><\/p>\n<p>Kristdemokraterna har m\u00e5nga f\u00f6rslag som syftar till att skapa trygghet i m\u00e4nniskors vardag. L\u00e4s mer h\u00e4r om hur vi vill g\u00f6ra vardagen tryggare f\u00f6r fler:<\/p>\n<p>&nbsp;<\/p>\n<p>&nbsp;<\/p>\n","protected":false},"excerpt":{"rendered":"<p>Sigtuna ska vara en attraktiv kommun \u2013 f\u00f6r m\u00e4nniskor, jobb och f\u00f6retag. H\u00e4r finns unika m\u00f6jligheter, med det strategiska l\u00e4get mellan Stockholm och Uppsala, precis vid Arlanda. \u2013 Vi kristdemokrater vill skapa goda f\u00f6ruts\u00e4ttningar f\u00f6r fler f\u00f6retag att etablera sig h\u00e4r och f\u00f6r att m\u00e4nniskor ska se det som attraktivt att bo, arbeta och driva <a class=\"read-more-link\" href=\"https:\/\/wp.kristdemokraterna.se\/sigtuna\/i-var-kommun\/en-attraktiv-kommun-for-manniskor-jobb-och-foretag\/\">L\u00e4s mer<\/a><\/p>\n","protected":false},"author":907,"featured_media":0,"parent":342,"menu_order":0,"comment_status":"closed","ping_status":"closed","template":"","meta":{"_acf_changed":false,"footnotes":""},"class_list":["post-673","page","type-page","status-publish","hentry"],"acf":[],"yoast_head":"<!-- This site is optimized with the Yoast SEO plugin v27.4 - https:\/\/yoast.com\/product\/yoast-seo-wordpress\/ -->\n<title>En attraktiv kommun \u2013 f\u00f6r m\u00e4nniskor, jobb och f\u00f6retag - Kristdemokraterna i Sigtuna<\/title>\n<meta name=\"robots\" content=\"index, follow, max-snippet:-1, max-image-preview:large, max-video-preview:-1\" \/>\n<link rel=\"canonical\" href=\"https:\/\/wp.kristdemokraterna.se\/sigtuna\/i-var-kommun\/en-attraktiv-kommun-for-manniskor-jobb-och-foretag\/\" \/>\n<meta property=\"og:locale\" content=\"sv_SE\" \/>\n<meta property=\"og:type\" content=\"article\" \/>\n<meta property=\"og:title\" content=\"En attraktiv kommun \u2013 f\u00f6r m\u00e4nniskor, jobb och f\u00f6retag - Kristdemokraterna i Sigtuna\" \/>\n<meta property=\"og:description\" content=\"Sigtuna ska vara en attraktiv kommun \u2013 f\u00f6r m\u00e4nniskor, jobb och f\u00f6retag. H\u00e4r finns unika m\u00f6jligheter, med det strategiska l\u00e4get mellan Stockholm och Uppsala, precis vid Arlanda. \u2013 Vi kristdemokrater vill skapa goda f\u00f6ruts\u00e4ttningar f\u00f6r fler f\u00f6retag att etablera sig h\u00e4r och f\u00f6r att m\u00e4nniskor ska se det som attraktivt att bo, arbeta och driva L\u00e4s mer\" \/>\n<meta property=\"og:url\" content=\"https:\/\/wp.kristdemokraterna.se\/sigtuna\/i-var-kommun\/en-attraktiv-kommun-for-manniskor-jobb-och-foretag\/\" \/>\n<meta property=\"og:site_name\" content=\"Kristdemokraterna i Sigtuna\" \/>\n<meta property=\"article:modified_time\" content=\"2022-08-16T10:34:40+00:00\" \/>\n<meta property=\"og:image\" content=\"http:\/\/wp.kristdemokraterna.se\/sigtuna\/files\/2022\/08\/bengt-hellstrom-kd-sigtuna-213x300.jpg\" \/>\n<meta name=\"twitter:card\" content=\"summary_large_image\" \/>\n<meta name=\"twitter:label1\" content=\"Ber\u00e4knad l\u00e4stid\" \/>\n\t<meta name=\"twitter:data1\" content=\"4 minuter\" \/>\n<script type=\"application\/ld+json\" class=\"yoast-schema-graph\">{\"@context\":\"https:\\\/\\\/schema.org\",\"@graph\":[{\"@type\":\"WebPage\",\"@id\":\"https:\\\/\\\/wp.kristdemokraterna.se\\\/sigtuna\\\/i-var-kommun\\\/en-attraktiv-kommun-for-manniskor-jobb-och-foretag\\\/\",\"url\":\"https:\\\/\\\/wp.kristdemokraterna.se\\\/sigtuna\\\/i-var-kommun\\\/en-attraktiv-kommun-for-manniskor-jobb-och-foretag\\\/\",\"name\":\"En attraktiv kommun \u2013 f\u00f6r m\u00e4nniskor, jobb och f\u00f6retag - Kristdemokraterna i Sigtuna\",\"isPartOf\":{\"@id\":\"https:\\\/\\\/wp.kristdemokraterna.se\\\/sigtuna\\\/#website\"},\"primaryImageOfPage\":{\"@id\":\"https:\\\/\\\/wp.kristdemokraterna.se\\\/sigtuna\\\/i-var-kommun\\\/en-attraktiv-kommun-for-manniskor-jobb-och-foretag\\\/#primaryimage\"},\"image\":{\"@id\":\"https:\\\/\\\/wp.kristdemokraterna.se\\\/sigtuna\\\/i-var-kommun\\\/en-attraktiv-kommun-for-manniskor-jobb-och-foretag\\\/#primaryimage\"},\"thumbnailUrl\":\"http:\\\/\\\/wp.kristdemokraterna.se\\\/sigtuna\\\/files\\\/2022\\\/08\\\/bengt-hellstrom-kd-sigtuna-213x300.jpg\",\"datePublished\":\"2022-08-13T17:54:13+00:00\",\"dateModified\":\"2022-08-16T10:34:40+00:00\",\"breadcrumb\":{\"@id\":\"https:\\\/\\\/wp.kristdemokraterna.se\\\/sigtuna\\\/i-var-kommun\\\/en-attraktiv-kommun-for-manniskor-jobb-och-foretag\\\/#breadcrumb\"},\"inLanguage\":\"sv-SE\",\"potentialAction\":[{\"@type\":\"ReadAction\",\"target\":[\"https:\\\/\\\/wp.kristdemokraterna.se\\\/sigtuna\\\/i-var-kommun\\\/en-attraktiv-kommun-for-manniskor-jobb-och-foretag\\\/\"]}]},{\"@type\":\"ImageObject\",\"inLanguage\":\"sv-SE\",\"@id\":\"https:\\\/\\\/wp.kristdemokraterna.se\\\/sigtuna\\\/i-var-kommun\\\/en-attraktiv-kommun-for-manniskor-jobb-och-foretag\\\/#primaryimage\",\"url\":\"http:\\\/\\\/wp.kristdemokraterna.se\\\/sigtuna\\\/files\\\/2022\\\/08\\\/bengt-hellstrom-kd-sigtuna-213x300.jpg\",\"contentUrl\":\"http:\\\/\\\/wp.kristdemokraterna.se\\\/sigtuna\\\/files\\\/2022\\\/08\\\/bengt-hellstrom-kd-sigtuna-213x300.jpg\"},{\"@type\":\"BreadcrumbList\",\"@id\":\"https:\\\/\\\/wp.kristdemokraterna.se\\\/sigtuna\\\/i-var-kommun\\\/en-attraktiv-kommun-for-manniskor-jobb-och-foretag\\\/#breadcrumb\",\"itemListElement\":[{\"@type\":\"ListItem\",\"position\":1,\"name\":\"Hem\",\"item\":\"https:\\\/\\\/wp.kristdemokraterna.se\\\/sigtuna\\\/\"},{\"@type\":\"ListItem\",\"position\":2,\"name\":\"Vad vill vi i v\u00e5r kommun\",\"item\":\"https:\\\/\\\/wp.kristdemokraterna.se\\\/sigtuna\\\/i-var-kommun\\\/\"},{\"@type\":\"ListItem\",\"position\":3,\"name\":\"En attraktiv kommun \u2013 f\u00f6r m\u00e4nniskor, jobb och f\u00f6retag\"}]},{\"@type\":\"WebSite\",\"@id\":\"https:\\\/\\\/wp.kristdemokraterna.se\\\/sigtuna\\\/#website\",\"url\":\"https:\\\/\\\/wp.kristdemokraterna.se\\\/sigtuna\\\/\",\"name\":\"Kristdemokraterna i Sigtuna\",\"description\":\"En till Kristdemokraterna webbplats\",\"inLanguage\":\"sv-SE\"}]}<\/script>\n<!-- \/ Yoast SEO plugin. -->","yoast_head_json":{"title":"En attraktiv kommun \u2013 f\u00f6r m\u00e4nniskor, jobb och f\u00f6retag - Kristdemokraterna i Sigtuna","robots":{"index":"index","follow":"follow","max-snippet":"max-snippet:-1","max-image-preview":"max-image-preview:large","max-video-preview":"max-video-preview:-1"},"canonical":"https:\/\/wp.kristdemokraterna.se\/sigtuna\/i-var-kommun\/en-attraktiv-kommun-for-manniskor-jobb-och-foretag\/","og_locale":"sv_SE","og_type":"article","og_title":"En attraktiv kommun \u2013 f\u00f6r m\u00e4nniskor, jobb och f\u00f6retag - Kristdemokraterna i Sigtuna","og_description":"Sigtuna ska vara en attraktiv kommun \u2013 f\u00f6r m\u00e4nniskor, jobb och f\u00f6retag. H\u00e4r finns unika m\u00f6jligheter, med det strategiska l\u00e4get mellan Stockholm och Uppsala, precis vid Arlanda. \u2013 Vi kristdemokrater vill skapa goda f\u00f6ruts\u00e4ttningar f\u00f6r fler f\u00f6retag att etablera sig h\u00e4r och f\u00f6r att m\u00e4nniskor ska se det som attraktivt att bo, arbeta och driva L\u00e4s mer","og_url":"https:\/\/wp.kristdemokraterna.se\/sigtuna\/i-var-kommun\/en-attraktiv-kommun-for-manniskor-jobb-och-foretag\/","og_site_name":"Kristdemokraterna i Sigtuna","article_modified_time":"2022-08-16T10:34:40+00:00","og_image":[{"url":"http:\/\/wp.kristdemokraterna.se\/sigtuna\/files\/2022\/08\/bengt-hellstrom-kd-sigtuna-213x300.jpg","type":"","width":"","height":""}],"twitter_card":"summary_large_image","twitter_misc":{"Ber\u00e4knad l\u00e4stid":"4 minuter"},"schema":{"@context":"https:\/\/schema.org","@graph":[{"@type":"WebPage","@id":"https:\/\/wp.kristdemokraterna.se\/sigtuna\/i-var-kommun\/en-attraktiv-kommun-for-manniskor-jobb-och-foretag\/","url":"https:\/\/wp.kristdemokraterna.se\/sigtuna\/i-var-kommun\/en-attraktiv-kommun-for-manniskor-jobb-och-foretag\/","name":"En attraktiv kommun \u2013 f\u00f6r m\u00e4nniskor, jobb och f\u00f6retag - Kristdemokraterna i Sigtuna","isPartOf":{"@id":"https:\/\/wp.kristdemokraterna.se\/sigtuna\/#website"},"primaryImageOfPage":{"@id":"https:\/\/wp.kristdemokraterna.se\/sigtuna\/i-var-kommun\/en-attraktiv-kommun-for-manniskor-jobb-och-foretag\/#primaryimage"},"image":{"@id":"https:\/\/wp.kristdemokraterna.se\/sigtuna\/i-var-kommun\/en-attraktiv-kommun-for-manniskor-jobb-och-foretag\/#primaryimage"},"thumbnailUrl":"http:\/\/wp.kristdemokraterna.se\/sigtuna\/files\/2022\/08\/bengt-hellstrom-kd-sigtuna-213x300.jpg","datePublished":"2022-08-13T17:54:13+00:00","dateModified":"2022-08-16T10:34:40+00:00","breadcrumb":{"@id":"https:\/\/wp.kristdemokraterna.se\/sigtuna\/i-var-kommun\/en-attraktiv-kommun-for-manniskor-jobb-och-foretag\/#breadcrumb"},"inLanguage":"sv-SE","potentialAction":[{"@type":"ReadAction","target":["https:\/\/wp.kristdemokraterna.se\/sigtuna\/i-var-kommun\/en-attraktiv-kommun-for-manniskor-jobb-och-foretag\/"]}]},{"@type":"ImageObject","inLanguage":"sv-SE","@id":"https:\/\/wp.kristdemokraterna.se\/sigtuna\/i-var-kommun\/en-attraktiv-kommun-for-manniskor-jobb-och-foretag\/#primaryimage","url":"http:\/\/wp.kristdemokraterna.se\/sigtuna\/files\/2022\/08\/bengt-hellstrom-kd-sigtuna-213x300.jpg","contentUrl":"http:\/\/wp.kristdemokraterna.se\/sigtuna\/files\/2022\/08\/bengt-hellstrom-kd-sigtuna-213x300.jpg"},{"@type":"BreadcrumbList","@id":"https:\/\/wp.kristdemokraterna.se\/sigtuna\/i-var-kommun\/en-attraktiv-kommun-for-manniskor-jobb-och-foretag\/#breadcrumb","itemListElement":[{"@type":"ListItem","position":1,"name":"Hem","item":"https:\/\/wp.kristdemokraterna.se\/sigtuna\/"},{"@type":"ListItem","position":2,"name":"Vad vill vi i v\u00e5r kommun","item":"https:\/\/wp.kristdemokraterna.se\/sigtuna\/i-var-kommun\/"},{"@type":"ListItem","position":3,"name":"En attraktiv kommun \u2013 f\u00f6r m\u00e4nniskor, jobb och f\u00f6retag"}]},{"@type":"WebSite","@id":"https:\/\/wp.kristdemokraterna.se\/sigtuna\/#website","url":"https:\/\/wp.kristdemokraterna.se\/sigtuna\/","name":"Kristdemokraterna i Sigtuna","description":"En till Kristdemokraterna webbplats","inLanguage":"sv-SE"}]}},"_links":{"self":[{"href":"https:\/\/wp.kristdemokraterna.se\/sigtuna\/wp-json\/wp\/v2\/pages\/673","targetHints":{"allow":["GET"]}}],"collection":[{"href":"https:\/\/wp.kristdemokraterna.se\/sigtuna\/wp-json\/wp\/v2\/pages"}],"about":[{"href":"https:\/\/wp.kristdemokraterna.se\/sigtuna\/wp-json\/wp\/v2\/types\/page"}],"author":[{"embeddable":true,"href":"https:\/\/wp.kristdemokraterna.se\/sigtuna\/wp-json\/wp\/v2\/users\/907"}],"replies":[{"embeddable":true,"href":"https:\/\/wp.kristdemokraterna.se\/sigtuna\/wp-json\/wp\/v2\/comments?post=673"}],"version-history":[{"count":6,"href":"https:\/\/wp.kristdemokraterna.se\/sigtuna\/wp-json\/wp\/v2\/pages\/673\/revisions"}],"predecessor-version":[{"id":713,"href":"https:\/\/wp.kristdemokraterna.se\/sigtuna\/wp-json\/wp\/v2\/pages\/673\/revisions\/713"}],"up":[{"embeddable":true,"href":"https:\/\/wp.kristdemokraterna.se\/sigtuna\/wp-json\/wp\/v2\/pages\/342"}],"wp:attachment":[{"href":"https:\/\/wp.kristdemokraterna.se\/sigtuna\/wp-json\/wp\/v2\/media?parent=673"}],"curies":[{"name":"wp","href":"https:\/\/api.w.org\/{rel}","templated":true}]}}