{"version":"1.0","provider_name":"Kristdemokraterna | Sk\u00e5ne","provider_url":"https:\/\/wp.kristdemokraterna.se\/skane","title":"KD Sk\u00e5ne arrangerade extra partidistrikts\u00e5rsm\u00f6te, 21\/11 - 2020 - Kristdemokraterna | Sk\u00e5ne","type":"rich","width":600,"height":338,"html":"<blockquote class=\"wp-embedded-content\" data-secret=\"nf4qoKodNu\"><a href=\"https:\/\/wp.kristdemokraterna.se\/skane\/kd-skane-arrangerade-extra-partidistriktsarsmote\/\">KD Sk\u00e5ne arrangerade extra partidistrikts\u00e5rsm\u00f6te, 21\/11 &#8211; 2020<\/a><\/blockquote><iframe sandbox=\"allow-scripts\" security=\"restricted\" src=\"https:\/\/wp.kristdemokraterna.se\/skane\/kd-skane-arrangerade-extra-partidistriktsarsmote\/embed\/#?secret=nf4qoKodNu\" width=\"600\" height=\"338\" title=\"\u201dKD Sk\u00e5ne arrangerade extra partidistrikts\u00e5rsm\u00f6te, 21\/11 &#8211; 2020\u201d &ndash; Kristdemokraterna | Sk\u00e5ne\" data-secret=\"nf4qoKodNu\" frameborder=\"0\" marginwidth=\"0\" marginheight=\"0\" scrolling=\"no\" class=\"wp-embedded-content\"><\/iframe><script type=\"text\/javascript\">\n\/* <![CDATA[ *\/\n\/*! This file is auto-generated *\/\n!function(d,l){\"use strict\";l.querySelector&&d.addEventListener&&\"undefined\"!=typeof URL&&(d.wp=d.wp||{},d.wp.receiveEmbedMessage||(d.wp.receiveEmbedMessage=function(e){var t=e.data;if((t||t.secret||t.message||t.value)&&!\/[^a-zA-Z0-9]\/.test(t.secret)){for(var s,r,n,a=l.querySelectorAll('iframe[data-secret=\"'+t.secret+'\"]'),o=l.querySelectorAll('blockquote[data-secret=\"'+t.secret+'\"]'),c=new RegExp(\"^https?:$\",\"i\"),i=0;i<o.length;i++)o[i].style.display=\"none\";for(i=0;i<a.length;i++)s=a[i],e.source===s.contentWindow&&(s.removeAttribute(\"style\"),\"height\"===t.message?(1e3<(r=parseInt(t.value,10))?r=1e3:~~r<200&&(r=200),s.height=r):\"link\"===t.message&&(r=new URL(s.getAttribute(\"src\")),n=new URL(t.value),c.test(n.protocol))&&n.host===r.host&&l.activeElement===s&&(d.top.location.href=t.value))}},d.addEventListener(\"message\",d.wp.receiveEmbedMessage,!1),l.addEventListener(\"DOMContentLoaded\",function(){for(var e,t,s=l.querySelectorAll(\"iframe.wp-embedded-content\"),r=0;r<s.length;r++)(t=(e=s[r]).getAttribute(\"data-secret\"))||(t=Math.random().toString(36).substring(2,12),e.src+=\"#?secret=\"+t,e.setAttribute(\"data-secret\",t)),e.contentWindow.postMessage({message:\"ready\",secret:t},\"*\")},!1)))}(window,document);\n\/\/# sourceURL=https:\/\/wp.kristdemokraterna.se\/skane\/wp-includes\/js\/wp-embed.min.js\n\/* ]]> *\/\n<\/script>\n","description":"Kristdemokraterna i Sk\u00e5ne arrangerade l\u00f6rdagen den 21 november h\u00f6stens sedvanliga extra partidistrikts\u00e5rsm\u00f6te, vilket p\u00e5 grund av coronapandemin var tvunget att h\u00e5llas helt digitalt. Partisekreterare Peter Kullgren g\u00e4stade via l\u00e4nk och talade om att Sverige \u00e4r p\u00e5 v\u00e4g \u00e5t fel h\u00e5ll p\u00e5 alldeles f\u00f6r m\u00e5nga omr\u00e5den, men att Sverige, och vi, f\u00f6rtj\u00e4nar b\u00e4ttre. Budskapet var att L\u00e4s mer"}