{"id":920,"date":"2021-05-24T09:59:20","date_gmt":"2021-05-24T07:59:20","guid":{"rendered":"https:\/\/wp.kristdemokraterna.se\/skane\/?page_id=920"},"modified":"2021-05-24T10:14:36","modified_gmt":"2021-05-24T08:14:36","slug":"kristdemokraterna-prioriterar-aldres-agenda-i-skane","status":"publish","type":"page","link":"https:\/\/wp.kristdemokraterna.se\/skane\/textsida-fullbredd\/vad-hander-i-distriktet\/kristdemokraterna-prioriterar-aldres-agenda-i-skane\/","title":{"rendered":"Kristdemokraterna prioriterar \u00e4ldres agenda i Sk\u00e5ne"},"content":{"rendered":"<p><strong>Det ska vara tryggt att bli \u00e4ldre i Sk\u00e5ne<\/strong><\/p>\n<p>Den 11 september 2022 \u00e4r det val p\u00e5 lokal, regional och nationell niv\u00e5. D\u00e5 ska v\u00e5ra sk\u00e5nska medborgare best\u00e4mma vilka partier och f\u00f6rtroendevalda som ska styra v\u00e5ra offentligt finansierade verksamheter de n\u00e4rmaste \u00e5ren fram\u00f6ver.<\/p>\n<p>Det har blivit tydligt de senaste \u00e5ren att Kristdemokraterna har h\u00f6gt f\u00f6rtroende hos svenskarna i viktiga v\u00e4lf\u00e4rdsfr\u00e5gor, s\u00e5som h\u00e4lso- och sjukv\u00e5rd och \u00e4ldreomsorg. D\u00e4rf\u00f6r \u00e4r det viktigt att visa, inte minst f\u00f6r de \u00e4ldre i Sk\u00e5ne, att Kristdemokraterna \u00e4ven forts\u00e4ttningsvis har f\u00f6rslag och id\u00e9er f\u00f6r att utveckla v\u00e5r gemensamma v\u00e4lf\u00e4rd.<\/p>\n<p>D\u00e4rf\u00f6r har Kristdemokraterna i Sk\u00e5ne tagit fram en rapport d\u00e4r vi samlat ihop och presenterar 17 konkreta och skarpa f\u00f6rslag f\u00f6r de \u00e4ldre i Sk\u00e5ne som utg\u00e5r ifr\u00e5n att varje m\u00e4nniska \u00e4r en unik och oers\u00e4ttlig individ som har samma absoluta och okr\u00e4nkbara v\u00e4rde oavsett \u00e5lder. Det ska vara tryggt att bli \u00e4ldre i Sk\u00e5ne och vi vill visa att det \u00e4r m\u00f6jligt att prioritera detta. Sk\u00e5ningarna ska kunna lita p\u00e5 v\u00e4lf\u00e4rden och vi s\u00e4tter trygghet f\u00f6rst. Just nu p\u00e5g\u00e5r ett v\u00e4lf\u00e4rdsvek som vi m\u00e5ste v\u00e4nda.<\/p>\n<p>Trots goda intentioner, aktiv politik och m\u00e5nga f\u00f6rslag under m\u00e5nga \u00e5r visar det senaste \u00e5rets pandemi att det finns problem och utmaningar att ta sig an n\u00e4r det g\u00e4ller v\u00e5ra \u00e4ldre sk\u00e5ningar. Coronakommissionens rapport \u00e4r en gripande ber\u00e4ttelse om samh\u00e4llets tillkortakommanden inom flera omr\u00e5den och under m\u00e5nga \u00e5r. Kritiken som riktas mot omh\u00e4ndertagandet av de \u00e4ldre \u00e4r tydlig och ber\u00e4ttigad:<\/p>\n<p><em>\u201dVi har bland annat funnit att \u00e4ldreomsorgen stod of\u00f6rberedd och illa rustad n\u00e4r pandemin slog till och att det bottnade i strukturella brister som varit k\u00e4nda l\u00e5ngt f\u00f6re virusutbrottet. F\u00f6r dessa brister b\u00e4r den sittande regeringen \u2013 liksom de tidigare regeringar som ocks\u00e5 haft denna kunskap \u2013 det yttersta ansvaret.\u201d <\/em><\/p>\n<p>\u00c4ldreomsorgen under pandemin, Delbet\u00e4nkande av Coronakommissionen Stockholm 2020 SOU 2020:80 sid 22<\/p>\n<p>\u00c4ven om Coronakommissionens f\u00f6rsta delbet\u00e4nkande prim\u00e4rt handlar om \u00e4ldreomsorgen, d\u00e4r kommunerna \u00e4r huvudman, finns det mycket att begrunda som f\u00f6rtroendevald p\u00e5 lokal, regional och nationell niv\u00e5. Kristdemokraterna har l\u00e4nge, l\u00e5ngt f\u00f6re pandemin, k\u00e4mpat f\u00f6r att \u00e4ldrepolitiken som helhet ska f\u00e5 l\u00e5ngsiktigt b\u00e4ttre villkor s\u00e5 att den kan vara det trygga st\u00f6d den \u00e4r t\u00e4nkt att vara n\u00e4r en \u00e4ldre person inte klarar sig sj\u00e4lv utan beh\u00f6ver hj\u00e4lp.<\/p>\n<p>Kristdemokraterna i Sk\u00e5ne kommer \u00e4ven fram\u00f6ver att presentera f\u00f6rslag inf\u00f6r valet 2022 d\u00e4r vi g\u00f6r tydliga satsningar och prioriteringar av de \u00e4ldre i Sk\u00e5ne.<\/p>\n<p>Per Einarsson (KD) \u00a0\u00a0\u00a0\u00a0\u00a0\u00a0\u00a0 Maria Berglund, \u00a0\u00a0\u00a0\u00a0\u00a0\u00a0\u00a0\u00a0\u00a0\u00a0\u00a0\u00a0\u00a0\u00a0\u00a0\u00a0\u00a0\u00a0\u00a0\u00a0\u00a0\u00a0\u00a0\u00a0\u00a0\u00a0\u00a0\u00a0\u00a0\u00a0\u00a0\u00a0\u00a0\u00a0 Berit Wir\u00f6dal<\/p>\n<p>Regionr\u00e5d\u00a0\u00a0 \u00a0\u00a0\u00a0\u00a0\u00a0\u00a0\u00a0\u00a0\u00a0\u00a0\u00a0\u00a0\u00a0\u00a0\u00a0\u00a0\u00a0\u00a0\u00a0\u00a0\u00a0 Distriktsordf\u00f6rande KD Sk\u00e5ne \u00a0\u00a0\u00a0\u00a0\u00a0\u00a0\u00a0\u00a0\u00a0\u00a0 ordf KD Senior Sk\u00e5ne<\/p>\n<p>&nbsp;<\/p>\n<p><strong>Bakgrund till rapporten: Det ska vara tryggt att bli \u00e4ldre i Sk\u00e5ne <\/strong><\/p>\n<p>Ett samh\u00e4lle d\u00e4r alla kan \u00e5ldras i trygghet och v\u00e4rdighet \u00e4r ett angel\u00e4get m\u00e5l f\u00f6r Kristdemokraterna. \u00c4ldre personer \u00e4r en tillg\u00e5ng f\u00f6r hela samh\u00e4llet. Ett v\u00e4lf\u00e4rdssamh\u00e4lle kan i h\u00f6g grad bed\u00f6mas utifr\u00e5n kriterier som respekt, tillvaratagande och omsorg om den \u00e4ldre generationen. \u00c4ldre ska kunna leva ett aktivt liv och ha inflytande i samh\u00e4llet och \u00f6ver sin vardag. De ska kunna \u00e5ldras i trygghet, bibeh\u00e5lla sitt oberoende, bem\u00f6tas med respekt och ha tillg\u00e5ng till god v\u00e5rd och omsorg. Var och en ska ses som en person med ett eget och unikt v\u00e4rde och med skilda intressen och bakgrunder. God v\u00e5rd, ett behovsanpassat boende och sj\u00e4lvbest\u00e4mmande \u00f6ver sin vardag \u00e4r en sj\u00e4lvklarhet \u2013 hela livet.<\/p>\n<p><strong>Har vi inte kommit l\u00e4ngre i Sverige kring synen p\u00e5 de \u00e4ldre? <\/strong><\/p>\n<p>Hur vi tar hand om och behandlar v\u00e5ra \u00e4ldre \u00e4r en fr\u00e5ga om v\u00e4rdighet som uppr\u00f6rt oss i Sverige tidigare. Redan 1952 formulerade Ivar Lo-Johansson f\u00f6ljande kring hur de \u00e4ldre i v\u00e5rt samh\u00e4lle behandlas:<\/p>\n<p><em>\u201dDet r\u00e4cker inte att varje \u00e5ldring f\u00e5r en s\u00e4ngkant att sitta p\u00e5 och stirra mot d\u00f6den, \u00e4ven om anstalten \u00e4r aldrig s\u00e5 ny.\u201d <\/em><\/p>\n<p>Ivar Lo-Johansson, \u00c5ldersdoms-Sverige, A Bonniers f\u00f6rslag 1952<\/p>\n<p>I reportageboken \u00c5lderdoms-Sverige beskriver Ivar Lo-Johansson verkligheten f\u00f6r de \u00e4ldre och deras upplevelse av maktl\u00f6shet, utsatthet och tv\u00e5ng. I boken argumenterar Ivar-Lo f\u00f6r en m\u00e4nsklig \u00e5lderdom d\u00e4r de gamla kan vara kvar i sina sammanhang men ocks\u00e5 att de kan vara en del av en produktiv verksamhet. Naturligtvis har mycket f\u00f6r\u00e4ndras till det b\u00e4ttre sedan dess, b\u00e5de inom \u00e4ldreomsorgen och h\u00e4lso- och sjukv\u00e5rden, men citatet manar till eftertanke och reflektion om hur vi hanterar dessa angel\u00e4gna fr\u00e5gor b\u00e5de p\u00e5 kort och l\u00e5ng sikt. Vi f\u00e5r aldrig gl\u00f6mma bort de enskilda ber\u00e4ttelserna, upplevelserna och v\u00e5ra tillkortakommande n\u00e4r det g\u00e4ller \u00e4ldrefr\u00e5gorna.<\/p>\n<p><strong>Sk\u00e5nes befolkningsstruktur <\/strong><\/p>\n<p>Under den n\u00e4rmaste tio\u00e5rsperioden kommer Sk\u00e5nes \u00e5ldersstruktur att f\u00f6r\u00e4ndras markant. 2030 kommer Sk\u00e5nes befolkning vara \u00f6ver 1,5 miljoner och andelen 80+ kommer vara mer \u00e4n 100\u00a0000. \u00d6kningen bland de \u00e4ldre sk\u00e5ningarna \u00e4r uppskattad till cirka 40 % under de n\u00e4rmaste tio \u00e5ren. Ingen annan \u00e5lderskategori kommer ens i n\u00e4rheten av denna \u00f6kning. Det \u00f6kade antalet \u00e4ldre personer kommer att p\u00e5verka alla offentliga verksamheter, inte minst kommunernas \u00e4ldreomsorg och h\u00e4lso- och sjukv\u00e5rden i Region Sk\u00e5ne. Vi st\u00e5r allts\u00e5 inf\u00f6r den stora utmaningen med att f\u00e4rre ska f\u00f6rs\u00f6rja fler. Genom satsningar p\u00e5 genomt\u00e4nkta politiska f\u00f6rslag g\u00e5r det att skapa v\u00e4lst\u00e5nd och en v\u00e4lf\u00e4rd i v\u00e4rldsklass f\u00f6r de som beh\u00f6ver det allra mest, v\u00e5ra \u00e4ldre sk\u00e5ningar.<\/p>\n<p><strong>Att bli \u00e4ldre<\/strong><\/p>\n<p>Att bli \u00e4ldre och \u00e5ldras \u00e4r en naturlig del av livet, en process som b\u00f6rjar redan n\u00e4r vi f\u00f6ds. Hur vi \u00e5ldras och lever som \u00e4ldre kan vi vara med och p\u00e5verka. Ett s\u00e4tt \u00e4r att st\u00e4rka det friska. H\u00e4lsan best\u00e4ms av s\u00e5v\u00e4l yttre som inre faktorer. Vetenskapen talar om fyra h\u00f6rnpelare som bidrar till h\u00e4lsosamt \u00e5ldrande; meningsfullhet, social samvaro, fysisk aktivitet och goda matvanor. D\u00e4rf\u00f6r beh\u00f6ver v\u00e5ra insatser fokusera p\u00e5 att ge sk\u00e5ningarna goda f\u00f6ruts\u00e4ttningar f\u00f6r att varje individ ska f\u00e5 \u00e5ldras med s\u00e5 god livskvalit\u00e9 som m\u00f6jligt. Region Sk\u00e5ne och de sk\u00e5nska kommunerna m\u00e5ste vara flexibla f\u00f6r de olika behov som finns hos \u00e4ldre.<\/p>\n<p>\u00c4ldre \u00e4r en heterogen grupp. P\u00e5 samma s\u00e4tt som personer under andra delar av livet \u00e4r olika och har skilda behov s\u00e5 g\u00e4ller det ocks\u00e5 f\u00f6r \u00e4ldre personer. Det inneb\u00e4r att insatser av olika slag m\u00e5ste g\u00f6ras med individens r\u00e4tt till sj\u00e4lvbest\u00e4mmande i fokus. Det kr\u00e4vs en helhetssyn p\u00e5 m\u00e4nniskan d\u00e4r s\u00e5v\u00e4l fysiska, psykiska, sociala som andliga behov finns med. Inom h\u00e4lso- och sjukv\u00e5rden ben\u00e4mns detta personcentrerad v\u00e5rd.<\/p>\n<p>Kristdemokraterna i Sk\u00e5ne vill betona att f\u00f6rslagen ska ha ett Agenda 2030-perspektiv. Det inneb\u00e4r att f\u00f6r att forma ett gott liv, hela livet, beh\u00f6ver inte bara sjukv\u00e5rden och \u00e4ldreomsorgen i sig vara bra och trygg. Samh\u00e4llsbyggnadsfr\u00e5gor liksom det civila samh\u00e4llets bidrag, kulturen och bildningen samt m\u00e5nga fler aspekter m\u00e5ste ber\u00f6ras.<\/p>\n<p><strong>17 kristdemokratiska f\u00f6rslag f\u00f6r de \u00e4ldre i Sk\u00e5ne <\/strong><\/p>\n<p>I f\u00f6ljande rapport kommer Kristdemokraterna i Sk\u00e5ne att redog\u00f6ra f\u00f6r 17 viktiga f\u00f6rslag f\u00f6r att f\u00f6rb\u00e4ttra situationen f\u00f6r de \u00e4ldre i Sk\u00e5ne. Det ska vara tryggt att bli \u00e4ldre och Kristdemokraterna \u00e4r garanten f\u00f6r att \u00e4ldre kommer vara prioriterade i politiken p\u00e5 lokal, regional och nationell niv\u00e5. F\u00f6rslagen som vi presenterar i denna rapport hanterar beslut p\u00e5 alla tre politiska niv\u00e5er och ska ses som en kortfattad sammanfattning. Det finns sj\u00e4lvfallet mycket inom detta breda politiska omr\u00e5de, men se det som ett urval av kristdemokratiska prioriteringar att driva under innevarande mandatperiod, inf\u00f6r valr\u00f6relsen n\u00e4sta \u00e5r och efter valsegrar p\u00e5 lokal, regional och nationell niv\u00e5 den 11 september 2022.<\/p>\n<p><strong>N\u00e4ra v\u00e5rden<\/strong><\/p>\n<p>N\u00e4ra v\u00e5rd \u00e4r inte en ny organisationsniv\u00e5 eller en ben\u00e4mning p\u00e5 dagens prim\u00e4rv\u00e5rd, \u00e4ven om prim\u00e4rv\u00e5rden utg\u00f6r en k\u00e4rna i den n\u00e4ra v\u00e5rden. N\u00e4ra v\u00e5rd \u00e4r snarare ett nytt s\u00e4tt att arbeta med h\u00e4lsa, v\u00e5rd och omsorg. Den n\u00e4rmaste v\u00e5rden \u00e4r den som patienten\/brukaren kan ge sig sj\u00e4lv \u2013 egenv\u00e5rden \u2013 samt det st\u00f6d kommuner och regioner kan ge f\u00f6r att m\u00f6jligg\u00f6ra detta.<\/p>\n<p>F\u00f6r att h\u00e4lso- och sjukv\u00e5rden och den kommunala v\u00e5rd- och omsorgen ska forts\u00e4tta vara effektiv och ha h\u00f6g kvalitet, och kunna m\u00f6ta den demografiska utvecklingen och inv\u00e5narnas behov p\u00e5 ett b\u00e4ttre s\u00e4tt, kr\u00e4vs en omst\u00e4llning i hela v\u00e5rdkedjan.<\/p>\n<p>En mer tillg\u00e4nglig, n\u00e4rmare v\u00e5rd kan tillsammans med nya arbetss\u00e4tt i v\u00e5rden inneb\u00e4ra att resurserna inom v\u00e5rd och omsorg kan anv\u00e4ndas b\u00e4ttre och d\u00e4rmed r\u00e4cka till fler. K\u00e4rnan i N\u00e4ra v\u00e5rd \u00e4r ett personcentrerat arbetss\u00e4tt som utg\u00e5r fr\u00e5n individens behov och f\u00f6ruts\u00e4ttningar. Det inneb\u00e4r att se, involvera och anpassa insatserna efter vad som \u00e4r viktigt f\u00f6r just den personen.<\/p>\n<p><strong>H\u00e4lso- och sjukv\u00e5rden har utvecklats och kommer fram\u00f6ver att beh\u00f6va f\u00f6r\u00e4ndras i grunden. <\/strong><\/p>\n<p>1992 genomf\u00f6rdes <em>\u00c4delreformen <\/em>som innebar att vi gick ifr\u00e5n sjukhemsavdelningar med m\u00e5nga patienter p\u00e5 samma sal till nya \u00e4ldreboenden d\u00e4r varje person hade eget rum och den sociala omsorgen och det friska betonades. Det var en viktig reform som var n\u00f6dv\u00e4ndig utifr\u00e5n de f\u00f6ruts\u00e4ttningar som g\u00e4llde d\u00e5, men p\u00e5 2020-talet beh\u00f6ver vi \u00e4nnu en g\u00e5ng g\u00f6ra en genomgripande reform utifr\u00e5n principerna kring N\u00e4ra V\u00e5rd f\u00f6r att m\u00f6ta dagens situation och framtidens utmaningar.<\/p>\n<p>Kristdemokraterna anser att regionerna ska avskaffas och staten ta \u00f6ver ansvaret f\u00f6r sjukv\u00e5rden. Detta \u00e4r f\u00f6rhoppningsvis k\u00e4nt av de flesta. Men det \u00e4r en omfattande reform som tar tid att genomf\u00f6ra. D\u00e4rf\u00f6r beh\u00f6ver ett f\u00f6rstatligande av h\u00e4lso- och sjukv\u00e5rden f\u00f6rst utredas. Men det finns mycket annat som kan g\u00f6ras p\u00e5 kort sikt f\u00f6r f\u00f6rb\u00e4ttra v\u00e5rden f\u00f6r s\u00e5v\u00e4l patienter som personal. F\u00f6rslagen som Kristdemokraterna presenterar i denna rapport kommer att st\u00e4rka v\u00e5rden h\u00e4r och nu.<\/p>\n<p>Det offentliga har ett ansvar f\u00f6r att h\u00e4lso- och sjukv\u00e5rden fungerar och f\u00f6r dem som \u00e4r \u00e4ldre \u00f6kar ofta behovet av insatser med \u00e5ldern. Det \u00e4r d\u00e4rf\u00f6r en n\u00f6dv\u00e4ndighet att insatser ges p\u00e5 ett sammanh\u00e5llet s\u00e4tt f\u00f6r att den \u00e4ldre ska f\u00e5 en personcentrerad v\u00e5rd och omsorg av god kvalitet. En god samverkan \u00e4r en f\u00f6ruts\u00e4ttning.<\/p>\n<p><strong>Satsa p\u00e5 n\u00e4ra v\u00e5rden <\/strong><\/p>\n<p>F\u00f6rb\u00e4ttrat samarbete och ett v\u00e4rdigare omh\u00e4ndertagande av v\u00e5ra \u00e4ldre handlar inte om att organisera om den sk\u00e5nska sjukv\u00e5rden eller den kommunala \u00e4ldreomsorgen.<\/p>\n<p>Det handlar om att alla akt\u00f6rer m\u00e5ste samverka b\u00e4ttre f\u00f6r individens b\u00e4sta och att v\u00e5rden blir mer tillg\u00e4nglig och sammanh\u00e5llen b\u00e5de genom geografisk n\u00e4rhet och genom digitala v\u00e5rdtj\u00e4nster n\u00e4r det \u00e4r l\u00e4mpligt.<\/p>\n<p><strong>Den n\u00e4ra v\u00e5rden m\u00e5ste vara basen i sjukv\u00e5rden och den beh\u00f6ver fungera v\u00e4l f\u00f6r att alla andra delar i v\u00e5rden ska lyckas. Idag \u00e4r sjukv\u00e5rden alldeles f\u00f6r sjukhuscentrerad. Vi vill ist\u00e4llet att den n\u00e4ra v\u00e5rden p\u00e5 v\u00e5rdcentralerna blir den naturliga ing\u00e5ngen f\u00f6r fler. Men d\u00e5 m\u00e5ste prim\u00e4rv\u00e5rden byggas ut och g\u00f6ras mer tillg\u00e4nglig.\u00a0<\/strong><\/p>\n<p><strong>Sk\u00f6ra patienter ska inte komma till akuten<\/strong><\/p>\n<p>De som m\u00e5nga g\u00e5nger f\u00e5r v\u00e4nta l\u00e4ngst p\u00e5 akuten \u00e4r de \u00e4ldre. D\u00e4rf\u00f6r m\u00e5ste h\u00e4lso- och sjukv\u00e5rden utvecklas p\u00e5 olika s\u00e4tt s\u00e5 att de \u00e4ldre s\u00e4tts i centrum och f\u00e5r b\u00e4ttre v\u00e5rd. Kristdemokraterna vill utveckla direktinl\u00e4ggningar p\u00e5 v\u00e5rdavdelning och egna sjukv\u00e5rdssp\u00e5r s\u00e5 att sk\u00f6ra patienter inte beh\u00f6ver g\u00e5 via akuten. Detta kan motverka det faktum att alldeles f\u00f6r m\u00e5nga sk\u00f6ra patienter tvingas passera de sk\u00e5nska akutmottagningarna under ov\u00e4rdiga former.<\/p>\n<p><strong>Kommunala l\u00e4kare<\/strong><\/p>\n<p>Tillg\u00e5ngen till l\u00e4kare i den kommunala h\u00e4lso- och sjukv\u00e5rden beh\u00f6ver st\u00e4rkas f\u00f6r att de \u00e4ldre och deras anh\u00f6riga ska k\u00e4nna sig trygga med att det g\u00f6rs korrekta medicinska bed\u00f6mningar kring sjukv\u00e5rdsbehovet. Detta g\u00f6rs b\u00e4st genom att ut\u00f6ka den tid som avdelas f\u00f6r prim\u00e4rv\u00e5rdens l\u00e4karinsatser i \u00e4ldreomsorgen s\u00e5 att det finns tillr\u00e4ckligt med tid att g\u00f6ra de medicinska bed\u00f6mningar som kr\u00e4vs och f\u00f6lja upp arbetet tillsammans med hela v\u00e5rdteamet. Inom ramen f\u00f6r den ekonomiska f\u00f6rst\u00e4rkning som Kristdemokraterna f\u00f6resl\u00e5r f\u00f6r prim\u00e4rv\u00e5rden m\u00f6jligg\u00f6rs att l\u00e4karinsatserna st\u00e4rks i den kommunala h\u00e4lso- och sjukv\u00e5rden.<\/p>\n<p><strong>Fast l\u00e4karkontakt <\/strong><\/p>\n<p>N\u00e4stan h\u00e4lften av sk\u00e5ningarna saknar i dag en fast l\u00e4karkontakt. Det skapar on\u00f6digt merarbete b\u00e5de f\u00f6r patienter och sjukv\u00e5rdspersonal. Lika sj\u00e4lvklart som att de flesta Sk\u00e5ningar vet namnet p\u00e5 sin fris\u00f6r, lika sj\u00e4lvklart ska det vara att du vet namnet p\u00e5 din l\u00e4kare. Alltf\u00f6r m\u00e5nga som s\u00f6ker sig till v\u00e5rden m\u00f6ter ett nytt ansikte varje g\u00e5ng de kommer till sin v\u00e5rdcentral. Kristdemokraterna vill ge alla sk\u00e5ningar r\u00e4tt till en fast l\u00e4karkontakt och vi beh\u00f6ver b\u00f6rja med alla som bor p\u00e5 de sk\u00e5nska s\u00e4rskilda \u00e4ldreboendena.<\/p>\n<p><strong>Personligt ansvar f\u00f6r patienter <\/strong><\/p>\n<p>I den svenska sjukv\u00e5rden har vi kanske gl\u00f6mt bort det viktigaste av allt, det personliga ansvaret. Det har g\u00e5tt s\u00e5 l\u00e5ngt att ingen l\u00e4ngre vet vem som \u00e4r ansvarig f\u00f6r vad och patienter bollas fram och tillbaka. Eftersom alla g\u00f6r sin del utifr\u00e5n regler och f\u00f6rordningar m\u00e4rks det inte och uppf\u00f6ljningarna visar inte p\u00e5 n\u00e5gra missf\u00f6rh\u00e5llanden. F\u00f6r att l\u00e4karna ska kunna vara personligt ansvariga m\u00e5ste de f\u00e5 ett rimligt uppdrag. Genom att uppsatta m\u00e5l f\u00f6r antalet listade patienter per l\u00e4kare och genom att l\u00e5ta en l\u00e4kare ta ett helhetsansvar f\u00f6r patientens v\u00e5rdbehov kommer vi l\u00f6sa en del av utmaningarna f\u00f6r sk\u00e5nsk sjukv\u00e5rd.<\/p>\n<p><strong>Hemtagningsteam i alla sk\u00e5nska kommuner<\/strong><\/p>\n<p>Efter en sjukhusvistelse uppst\u00e5r det ofta, tillf\u00e4lligt eller varaktigt, ett \u00f6kat behov av omsorg. Det st\u00f6rsta behovet finns hos sk\u00f6ra patienter med kroniska och \u00e5terkommande sjukdomar. Om detta inte fungerar \u00f6kar behovet av dyra sjukhusvistelser och omfattande omsorgsinsatser drastiskt. D\u00e4rf\u00f6r beh\u00f6vs hemtagningsteam i alla sk\u00e5nska kommuner som tillsammans med Region Sk\u00e5ne kan g\u00f6ra \u00f6verg\u00e5ngen s\u00e5 enkel och s\u00f6ml\u00f6s som m\u00f6jligt. Teamet kan till exempel best\u00e5 av undersk\u00f6terskor, arbetsterapeuter och fysioterapeuter. Det vore \u00e4ven v\u00e4rdefullt om kommunens medicinskt ansvariga sjuksk\u00f6terska (MAS) och en medicinskt ansvarig f\u00f6r rehabilitering (MAR) ing\u00e5r i teamet.<\/p>\n<p><strong>En MAR i varje sk\u00e5nsk kommun<\/strong><\/p>\n<p>Lika v\u00e4l som det i varje kommun finns medicinskt ansvarig sjuksk\u00f6terska, MAS, beh\u00f6vs det ocks\u00e5 en medicinskt ansvarig f\u00f6r rehabilitering, en s k MAR, f\u00f6r att s\u00e4kra en fungerande rehabilitering inom den kommunala h\u00e4lso- och sjukv\u00e5rden. M\u00e5nga \u00e4ldre bor kvar hemma i ordin\u00e4rt boende och f\u00e5r delvis hj\u00e4lp av anh\u00f6riga men p\u00e5 grund av exempelvis artros kan de tvingas dra ner p\u00e5 fritidsaktiviteter. Att fr\u00e4mja fysisk aktivitet bland \u00e4ldre \u00e4r ocks\u00e5 viktigt f\u00f6r att f\u00f6rebygga bensk\u00f6rhet, viktnedg\u00e5ng, tr\u00f6tthet, fysisk funktionsneds\u00e4ttning och social isolering. G\u00e5nghj\u00e4lpmedel kan ocks\u00e5 avlasta sm\u00e4rta och minska fallrisk. Genom att det finns en MAR i varje kommun ges b\u00e4ttre f\u00f6ruts\u00e4ttningar att s\u00e4kra att rehabiliterande insatser ges till alla inom den kommunala h\u00e4lso- och sjukv\u00e5rden<\/p>\n<p><strong>Ut\u00f6ka GAT (<\/strong><strong>Geriatriska akutteam<\/strong><strong>) inom den sk\u00e5nska sjukv\u00e5rden <\/strong><\/p>\n<p>Genom att skriva in patienter fr\u00e5n kommunernas korttidsboende till ett GAT (<strong>Geriatriskt akutteam) skapas ett t\u00e4tare samarbete mellan kommunerna och regionen och det ger \u00f6kad kvalitet f\u00f6r patienterna. P\u00e5 s\u00e5 s\u00e4tt undviker vi att denna sk\u00f6ra patientgrupp skickas till de sk\u00e5nska akutmottagningarna och vi skapar en direktl\u00e4nk mellan verksamheterna. Patienterna f\u00e5r snabbare hj\u00e4lp, det frig\u00f6rs tid fr\u00e5n de kommunala sjuksk\u00f6terskorna och v\u00e5rdcentralerna avlastas. Det bidrar \u00e4ven till att minska on\u00f6diga inl\u00e4ggningar p\u00e5 de sk\u00e5nska sjukhusen och kan frig\u00f6ra resurser till en anstr\u00e4ngd h\u00e4lso- och sjukv\u00e5rd. <\/strong><\/p>\n<p><strong>Kristdemokraterna i Sk\u00e5ne vill att: <\/strong><\/p>\n<ul>\n<li>Den svenska h\u00e4lso- och sjukv\u00e5rden ska f\u00f6rstatligas p\u00e5 sikt och att omh\u00e4ndertagandet av de \u00e4ldre i sjukv\u00e5rden och den kommunala omsorgen f\u00f6rb\u00e4ttras.<\/li>\n<li>Minska antalet sk\u00f6ra patienter p\u00e5 v\u00e5ra akutmottagningar bland annat genom direktinl\u00e4ggningar och egna sjukv\u00e5rdssp\u00e5r<\/li>\n<li>25 % av h\u00e4lso- och sjukv\u00e5rdens pengar ska g\u00e5 till den N\u00e4ra v\u00e5rden 2025.<\/li>\n<li>De sk\u00e5nska kommunerna ska ha r\u00e4tt att anst\u00e4lla kommunala l\u00e4kare.<\/li>\n<li>Alla sk\u00e5ningar ska ha en fast l\u00e4karkontakt. B\u00f6rja med de \u00e4ldre p\u00e5 s\u00e4rskilda boenden.<\/li>\n<li>L\u00e4kare ska ha personligt ansvar f\u00f6r patienter med 1000 listade som l\u00e5ngsiktigt m\u00e5l, med delm\u00e5l p\u00e5 ett, tre, fem och tio \u00e5rs sikt.<\/li>\n<li>Samtliga sk\u00e5nska kommuner ska ha ett hemtagningsteam.<\/li>\n<li>Utse en medicinskt ansvarig f\u00f6r rehabilitering, en s k MAR i alla sk\u00e5nska kommuner.<\/li>\n<li>Ut\u00f6ka GAT (<strong>Geriatriska akutteam<\/strong>) inom den sk\u00e5nska sjukv\u00e5rden<\/li>\n<\/ul>\n<p><strong>Livskvalitet<\/strong><\/p>\n<p><strong>L<\/strong><strong>ivskvalitet har <\/strong>ingen \u00e5lder. D\u00e4rf\u00f6r beh\u00f6vs det f\u00f6rslag och initiativ f\u00f6r att utveckla detta omr\u00e5de \u00e4ven f\u00f6r dem som befinner sig p\u00e5 \u00e5lderns h\u00f6st. Det \u00e4r b\u00e5de sv\u00e5rt och komplicerat att m\u00e4ta och definiera livskvalitet, men att avst\u00e5 fr\u00e5n att driva fr\u00e5gor kring livskvalitet \u00e4r ett s\u00e4mre alternativ. Det finns ingen allm\u00e4n accepterad definition av begreppet livskvalitet och det beskrivs olika beroende p\u00e5 forskningsdisciplin, men \u00f6vergripande handlar det om v\u00e4lbefinnande s\u00e5som funktion i vardagen, livstillfredsst\u00e4llelse, meningsfullhet och lycka. Hos den sk\u00e5nska befolkningen \u00f6ver 65 \u00e5r finns det m\u00e5nga som m\u00e5r d\u00e5ligt och f\u00f6r att m\u00f6ta detta problem med psykisk oh\u00e4lsa hos \u00e4ldre, d\u00e4r m\u00e5nga redan \u00e4r sk\u00f6ra och ofta ensamma vill Kristdemokraterna ta ett samlat, tydligt grepp med ett antal f\u00f6rslag f\u00f6r att f\u00f6rb\u00e4ttra livskvaliteten.<\/p>\n<p><strong>Motverka ensamheten i Sk\u00e5ne <\/strong><\/p>\n<p>Vi m\u00e5ste i Sk\u00e5ne sluta se ensamheten som ett individuellt problem och b\u00f6rja betrakta det som ett samh\u00e4llsproblem. D\u00e5 kan vi ocks\u00e5 ta steg bort fr\u00e5n ett samh\u00e4lle som hamnat i konflikt med m\u00e4nniskan som gemenskapsvarelse. Ensamhet \u00e4r en lika stor riskfaktor f\u00f6r att d\u00f6 i f\u00f6rtid som r\u00f6kning och skadar v\u00e5r h\u00e4lsa mer \u00e4n s\u00e5v\u00e4l stillasittande som d\u00e5liga matvanor. Ensamhet drabbar b\u00e5de psykiskt och fysiskt. Den kan leda till kroppsliga besv\u00e4r, kronisk stress och andra sjukdomar. Risken att drabbas av k\u00e4rlkramp, hj\u00e4rtinfarkt och stroke \u00f6kar. Men ensamheten \u00e4r sv\u00e5r att komma \u00e5t. En l\u00e4ngre tids avskildhet kan g\u00f6ra att steget ut till social aktivitet bland nya m\u00e4nniskor k\u00e4nns stort att ta p\u00e5 egen hand. Genom att erbjuda h\u00e4lsofr\u00e4mjande insatser till \u00e4ldre kan vi bidra till ett l\u00e4ngre, sj\u00e4lvst\u00e4ndigt liv med god livskvalitet.<\/p>\n<p><strong>Motverka sj\u00e4lvmord bland \u00e4ldre i Sk\u00e5ne <\/strong><\/p>\n<p>Den senaste statistiken fr\u00e5n Socialstyrelsen och d\u00f6dsorsaksregistret visar att sj\u00e4lvmord \u00e4r vanligare bland m\u00e4n \u00e4n kvinnor och vanligast bland \u00e4ldre m\u00e4n (85+) i Sverige. 2019 dog 395 kvinnor och 869 m\u00e4n p\u00e5 grund av suicid<a href=\"#_ftn1\" name=\"_ftnref1\"><sup>[1]<\/sup><\/a>. Detta \u00e4r fler \u00e4n 2018<a href=\"#_ftn2\" name=\"_ftnref2\"><sup>[2]<\/sup><\/a>. <strong>\u00a0<\/strong>Vi f\u00e5r inte acceptera psykisk oh\u00e4lsa och \u00e5ngest hos \u00e4ldre som en naturlig konsekvens av \u00e5ldrandet.<\/p>\n<p>Betydelsen av att bli sedd och tilltalad ska inte underskattas. Isolering och ensamhet \u00e4r livsfarligt. Ibland r\u00e4cker det att v\u00e5ga fr\u00e5ga och lyssna p\u00e5 svaret. Ibland kr\u00e4vs det akut v\u00e5rd. Kristdemokraterna menar att en kartl\u00e4ggning av riskerna f\u00f6r sj\u00e4lvmord bland brukare och inom hemtj\u00e4nst och s\u00e4rskilda \u00e4ldreboenden kan vara en del av l\u00f6sningen. Tillsammans kan vi bryta den ofrivilliga ensamheten och skapa ett samh\u00e4lle pr\u00e4glat av gemenskap och medm\u00e4nsklighet.<\/p>\n<p><strong>Skriv ut social aktivitet p\u00e5 recept (SAR)<\/strong><\/p>\n<p>Kristdemokraterna i Sk\u00e5ne vill motverka ensamhetsproblem som breder ut sig genom att b\u00f6rja l\u00e5ta l\u00e4kare skriva ut social aktivitet p\u00e5 recept (SAR) som ett s\u00e4tt att motverka den v\u00e4xande ensamheten. Att bygga gemenskaper och relationer \u00e4r f\u00f6rst\u00e5s inte en uppgift fr\u00e4mst f\u00f6r politiken \u2013 men att uppmuntra och f\u00f6rb\u00e4ttra f\u00f6ruts\u00e4ttningarna f\u00f6r gemenskap \u00e4r det definitivt.<strong>\u00a0<\/strong><\/p>\n<p><strong>Kultur skapar livskvalitet f\u00f6r de \u00e4ldre <\/strong><\/p>\n<p>Vi har ett fantastiskt kulturutbud i Sk\u00e5ne och mycket att vara stolta \u00f6ver, men mycket mer kan g\u00f6ras f\u00f6r att skapa en meningsfull tillvaro f\u00f6r de \u00e4ldre. V\u00e5r lust till upplevelser och konst minskar inte f\u00f6r att vi blir \u00e4ldre. Konst och kultur bidrar till att bryta isolering och \u00f6kar k\u00e4nslan av delaktighet. M\u00e5nga \u00e4ldre lever med sorg och f\u00f6rluster av egna f\u00f6rm\u00e5gor, livskamrater eller n\u00e4rst\u00e5ende. Kultur kan vara ett s\u00e4tt att hantera och bearbeta \u00e5ngest, sorg och sm\u00e4rta. Region Sk\u00e5ne och de sk\u00e5nska kommunerna skulle kunna ta ett samlat grepp och vara ett tydligt nav och en kunskapsbank inom omr\u00e5det och erbjuda kompetensh\u00f6jande insatser f\u00f6r att tillhandah\u00e5lla kultur f\u00f6r Sk\u00e5nes alla \u00e4ldre.<\/p>\n<p><strong>Senior sport school i fler sk\u00e5nska kommuner <\/strong><\/p>\n<p>Sedan 2009 driver RF-SISU och Region Sk\u00e5ne tillsammans med ett antal sk\u00e5nska kommuner Senior Sport School som syftar till att skapa f\u00f6ruts\u00e4ttningar f\u00f6r ett h\u00e4lsosamt \u00e5ldrande i Sk\u00e5ne. Senior Sport School genomf\u00f6rs 24 g\u00e5nger per \u00e5r runt om i Sk\u00e5ne. M\u00e5let med arbetet \u00e4r att skapa \u00f6kad livskvalitet och v\u00e4lm\u00e5ende genom fysisk aktivitet och social gemenskap hos en grupp i samh\u00e4llet som tenderar att bli bortgl\u00f6md i idrottssammanhang. Utmaningen \u00e4r som vanligt att n\u00e5 utanf\u00f6r dem som redan \u00e4r intresserade och d\u00e4rf\u00f6r vill Kristdemokraterna att fler kommuner i Sk\u00e5ne b\u00f6rjar genomf\u00f6ra Senior Sport School mer kontinuerligt och breddar rekryteringen s\u00e5 att fler \u00e4ldre f\u00e5r nya v\u00e4nner, prova p\u00e5 idrott och l\u00e4ra sig om goda matvanor.<\/p>\n<p><strong>Sk\u00e5ne beh\u00f6ver fler <\/strong><strong>\u00e4ldrepsykiatrimottagningar<\/strong><\/p>\n<p><strong>M\u00e5nga \u00e4ldre \u00e4r drabbade av psykisk oh\u00e4lsa. Sedan 2000 har det funnits en \u00e4ldrepsykiatrimottagning i Helsingborg som uppvisar goda behandlingsresultat. F\u00f6r att denna v\u00e5rdform p\u00e5 sikt ska bli mer likv\u00e4rdig \u00f6ver hela Sk\u00e5ne vill Kristdemokraterna att det \u00f6ppnas fler mottagningar. Dessa mottagningar har ett klart uppdrag att arbeta f\u00f6r att f\u00f6rb\u00e4ttra \u00e4ldres psykiska h\u00e4lsa, som vi sett har p\u00e5verkats negativt under Coronapandemin.\u00a0 <\/strong><\/p>\n<p><strong>F\u00f6rebygg osteoporos (bensk\u00f6rhet) och \u00f6ka livskvaliteten f\u00f6r \u00e4ldre <\/strong><\/p>\n<p>Osteoporos \u00e4r en folksjukdom som inte f\u00e5r den uppm\u00e4rksamhet den borde ha. Varannan kvinna och var fj\u00e4rde man \u00f6ver 50 \u00e5r drabbas av osteoporos. Tyv\u00e4rr \u00e4r det s\u00e5 att frakturer p\u00e5 grund av osteoporos \u00f6kar med stigande \u00e5lder, 70 procent av dem som drabbas av osteoporos \u00e4r \u00f6ver 75 \u00e5r. Knappt 20 procent av dem som r\u00e5kat ut f\u00f6r en fraktur f\u00e5r hj\u00e4lp att f\u00f6rebygga framtida frakturer, trots att vi vet att risken f\u00f6r detta \u00f6kar kraftigt efter den f\u00f6rsta frakturen. Vi vet ocks\u00e5 att r\u00f6relse, styrketr\u00e4ning och b\u00e4ttre kost g\u00f6r stor skillnad n\u00e4r det g\u00e4ller bensk\u00f6rhet.<\/p>\n<p>Det beh\u00f6vs aktiva insatser fr\u00e5n h\u00e4lso- och sjukv\u00e5rden f\u00f6r att f\u00f6rebygga och f\u00f6lja upp frakturer genom en tydlig och sammanh\u00e5llen v\u00e5rdkedja f\u00f6r frakturer \u2013 en frakturkedja. Genom en grundligare unders\u00f6kning och bed\u00f6mning om fallrisk och ett f\u00f6rebyggande samtal med patienter om s\u00e4kerhetsrisker skulle vi kunna spara mycket m\u00e4nskligt lidande och stora v\u00e5rdkostnader.<\/p>\n<p><strong>Undern\u00e4ring ska minska bland \u00e4ldre i Sk\u00e5ne <\/strong><\/p>\n<p>Risken att drabbas av undern\u00e4ring \u00f6kar med stigande \u00e5lder enligt vissa data \u00e4r upp till 60% av de boende p\u00e5 s\u00e4rskilda \u00e4ldreboenden undern\u00e4rda eller riskerar att bli det. Sannolikt \u00e4r det s\u00e5 ocks\u00e5 i de egna hemmen d\u00e4r risken f\u00f6r undern\u00e4ring \u00e4r som st\u00f6rst. Vi beh\u00f6ver ta fram ytterligare underlag f\u00f6r att identifiera hur stort problemet \u00e4r och kunna konkretisera arbetet inom Region Sk\u00e5ne och de sk\u00e5nska kommunerna f\u00f6r att motverka undern\u00e4ring. Nya arbetss\u00e4tt och digitala l\u00f6sningar beh\u00f6vs. Genom samarbete d\u00e4r mat och m\u00e5ltider ses som en del av \u00e4ldre personers h\u00e4lsa och v\u00e4lbefinnande skulle vi kunna g\u00f6ra mycket.<\/p>\n<p><strong>Kristdemokraterna i Sk\u00e5ne vill att: <\/strong><\/p>\n<ul>\n<li>Arbetet f\u00f6r att motverka ensamhet blir mer prioriterat i Region Sk\u00e5ne och de sk\u00e5nska kommunerna.<\/li>\n<li>Motverka och minska antal sj\u00e4lvmord bland \u00e4ldre i Sk\u00e5ne.<\/li>\n<li>L\u00e4kare ska kunna skriva ut social aktivitet p\u00e5 recept.<\/li>\n<li>Region Sk\u00e5ne och de sk\u00e5nska kommunerna ska ta ett tydligt ansvar och vara ett nav och kunskapsbank f\u00f6r kultursatsningar f\u00f6r \u00e4ldre.<\/li>\n<li>Fler sk\u00e5nska kommuner b\u00f6rjar driva Senior Sport School oftare och mer regelbundet.<\/li>\n<li>Det \u00f6ppnas fler \u00e4ldrepsykiatrimottagningar i Sk\u00e5ne<\/li>\n<li>Arbeta f\u00f6r en j\u00e4mlik osteoporosbehandling i hela Sk\u00e5ne och en sammanh\u00e5llen frakturkedja d\u00e4r f\u00f6rebyggande arbete och uppf\u00f6ljning ing\u00e5r.<\/li>\n<li>Ingen \u00e4ldre i Sk\u00e5ne ska drabbas av undern\u00e4ring.<\/li>\n<\/ul>\n<p><a href=\"#_ftnref1\" name=\"_ftn1\"><\/a><\/p>\n<p><a href=\"http:\/\/wp.kristdemokraterna.se\/skane\/files\/2021\/05\/a\u0308ldrerapport-slutversion.pdf\"><em>L\u00e4s rapporten i utskriftsformat h\u00e4r: http:\/\/wp.kristdemokraterna.se\/skane\/files\/2021\/05\/a\u0308ldrerapport-slutversion.pdf<\/em><\/a><\/p>\n","protected":false},"excerpt":{"rendered":"<p>Det ska vara tryggt att bli \u00e4ldre i Sk\u00e5ne Den 11 september 2022 \u00e4r det val p\u00e5 lokal, regional och nationell niv\u00e5. D\u00e5 ska v\u00e5ra sk\u00e5nska medborgare best\u00e4mma vilka partier och f\u00f6rtroendevalda som ska styra v\u00e5ra offentligt finansierade verksamheter de n\u00e4rmaste \u00e5ren fram\u00f6ver. Det har blivit tydligt de senaste \u00e5ren att Kristdemokraterna har h\u00f6gt f\u00f6rtroende <a class=\"read-more-link\" href=\"https:\/\/wp.kristdemokraterna.se\/skane\/textsida-fullbredd\/vad-hander-i-distriktet\/kristdemokraterna-prioriterar-aldres-agenda-i-skane\/\">L\u00e4s mer<\/a><\/p>\n","protected":false},"author":874,"featured_media":0,"parent":373,"menu_order":0,"comment_status":"closed","ping_status":"closed","template":"","meta":{"_acf_changed":false,"footnotes":""},"class_list":["post-920","page","type-page","status-publish","hentry"],"acf":[],"yoast_head":"<!-- This site is optimized with the Yoast SEO plugin v27.4 - https:\/\/yoast.com\/product\/yoast-seo-wordpress\/ -->\n<title>Kristdemokraterna prioriterar \u00e4ldres agenda i Sk\u00e5ne - Kristdemokraterna | Sk\u00e5ne<\/title>\n<meta name=\"robots\" content=\"index, follow, max-snippet:-1, max-image-preview:large, max-video-preview:-1\" \/>\n<link rel=\"canonical\" href=\"https:\/\/wp.kristdemokraterna.se\/skane\/textsida-fullbredd\/vad-hander-i-distriktet\/kristdemokraterna-prioriterar-aldres-agenda-i-skane\/\" \/>\n<meta property=\"og:locale\" content=\"sv_SE\" \/>\n<meta property=\"og:type\" content=\"article\" \/>\n<meta property=\"og:title\" content=\"Kristdemokraterna prioriterar \u00e4ldres agenda i Sk\u00e5ne - Kristdemokraterna | Sk\u00e5ne\" \/>\n<meta property=\"og:description\" content=\"Det ska vara tryggt att bli \u00e4ldre i Sk\u00e5ne Den 11 september 2022 \u00e4r det val p\u00e5 lokal, regional och nationell niv\u00e5. D\u00e5 ska v\u00e5ra sk\u00e5nska medborgare best\u00e4mma vilka partier och f\u00f6rtroendevalda som ska styra v\u00e5ra offentligt finansierade verksamheter de n\u00e4rmaste \u00e5ren fram\u00f6ver. Det har blivit tydligt de senaste \u00e5ren att Kristdemokraterna har h\u00f6gt f\u00f6rtroende L\u00e4s mer\" \/>\n<meta property=\"og:url\" content=\"https:\/\/wp.kristdemokraterna.se\/skane\/textsida-fullbredd\/vad-hander-i-distriktet\/kristdemokraterna-prioriterar-aldres-agenda-i-skane\/\" \/>\n<meta property=\"og:site_name\" content=\"Kristdemokraterna | Sk\u00e5ne\" \/>\n<meta property=\"article:publisher\" content=\"https:\/\/www.facebook.com\/kristdemokraternaiskane\/\" \/>\n<meta property=\"article:modified_time\" content=\"2021-05-24T08:14:36+00:00\" \/>\n<meta name=\"twitter:card\" content=\"summary_large_image\" \/>\n<meta name=\"twitter:label1\" content=\"Ber\u00e4knad l\u00e4stid\" \/>\n\t<meta name=\"twitter:data1\" content=\"16 minuter\" \/>\n<script type=\"application\/ld+json\" class=\"yoast-schema-graph\">{\"@context\":\"https:\\\/\\\/schema.org\",\"@graph\":[{\"@type\":\"WebPage\",\"@id\":\"https:\\\/\\\/wp.kristdemokraterna.se\\\/skane\\\/textsida-fullbredd\\\/vad-hander-i-distriktet\\\/kristdemokraterna-prioriterar-aldres-agenda-i-skane\\\/\",\"url\":\"https:\\\/\\\/wp.kristdemokraterna.se\\\/skane\\\/textsida-fullbredd\\\/vad-hander-i-distriktet\\\/kristdemokraterna-prioriterar-aldres-agenda-i-skane\\\/\",\"name\":\"Kristdemokraterna prioriterar \u00e4ldres agenda i Sk\u00e5ne - Kristdemokraterna | Sk\u00e5ne\",\"isPartOf\":{\"@id\":\"https:\\\/\\\/wp.kristdemokraterna.se\\\/skane\\\/#website\"},\"datePublished\":\"2021-05-24T07:59:20+00:00\",\"dateModified\":\"2021-05-24T08:14:36+00:00\",\"breadcrumb\":{\"@id\":\"https:\\\/\\\/wp.kristdemokraterna.se\\\/skane\\\/textsida-fullbredd\\\/vad-hander-i-distriktet\\\/kristdemokraterna-prioriterar-aldres-agenda-i-skane\\\/#breadcrumb\"},\"inLanguage\":\"sv-SE\",\"potentialAction\":[{\"@type\":\"ReadAction\",\"target\":[\"https:\\\/\\\/wp.kristdemokraterna.se\\\/skane\\\/textsida-fullbredd\\\/vad-hander-i-distriktet\\\/kristdemokraterna-prioriterar-aldres-agenda-i-skane\\\/\"]}]},{\"@type\":\"BreadcrumbList\",\"@id\":\"https:\\\/\\\/wp.kristdemokraterna.se\\\/skane\\\/textsida-fullbredd\\\/vad-hander-i-distriktet\\\/kristdemokraterna-prioriterar-aldres-agenda-i-skane\\\/#breadcrumb\",\"itemListElement\":[{\"@type\":\"ListItem\",\"position\":1,\"name\":\"Hem\",\"item\":\"https:\\\/\\\/wp.kristdemokraterna.se\\\/skane\\\/\"},{\"@type\":\"ListItem\",\"position\":2,\"name\":\"Vilken politik bedriver KD Sk\u00e5ne\",\"item\":\"https:\\\/\\\/wp.kristdemokraterna.se\\\/skane\\\/textsida-fullbredd\\\/\"},{\"@type\":\"ListItem\",\"position\":3,\"name\":\"i distriktet\",\"item\":\"https:\\\/\\\/wp.kristdemokraterna.se\\\/skane\\\/textsida-fullbredd\\\/vad-hander-i-distriktet\\\/\"},{\"@type\":\"ListItem\",\"position\":4,\"name\":\"Kristdemokraterna prioriterar \u00e4ldres agenda i Sk\u00e5ne\"}]},{\"@type\":\"WebSite\",\"@id\":\"https:\\\/\\\/wp.kristdemokraterna.se\\\/skane\\\/#website\",\"url\":\"https:\\\/\\\/wp.kristdemokraterna.se\\\/skane\\\/\",\"name\":\"Kristdemokraterna | Sk\u00e5ne\",\"description\":\"KD Sk\u00e5ne - f\u00f6r ett friare Sk\u00e5ne.\",\"inLanguage\":\"sv-SE\"}]}<\/script>\n<!-- \/ Yoast SEO plugin. -->","yoast_head_json":{"title":"Kristdemokraterna prioriterar \u00e4ldres agenda i Sk\u00e5ne - Kristdemokraterna | Sk\u00e5ne","robots":{"index":"index","follow":"follow","max-snippet":"max-snippet:-1","max-image-preview":"max-image-preview:large","max-video-preview":"max-video-preview:-1"},"canonical":"https:\/\/wp.kristdemokraterna.se\/skane\/textsida-fullbredd\/vad-hander-i-distriktet\/kristdemokraterna-prioriterar-aldres-agenda-i-skane\/","og_locale":"sv_SE","og_type":"article","og_title":"Kristdemokraterna prioriterar \u00e4ldres agenda i Sk\u00e5ne - Kristdemokraterna | Sk\u00e5ne","og_description":"Det ska vara tryggt att bli \u00e4ldre i Sk\u00e5ne Den 11 september 2022 \u00e4r det val p\u00e5 lokal, regional och nationell niv\u00e5. D\u00e5 ska v\u00e5ra sk\u00e5nska medborgare best\u00e4mma vilka partier och f\u00f6rtroendevalda som ska styra v\u00e5ra offentligt finansierade verksamheter de n\u00e4rmaste \u00e5ren fram\u00f6ver. Det har blivit tydligt de senaste \u00e5ren att Kristdemokraterna har h\u00f6gt f\u00f6rtroende L\u00e4s mer","og_url":"https:\/\/wp.kristdemokraterna.se\/skane\/textsida-fullbredd\/vad-hander-i-distriktet\/kristdemokraterna-prioriterar-aldres-agenda-i-skane\/","og_site_name":"Kristdemokraterna | Sk\u00e5ne","article_publisher":"https:\/\/www.facebook.com\/kristdemokraternaiskane\/","article_modified_time":"2021-05-24T08:14:36+00:00","twitter_card":"summary_large_image","twitter_misc":{"Ber\u00e4knad l\u00e4stid":"16 minuter"},"schema":{"@context":"https:\/\/schema.org","@graph":[{"@type":"WebPage","@id":"https:\/\/wp.kristdemokraterna.se\/skane\/textsida-fullbredd\/vad-hander-i-distriktet\/kristdemokraterna-prioriterar-aldres-agenda-i-skane\/","url":"https:\/\/wp.kristdemokraterna.se\/skane\/textsida-fullbredd\/vad-hander-i-distriktet\/kristdemokraterna-prioriterar-aldres-agenda-i-skane\/","name":"Kristdemokraterna prioriterar \u00e4ldres agenda i Sk\u00e5ne - Kristdemokraterna | Sk\u00e5ne","isPartOf":{"@id":"https:\/\/wp.kristdemokraterna.se\/skane\/#website"},"datePublished":"2021-05-24T07:59:20+00:00","dateModified":"2021-05-24T08:14:36+00:00","breadcrumb":{"@id":"https:\/\/wp.kristdemokraterna.se\/skane\/textsida-fullbredd\/vad-hander-i-distriktet\/kristdemokraterna-prioriterar-aldres-agenda-i-skane\/#breadcrumb"},"inLanguage":"sv-SE","potentialAction":[{"@type":"ReadAction","target":["https:\/\/wp.kristdemokraterna.se\/skane\/textsida-fullbredd\/vad-hander-i-distriktet\/kristdemokraterna-prioriterar-aldres-agenda-i-skane\/"]}]},{"@type":"BreadcrumbList","@id":"https:\/\/wp.kristdemokraterna.se\/skane\/textsida-fullbredd\/vad-hander-i-distriktet\/kristdemokraterna-prioriterar-aldres-agenda-i-skane\/#breadcrumb","itemListElement":[{"@type":"ListItem","position":1,"name":"Hem","item":"https:\/\/wp.kristdemokraterna.se\/skane\/"},{"@type":"ListItem","position":2,"name":"Vilken politik bedriver KD Sk\u00e5ne","item":"https:\/\/wp.kristdemokraterna.se\/skane\/textsida-fullbredd\/"},{"@type":"ListItem","position":3,"name":"i distriktet","item":"https:\/\/wp.kristdemokraterna.se\/skane\/textsida-fullbredd\/vad-hander-i-distriktet\/"},{"@type":"ListItem","position":4,"name":"Kristdemokraterna prioriterar \u00e4ldres agenda i Sk\u00e5ne"}]},{"@type":"WebSite","@id":"https:\/\/wp.kristdemokraterna.se\/skane\/#website","url":"https:\/\/wp.kristdemokraterna.se\/skane\/","name":"Kristdemokraterna | Sk\u00e5ne","description":"KD Sk\u00e5ne - f\u00f6r ett friare Sk\u00e5ne.","inLanguage":"sv-SE"}]}},"_links":{"self":[{"href":"https:\/\/wp.kristdemokraterna.se\/skane\/wp-json\/wp\/v2\/pages\/920","targetHints":{"allow":["GET"]}}],"collection":[{"href":"https:\/\/wp.kristdemokraterna.se\/skane\/wp-json\/wp\/v2\/pages"}],"about":[{"href":"https:\/\/wp.kristdemokraterna.se\/skane\/wp-json\/wp\/v2\/types\/page"}],"author":[{"embeddable":true,"href":"https:\/\/wp.kristdemokraterna.se\/skane\/wp-json\/wp\/v2\/users\/874"}],"replies":[{"embeddable":true,"href":"https:\/\/wp.kristdemokraterna.se\/skane\/wp-json\/wp\/v2\/comments?post=920"}],"version-history":[{"count":2,"href":"https:\/\/wp.kristdemokraterna.se\/skane\/wp-json\/wp\/v2\/pages\/920\/revisions"}],"predecessor-version":[{"id":922,"href":"https:\/\/wp.kristdemokraterna.se\/skane\/wp-json\/wp\/v2\/pages\/920\/revisions\/922"}],"up":[{"embeddable":true,"href":"https:\/\/wp.kristdemokraterna.se\/skane\/wp-json\/wp\/v2\/pages\/373"}],"wp:attachment":[{"href":"https:\/\/wp.kristdemokraterna.se\/skane\/wp-json\/wp\/v2\/media?parent=920"}],"curies":[{"name":"wp","href":"https:\/\/api.w.org\/{rel}","templated":true}]}}