{"version":"1.0","provider_name":"Kristdemokraterna i Skellefte\u00e5","provider_url":"https:\/\/wp.kristdemokraterna.se\/skelleftea","title":"N\u00e4mndledam\u00f6ter - Kristdemokraterna i Skellefte\u00e5","type":"rich","width":600,"height":338,"html":"<blockquote class=\"wp-embedded-content\" data-secret=\"EGSdrSViQB\"><a href=\"https:\/\/wp.kristdemokraterna.se\/skelleftea\/vara-politiker\/namndsledamoter\/\">N\u00e4mndledam\u00f6ter<\/a><\/blockquote><iframe sandbox=\"allow-scripts\" security=\"restricted\" src=\"https:\/\/wp.kristdemokraterna.se\/skelleftea\/vara-politiker\/namndsledamoter\/embed\/#?secret=EGSdrSViQB\" width=\"600\" height=\"338\" title=\"\u201dN\u00e4mndledam\u00f6ter\u201d &ndash; Kristdemokraterna i Skellefte\u00e5\" data-secret=\"EGSdrSViQB\" frameborder=\"0\" marginwidth=\"0\" marginheight=\"0\" scrolling=\"no\" class=\"wp-embedded-content\"><\/iframe><script type=\"text\/javascript\">\n\/* <![CDATA[ *\/\n\/*! This file is auto-generated *\/\n!function(d,l){\"use strict\";l.querySelector&&d.addEventListener&&\"undefined\"!=typeof URL&&(d.wp=d.wp||{},d.wp.receiveEmbedMessage||(d.wp.receiveEmbedMessage=function(e){var t=e.data;if((t||t.secret||t.message||t.value)&&!\/[^a-zA-Z0-9]\/.test(t.secret)){for(var s,r,n,a=l.querySelectorAll('iframe[data-secret=\"'+t.secret+'\"]'),o=l.querySelectorAll('blockquote[data-secret=\"'+t.secret+'\"]'),c=new RegExp(\"^https?:$\",\"i\"),i=0;i<o.length;i++)o[i].style.display=\"none\";for(i=0;i<a.length;i++)s=a[i],e.source===s.contentWindow&&(s.removeAttribute(\"style\"),\"height\"===t.message?(1e3<(r=parseInt(t.value,10))?r=1e3:~~r<200&&(r=200),s.height=r):\"link\"===t.message&&(r=new URL(s.getAttribute(\"src\")),n=new URL(t.value),c.test(n.protocol))&&n.host===r.host&&l.activeElement===s&&(d.top.location.href=t.value))}},d.addEventListener(\"message\",d.wp.receiveEmbedMessage,!1),l.addEventListener(\"DOMContentLoaded\",function(){for(var e,t,s=l.querySelectorAll(\"iframe.wp-embedded-content\"),r=0;r<s.length;r++)(t=(e=s[r]).getAttribute(\"data-secret\"))||(t=Math.random().toString(36).substring(2,12),e.src+=\"#?secret=\"+t,e.setAttribute(\"data-secret\",t)),e.contentWindow.postMessage({message:\"ready\",secret:t},\"*\")},!1)))}(window,document);\n\/\/# sourceURL=https:\/\/wp.kristdemokraterna.se\/skelleftea\/wp-includes\/js\/wp-embed.min.js\n\/* ]]> *\/\n<\/script>\n","description":"&nbsp; Socialn\u00e4mnden ( Ordinarie ) Socialn\u00e4mnden AU (Ordinarie) Lena Forsman E-post:\u00a0lena.forsman@skelleftea.se Telefon:\u00a00910-183 56 &nbsp; F\u00f6r- och grundskolen\u00e4mnden ( Ordinarie) Socialn\u00e4mnden (Ers\u00e4ttare) Frida L\u00f6froth frida.l\u00f6froth@kristdmokraterna.se &nbsp; Valn\u00e4mnden ( Ordinarie) Olav Eriksson olav.eriksson@gmail.com &nbsp; Samh\u00e4llsbyggnadsn\u00e4mnden (Ordinarie) Bygg- och milj\u00f6n\u00e4mnden (Ordinarie Krisledningsgruppen (Ers\u00e4ttare) Per Bostr\u00f6m E-post: per.bostrom@kristdemokraterna.se &nbsp; Fritidsn\u00e4mnden( Ordinarie ) Fritidsn\u00e4mnden AU (Ordinarie) Petter Ershag E-post: petterershag@hotmail.com Read More","thumbnail_url":"http:\/\/wp.kristdemokraterna.se\/skelleftea\/files\/2022\/07\/220413_205438-jwe-200x300.jpg"}