{"id":164,"date":"2014-05-02T14:13:10","date_gmt":"2014-05-02T12:13:10","guid":{"rendered":"http:\/\/wp.kristdemokraterna.se\/skelleftea\/?page_id=164"},"modified":"2023-01-03T20:13:13","modified_gmt":"2023-01-03T19:13:13","slug":"namndsledamoter","status":"publish","type":"page","link":"https:\/\/wp.kristdemokraterna.se\/skelleftea\/vara-politiker\/namndsledamoter\/","title":{"rendered":"N\u00e4mndledam\u00f6ter"},"content":{"rendered":"<p>&nbsp;<\/p>\n<p><img loading=\"lazy\" decoding=\"async\" class=\"alignnone wp-image-1030\" src=\"http:\/\/wp.kristdemokraterna.se\/skelleftea\/files\/2022\/07\/220413_205438-jwe-200x300.jpg\" alt=\"Lena Forsman\" width=\"105\" height=\"158\" srcset=\"https:\/\/wp.kristdemokraterna.se\/skelleftea\/files\/2022\/07\/220413_205438-jwe-200x300.jpg 200w, https:\/\/wp.kristdemokraterna.se\/skelleftea\/files\/2022\/07\/220413_205438-jwe-360x540.jpg 360w, https:\/\/wp.kristdemokraterna.se\/skelleftea\/files\/2022\/07\/220413_205438-jwe-133x200.jpg 133w, https:\/\/wp.kristdemokraterna.se\/skelleftea\/files\/2022\/07\/220413_205438-jwe-370x555.jpg 370w, https:\/\/wp.kristdemokraterna.se\/skelleftea\/files\/2022\/07\/220413_205438-jwe-450x675.jpg 450w, https:\/\/wp.kristdemokraterna.se\/skelleftea\/files\/2022\/07\/220413_205438-jwe-268x402.jpg 268w, https:\/\/wp.kristdemokraterna.se\/skelleftea\/files\/2022\/07\/220413_205438-jwe-340x510.jpg 340w, https:\/\/wp.kristdemokraterna.se\/skelleftea\/files\/2022\/07\/220413_205438-jwe-37x56.jpg 37w, https:\/\/wp.kristdemokraterna.se\/skelleftea\/files\/2022\/07\/220413_205438-jwe.jpg 467w\" sizes=\"auto, (max-width: 105px) 100vw, 105px\" \/><\/p>\n<p><strong>Socialn\u00e4mnden ( Ordinarie )<\/strong><br \/>\n<strong>Socialn\u00e4mnden AU (Ordinarie)<\/strong><br \/>\nLena Forsman<br \/>\nE-post:\u00a0lena.forsman@skelleftea.se<br \/>\nTelefon:\u00a00910-183 56<\/p>\n<p>&nbsp;<\/p>\n<p><img loading=\"lazy\" decoding=\"async\" class=\"alignnone wp-image-1031\" src=\"http:\/\/wp.kristdemokraterna.se\/skelleftea\/files\/2022\/07\/220413_205612-jwe-200x300.jpg\" alt=\"Frida L\u00f6froth\" width=\"105\" height=\"158\" srcset=\"https:\/\/wp.kristdemokraterna.se\/skelleftea\/files\/2022\/07\/220413_205612-jwe-200x300.jpg 200w, https:\/\/wp.kristdemokraterna.se\/skelleftea\/files\/2022\/07\/220413_205612-jwe-360x540.jpg 360w, https:\/\/wp.kristdemokraterna.se\/skelleftea\/files\/2022\/07\/220413_205612-jwe-133x200.jpg 133w, https:\/\/wp.kristdemokraterna.se\/skelleftea\/files\/2022\/07\/220413_205612-jwe-370x555.jpg 370w, https:\/\/wp.kristdemokraterna.se\/skelleftea\/files\/2022\/07\/220413_205612-jwe-450x675.jpg 450w, https:\/\/wp.kristdemokraterna.se\/skelleftea\/files\/2022\/07\/220413_205612-jwe-268x402.jpg 268w, https:\/\/wp.kristdemokraterna.se\/skelleftea\/files\/2022\/07\/220413_205612-jwe-340x510.jpg 340w, https:\/\/wp.kristdemokraterna.se\/skelleftea\/files\/2022\/07\/220413_205612-jwe-37x56.jpg 37w, https:\/\/wp.kristdemokraterna.se\/skelleftea\/files\/2022\/07\/220413_205612-jwe.jpg 467w\" sizes=\"auto, (max-width: 105px) 100vw, 105px\" \/><\/p>\n<p><strong>F\u00f6r- och grundskolen\u00e4mnden ( Ordinarie)<\/strong><br \/>\n<strong>Socialn\u00e4mnden (Ers\u00e4ttare)<\/strong><br \/>\nFrida L\u00f6froth<br \/>\nfrida.l\u00f6froth@kristdmokraterna.se<\/p>\n<p>&nbsp;<\/p>\n<p><img loading=\"lazy\" decoding=\"async\" class=\"alignnone wp-image-911\" src=\"http:\/\/wp.kristdemokraterna.se\/skelleftea\/files\/2021\/10\/olav-scaled-e1635510519517-300x300.jpg\" alt=\"Olav Eriksson\" width=\"116\" height=\"116\" srcset=\"https:\/\/wp.kristdemokraterna.se\/skelleftea\/files\/2021\/10\/olav-scaled-e1635510519517-300x300.jpg 300w, https:\/\/wp.kristdemokraterna.se\/skelleftea\/files\/2021\/10\/olav-scaled-e1635510519517-540x540.jpg 540w, https:\/\/wp.kristdemokraterna.se\/skelleftea\/files\/2021\/10\/olav-scaled-e1635510519517-150x150.jpg 150w, https:\/\/wp.kristdemokraterna.se\/skelleftea\/files\/2021\/10\/olav-scaled-e1635510519517-768x768.jpg 768w, https:\/\/wp.kristdemokraterna.se\/skelleftea\/files\/2021\/10\/olav-scaled-e1635510519517-1536x1536.jpg 1536w, https:\/\/wp.kristdemokraterna.se\/skelleftea\/files\/2021\/10\/olav-scaled-e1635510519517-200x200.jpg 200w, https:\/\/wp.kristdemokraterna.se\/skelleftea\/files\/2021\/10\/olav-scaled-e1635510519517-370x370.jpg 370w, https:\/\/wp.kristdemokraterna.se\/skelleftea\/files\/2021\/10\/olav-scaled-e1635510519517-90x90.jpg 90w, https:\/\/wp.kristdemokraterna.se\/skelleftea\/files\/2021\/10\/olav-scaled-e1635510519517-770x770.jpg 770w, https:\/\/wp.kristdemokraterna.se\/skelleftea\/files\/2021\/10\/olav-scaled-e1635510519517-450x450.jpg 450w, https:\/\/wp.kristdemokraterna.se\/skelleftea\/files\/2021\/10\/olav-scaled-e1635510519517-280x280.jpg 280w, https:\/\/wp.kristdemokraterna.se\/skelleftea\/files\/2021\/10\/olav-scaled-e1635510519517-340x340.jpg 340w, https:\/\/wp.kristdemokraterna.se\/skelleftea\/files\/2021\/10\/olav-scaled-e1635510519517-56x56.jpg 56w, https:\/\/wp.kristdemokraterna.se\/skelleftea\/files\/2021\/10\/olav-scaled-e1635510519517.jpg 1696w\" sizes=\"auto, (max-width: 116px) 100vw, 116px\" \/><\/p>\n<p><strong>Valn\u00e4mnden ( Ordinarie)<\/strong><br \/>\nOlav Eriksson<br \/>\nolav.eriksson@gmail.com<\/p>\n<p>&nbsp;<\/p>\n<p><img loading=\"lazy\" decoding=\"async\" class=\"alignnone wp-image-1029\" src=\"http:\/\/wp.kristdemokraterna.se\/skelleftea\/files\/2022\/07\/220413_204745-jwe-200x300.jpg\" alt=\"Per Bostr\u00f6m\" width=\"105\" height=\"158\" srcset=\"https:\/\/wp.kristdemokraterna.se\/skelleftea\/files\/2022\/07\/220413_204745-jwe-200x300.jpg 200w, https:\/\/wp.kristdemokraterna.se\/skelleftea\/files\/2022\/07\/220413_204745-jwe-360x540.jpg 360w, https:\/\/wp.kristdemokraterna.se\/skelleftea\/files\/2022\/07\/220413_204745-jwe-133x200.jpg 133w, https:\/\/wp.kristdemokraterna.se\/skelleftea\/files\/2022\/07\/220413_204745-jwe-370x555.jpg 370w, https:\/\/wp.kristdemokraterna.se\/skelleftea\/files\/2022\/07\/220413_204745-jwe-450x675.jpg 450w, https:\/\/wp.kristdemokraterna.se\/skelleftea\/files\/2022\/07\/220413_204745-jwe-268x402.jpg 268w, https:\/\/wp.kristdemokraterna.se\/skelleftea\/files\/2022\/07\/220413_204745-jwe-340x510.jpg 340w, https:\/\/wp.kristdemokraterna.se\/skelleftea\/files\/2022\/07\/220413_204745-jwe-37x56.jpg 37w, https:\/\/wp.kristdemokraterna.se\/skelleftea\/files\/2022\/07\/220413_204745-jwe.jpg 467w\" sizes=\"auto, (max-width: 105px) 100vw, 105px\" \/><\/p>\n<p><strong>Samh\u00e4llsbyggnadsn\u00e4mnden (Ordinarie)<\/strong><br \/>\n<strong>Bygg- och milj\u00f6n\u00e4mnden (Ordinarie<\/strong><br \/>\n<strong>Krisledningsgruppen (Ers\u00e4ttare)<\/strong><br \/>\nPer Bostr\u00f6m<br \/>\nE-post: per.bostrom@kristdemokraterna.se<\/p>\n<p>&nbsp;<\/p>\n<p><img loading=\"lazy\" decoding=\"async\" class=\"alignnone wp-image-914\" src=\"http:\/\/wp.kristdemokraterna.se\/skelleftea\/files\/2021\/10\/petter-scaled-e1635510432886-300x300.jpg\" alt=\"Petter Ershag\" width=\"117\" height=\"117\" srcset=\"https:\/\/wp.kristdemokraterna.se\/skelleftea\/files\/2021\/10\/petter-scaled-e1635510432886-300x300.jpg 300w, https:\/\/wp.kristdemokraterna.se\/skelleftea\/files\/2021\/10\/petter-scaled-e1635510432886-540x540.jpg 540w, https:\/\/wp.kristdemokraterna.se\/skelleftea\/files\/2021\/10\/petter-scaled-e1635510432886-150x150.jpg 150w, https:\/\/wp.kristdemokraterna.se\/skelleftea\/files\/2021\/10\/petter-scaled-e1635510432886-768x768.jpg 768w, https:\/\/wp.kristdemokraterna.se\/skelleftea\/files\/2021\/10\/petter-scaled-e1635510432886-1536x1536.jpg 1536w, https:\/\/wp.kristdemokraterna.se\/skelleftea\/files\/2021\/10\/petter-scaled-e1635510432886-200x200.jpg 200w, https:\/\/wp.kristdemokraterna.se\/skelleftea\/files\/2021\/10\/petter-scaled-e1635510432886-370x370.jpg 370w, https:\/\/wp.kristdemokraterna.se\/skelleftea\/files\/2021\/10\/petter-scaled-e1635510432886-90x90.jpg 90w, https:\/\/wp.kristdemokraterna.se\/skelleftea\/files\/2021\/10\/petter-scaled-e1635510432886-770x770.jpg 770w, https:\/\/wp.kristdemokraterna.se\/skelleftea\/files\/2021\/10\/petter-scaled-e1635510432886-450x450.jpg 450w, https:\/\/wp.kristdemokraterna.se\/skelleftea\/files\/2021\/10\/petter-scaled-e1635510432886-280x280.jpg 280w, https:\/\/wp.kristdemokraterna.se\/skelleftea\/files\/2021\/10\/petter-scaled-e1635510432886-340x340.jpg 340w, https:\/\/wp.kristdemokraterna.se\/skelleftea\/files\/2021\/10\/petter-scaled-e1635510432886-56x56.jpg 56w, https:\/\/wp.kristdemokraterna.se\/skelleftea\/files\/2021\/10\/petter-scaled-e1635510432886.jpg 1696w\" sizes=\"auto, (max-width: 117px) 100vw, 117px\" \/><\/p>\n<p><strong>Fritidsn\u00e4mnden( Ordinarie )<\/strong><br \/>\n<strong>Fritidsn\u00e4mnden AU (Ordinarie)<\/strong><br \/>\nPetter Ershag<br \/>\nE-post: petterershag@hotmail.com<br \/>\nMobil: 070-2181121<\/p>\n<p>&nbsp;<\/p>\n<p><img loading=\"lazy\" decoding=\"async\" class=\"alignnone wp-image-1032\" src=\"http:\/\/wp.kristdemokraterna.se\/skelleftea\/files\/2022\/07\/220413_210003-jwe-200x300.jpg\" alt=\"KD Skellefte\u00e5\" width=\"112\" height=\"168\" srcset=\"https:\/\/wp.kristdemokraterna.se\/skelleftea\/files\/2022\/07\/220413_210003-jwe-200x300.jpg 200w, https:\/\/wp.kristdemokraterna.se\/skelleftea\/files\/2022\/07\/220413_210003-jwe-360x540.jpg 360w, https:\/\/wp.kristdemokraterna.se\/skelleftea\/files\/2022\/07\/220413_210003-jwe-133x200.jpg 133w, https:\/\/wp.kristdemokraterna.se\/skelleftea\/files\/2022\/07\/220413_210003-jwe-370x555.jpg 370w, https:\/\/wp.kristdemokraterna.se\/skelleftea\/files\/2022\/07\/220413_210003-jwe-450x675.jpg 450w, https:\/\/wp.kristdemokraterna.se\/skelleftea\/files\/2022\/07\/220413_210003-jwe-268x402.jpg 268w, https:\/\/wp.kristdemokraterna.se\/skelleftea\/files\/2022\/07\/220413_210003-jwe-340x510.jpg 340w, https:\/\/wp.kristdemokraterna.se\/skelleftea\/files\/2022\/07\/220413_210003-jwe-37x56.jpg 37w, https:\/\/wp.kristdemokraterna.se\/skelleftea\/files\/2022\/07\/220413_210003-jwe.jpg 467w\" sizes=\"auto, (max-width: 112px) 100vw, 112px\" \/><\/p>\n<p><strong>N\u00e4mnden f\u00f6r Support och lokaler (Ers\u00e4ttare)<\/strong><br \/>\nAndreas Boman<br \/>\nandreas.boman@kristdemokraterna.se<\/p>\n<p>&nbsp;<\/p>\n<p><img loading=\"lazy\" decoding=\"async\" class=\"alignnone  wp-image-1167\" src=\"http:\/\/wp.kristdemokraterna.se\/skelleftea\/files\/2023\/01\/received_875217320350380-225x300.jpeg\" alt=\"Emma Lindgren\" width=\"119\" height=\"159\" srcset=\"https:\/\/wp.kristdemokraterna.se\/skelleftea\/files\/2023\/01\/received_875217320350380-225x300.jpeg 225w, https:\/\/wp.kristdemokraterna.se\/skelleftea\/files\/2023\/01\/received_875217320350380-405x540.jpeg 405w, https:\/\/wp.kristdemokraterna.se\/skelleftea\/files\/2023\/01\/received_875217320350380-768x1024.jpeg 768w, https:\/\/wp.kristdemokraterna.se\/skelleftea\/files\/2023\/01\/received_875217320350380-1152x1536.jpeg 1152w, https:\/\/wp.kristdemokraterna.se\/skelleftea\/files\/2023\/01\/received_875217320350380-150x200.jpeg 150w, https:\/\/wp.kristdemokraterna.se\/skelleftea\/files\/2023\/01\/received_875217320350380-370x493.jpeg 370w, https:\/\/wp.kristdemokraterna.se\/skelleftea\/files\/2023\/01\/received_875217320350380-770x1027.jpeg 770w, https:\/\/wp.kristdemokraterna.se\/skelleftea\/files\/2023\/01\/received_875217320350380-450x600.jpeg 450w, https:\/\/wp.kristdemokraterna.se\/skelleftea\/files\/2023\/01\/received_875217320350380-280x373.jpeg 280w, https:\/\/wp.kristdemokraterna.se\/skelleftea\/files\/2023\/01\/received_875217320350380-340x453.jpeg 340w, https:\/\/wp.kristdemokraterna.se\/skelleftea\/files\/2023\/01\/received_875217320350380-42x56.jpeg 42w, https:\/\/wp.kristdemokraterna.se\/skelleftea\/files\/2023\/01\/received_875217320350380.jpeg 1536w\" sizes=\"auto, (max-width: 119px) 100vw, 119px\" \/><\/p>\n<p><strong>Gymnasien\u00e4mnden (Ordinarie)<\/strong><br \/>\nEmma Lindgren<\/p>\n<p>&nbsp;<\/p>\n<p><strong>\u00a0<\/strong><img loading=\"lazy\" decoding=\"async\" class=\"alignnone wp-image-1165\" src=\"http:\/\/wp.kristdemokraterna.se\/skelleftea\/files\/2022\/12\/20221209_113456-225x300.jpg\" alt=\"Marica Burman\" width=\"112\" height=\"149\" srcset=\"https:\/\/wp.kristdemokraterna.se\/skelleftea\/files\/2022\/12\/20221209_113456-225x300.jpg 225w, https:\/\/wp.kristdemokraterna.se\/skelleftea\/files\/2022\/12\/20221209_113456-405x540.jpg 405w, https:\/\/wp.kristdemokraterna.se\/skelleftea\/files\/2022\/12\/20221209_113456-768x1024.jpg 768w, https:\/\/wp.kristdemokraterna.se\/skelleftea\/files\/2022\/12\/20221209_113456-1152x1536.jpg 1152w, https:\/\/wp.kristdemokraterna.se\/skelleftea\/files\/2022\/12\/20221209_113456-1536x2048.jpg 1536w, https:\/\/wp.kristdemokraterna.se\/skelleftea\/files\/2022\/12\/20221209_113456-150x200.jpg 150w, https:\/\/wp.kristdemokraterna.se\/skelleftea\/files\/2022\/12\/20221209_113456-370x493.jpg 370w, https:\/\/wp.kristdemokraterna.se\/skelleftea\/files\/2022\/12\/20221209_113456-770x1027.jpg 770w, https:\/\/wp.kristdemokraterna.se\/skelleftea\/files\/2022\/12\/20221209_113456-450x600.jpg 450w, https:\/\/wp.kristdemokraterna.se\/skelleftea\/files\/2022\/12\/20221209_113456-280x373.jpg 280w, https:\/\/wp.kristdemokraterna.se\/skelleftea\/files\/2022\/12\/20221209_113456-340x453.jpg 340w, https:\/\/wp.kristdemokraterna.se\/skelleftea\/files\/2022\/12\/20221209_113456-42x56.jpg 42w, https:\/\/wp.kristdemokraterna.se\/skelleftea\/files\/2022\/12\/20221209_113456-scaled.jpg 1920w\" sizes=\"auto, (max-width: 112px) 100vw, 112px\" \/><\/p>\n<p><strong>J\u00e4mlikhetsberedningen (Ordinarie)<\/strong><br \/>\nMarica Burman<br \/>\nmarica.burman@kristdemokraterna.se<\/p>\n<p>&nbsp;<\/p>\n<p><strong>Revisorer ( Ordinarie )<\/strong><br \/>\nThomas Nordenstam<\/p>\n","protected":false},"excerpt":{"rendered":"<p>&nbsp; Socialn\u00e4mnden ( Ordinarie ) Socialn\u00e4mnden AU (Ordinarie) Lena Forsman E-post:\u00a0lena.forsman@skelleftea.se Telefon:\u00a00910-183 56 &nbsp; F\u00f6r- och grundskolen\u00e4mnden ( Ordinarie) Socialn\u00e4mnden (Ers\u00e4ttare) Frida L\u00f6froth frida.l\u00f6froth@kristdmokraterna.se &nbsp; Valn\u00e4mnden ( Ordinarie) Olav Eriksson olav.eriksson@gmail.com &nbsp; Samh\u00e4llsbyggnadsn\u00e4mnden (Ordinarie) Bygg- och milj\u00f6n\u00e4mnden (Ordinarie Krisledningsgruppen (Ers\u00e4ttare) Per Bostr\u00f6m E-post: per.bostrom@kristdemokraterna.se &nbsp; Fritidsn\u00e4mnden( Ordinarie ) Fritidsn\u00e4mnden AU (Ordinarie) Petter Ershag E-post: petterershag@hotmail.com <a class=\"read-more-link\" href=\"https:\/\/wp.kristdemokraterna.se\/skelleftea\/vara-politiker\/namndsledamoter\/\">Read More<\/a><\/p>\n","protected":false},"author":598,"featured_media":0,"parent":59,"menu_order":2,"comment_status":"closed","ping_status":"closed","template":"","meta":{"_acf_changed":false,"footnotes":""},"class_list":["post-164","page","type-page","status-publish","hentry"],"acf":[],"yoast_head":"<!-- This site is optimized with the Yoast SEO plugin v27.5 - https:\/\/yoast.com\/product\/yoast-seo-wordpress\/ -->\n<title>N\u00e4mndledam\u00f6ter - Kristdemokraterna i Skellefte\u00e5<\/title>\n<meta name=\"robots\" content=\"index, follow, max-snippet:-1, max-image-preview:large, max-video-preview:-1\" \/>\n<link rel=\"canonical\" href=\"https:\/\/wp.kristdemokraterna.se\/skelleftea\/vara-politiker\/namndsledamoter\/\" \/>\n<meta property=\"og:locale\" content=\"sv_SE\" \/>\n<meta property=\"og:type\" content=\"article\" \/>\n<meta property=\"og:title\" content=\"N\u00e4mndledam\u00f6ter - Kristdemokraterna i Skellefte\u00e5\" \/>\n<meta property=\"og:description\" content=\"&nbsp; Socialn\u00e4mnden ( Ordinarie ) Socialn\u00e4mnden AU (Ordinarie) Lena Forsman E-post:\u00a0lena.forsman@skelleftea.se Telefon:\u00a00910-183 56 &nbsp; F\u00f6r- och grundskolen\u00e4mnden ( Ordinarie) Socialn\u00e4mnden (Ers\u00e4ttare) Frida L\u00f6froth frida.l\u00f6froth@kristdmokraterna.se &nbsp; Valn\u00e4mnden ( Ordinarie) Olav Eriksson olav.eriksson@gmail.com &nbsp; Samh\u00e4llsbyggnadsn\u00e4mnden (Ordinarie) Bygg- och milj\u00f6n\u00e4mnden (Ordinarie Krisledningsgruppen (Ers\u00e4ttare) Per Bostr\u00f6m E-post: per.bostrom@kristdemokraterna.se &nbsp; Fritidsn\u00e4mnden( Ordinarie ) Fritidsn\u00e4mnden AU (Ordinarie) Petter Ershag E-post: petterershag@hotmail.com Read More\" \/>\n<meta property=\"og:url\" content=\"https:\/\/wp.kristdemokraterna.se\/skelleftea\/vara-politiker\/namndsledamoter\/\" \/>\n<meta property=\"og:site_name\" content=\"Kristdemokraterna i Skellefte\u00e5\" \/>\n<meta property=\"article:modified_time\" content=\"2023-01-03T19:13:13+00:00\" \/>\n<meta property=\"og:image\" content=\"http:\/\/wp.kristdemokraterna.se\/skelleftea\/files\/2022\/07\/220413_205438-jwe-200x300.jpg\" \/>\n<meta name=\"twitter:card\" content=\"summary_large_image\" \/>\n<meta name=\"twitter:label1\" content=\"Ber\u00e4knad l\u00e4stid\" \/>\n\t<meta name=\"twitter:data1\" content=\"2 minuter\" \/>\n<script type=\"application\/ld+json\" class=\"yoast-schema-graph\">{\"@context\":\"https:\\\/\\\/schema.org\",\"@graph\":[{\"@type\":\"WebPage\",\"@id\":\"https:\\\/\\\/wp.kristdemokraterna.se\\\/skelleftea\\\/vara-politiker\\\/namndsledamoter\\\/\",\"url\":\"https:\\\/\\\/wp.kristdemokraterna.se\\\/skelleftea\\\/vara-politiker\\\/namndsledamoter\\\/\",\"name\":\"N\u00e4mndledam\u00f6ter - Kristdemokraterna i Skellefte\u00e5\",\"isPartOf\":{\"@id\":\"https:\\\/\\\/wp.kristdemokraterna.se\\\/skelleftea\\\/#website\"},\"primaryImageOfPage\":{\"@id\":\"https:\\\/\\\/wp.kristdemokraterna.se\\\/skelleftea\\\/vara-politiker\\\/namndsledamoter\\\/#primaryimage\"},\"image\":{\"@id\":\"https:\\\/\\\/wp.kristdemokraterna.se\\\/skelleftea\\\/vara-politiker\\\/namndsledamoter\\\/#primaryimage\"},\"thumbnailUrl\":\"http:\\\/\\\/wp.kristdemokraterna.se\\\/skelleftea\\\/files\\\/2022\\\/07\\\/220413_205438-jwe-200x300.jpg\",\"datePublished\":\"2014-05-02T12:13:10+00:00\",\"dateModified\":\"2023-01-03T19:13:13+00:00\",\"breadcrumb\":{\"@id\":\"https:\\\/\\\/wp.kristdemokraterna.se\\\/skelleftea\\\/vara-politiker\\\/namndsledamoter\\\/#breadcrumb\"},\"inLanguage\":\"sv-SE\",\"potentialAction\":[{\"@type\":\"ReadAction\",\"target\":[\"https:\\\/\\\/wp.kristdemokraterna.se\\\/skelleftea\\\/vara-politiker\\\/namndsledamoter\\\/\"]}]},{\"@type\":\"ImageObject\",\"inLanguage\":\"sv-SE\",\"@id\":\"https:\\\/\\\/wp.kristdemokraterna.se\\\/skelleftea\\\/vara-politiker\\\/namndsledamoter\\\/#primaryimage\",\"url\":\"http:\\\/\\\/wp.kristdemokraterna.se\\\/skelleftea\\\/files\\\/2022\\\/07\\\/220413_205438-jwe-200x300.jpg\",\"contentUrl\":\"http:\\\/\\\/wp.kristdemokraterna.se\\\/skelleftea\\\/files\\\/2022\\\/07\\\/220413_205438-jwe-200x300.jpg\"},{\"@type\":\"BreadcrumbList\",\"@id\":\"https:\\\/\\\/wp.kristdemokraterna.se\\\/skelleftea\\\/vara-politiker\\\/namndsledamoter\\\/#breadcrumb\",\"itemListElement\":[{\"@type\":\"ListItem\",\"position\":1,\"name\":\"Hem\",\"item\":\"https:\\\/\\\/wp.kristdemokraterna.se\\\/skelleftea\\\/\"},{\"@type\":\"ListItem\",\"position\":2,\"name\":\"V\u00e5ra politiker\",\"item\":\"https:\\\/\\\/wp.kristdemokraterna.se\\\/skelleftea\\\/vara-politiker\\\/\"},{\"@type\":\"ListItem\",\"position\":3,\"name\":\"N\u00e4mndledam\u00f6ter\"}]},{\"@type\":\"WebSite\",\"@id\":\"https:\\\/\\\/wp.kristdemokraterna.se\\\/skelleftea\\\/#website\",\"url\":\"https:\\\/\\\/wp.kristdemokraterna.se\\\/skelleftea\\\/\",\"name\":\"Kristdemokraterna i Skellefte\u00e5\",\"description\":\"Med hj\u00e4rta f\u00f6r Skellefte\u00e5\",\"inLanguage\":\"sv-SE\"}]}<\/script>\n<!-- \/ Yoast SEO plugin. -->","yoast_head_json":{"title":"N\u00e4mndledam\u00f6ter - Kristdemokraterna i Skellefte\u00e5","robots":{"index":"index","follow":"follow","max-snippet":"max-snippet:-1","max-image-preview":"max-image-preview:large","max-video-preview":"max-video-preview:-1"},"canonical":"https:\/\/wp.kristdemokraterna.se\/skelleftea\/vara-politiker\/namndsledamoter\/","og_locale":"sv_SE","og_type":"article","og_title":"N\u00e4mndledam\u00f6ter - Kristdemokraterna i Skellefte\u00e5","og_description":"&nbsp; Socialn\u00e4mnden ( Ordinarie ) Socialn\u00e4mnden AU (Ordinarie) Lena Forsman E-post:\u00a0lena.forsman@skelleftea.se Telefon:\u00a00910-183 56 &nbsp; F\u00f6r- och grundskolen\u00e4mnden ( Ordinarie) Socialn\u00e4mnden (Ers\u00e4ttare) Frida L\u00f6froth frida.l\u00f6froth@kristdmokraterna.se &nbsp; Valn\u00e4mnden ( Ordinarie) Olav Eriksson olav.eriksson@gmail.com &nbsp; Samh\u00e4llsbyggnadsn\u00e4mnden (Ordinarie) Bygg- och milj\u00f6n\u00e4mnden (Ordinarie Krisledningsgruppen (Ers\u00e4ttare) Per Bostr\u00f6m E-post: per.bostrom@kristdemokraterna.se &nbsp; Fritidsn\u00e4mnden( Ordinarie ) Fritidsn\u00e4mnden AU (Ordinarie) Petter Ershag E-post: petterershag@hotmail.com Read More","og_url":"https:\/\/wp.kristdemokraterna.se\/skelleftea\/vara-politiker\/namndsledamoter\/","og_site_name":"Kristdemokraterna i Skellefte\u00e5","article_modified_time":"2023-01-03T19:13:13+00:00","og_image":[{"url":"http:\/\/wp.kristdemokraterna.se\/skelleftea\/files\/2022\/07\/220413_205438-jwe-200x300.jpg","type":"","width":"","height":""}],"twitter_card":"summary_large_image","twitter_misc":{"Ber\u00e4knad l\u00e4stid":"2 minuter"},"schema":{"@context":"https:\/\/schema.org","@graph":[{"@type":"WebPage","@id":"https:\/\/wp.kristdemokraterna.se\/skelleftea\/vara-politiker\/namndsledamoter\/","url":"https:\/\/wp.kristdemokraterna.se\/skelleftea\/vara-politiker\/namndsledamoter\/","name":"N\u00e4mndledam\u00f6ter - Kristdemokraterna i Skellefte\u00e5","isPartOf":{"@id":"https:\/\/wp.kristdemokraterna.se\/skelleftea\/#website"},"primaryImageOfPage":{"@id":"https:\/\/wp.kristdemokraterna.se\/skelleftea\/vara-politiker\/namndsledamoter\/#primaryimage"},"image":{"@id":"https:\/\/wp.kristdemokraterna.se\/skelleftea\/vara-politiker\/namndsledamoter\/#primaryimage"},"thumbnailUrl":"http:\/\/wp.kristdemokraterna.se\/skelleftea\/files\/2022\/07\/220413_205438-jwe-200x300.jpg","datePublished":"2014-05-02T12:13:10+00:00","dateModified":"2023-01-03T19:13:13+00:00","breadcrumb":{"@id":"https:\/\/wp.kristdemokraterna.se\/skelleftea\/vara-politiker\/namndsledamoter\/#breadcrumb"},"inLanguage":"sv-SE","potentialAction":[{"@type":"ReadAction","target":["https:\/\/wp.kristdemokraterna.se\/skelleftea\/vara-politiker\/namndsledamoter\/"]}]},{"@type":"ImageObject","inLanguage":"sv-SE","@id":"https:\/\/wp.kristdemokraterna.se\/skelleftea\/vara-politiker\/namndsledamoter\/#primaryimage","url":"http:\/\/wp.kristdemokraterna.se\/skelleftea\/files\/2022\/07\/220413_205438-jwe-200x300.jpg","contentUrl":"http:\/\/wp.kristdemokraterna.se\/skelleftea\/files\/2022\/07\/220413_205438-jwe-200x300.jpg"},{"@type":"BreadcrumbList","@id":"https:\/\/wp.kristdemokraterna.se\/skelleftea\/vara-politiker\/namndsledamoter\/#breadcrumb","itemListElement":[{"@type":"ListItem","position":1,"name":"Hem","item":"https:\/\/wp.kristdemokraterna.se\/skelleftea\/"},{"@type":"ListItem","position":2,"name":"V\u00e5ra politiker","item":"https:\/\/wp.kristdemokraterna.se\/skelleftea\/vara-politiker\/"},{"@type":"ListItem","position":3,"name":"N\u00e4mndledam\u00f6ter"}]},{"@type":"WebSite","@id":"https:\/\/wp.kristdemokraterna.se\/skelleftea\/#website","url":"https:\/\/wp.kristdemokraterna.se\/skelleftea\/","name":"Kristdemokraterna i Skellefte\u00e5","description":"Med hj\u00e4rta f\u00f6r Skellefte\u00e5","inLanguage":"sv-SE"}]}},"_links":{"self":[{"href":"https:\/\/wp.kristdemokraterna.se\/skelleftea\/wp-json\/wp\/v2\/pages\/164","targetHints":{"allow":["GET"]}}],"collection":[{"href":"https:\/\/wp.kristdemokraterna.se\/skelleftea\/wp-json\/wp\/v2\/pages"}],"about":[{"href":"https:\/\/wp.kristdemokraterna.se\/skelleftea\/wp-json\/wp\/v2\/types\/page"}],"author":[{"embeddable":true,"href":"https:\/\/wp.kristdemokraterna.se\/skelleftea\/wp-json\/wp\/v2\/users\/598"}],"replies":[{"embeddable":true,"href":"https:\/\/wp.kristdemokraterna.se\/skelleftea\/wp-json\/wp\/v2\/comments?post=164"}],"version-history":[{"count":52,"href":"https:\/\/wp.kristdemokraterna.se\/skelleftea\/wp-json\/wp\/v2\/pages\/164\/revisions"}],"predecessor-version":[{"id":1170,"href":"https:\/\/wp.kristdemokraterna.se\/skelleftea\/wp-json\/wp\/v2\/pages\/164\/revisions\/1170"}],"up":[{"embeddable":true,"href":"https:\/\/wp.kristdemokraterna.se\/skelleftea\/wp-json\/wp\/v2\/pages\/59"}],"wp:attachment":[{"href":"https:\/\/wp.kristdemokraterna.se\/skelleftea\/wp-json\/wp\/v2\/media?parent=164"}],"curies":[{"name":"wp","href":"https:\/\/api.w.org\/{rel}","templated":true}]}}