{"version":"1.0","provider_name":"i Sk\u00f6vde","provider_url":"https:\/\/wp.kristdemokraterna.se\/skovde","title":"Vila fr\u00e5n politiska m\u00f6ten - i Sk\u00f6vde","type":"rich","width":600,"height":338,"html":"<blockquote class=\"wp-embedded-content\" data-secret=\"wCPUyBxsIk\"><a href=\"https:\/\/wp.kristdemokraterna.se\/skovde\/vila-fran-politiska-moten\/\">Vila fr\u00e5n politiska m\u00f6ten<\/a><\/blockquote><iframe sandbox=\"allow-scripts\" security=\"restricted\" src=\"https:\/\/wp.kristdemokraterna.se\/skovde\/vila-fran-politiska-moten\/embed\/#?secret=wCPUyBxsIk\" width=\"600\" height=\"338\" title=\"\u201dVila fr\u00e5n politiska m\u00f6ten\u201d &ndash; i Sk\u00f6vde\" data-secret=\"wCPUyBxsIk\" frameborder=\"0\" marginwidth=\"0\" marginheight=\"0\" scrolling=\"no\" class=\"wp-embedded-content\"><\/iframe><script type=\"text\/javascript\">\n\/* <![CDATA[ *\/\n\/*! This file is auto-generated *\/\n!function(d,l){\"use strict\";l.querySelector&&d.addEventListener&&\"undefined\"!=typeof URL&&(d.wp=d.wp||{},d.wp.receiveEmbedMessage||(d.wp.receiveEmbedMessage=function(e){var t=e.data;if((t||t.secret||t.message||t.value)&&!\/[^a-zA-Z0-9]\/.test(t.secret)){for(var s,r,n,a=l.querySelectorAll('iframe[data-secret=\"'+t.secret+'\"]'),o=l.querySelectorAll('blockquote[data-secret=\"'+t.secret+'\"]'),c=new RegExp(\"^https?:$\",\"i\"),i=0;i<o.length;i++)o[i].style.display=\"none\";for(i=0;i<a.length;i++)s=a[i],e.source===s.contentWindow&&(s.removeAttribute(\"style\"),\"height\"===t.message?(1e3<(r=parseInt(t.value,10))?r=1e3:~~r<200&&(r=200),s.height=r):\"link\"===t.message&&(r=new URL(s.getAttribute(\"src\")),n=new URL(t.value),c.test(n.protocol))&&n.host===r.host&&l.activeElement===s&&(d.top.location.href=t.value))}},d.addEventListener(\"message\",d.wp.receiveEmbedMessage,!1),l.addEventListener(\"DOMContentLoaded\",function(){for(var e,t,s=l.querySelectorAll(\"iframe.wp-embedded-content\"),r=0;r<s.length;r++)(t=(e=s[r]).getAttribute(\"data-secret\"))||(t=Math.random().toString(36).substring(2,12),e.src+=\"#?secret=\"+t,e.setAttribute(\"data-secret\",t)),e.contentWindow.postMessage({message:\"ready\",secret:t},\"*\")},!1)))}(window,document);\n\/\/# sourceURL=https:\/\/wp.kristdemokraterna.se\/skovde\/wp-includes\/js\/wp-embed.min.js\n\/* ]]> *\/\n<\/script>\n","description":"Under sommaren har vi inte n\u00e5gra planerade m\u00f6ten. Men kommunstyrelsen \u00e4r alltid beredd att kallas samman om n\u00e5got s\u00e4rskilt dyker upp. Just nu vill vi \u00f6nska din en sk\u00f6n sommar och ser g\u00e4rna att du \u00e4r med p\u00e5 v\u00e5ra m\u00f6ten i h\u00f6st."}