{"id":50,"date":"2016-04-27T13:59:30","date_gmt":"2016-04-27T11:59:30","guid":{"rendered":"http:\/\/wp.kristdemokraterna.se\/skovde\/?page_id=50"},"modified":"2026-01-09T09:10:46","modified_gmt":"2026-01-09T08:10:46","slug":"motesagenda","status":"publish","type":"page","link":"https:\/\/wp.kristdemokraterna.se\/skovde\/motesagenda\/","title":{"rendered":"M\u00f6tesagenda"},"content":{"rendered":"<p>V\u00e4lkommen att vara med p\u00e5 v\u00e5ra m\u00f6ten i Sk\u00f6vde<\/p>\n<p><strong>Januari 2026<\/strong><\/p>\n<p>26 jan kl 18 Kommunfullm\u00e4ktige. Alla \u00e4r v\u00e4lkomna till plan 5 i Stadshuset. S\u00e4ndingar ocks\u00e5 p\u00e5 n\u00e4rradion och \u00d6ppna Kanalen<\/p>\n<p>29 jan kl 18 Gruppm\u00f6te. I regel tr\u00e4ffas vi i Stadshuset en g\u00e5ng i m\u00e5naden f\u00f6r genomg\u00e5rn av aktuella fr\u00e5gor<\/p>\n<p><strong>Februari 2026<\/strong><\/p>\n<p>23 feb kl 18. Kommunfullm\u00e4ktige<\/p>\n<p>29 feb kl 18 Gruppm\u00f6te<\/p>\n<p><strong>Mars 2026<\/strong><\/p>\n<p>30 mars kl 18 Kommunfullm\u00e4ktige<\/p>\n<p><strong>April 2026<br \/>\n<\/strong><br \/>\n27 apr kl 18 Kommunfullm\u00e4ktige<\/p>\n<p><strong>Maj 2026<\/strong><\/p>\n<p>25 maj kl 18 Kommunfullm\u00e4ktige<\/p>\n<p><strong>Juni 2026<\/strong><\/p>\n<p>17 juni kl 1300 Kommunfullm\u00e4ktige (Budgetdebatt)<\/p>\n<p>&nbsp;<\/p>\n","protected":false},"excerpt":{"rendered":"<p>V\u00e4lkommen att vara med p\u00e5 v\u00e5ra m\u00f6ten i Sk\u00f6vde Januari 2026 26 jan kl 18 Kommunfullm\u00e4ktige. Alla \u00e4r v\u00e4lkomna till plan 5 i Stadshuset. S\u00e4ndingar ocks\u00e5 p\u00e5 n\u00e4rradion och \u00d6ppna Kanalen 29 jan kl 18 Gruppm\u00f6te. I regel tr\u00e4ffas vi i Stadshuset en g\u00e5ng i m\u00e5naden f\u00f6r genomg\u00e5rn av aktuella fr\u00e5gor Februari 2026 23 feb <a class=\"read-more-link\" href=\"https:\/\/wp.kristdemokraterna.se\/skovde\/motesagenda\/\">Read More<\/a><\/p>\n","protected":false},"author":744,"featured_media":0,"parent":0,"menu_order":0,"comment_status":"closed","ping_status":"closed","template":"","meta":{"_acf_changed":false,"footnotes":""},"class_list":["post-50","page","type-page","status-publish","hentry"],"acf":[],"yoast_head":"<!-- This site is optimized with the Yoast SEO plugin v27.4 - https:\/\/yoast.com\/product\/yoast-seo-wordpress\/ -->\n<title>M\u00f6tesagenda - i Sk\u00f6vde<\/title>\n<meta name=\"robots\" content=\"index, follow, max-snippet:-1, max-image-preview:large, max-video-preview:-1\" \/>\n<link rel=\"canonical\" href=\"https:\/\/wp.kristdemokraterna.se\/skovde\/motesagenda\/\" \/>\n<meta property=\"og:locale\" content=\"sv_SE\" \/>\n<meta property=\"og:type\" content=\"article\" \/>\n<meta property=\"og:title\" content=\"M\u00f6tesagenda - i Sk\u00f6vde\" \/>\n<meta property=\"og:description\" content=\"V\u00e4lkommen att vara med p\u00e5 v\u00e5ra m\u00f6ten i Sk\u00f6vde Januari 2026 26 jan kl 18 Kommunfullm\u00e4ktige. Alla \u00e4r v\u00e4lkomna till plan 5 i Stadshuset. S\u00e4ndingar ocks\u00e5 p\u00e5 n\u00e4rradion och \u00d6ppna Kanalen 29 jan kl 18 Gruppm\u00f6te. I regel tr\u00e4ffas vi i Stadshuset en g\u00e5ng i m\u00e5naden f\u00f6r genomg\u00e5rn av aktuella fr\u00e5gor Februari 2026 23 feb Read More\" \/>\n<meta property=\"og:url\" content=\"https:\/\/wp.kristdemokraterna.se\/skovde\/motesagenda\/\" \/>\n<meta property=\"og:site_name\" content=\"i Sk\u00f6vde\" \/>\n<meta property=\"article:modified_time\" content=\"2026-01-09T08:10:46+00:00\" \/>\n<meta name=\"twitter:card\" content=\"summary_large_image\" \/>\n<meta name=\"twitter:label1\" content=\"Ber\u00e4knad l\u00e4stid\" \/>\n\t<meta name=\"twitter:data1\" content=\"1 minut\" \/>\n<script type=\"application\/ld+json\" class=\"yoast-schema-graph\">{\"@context\":\"https:\\\/\\\/schema.org\",\"@graph\":[{\"@type\":\"WebPage\",\"@id\":\"https:\\\/\\\/wp.kristdemokraterna.se\\\/skovde\\\/motesagenda\\\/\",\"url\":\"https:\\\/\\\/wp.kristdemokraterna.se\\\/skovde\\\/motesagenda\\\/\",\"name\":\"M\u00f6tesagenda - i Sk\u00f6vde\",\"isPartOf\":{\"@id\":\"https:\\\/\\\/wp.kristdemokraterna.se\\\/skovde\\\/#website\"},\"datePublished\":\"2016-04-27T11:59:30+00:00\",\"dateModified\":\"2026-01-09T08:10:46+00:00\",\"breadcrumb\":{\"@id\":\"https:\\\/\\\/wp.kristdemokraterna.se\\\/skovde\\\/motesagenda\\\/#breadcrumb\"},\"inLanguage\":\"sv-SE\",\"potentialAction\":[{\"@type\":\"ReadAction\",\"target\":[\"https:\\\/\\\/wp.kristdemokraterna.se\\\/skovde\\\/motesagenda\\\/\"]}]},{\"@type\":\"BreadcrumbList\",\"@id\":\"https:\\\/\\\/wp.kristdemokraterna.se\\\/skovde\\\/motesagenda\\\/#breadcrumb\",\"itemListElement\":[{\"@type\":\"ListItem\",\"position\":1,\"name\":\"Hem\",\"item\":\"https:\\\/\\\/wp.kristdemokraterna.se\\\/skovde\\\/\"},{\"@type\":\"ListItem\",\"position\":2,\"name\":\"M\u00f6tesagenda\"}]},{\"@type\":\"WebSite\",\"@id\":\"https:\\\/\\\/wp.kristdemokraterna.se\\\/skovde\\\/#website\",\"url\":\"https:\\\/\\\/wp.kristdemokraterna.se\\\/skovde\\\/\",\"name\":\"i Sk\u00f6vde\",\"description\":\"\",\"inLanguage\":\"sv-SE\"}]}<\/script>\n<!-- \/ Yoast SEO plugin. -->","yoast_head_json":{"title":"M\u00f6tesagenda - i Sk\u00f6vde","robots":{"index":"index","follow":"follow","max-snippet":"max-snippet:-1","max-image-preview":"max-image-preview:large","max-video-preview":"max-video-preview:-1"},"canonical":"https:\/\/wp.kristdemokraterna.se\/skovde\/motesagenda\/","og_locale":"sv_SE","og_type":"article","og_title":"M\u00f6tesagenda - i Sk\u00f6vde","og_description":"V\u00e4lkommen att vara med p\u00e5 v\u00e5ra m\u00f6ten i Sk\u00f6vde Januari 2026 26 jan kl 18 Kommunfullm\u00e4ktige. Alla \u00e4r v\u00e4lkomna till plan 5 i Stadshuset. S\u00e4ndingar ocks\u00e5 p\u00e5 n\u00e4rradion och \u00d6ppna Kanalen 29 jan kl 18 Gruppm\u00f6te. I regel tr\u00e4ffas vi i Stadshuset en g\u00e5ng i m\u00e5naden f\u00f6r genomg\u00e5rn av aktuella fr\u00e5gor Februari 2026 23 feb Read More","og_url":"https:\/\/wp.kristdemokraterna.se\/skovde\/motesagenda\/","og_site_name":"i Sk\u00f6vde","article_modified_time":"2026-01-09T08:10:46+00:00","twitter_card":"summary_large_image","twitter_misc":{"Ber\u00e4knad l\u00e4stid":"1 minut"},"schema":{"@context":"https:\/\/schema.org","@graph":[{"@type":"WebPage","@id":"https:\/\/wp.kristdemokraterna.se\/skovde\/motesagenda\/","url":"https:\/\/wp.kristdemokraterna.se\/skovde\/motesagenda\/","name":"M\u00f6tesagenda - i Sk\u00f6vde","isPartOf":{"@id":"https:\/\/wp.kristdemokraterna.se\/skovde\/#website"},"datePublished":"2016-04-27T11:59:30+00:00","dateModified":"2026-01-09T08:10:46+00:00","breadcrumb":{"@id":"https:\/\/wp.kristdemokraterna.se\/skovde\/motesagenda\/#breadcrumb"},"inLanguage":"sv-SE","potentialAction":[{"@type":"ReadAction","target":["https:\/\/wp.kristdemokraterna.se\/skovde\/motesagenda\/"]}]},{"@type":"BreadcrumbList","@id":"https:\/\/wp.kristdemokraterna.se\/skovde\/motesagenda\/#breadcrumb","itemListElement":[{"@type":"ListItem","position":1,"name":"Hem","item":"https:\/\/wp.kristdemokraterna.se\/skovde\/"},{"@type":"ListItem","position":2,"name":"M\u00f6tesagenda"}]},{"@type":"WebSite","@id":"https:\/\/wp.kristdemokraterna.se\/skovde\/#website","url":"https:\/\/wp.kristdemokraterna.se\/skovde\/","name":"i Sk\u00f6vde","description":"","inLanguage":"sv-SE"}]}},"_links":{"self":[{"href":"https:\/\/wp.kristdemokraterna.se\/skovde\/wp-json\/wp\/v2\/pages\/50","targetHints":{"allow":["GET"]}}],"collection":[{"href":"https:\/\/wp.kristdemokraterna.se\/skovde\/wp-json\/wp\/v2\/pages"}],"about":[{"href":"https:\/\/wp.kristdemokraterna.se\/skovde\/wp-json\/wp\/v2\/types\/page"}],"author":[{"embeddable":true,"href":"https:\/\/wp.kristdemokraterna.se\/skovde\/wp-json\/wp\/v2\/users\/744"}],"replies":[{"embeddable":true,"href":"https:\/\/wp.kristdemokraterna.se\/skovde\/wp-json\/wp\/v2\/comments?post=50"}],"version-history":[{"count":98,"href":"https:\/\/wp.kristdemokraterna.se\/skovde\/wp-json\/wp\/v2\/pages\/50\/revisions"}],"predecessor-version":[{"id":973,"href":"https:\/\/wp.kristdemokraterna.se\/skovde\/wp-json\/wp\/v2\/pages\/50\/revisions\/973"}],"wp:attachment":[{"href":"https:\/\/wp.kristdemokraterna.se\/skovde\/wp-json\/wp\/v2\/media?parent=50"}],"curies":[{"name":"wp","href":"https:\/\/api.w.org\/{rel}","templated":true}]}}