{"version":"1.0","provider_name":"Kristdemokraterna i S\u00f6derhamn","provider_url":"https:\/\/wp.kristdemokraterna.se\/soderhamn","title":"- Kristdemokraterna i S\u00f6derhamn","type":"rich","width":600,"height":338,"html":"<blockquote class=\"wp-embedded-content\" data-secret=\"jqXiur63AX\"><a href=\"https:\/\/wp.kristdemokraterna.se\/soderhamn\/646-2\/\"><\/a><\/blockquote><iframe sandbox=\"allow-scripts\" security=\"restricted\" src=\"https:\/\/wp.kristdemokraterna.se\/soderhamn\/646-2\/embed\/#?secret=jqXiur63AX\" width=\"600\" height=\"338\" title=\"\u201d\u201d &ndash; Kristdemokraterna i S\u00f6derhamn\" data-secret=\"jqXiur63AX\" frameborder=\"0\" marginwidth=\"0\" marginheight=\"0\" scrolling=\"no\" class=\"wp-embedded-content\"><\/iframe><script type=\"text\/javascript\">\n\/* <![CDATA[ *\/\n\/*! This file is auto-generated *\/\n!function(d,l){\"use strict\";l.querySelector&&d.addEventListener&&\"undefined\"!=typeof URL&&(d.wp=d.wp||{},d.wp.receiveEmbedMessage||(d.wp.receiveEmbedMessage=function(e){var t=e.data;if((t||t.secret||t.message||t.value)&&!\/[^a-zA-Z0-9]\/.test(t.secret)){for(var s,r,n,a=l.querySelectorAll('iframe[data-secret=\"'+t.secret+'\"]'),o=l.querySelectorAll('blockquote[data-secret=\"'+t.secret+'\"]'),c=new RegExp(\"^https?:$\",\"i\"),i=0;i<o.length;i++)o[i].style.display=\"none\";for(i=0;i<a.length;i++)s=a[i],e.source===s.contentWindow&&(s.removeAttribute(\"style\"),\"height\"===t.message?(1e3<(r=parseInt(t.value,10))?r=1e3:~~r<200&&(r=200),s.height=r):\"link\"===t.message&&(r=new URL(s.getAttribute(\"src\")),n=new URL(t.value),c.test(n.protocol))&&n.host===r.host&&l.activeElement===s&&(d.top.location.href=t.value))}},d.addEventListener(\"message\",d.wp.receiveEmbedMessage,!1),l.addEventListener(\"DOMContentLoaded\",function(){for(var e,t,s=l.querySelectorAll(\"iframe.wp-embedded-content\"),r=0;r<s.length;r++)(t=(e=s[r]).getAttribute(\"data-secret\"))||(t=Math.random().toString(36).substring(2,12),e.src+=\"#?secret=\"+t,e.setAttribute(\"data-secret\",t)),e.contentWindow.postMessage({message:\"ready\",secret:t},\"*\")},!1)))}(window,document);\n\/\/# sourceURL=https:\/\/wp.kristdemokraterna.se\/soderhamn\/wp-includes\/js\/wp-embed.min.js\n\/* ]]> *\/\n<\/script>\n","description":"Anders Ramstrand har under nuvarande mandatperiod varit ordf\u00f6rande f\u00f6r Omv\u00e5rdnadsn\u00e4mnden i S\u00f6derhamn. Tillsammans med Allianskollegor, delvis \u00f6vriga partier samt verksamhetsledningen s\u00e5 har ett gediget arbete genomf\u00f6rts p\u00e5 m\u00e5nga plan. S\u00f6derhamn ska vara en \u00e4ldrev\u00e4nlig kommun och vi \u00e4r nu p\u00e5 mycket god v\u00e4g dit."}