{"version":"1.0","provider_name":"Kristdemokraterna i Sollentuna","provider_url":"https:\/\/wp.kristdemokraterna.se\/sollentuna","title":"Barnminister Maria Larsson bes\u00f6kte Sollentuna - Kristdemokraterna i Sollentuna","type":"rich","width":600,"height":338,"html":"<blockquote class=\"wp-embedded-content\" data-secret=\"kCNYRXbhaK\"><a href=\"https:\/\/wp.kristdemokraterna.se\/sollentuna\/barnminister-maria-larsson-besokte-sollentuna\/\">Barnminister Maria Larsson bes\u00f6kte Sollentuna<\/a><\/blockquote><iframe sandbox=\"allow-scripts\" security=\"restricted\" src=\"https:\/\/wp.kristdemokraterna.se\/sollentuna\/barnminister-maria-larsson-besokte-sollentuna\/embed\/#?secret=kCNYRXbhaK\" width=\"600\" height=\"338\" title=\"\u201dBarnminister Maria Larsson bes\u00f6kte Sollentuna\u201d &ndash; Kristdemokraterna i Sollentuna\" data-secret=\"kCNYRXbhaK\" frameborder=\"0\" marginwidth=\"0\" marginheight=\"0\" scrolling=\"no\" class=\"wp-embedded-content\"><\/iframe><script type=\"text\/javascript\">\n\/* <![CDATA[ *\/\n\/*! This file is auto-generated *\/\n!function(d,l){\"use strict\";l.querySelector&&d.addEventListener&&\"undefined\"!=typeof URL&&(d.wp=d.wp||{},d.wp.receiveEmbedMessage||(d.wp.receiveEmbedMessage=function(e){var t=e.data;if((t||t.secret||t.message||t.value)&&!\/[^a-zA-Z0-9]\/.test(t.secret)){for(var s,r,n,a=l.querySelectorAll('iframe[data-secret=\"'+t.secret+'\"]'),o=l.querySelectorAll('blockquote[data-secret=\"'+t.secret+'\"]'),c=new RegExp(\"^https?:$\",\"i\"),i=0;i<o.length;i++)o[i].style.display=\"none\";for(i=0;i<a.length;i++)s=a[i],e.source===s.contentWindow&&(s.removeAttribute(\"style\"),\"height\"===t.message?(1e3<(r=parseInt(t.value,10))?r=1e3:~~r<200&&(r=200),s.height=r):\"link\"===t.message&&(r=new URL(s.getAttribute(\"src\")),n=new URL(t.value),c.test(n.protocol))&&n.host===r.host&&l.activeElement===s&&(d.top.location.href=t.value))}},d.addEventListener(\"message\",d.wp.receiveEmbedMessage,!1),l.addEventListener(\"DOMContentLoaded\",function(){for(var e,t,s=l.querySelectorAll(\"iframe.wp-embedded-content\"),r=0;r<s.length;r++)(t=(e=s[r]).getAttribute(\"data-secret\"))||(t=Math.random().toString(36).substring(2,12),e.src+=\"#?secret=\"+t,e.setAttribute(\"data-secret\",t)),e.contentWindow.postMessage({message:\"ready\",secret:t},\"*\")},!1)))}(window,document);\n\/\/# sourceURL=https:\/\/wp.kristdemokraterna.se\/sollentuna\/wp-includes\/js\/wp-embed.min.js\n\/* ]]> *\/\n<\/script>\n","description":"I egenskap av att vara barnminister bj\u00f6ds Maria Larsson den 11 september in till en \u00f6ppen samtalskv\u00e4ll p\u00e5 biblioteket i centrala Sollentuna. Tillsammans med R\u00e4dda Barnens generalsekreterare Elisabeth Dahlin och tv\u00e5 representanter fr\u00e5n socialkontoret ledde Magnus Ramstrand en \u00f6ppen fr\u00e5gestund d\u00e4r en engagerad publik fick tillf\u00e4lle att st\u00e4lla fr\u00e5gor och komma med egna inspel. mer"}