{"version":"1.0","provider_name":"Kristdemokraterna i Sollentuna","provider_url":"https:\/\/wp.kristdemokraterna.se\/sollentuna","title":"Din familj i centrum f\u00f6r v\u00e5r politik - Kristdemokraterna i Sollentuna","type":"rich","width":600,"height":338,"html":"<blockquote class=\"wp-embedded-content\" data-secret=\"4jbiTunAWJ\"><a href=\"https:\/\/wp.kristdemokraterna.se\/sollentuna\/din-familj-i-centrum-for-var-politik\/\">Din familj i centrum f\u00f6r v\u00e5r politik<\/a><\/blockquote><iframe sandbox=\"allow-scripts\" security=\"restricted\" src=\"https:\/\/wp.kristdemokraterna.se\/sollentuna\/din-familj-i-centrum-for-var-politik\/embed\/#?secret=4jbiTunAWJ\" width=\"600\" height=\"338\" title=\"\u201dDin familj i centrum f\u00f6r v\u00e5r politik\u201d &ndash; Kristdemokraterna i Sollentuna\" data-secret=\"4jbiTunAWJ\" frameborder=\"0\" marginwidth=\"0\" marginheight=\"0\" scrolling=\"no\" class=\"wp-embedded-content\"><\/iframe><script type=\"text\/javascript\">\n\/* <![CDATA[ *\/\n\/*! This file is auto-generated *\/\n!function(d,l){\"use strict\";l.querySelector&&d.addEventListener&&\"undefined\"!=typeof URL&&(d.wp=d.wp||{},d.wp.receiveEmbedMessage||(d.wp.receiveEmbedMessage=function(e){var t=e.data;if((t||t.secret||t.message||t.value)&&!\/[^a-zA-Z0-9]\/.test(t.secret)){for(var s,r,n,a=l.querySelectorAll('iframe[data-secret=\"'+t.secret+'\"]'),o=l.querySelectorAll('blockquote[data-secret=\"'+t.secret+'\"]'),c=new RegExp(\"^https?:$\",\"i\"),i=0;i<o.length;i++)o[i].style.display=\"none\";for(i=0;i<a.length;i++)s=a[i],e.source===s.contentWindow&&(s.removeAttribute(\"style\"),\"height\"===t.message?(1e3<(r=parseInt(t.value,10))?r=1e3:~~r<200&&(r=200),s.height=r):\"link\"===t.message&&(r=new URL(s.getAttribute(\"src\")),n=new URL(t.value),c.test(n.protocol))&&n.host===r.host&&l.activeElement===s&&(d.top.location.href=t.value))}},d.addEventListener(\"message\",d.wp.receiveEmbedMessage,!1),l.addEventListener(\"DOMContentLoaded\",function(){for(var e,t,s=l.querySelectorAll(\"iframe.wp-embedded-content\"),r=0;r<s.length;r++)(t=(e=s[r]).getAttribute(\"data-secret\"))||(t=Math.random().toString(36).substring(2,12),e.src+=\"#?secret=\"+t,e.setAttribute(\"data-secret\",t)),e.contentWindow.postMessage({message:\"ready\",secret:t},\"*\")},!1)))}(window,document);\n\/\/# sourceURL=https:\/\/wp.kristdemokraterna.se\/sollentuna\/wp-includes\/js\/wp-embed.min.js\n\/* ]]> *\/\n<\/script>\n","thumbnail_url":"https:\/\/wp.kristdemokraterna.se\/sollentuna\/files\/2017\/11\/ditt-sollentuna-2017-11-08-478x262px.jpg","thumbnail_width":478,"thumbnail_height":262,"description":"Familjer ser olika ut men \u00e4r den minsta naturliga gemenskapen i v\u00e5rt samh\u00e4lle. Medlemmarna kan ge varandra villkorsl\u00f6s \u2013 men inte kravl\u00f6s \u2013 k\u00e4rlek. Familjer \u00e4r ofta stressade och vi beh\u00f6ver g\u00f6ra allt f\u00f6r att underl\u00e4tta livspusslet. Skola, fritid, jobb, trygghet ska kombineras. \u2013 Familjen beh\u00f6ver ibland kompletteras p\u00e5 n\u00e5got s\u00e4tt. Det ska finnas mer"}