{"version":"1.0","provider_name":"Kristdemokraterna i Sollentuna","provider_url":"https:\/\/wp.kristdemokraterna.se\/sollentuna","title":"Nu kan pension\u00e4rer ta bussen till J\u00e4rvaf\u00e4ltet - Kristdemokraterna i Sollentuna","type":"rich","width":600,"height":338,"html":"<blockquote class=\"wp-embedded-content\" data-secret=\"OIoJpOKcnm\"><a href=\"https:\/\/wp.kristdemokraterna.se\/sollentuna\/nu-kan-pensionarer-ta-bussen-till-jarvafaltet\/\">Nu kan pension\u00e4rer ta bussen till J\u00e4rvaf\u00e4ltet<\/a><\/blockquote><iframe sandbox=\"allow-scripts\" security=\"restricted\" src=\"https:\/\/wp.kristdemokraterna.se\/sollentuna\/nu-kan-pensionarer-ta-bussen-till-jarvafaltet\/embed\/#?secret=OIoJpOKcnm\" width=\"600\" height=\"338\" title=\"\u201dNu kan pension\u00e4rer ta bussen till J\u00e4rvaf\u00e4ltet\u201d &ndash; Kristdemokraterna i Sollentuna\" data-secret=\"OIoJpOKcnm\" frameborder=\"0\" marginwidth=\"0\" marginheight=\"0\" scrolling=\"no\" class=\"wp-embedded-content\"><\/iframe><script type=\"text\/javascript\">\n\/* <![CDATA[ *\/\n\/*! This file is auto-generated *\/\n!function(d,l){\"use strict\";l.querySelector&&d.addEventListener&&\"undefined\"!=typeof URL&&(d.wp=d.wp||{},d.wp.receiveEmbedMessage||(d.wp.receiveEmbedMessage=function(e){var t=e.data;if((t||t.secret||t.message||t.value)&&!\/[^a-zA-Z0-9]\/.test(t.secret)){for(var s,r,n,a=l.querySelectorAll('iframe[data-secret=\"'+t.secret+'\"]'),o=l.querySelectorAll('blockquote[data-secret=\"'+t.secret+'\"]'),c=new RegExp(\"^https?:$\",\"i\"),i=0;i<o.length;i++)o[i].style.display=\"none\";for(i=0;i<a.length;i++)s=a[i],e.source===s.contentWindow&&(s.removeAttribute(\"style\"),\"height\"===t.message?(1e3<(r=parseInt(t.value,10))?r=1e3:~~r<200&&(r=200),s.height=r):\"link\"===t.message&&(r=new URL(s.getAttribute(\"src\")),n=new URL(t.value),c.test(n.protocol))&&n.host===r.host&&l.activeElement===s&&(d.top.location.href=t.value))}},d.addEventListener(\"message\",d.wp.receiveEmbedMessage,!1),l.addEventListener(\"DOMContentLoaded\",function(){for(var e,t,s=l.querySelectorAll(\"iframe.wp-embedded-content\"),r=0;r<s.length;r++)(t=(e=s[r]).getAttribute(\"data-secret\"))||(t=Math.random().toString(36).substring(2,12),e.src+=\"#?secret=\"+t,e.setAttribute(\"data-secret\",t)),e.contentWindow.postMessage({message:\"ready\",secret:t},\"*\")},!1)))}(window,document);\n\/\/# sourceURL=https:\/\/wp.kristdemokraterna.se\/sollentuna\/wp-includes\/js\/wp-embed.min.js\n\/* ]]> *\/\n<\/script>\n","description":"Kristdemokraterna och \u00f6vriga majoriteten\u00a0i Sollentuna kommun har beslutat att st\u00f6dja en ny buss f\u00f6r att hj\u00e4lpa m\u00e4nniskor att ta sig till vacker natur i v\u00e5r n\u00e4rhet. Under fem onsdagar, med start den 27 augusti, kan du som pension\u00e4r ta en buss mellan Edsvik, Sollentuna centrum och B\u00f6gs G\u00e5rd p\u00e5 J\u00e4rvaf\u00e4ltet.\u00a0 P\u00e5 initiativ av pension\u00e4rsorganisationerna mer","thumbnail_url":"http:\/\/wp.kristdemokraterna.se\/sollentuna\/files\/2014\/08\/bogs-gard.jpg"}