{"version":"1.0","provider_name":"Kristdemokraterna i Sollentuna","provider_url":"https:\/\/wp.kristdemokraterna.se\/sollentuna","title":"Nu v\u00e4ssar Kristdemokraterna sin politik - Kristdemokraterna i Sollentuna","type":"rich","width":600,"height":338,"html":"<blockquote class=\"wp-embedded-content\" data-secret=\"WRCPYloBXf\"><a href=\"https:\/\/wp.kristdemokraterna.se\/sollentuna\/nu-vassar-kristdemokraterna-sin-politik\/\">Nu v\u00e4ssar Kristdemokraterna sin politik<\/a><\/blockquote><iframe sandbox=\"allow-scripts\" security=\"restricted\" src=\"https:\/\/wp.kristdemokraterna.se\/sollentuna\/nu-vassar-kristdemokraterna-sin-politik\/embed\/#?secret=WRCPYloBXf\" width=\"600\" height=\"338\" title=\"\u201dNu v\u00e4ssar Kristdemokraterna sin politik\u201d &ndash; Kristdemokraterna i Sollentuna\" data-secret=\"WRCPYloBXf\" frameborder=\"0\" marginwidth=\"0\" marginheight=\"0\" scrolling=\"no\" class=\"wp-embedded-content\"><\/iframe><script type=\"text\/javascript\">\n\/* <![CDATA[ *\/\n\/*! This file is auto-generated *\/\n!function(d,l){\"use strict\";l.querySelector&&d.addEventListener&&\"undefined\"!=typeof URL&&(d.wp=d.wp||{},d.wp.receiveEmbedMessage||(d.wp.receiveEmbedMessage=function(e){var t=e.data;if((t||t.secret||t.message||t.value)&&!\/[^a-zA-Z0-9]\/.test(t.secret)){for(var s,r,n,a=l.querySelectorAll('iframe[data-secret=\"'+t.secret+'\"]'),o=l.querySelectorAll('blockquote[data-secret=\"'+t.secret+'\"]'),c=new RegExp(\"^https?:$\",\"i\"),i=0;i<o.length;i++)o[i].style.display=\"none\";for(i=0;i<a.length;i++)s=a[i],e.source===s.contentWindow&&(s.removeAttribute(\"style\"),\"height\"===t.message?(1e3<(r=parseInt(t.value,10))?r=1e3:~~r<200&&(r=200),s.height=r):\"link\"===t.message&&(r=new URL(s.getAttribute(\"src\")),n=new URL(t.value),c.test(n.protocol))&&n.host===r.host&&l.activeElement===s&&(d.top.location.href=t.value))}},d.addEventListener(\"message\",d.wp.receiveEmbedMessage,!1),l.addEventListener(\"DOMContentLoaded\",function(){for(var e,t,s=l.querySelectorAll(\"iframe.wp-embedded-content\"),r=0;r<s.length;r++)(t=(e=s[r]).getAttribute(\"data-secret\"))||(t=Math.random().toString(36).substring(2,12),e.src+=\"#?secret=\"+t,e.setAttribute(\"data-secret\",t)),e.contentWindow.postMessage({message:\"ready\",secret:t},\"*\")},!1)))}(window,document);\n\/\/# sourceURL=https:\/\/wp.kristdemokraterna.se\/sollentuna\/wp-includes\/js\/wp-embed.min.js\n\/* ]]> *\/\n<\/script>\n","description":"I slutet av september samlas Kristdemokraterna till riksting i Karlstad. Fr\u00e5n Sollentuna \u00e5ker Magnus Ramstrand som ombud f\u00f6r Stockholms l\u00e4n och Sonia Lunnerg\u00e5rd som ombudsers\u00e4ttare. Under tre dagar ska vi fr\u00e5n Sollentuna, tillsammans med ombud fr\u00e5n hela landet, v\u00e4ssa partiets politik inf\u00f6r 2014 \u00e5rs val. Ut\u00f6ver de formella \u00e4renden som ska behandlas, som val mer","thumbnail_url":"http:\/\/wp.kristdemokraterna.se\/sollentuna\/files\/2013\/08\/riksting-handlingar.jpg"}