{"version":"1.0","provider_name":"Kristdemokraterna i Sollentuna","provider_url":"https:\/\/wp.kristdemokraterna.se\/sollentuna","title":"Ordf\u00f6randebyte f\u00f6r Kristdemokraterna i Sollentuna - Kristdemokraterna i Sollentuna","type":"rich","width":600,"height":338,"html":"<blockquote class=\"wp-embedded-content\" data-secret=\"9QlS3P3fuK\"><a href=\"https:\/\/wp.kristdemokraterna.se\/sollentuna\/ordforandebyte-for-kristdemokraterna-i-sollentuna\/\">Ordf\u00f6randebyte f\u00f6r Kristdemokraterna i Sollentuna<\/a><\/blockquote><iframe sandbox=\"allow-scripts\" security=\"restricted\" src=\"https:\/\/wp.kristdemokraterna.se\/sollentuna\/ordforandebyte-for-kristdemokraterna-i-sollentuna\/embed\/#?secret=9QlS3P3fuK\" width=\"600\" height=\"338\" title=\"\u201dOrdf\u00f6randebyte f\u00f6r Kristdemokraterna i Sollentuna\u201d &ndash; Kristdemokraterna i Sollentuna\" data-secret=\"9QlS3P3fuK\" frameborder=\"0\" marginwidth=\"0\" marginheight=\"0\" scrolling=\"no\" class=\"wp-embedded-content\"><\/iframe><script type=\"text\/javascript\">\n\/* <![CDATA[ *\/\n\/*! This file is auto-generated *\/\n!function(d,l){\"use strict\";l.querySelector&&d.addEventListener&&\"undefined\"!=typeof URL&&(d.wp=d.wp||{},d.wp.receiveEmbedMessage||(d.wp.receiveEmbedMessage=function(e){var t=e.data;if((t||t.secret||t.message||t.value)&&!\/[^a-zA-Z0-9]\/.test(t.secret)){for(var s,r,n,a=l.querySelectorAll('iframe[data-secret=\"'+t.secret+'\"]'),o=l.querySelectorAll('blockquote[data-secret=\"'+t.secret+'\"]'),c=new RegExp(\"^https?:$\",\"i\"),i=0;i<o.length;i++)o[i].style.display=\"none\";for(i=0;i<a.length;i++)s=a[i],e.source===s.contentWindow&&(s.removeAttribute(\"style\"),\"height\"===t.message?(1e3<(r=parseInt(t.value,10))?r=1e3:~~r<200&&(r=200),s.height=r):\"link\"===t.message&&(r=new URL(s.getAttribute(\"src\")),n=new URL(t.value),c.test(n.protocol))&&n.host===r.host&&l.activeElement===s&&(d.top.location.href=t.value))}},d.addEventListener(\"message\",d.wp.receiveEmbedMessage,!1),l.addEventListener(\"DOMContentLoaded\",function(){for(var e,t,s=l.querySelectorAll(\"iframe.wp-embedded-content\"),r=0;r<s.length;r++)(t=(e=s[r]).getAttribute(\"data-secret\"))||(t=Math.random().toString(36).substring(2,12),e.src+=\"#?secret=\"+t,e.setAttribute(\"data-secret\",t)),e.contentWindow.postMessage({message:\"ready\",secret:t},\"*\")},!1)))}(window,document);\n\/\/# sourceURL=https:\/\/wp.kristdemokraterna.se\/sollentuna\/wp-includes\/js\/wp-embed.min.js\n\/* ]]> *\/\n<\/script>\n","description":"Kristdemokraterna kraftsamlar &#8211; Efter interna diskussioner om ledningen av v\u00e5rt parti, st\u00e5r vi nu enade bakom G\u00f6ran H\u00e4gglund. Och han har f\u00e5tt ett starkt mandat att arbeta f\u00f6r en f\u00f6r\u00e4ndring s\u00e5 att vi blir ett tydligare kristdemokratiskt parti, sade Malin Appelgren, distriktsordf\u00f6rande i Stockholms l\u00e4n f\u00f6r kristdemokraterna n\u00e4r hon talade p\u00e5 \u00e5rsm\u00f6tet f\u00f6r Kristdemokraterna mer"}