{"version":"1.0","provider_name":"Kristdemokraterna i Sollentuna","provider_url":"https:\/\/wp.kristdemokraterna.se\/sollentuna","title":"\u00d6verby kvarn \u00e4r i funktion - Kristdemokraterna i Sollentuna","type":"rich","width":600,"height":338,"html":"<blockquote class=\"wp-embedded-content\" data-secret=\"Odw0v8hvCY\"><a href=\"https:\/\/wp.kristdemokraterna.se\/sollentuna\/overby-kvarn-ar-i-funktion\/\">\u00d6verby kvarn \u00e4r i funktion<\/a><\/blockquote><iframe sandbox=\"allow-scripts\" security=\"restricted\" src=\"https:\/\/wp.kristdemokraterna.se\/sollentuna\/overby-kvarn-ar-i-funktion\/embed\/#?secret=Odw0v8hvCY\" width=\"600\" height=\"338\" title=\"\u201d\u00d6verby kvarn \u00e4r i funktion\u201d &ndash; Kristdemokraterna i Sollentuna\" data-secret=\"Odw0v8hvCY\" frameborder=\"0\" marginwidth=\"0\" marginheight=\"0\" scrolling=\"no\" class=\"wp-embedded-content\"><\/iframe><script type=\"text\/javascript\">\n\/* <![CDATA[ *\/\n\/*! This file is auto-generated *\/\n!function(d,l){\"use strict\";l.querySelector&&d.addEventListener&&\"undefined\"!=typeof URL&&(d.wp=d.wp||{},d.wp.receiveEmbedMessage||(d.wp.receiveEmbedMessage=function(e){var t=e.data;if((t||t.secret||t.message||t.value)&&!\/[^a-zA-Z0-9]\/.test(t.secret)){for(var s,r,n,a=l.querySelectorAll('iframe[data-secret=\"'+t.secret+'\"]'),o=l.querySelectorAll('blockquote[data-secret=\"'+t.secret+'\"]'),c=new RegExp(\"^https?:$\",\"i\"),i=0;i<o.length;i++)o[i].style.display=\"none\";for(i=0;i<a.length;i++)s=a[i],e.source===s.contentWindow&&(s.removeAttribute(\"style\"),\"height\"===t.message?(1e3<(r=parseInt(t.value,10))?r=1e3:~~r<200&&(r=200),s.height=r):\"link\"===t.message&&(r=new URL(s.getAttribute(\"src\")),n=new URL(t.value),c.test(n.protocol))&&n.host===r.host&&l.activeElement===s&&(d.top.location.href=t.value))}},d.addEventListener(\"message\",d.wp.receiveEmbedMessage,!1),l.addEventListener(\"DOMContentLoaded\",function(){for(var e,t,s=l.querySelectorAll(\"iframe.wp-embedded-content\"),r=0;r<s.length;r++)(t=(e=s[r]).getAttribute(\"data-secret\"))||(t=Math.random().toString(36).substring(2,12),e.src+=\"#?secret=\"+t,e.setAttribute(\"data-secret\",t)),e.contentWindow.postMessage({message:\"ready\",secret:t},\"*\")},!1)))}(window,document);\n\/\/# sourceURL=https:\/\/wp.kristdemokraterna.se\/sollentuna\/wp-includes\/js\/wp-embed.min.js\n\/* ]]> *\/\n<\/script>\n","description":"I helgen var \u00d6verby kvarn, som f\u00f6rvaltas och sk\u00f6ts av Hembygdsf\u00f6reningen, \u00f6ppen. Man mal mj\u00f6l tv\u00e5 g\u00e5nger per \u00e5r men den kan visas f\u00f6r intresserade om man bokar tid. Till och med en vigsel har f\u00f6rr\u00e4ttats vid kvarnen! &#8211; Det var intressant att m\u00f6ta det entusiastiska g\u00e4ng som sk\u00f6ter om kvarnen. Jag vill verkligen mer"}