{"version":"1.0","provider_name":"Kristdemokraterna i Sollentuna","provider_url":"https:\/\/wp.kristdemokraterna.se\/sollentuna","title":"Politiker svarade p\u00e5 fr\u00e5gor p\u00e5 Ungdomens dag - Kristdemokraterna i Sollentuna","type":"rich","width":600,"height":338,"html":"<blockquote class=\"wp-embedded-content\" data-secret=\"GHANPZt75T\"><a href=\"https:\/\/wp.kristdemokraterna.se\/sollentuna\/politiker-svarade-pa-fragor-pa-ungdomens-dag\/\">Politiker svarade p\u00e5 fr\u00e5gor p\u00e5 Ungdomens dag<\/a><\/blockquote><iframe sandbox=\"allow-scripts\" security=\"restricted\" src=\"https:\/\/wp.kristdemokraterna.se\/sollentuna\/politiker-svarade-pa-fragor-pa-ungdomens-dag\/embed\/#?secret=GHANPZt75T\" width=\"600\" height=\"338\" title=\"\u201dPolitiker svarade p\u00e5 fr\u00e5gor p\u00e5 Ungdomens dag\u201d &ndash; Kristdemokraterna i Sollentuna\" data-secret=\"GHANPZt75T\" frameborder=\"0\" marginwidth=\"0\" marginheight=\"0\" scrolling=\"no\" class=\"wp-embedded-content\"><\/iframe><script type=\"text\/javascript\">\n\/* <![CDATA[ *\/\n\/*! This file is auto-generated *\/\n!function(d,l){\"use strict\";l.querySelector&&d.addEventListener&&\"undefined\"!=typeof URL&&(d.wp=d.wp||{},d.wp.receiveEmbedMessage||(d.wp.receiveEmbedMessage=function(e){var t=e.data;if((t||t.secret||t.message||t.value)&&!\/[^a-zA-Z0-9]\/.test(t.secret)){for(var s,r,n,a=l.querySelectorAll('iframe[data-secret=\"'+t.secret+'\"]'),o=l.querySelectorAll('blockquote[data-secret=\"'+t.secret+'\"]'),c=new RegExp(\"^https?:$\",\"i\"),i=0;i<o.length;i++)o[i].style.display=\"none\";for(i=0;i<a.length;i++)s=a[i],e.source===s.contentWindow&&(s.removeAttribute(\"style\"),\"height\"===t.message?(1e3<(r=parseInt(t.value,10))?r=1e3:~~r<200&&(r=200),s.height=r):\"link\"===t.message&&(r=new URL(s.getAttribute(\"src\")),n=new URL(t.value),c.test(n.protocol))&&n.host===r.host&&l.activeElement===s&&(d.top.location.href=t.value))}},d.addEventListener(\"message\",d.wp.receiveEmbedMessage,!1),l.addEventListener(\"DOMContentLoaded\",function(){for(var e,t,s=l.querySelectorAll(\"iframe.wp-embedded-content\"),r=0;r<s.length;r++)(t=(e=s[r]).getAttribute(\"data-secret\"))||(t=Math.random().toString(36).substring(2,12),e.src+=\"#?secret=\"+t,e.setAttribute(\"data-secret\",t)),e.contentWindow.postMessage({message:\"ready\",secret:t},\"*\")},!1)))}(window,document);\n\/\/# sourceURL=https:\/\/wp.kristdemokraterna.se\/sollentuna\/wp-includes\/js\/wp-embed.min.js\n\/* ]]> *\/\n<\/script>\n","description":"F\u00f6rra veckan arrangerade Sollentunas ungdomsr\u00e5d Ungdomens dag p\u00e5 Arena Satelliten. Temat var sociala medier. Dagen avslutades med att tv\u00e5 politiker svarade p\u00e5 fr\u00e5gor. Under dagen fick skolungdomarna bland annat lyssna p\u00e5 f\u00f6rel\u00e4sningar om n\u00e4that men ocks\u00e5 om hur man kan sprida sitt budskap och bli k\u00e4nd \u00f6ver n\u00e4tet. P\u00e5 eftermiddagen var det dags f\u00f6r mer","thumbnail_url":"http:\/\/wp.kristdemokraterna.se\/sollentuna\/files\/2013\/11\/sonia-o-co-ungdomens-dag.jpg"}