{"version":"1.0","provider_name":"Kristdemokraterna i Sollentuna","provider_url":"https:\/\/wp.kristdemokraterna.se\/sollentuna","title":"Sikte p\u00e5 framtiden efter Kristdemokraternas riksting - Kristdemokraterna i Sollentuna","type":"rich","width":600,"height":338,"html":"<blockquote class=\"wp-embedded-content\" data-secret=\"9pFTuLq70v\"><a href=\"https:\/\/wp.kristdemokraterna.se\/sollentuna\/sikte-pa-framtiden-efter-kristdemokraternas-riksting\/\">Sikte p\u00e5 framtiden efter Kristdemokraternas riksting<\/a><\/blockquote><iframe sandbox=\"allow-scripts\" security=\"restricted\" src=\"https:\/\/wp.kristdemokraterna.se\/sollentuna\/sikte-pa-framtiden-efter-kristdemokraternas-riksting\/embed\/#?secret=9pFTuLq70v\" width=\"600\" height=\"338\" title=\"\u201dSikte p\u00e5 framtiden efter Kristdemokraternas riksting\u201d &ndash; Kristdemokraterna i Sollentuna\" data-secret=\"9pFTuLq70v\" frameborder=\"0\" marginwidth=\"0\" marginheight=\"0\" scrolling=\"no\" class=\"wp-embedded-content\"><\/iframe><script type=\"text\/javascript\">\n\/* <![CDATA[ *\/\n\/*! This file is auto-generated *\/\n!function(d,l){\"use strict\";l.querySelector&&d.addEventListener&&\"undefined\"!=typeof URL&&(d.wp=d.wp||{},d.wp.receiveEmbedMessage||(d.wp.receiveEmbedMessage=function(e){var t=e.data;if((t||t.secret||t.message||t.value)&&!\/[^a-zA-Z0-9]\/.test(t.secret)){for(var s,r,n,a=l.querySelectorAll('iframe[data-secret=\"'+t.secret+'\"]'),o=l.querySelectorAll('blockquote[data-secret=\"'+t.secret+'\"]'),c=new RegExp(\"^https?:$\",\"i\"),i=0;i<o.length;i++)o[i].style.display=\"none\";for(i=0;i<a.length;i++)s=a[i],e.source===s.contentWindow&&(s.removeAttribute(\"style\"),\"height\"===t.message?(1e3<(r=parseInt(t.value,10))?r=1e3:~~r<200&&(r=200),s.height=r):\"link\"===t.message&&(r=new URL(s.getAttribute(\"src\")),n=new URL(t.value),c.test(n.protocol))&&n.host===r.host&&l.activeElement===s&&(d.top.location.href=t.value))}},d.addEventListener(\"message\",d.wp.receiveEmbedMessage,!1),l.addEventListener(\"DOMContentLoaded\",function(){for(var e,t,s=l.querySelectorAll(\"iframe.wp-embedded-content\"),r=0;r<s.length;r++)(t=(e=s[r]).getAttribute(\"data-secret\"))||(t=Math.random().toString(36).substring(2,12),e.src+=\"#?secret=\"+t,e.setAttribute(\"data-secret\",t)),e.contentWindow.postMessage({message:\"ready\",secret:t},\"*\")},!1)))}(window,document);\n\/\/# sourceURL=https:\/\/wp.kristdemokraterna.se\/sollentuna\/wp-includes\/js\/wp-embed.min.js\n\/* ]]> *\/\n<\/script>\n","description":"Sonia Lunnerg\u00e5rd och Magnus Ramstrand var Sollentunas bidrag n\u00e4r Kristdemokraterna samlade ett 300-tal engagerade medlemmar i Karlstad f\u00f6r sitt riksting. Bland de hundratals f\u00f6rslag som debatterades och beslutades fanns framf\u00f6r allt de som handlade om barn och unga. Sverige ska bli v\u00e4rldens b\u00e4sta land att v\u00e4xa upp i. Vi i Kristdemokraterna i Sollentuna f\u00f6rs\u00f6ker mer","thumbnail_url":"http:\/\/wp.kristdemokraterna.se\/sollentuna\/files\/2013\/10\/riksting-sollentuna-1024x768.jpg"}