{"version":"1.0","provider_name":"Kristdemokraterna i Sollentuna","provider_url":"https:\/\/wp.kristdemokraterna.se\/sollentuna","title":"Sollentuna vill ha gott samarbete med n\u00e4ringslivet - Kristdemokraterna i Sollentuna","type":"rich","width":600,"height":338,"html":"<blockquote class=\"wp-embedded-content\" data-secret=\"MvQQOAj1yt\"><a href=\"https:\/\/wp.kristdemokraterna.se\/sollentuna\/sollentuna-vill-ha-gott-samarbete-med-naringslivet\/\">Sollentuna vill ha gott samarbete med n\u00e4ringslivet<\/a><\/blockquote><iframe sandbox=\"allow-scripts\" security=\"restricted\" src=\"https:\/\/wp.kristdemokraterna.se\/sollentuna\/sollentuna-vill-ha-gott-samarbete-med-naringslivet\/embed\/#?secret=MvQQOAj1yt\" width=\"600\" height=\"338\" title=\"\u201dSollentuna vill ha gott samarbete med n\u00e4ringslivet\u201d &ndash; Kristdemokraterna i Sollentuna\" data-secret=\"MvQQOAj1yt\" frameborder=\"0\" marginwidth=\"0\" marginheight=\"0\" scrolling=\"no\" class=\"wp-embedded-content\"><\/iframe><script type=\"text\/javascript\">\n\/* <![CDATA[ *\/\n\/*! This file is auto-generated *\/\n!function(d,l){\"use strict\";l.querySelector&&d.addEventListener&&\"undefined\"!=typeof URL&&(d.wp=d.wp||{},d.wp.receiveEmbedMessage||(d.wp.receiveEmbedMessage=function(e){var t=e.data;if((t||t.secret||t.message||t.value)&&!\/[^a-zA-Z0-9]\/.test(t.secret)){for(var s,r,n,a=l.querySelectorAll('iframe[data-secret=\"'+t.secret+'\"]'),o=l.querySelectorAll('blockquote[data-secret=\"'+t.secret+'\"]'),c=new RegExp(\"^https?:$\",\"i\"),i=0;i<o.length;i++)o[i].style.display=\"none\";for(i=0;i<a.length;i++)s=a[i],e.source===s.contentWindow&&(s.removeAttribute(\"style\"),\"height\"===t.message?(1e3<(r=parseInt(t.value,10))?r=1e3:~~r<200&&(r=200),s.height=r):\"link\"===t.message&&(r=new URL(s.getAttribute(\"src\")),n=new URL(t.value),c.test(n.protocol))&&n.host===r.host&&l.activeElement===s&&(d.top.location.href=t.value))}},d.addEventListener(\"message\",d.wp.receiveEmbedMessage,!1),l.addEventListener(\"DOMContentLoaded\",function(){for(var e,t,s=l.querySelectorAll(\"iframe.wp-embedded-content\"),r=0;r<s.length;r++)(t=(e=s[r]).getAttribute(\"data-secret\"))||(t=Math.random().toString(36).substring(2,12),e.src+=\"#?secret=\"+t,e.setAttribute(\"data-secret\",t)),e.contentWindow.postMessage({message:\"ready\",secret:t},\"*\")},!1)))}(window,document);\n\/\/# sourceURL=https:\/\/wp.kristdemokraterna.se\/sollentuna\/wp-includes\/js\/wp-embed.min.js\n\/* ]]> *\/\n<\/script>\n","description":"Som en av n\u00e4rmare 40 politiker och tj\u00e4nstem\u00e4n fr\u00e5n Sollentuna kommun har Magnus Ramstrand deltagit i det \u00e5rligen \u00e5terkommande f\u00f6retagsbes\u00f6k runt om i kommunen. Bes\u00f6ken g\u00f6rs i syfte att utveckla samarbetet mellan Sollentunas n\u00e4ringsliv och kommunen. Syftet \u00e4r\u00a0en \u00f6kad insikt och k\u00e4nnedom om vad kommunens f\u00f6retag bedriver f\u00f6r verksamheter och att f\u00e5 en djupare mer","thumbnail_url":"http:\/\/wp.kristdemokraterna.se\/sollentuna\/files\/2014\/11\/2013-11-08-12.49.49-1024x768.jpg"}