{"version":"1.0","provider_name":"Kristdemokraterna i Solna","provider_url":"https:\/\/wp.kristdemokraterna.se\/solna","title":"\u00c5rets Vitsippspris utdelat! - Kristdemokraterna i Solna","type":"rich","width":600,"height":338,"html":"<blockquote class=\"wp-embedded-content\" data-secret=\"S3ywA770mI\"><a href=\"https:\/\/wp.kristdemokraterna.se\/solna\/arets-vitsippspris-utdelat\/\">\u00c5rets Vitsippspris utdelat!<\/a><\/blockquote><iframe sandbox=\"allow-scripts\" security=\"restricted\" src=\"https:\/\/wp.kristdemokraterna.se\/solna\/arets-vitsippspris-utdelat\/embed\/#?secret=S3ywA770mI\" width=\"600\" height=\"338\" title=\"\u201d\u00c5rets Vitsippspris utdelat!\u201d &ndash; Kristdemokraterna i Solna\" data-secret=\"S3ywA770mI\" frameborder=\"0\" marginwidth=\"0\" marginheight=\"0\" scrolling=\"no\" class=\"wp-embedded-content\"><\/iframe><script type=\"text\/javascript\">\n\/* <![CDATA[ *\/\n\/*! This file is auto-generated *\/\n!function(d,l){\"use strict\";l.querySelector&&d.addEventListener&&\"undefined\"!=typeof URL&&(d.wp=d.wp||{},d.wp.receiveEmbedMessage||(d.wp.receiveEmbedMessage=function(e){var t=e.data;if((t||t.secret||t.message||t.value)&&!\/[^a-zA-Z0-9]\/.test(t.secret)){for(var s,r,n,a=l.querySelectorAll('iframe[data-secret=\"'+t.secret+'\"]'),o=l.querySelectorAll('blockquote[data-secret=\"'+t.secret+'\"]'),c=new RegExp(\"^https?:$\",\"i\"),i=0;i<o.length;i++)o[i].style.display=\"none\";for(i=0;i<a.length;i++)s=a[i],e.source===s.contentWindow&&(s.removeAttribute(\"style\"),\"height\"===t.message?(1e3<(r=parseInt(t.value,10))?r=1e3:~~r<200&&(r=200),s.height=r):\"link\"===t.message&&(r=new URL(s.getAttribute(\"src\")),n=new URL(t.value),c.test(n.protocol))&&n.host===r.host&&l.activeElement===s&&(d.top.location.href=t.value))}},d.addEventListener(\"message\",d.wp.receiveEmbedMessage,!1),l.addEventListener(\"DOMContentLoaded\",function(){for(var e,t,s=l.querySelectorAll(\"iframe.wp-embedded-content\"),r=0;r<s.length;r++)(t=(e=s[r]).getAttribute(\"data-secret\"))||(t=Math.random().toString(36).substring(2,12),e.src+=\"#?secret=\"+t,e.setAttribute(\"data-secret\",t)),e.contentWindow.postMessage({message:\"ready\",secret:t},\"*\")},!1)))}(window,document);\n\/\/# sourceURL=https:\/\/wp.kristdemokraterna.se\/solna\/wp-includes\/js\/wp-embed.min.js\n\/* ]]> *\/\n<\/script>\n","description":"L\u00f6rdagen 5 maj\u00a0anordnade Solnas Kristdemokrater en Familjedag i Augustendal. Vi bj\u00f6d p\u00e5 grillad korv och fika och \u00f6ver 150 korvar gick \u00e5t! Det var en mycket lyckad tr\u00e4ff, d\u00e4r m\u00e5nga barnfamiljer passade p\u00e5 att tr\u00e4ffa kristdemokratiska politiker, f\u00f6r att s\u00e4ga vad de tyckte var bra eller d\u00e5ligt med landets familjepolitik. M\u00e5nga familjer l\u00e4ngtade efter inf\u00f6randet Read More"}