{"version":"1.0","provider_name":"Kristdemokraterna i Solna","provider_url":"https:\/\/wp.kristdemokraterna.se\/solna","title":"\u00c5rsm\u00f6te p\u00e5 Sockerbiten i Ritorp! - Kristdemokraterna i Solna","type":"rich","width":600,"height":338,"html":"<blockquote class=\"wp-embedded-content\" data-secret=\"xe8ltzCcbM\"><a href=\"https:\/\/wp.kristdemokraterna.se\/solna\/arsmote-pa-sockerbiten-i-ritorp\/\">\u00c5rsm\u00f6te p\u00e5 Sockerbiten i Ritorp!<\/a><\/blockquote><iframe sandbox=\"allow-scripts\" security=\"restricted\" src=\"https:\/\/wp.kristdemokraterna.se\/solna\/arsmote-pa-sockerbiten-i-ritorp\/embed\/#?secret=xe8ltzCcbM\" width=\"600\" height=\"338\" title=\"\u201d\u00c5rsm\u00f6te p\u00e5 Sockerbiten i Ritorp!\u201d &ndash; Kristdemokraterna i Solna\" data-secret=\"xe8ltzCcbM\" frameborder=\"0\" marginwidth=\"0\" marginheight=\"0\" scrolling=\"no\" class=\"wp-embedded-content\"><\/iframe><script type=\"text\/javascript\">\n\/* <![CDATA[ *\/\n\/*! This file is auto-generated *\/\n!function(d,l){\"use strict\";l.querySelector&&d.addEventListener&&\"undefined\"!=typeof URL&&(d.wp=d.wp||{},d.wp.receiveEmbedMessage||(d.wp.receiveEmbedMessage=function(e){var t=e.data;if((t||t.secret||t.message||t.value)&&!\/[^a-zA-Z0-9]\/.test(t.secret)){for(var s,r,n,a=l.querySelectorAll('iframe[data-secret=\"'+t.secret+'\"]'),o=l.querySelectorAll('blockquote[data-secret=\"'+t.secret+'\"]'),c=new RegExp(\"^https?:$\",\"i\"),i=0;i<o.length;i++)o[i].style.display=\"none\";for(i=0;i<a.length;i++)s=a[i],e.source===s.contentWindow&&(s.removeAttribute(\"style\"),\"height\"===t.message?(1e3<(r=parseInt(t.value,10))?r=1e3:~~r<200&&(r=200),s.height=r):\"link\"===t.message&&(r=new URL(s.getAttribute(\"src\")),n=new URL(t.value),c.test(n.protocol))&&n.host===r.host&&l.activeElement===s&&(d.top.location.href=t.value))}},d.addEventListener(\"message\",d.wp.receiveEmbedMessage,!1),l.addEventListener(\"DOMContentLoaded\",function(){for(var e,t,s=l.querySelectorAll(\"iframe.wp-embedded-content\"),r=0;r<s.length;r++)(t=(e=s[r]).getAttribute(\"data-secret\"))||(t=Math.random().toString(36).substring(2,12),e.src+=\"#?secret=\"+t,e.setAttribute(\"data-secret\",t)),e.contentWindow.postMessage({message:\"ready\",secret:t},\"*\")},!1)))}(window,document);\n\/\/# sourceURL=https:\/\/wp.kristdemokraterna.se\/solna\/wp-includes\/js\/wp-embed.min.js\n\/* ]]> *\/\n<\/script>\n","description":"\u00c5rsm\u00f6tet inleddes med ett inspirerande tal av Magnus Kolsj\u00f6 som arbetar som politiskt sakkunnig \u00e5t Kummun- och Finansmarknadsminister Mats Odell. Magnus talade om regeringens f\u00f6rsta 130 dagar vid makten. \u00c5rsm\u00f6tet tackade av Erling Medefjord som nu har slutat som Politisk sekreterare f\u00f6r kristdemokraterna. B\u00e5de Tommy och Lena h\u00f6ll varma tal d\u00e4r Erling fick ber\u00f6m f\u00f6r Read More"}