{"version":"1.0","provider_name":"Kristdemokraterna i Solna","provider_url":"https:\/\/wp.kristdemokraterna.se\/solna","title":"Milj\u00f6arbetet i Solna \u2013 gediget och framg\u00e5ngsrikt - Kristdemokraterna i Solna","type":"rich","width":600,"height":338,"html":"<blockquote class=\"wp-embedded-content\" data-secret=\"gfXkAGp2Bn\"><a href=\"https:\/\/wp.kristdemokraterna.se\/solna\/miljoarbetet-i-solna-gediget-och-framgangsrikt\/\">Milj\u00f6arbetet i Solna \u2013 gediget och framg\u00e5ngsrikt<\/a><\/blockquote><iframe sandbox=\"allow-scripts\" security=\"restricted\" src=\"https:\/\/wp.kristdemokraterna.se\/solna\/miljoarbetet-i-solna-gediget-och-framgangsrikt\/embed\/#?secret=gfXkAGp2Bn\" width=\"600\" height=\"338\" title=\"\u201dMilj\u00f6arbetet i Solna \u2013 gediget och framg\u00e5ngsrikt\u201d &ndash; Kristdemokraterna i Solna\" data-secret=\"gfXkAGp2Bn\" frameborder=\"0\" marginwidth=\"0\" marginheight=\"0\" scrolling=\"no\" class=\"wp-embedded-content\"><\/iframe><script type=\"text\/javascript\">\n\/* <![CDATA[ *\/\n\/*! This file is auto-generated *\/\n!function(d,l){\"use strict\";l.querySelector&&d.addEventListener&&\"undefined\"!=typeof URL&&(d.wp=d.wp||{},d.wp.receiveEmbedMessage||(d.wp.receiveEmbedMessage=function(e){var t=e.data;if((t||t.secret||t.message||t.value)&&!\/[^a-zA-Z0-9]\/.test(t.secret)){for(var s,r,n,a=l.querySelectorAll('iframe[data-secret=\"'+t.secret+'\"]'),o=l.querySelectorAll('blockquote[data-secret=\"'+t.secret+'\"]'),c=new RegExp(\"^https?:$\",\"i\"),i=0;i<o.length;i++)o[i].style.display=\"none\";for(i=0;i<a.length;i++)s=a[i],e.source===s.contentWindow&&(s.removeAttribute(\"style\"),\"height\"===t.message?(1e3<(r=parseInt(t.value,10))?r=1e3:~~r<200&&(r=200),s.height=r):\"link\"===t.message&&(r=new URL(s.getAttribute(\"src\")),n=new URL(t.value),c.test(n.protocol))&&n.host===r.host&&l.activeElement===s&&(d.top.location.href=t.value))}},d.addEventListener(\"message\",d.wp.receiveEmbedMessage,!1),l.addEventListener(\"DOMContentLoaded\",function(){for(var e,t,s=l.querySelectorAll(\"iframe.wp-embedded-content\"),r=0;r<s.length;r++)(t=(e=s[r]).getAttribute(\"data-secret\"))||(t=Math.random().toString(36).substring(2,12),e.src+=\"#?secret=\"+t,e.setAttribute(\"data-secret\",t)),e.contentWindow.postMessage({message:\"ready\",secret:t},\"*\")},!1)))}(window,document);\n\/\/# sourceURL=https:\/\/wp.kristdemokraterna.se\/solna\/wp-includes\/js\/wp-embed.min.js\n\/* ]]> *\/\n<\/script>\n","description":"V\u00e5ren 2006 genomf\u00f6rde Naturv\u00e5rdsverket intervjuer i Solna stads f\u00f6rvaltning. Detta eftersom v\u00e5r kommun r\u00e4knas som en \u201dframg\u00e5ngskommun\u201d p\u00e5 milj\u00f6omr\u00e5det, n\u00e5got som inte alltid n\u00e5tt fram till solnaborna. Vad \u00e4r det d\u00e5 som sker? Storsatsning p\u00e5 tillsynsverksamheten\u00a0Trots l\u00e5g kommunalskatt satsar vi i Solna ca 50 % mer per inv\u00e5nare \u00e4n Sundbyberg och Stockholm p\u00e5 den lagstadgade Read More"}