{"version":"1.0","provider_name":"Kristdemokraterna i Solna","provider_url":"https:\/\/wp.kristdemokraterna.se\/solna","title":"\ud83d\udea8 Solna rasar i Svenskt N\u00e4ringslivs ranking - Kristdemokraterna i Solna","type":"rich","width":600,"height":338,"html":"<blockquote class=\"wp-embedded-content\" data-secret=\"CgKqUTlkIi\"><a href=\"https:\/\/wp.kristdemokraterna.se\/solna\/solna-rasar-i-svenskt-naringslivs-ranking\/\">\ud83d\udea8 Solna rasar i Svenskt N\u00e4ringslivs ranking<\/a><\/blockquote><iframe sandbox=\"allow-scripts\" security=\"restricted\" src=\"https:\/\/wp.kristdemokraterna.se\/solna\/solna-rasar-i-svenskt-naringslivs-ranking\/embed\/#?secret=CgKqUTlkIi\" width=\"600\" height=\"338\" title=\"\u201d\ud83d\udea8 Solna rasar i Svenskt N\u00e4ringslivs ranking\u201d &ndash; Kristdemokraterna i Solna\" data-secret=\"CgKqUTlkIi\" frameborder=\"0\" marginwidth=\"0\" marginheight=\"0\" scrolling=\"no\" class=\"wp-embedded-content\"><\/iframe><script type=\"text\/javascript\">\n\/* <![CDATA[ *\/\n\/*! This file is auto-generated *\/\n!function(d,l){\"use strict\";l.querySelector&&d.addEventListener&&\"undefined\"!=typeof URL&&(d.wp=d.wp||{},d.wp.receiveEmbedMessage||(d.wp.receiveEmbedMessage=function(e){var t=e.data;if((t||t.secret||t.message||t.value)&&!\/[^a-zA-Z0-9]\/.test(t.secret)){for(var s,r,n,a=l.querySelectorAll('iframe[data-secret=\"'+t.secret+'\"]'),o=l.querySelectorAll('blockquote[data-secret=\"'+t.secret+'\"]'),c=new RegExp(\"^https?:$\",\"i\"),i=0;i<o.length;i++)o[i].style.display=\"none\";for(i=0;i<a.length;i++)s=a[i],e.source===s.contentWindow&&(s.removeAttribute(\"style\"),\"height\"===t.message?(1e3<(r=parseInt(t.value,10))?r=1e3:~~r<200&&(r=200),s.height=r):\"link\"===t.message&&(r=new URL(s.getAttribute(\"src\")),n=new URL(t.value),c.test(n.protocol))&&n.host===r.host&&l.activeElement===s&&(d.top.location.href=t.value))}},d.addEventListener(\"message\",d.wp.receiveEmbedMessage,!1),l.addEventListener(\"DOMContentLoaded\",function(){for(var e,t,s=l.querySelectorAll(\"iframe.wp-embedded-content\"),r=0;r<s.length;r++)(t=(e=s[r]).getAttribute(\"data-secret\"))||(t=Math.random().toString(36).substring(2,12),e.src+=\"#?secret=\"+t,e.setAttribute(\"data-secret\",t)),e.contentWindow.postMessage({message:\"ready\",secret:t},\"*\")},!1)))}(window,document);\n\/\/# sourceURL=https:\/\/wp.kristdemokraterna.se\/solna\/wp-includes\/js\/wp-embed.min.js\n\/* ]]> *\/\n<\/script>\n","description":"Varje \u00e5r m\u00e4ter Svenskt N\u00e4ringsliv f\u00f6retagsklimatet i Sveriges alla kommuner.\u00a0Solna, som toppade listan i hela 13 \u00e5r, har efter bara tre \u00e5r med socialdemokratiskt styre fallit till plats 13 \u2013 en rekordl\u00e5g placering.Kristdemokraterna \u00e4r djupt oroade \u00f6ver utvecklingen. Vi kr\u00e4ver att det r\u00f6dgr\u00f6na styret agerar omg\u00e5ende f\u00f6r att v\u00e4nda trenden.","thumbnail_url":"https:\/\/static.xx.fbcdn.net\/images\/emoji.php\/v9\/t21\/2\/16\/1f4c9.png"}