{"id":7,"date":"2012-06-20T22:11:18","date_gmt":"2012-06-20T20:11:18","guid":{"rendered":"http:\/\/wp.kristdemokraterna.se\/sormland\/?page_id=7"},"modified":"2019-02-27T17:54:02","modified_gmt":"2019-02-27T16:54:02","slug":"motioner","status":"publish","type":"page","link":"https:\/\/wp.kristdemokraterna.se\/sormland\/regionfullmaktigegruppen\/motioner\/","title":{"rendered":"Motioner"},"content":{"rendered":"<p>Ett av de b\u00e4sta s\u00e4tten v\u00e5ra ledam\u00f6ter i regionfullm\u00e4ktige kan p\u00e5verka politiken sittande i opposition samt visa var de st\u00e5r i olika fr\u00e5gor, \u00e4r att l\u00e4mna f\u00f6rslag till fullm\u00e4ktige i form av motioner. Motionerna debatteras och beslutas vid regionfullm\u00e4ktiges sammantr\u00e4den, som \u00e4r \u00f6ppna f\u00f6r allm\u00e4nheten.<\/p>\n<p>Nedan kan du ta del av ett urval av regiongruppens motioner till regionfullm\u00e4ktige i S\u00f6rmland.<\/p>\n<p><strong>2018<\/strong><br \/>\n<a href=\"http:\/\/wp.kristdemokraterna.se\/sormland\/files\/2019\/02\/motion-sjalvinskrivning-psykiatri_180226.pdf\">Motion sj\u00e4lvinskrivning psykiatri_180226<\/a><br \/>\n<a href=\"http:\/\/wp.kristdemokraterna.se\/sormland\/files\/2019\/02\/motion-mammografi_180417.pdf\">Motion mammografi_180417<\/a><br \/>\n<a href=\"http:\/\/wp.kristdemokraterna.se\/sormland\/files\/2019\/02\/motion-om-hembesok_180618.pdf\">Motion om hembes\u00f6k_180618<\/a><\/p>\n<p><strong>2017<br \/>\n<\/strong><a href=\"http:\/\/wp.kristdemokraterna.se\/sormland\/files\/2017\/01\/motion-innovationsfond.pdf\" target=\"_blank\" rel=\"noopener noreferrer\">Inr\u00e4tta en innovationsfond i Landstinget S\u00f6rmland (10\/1 2017)<\/a><br \/>\n<a href=\"http:\/\/wp.kristdemokraterna.se\/sormland\/files\/2019\/02\/motion-den-ojamlika-elevhalsan.pdf\">Motion &#8211; Den oj\u00e4mlika elevh\u00e4lsan\u00a0(10\/2 2017)<\/a><br \/>\n<a href=\"http:\/\/wp.kristdemokraterna.se\/sormland\/files\/2019\/02\/motion-sjalvtest-kan-fa-fler-att-ta-cellprov.pdf\">Motion &#8211; Sj\u00e4lvtest kan f\u00e5 fler att ta cellprov (27\/2 2017)<\/a><br \/>\n<a href=\"http:\/\/wp.kristdemokraterna.se\/sormland\/files\/2019\/02\/motion-dags-for-e-lonebesked-i-landstinget-sormland.pdf\">Motion &#8211; Dags f\u00f6r e-l\u00f6nebesked i Landstinget S\u00f6rmland (3\/4 2017)<\/a><\/p>\n<p><strong>2016<br \/>\n<\/strong><a href=\"http:\/\/wp.kristdemokraterna.se\/sormland\/files\/2016\/11\/motion-valkretsar.pdf\" target=\"_blank\" rel=\"noopener noreferrer\">Ett landsting &#8211; en valkrets! (8\/11 2016)<\/a><br \/>\n<a href=\"http:\/\/wp.kristdemokraterna.se\/sormland\/files\/2016\/09\/motion-ensamhet.pdf\" target=\"_blank\" rel=\"noopener noreferrer\">Social aktivitet p\u00e5 recept (15\/9 2016)<strong><br \/>\n<\/strong><\/a><a href=\"http:\/\/wp.kristdemokraterna.se\/sormland\/files\/2016\/05\/motion-diabetes2.pdf\" target=\"_blank\" rel=\"noopener noreferrer\">Digital mottagning f\u00f6r unga diabetiker (31\/5 2016)<\/a><a href=\"http:\/\/wp.kristdemokraterna.se\/sormland\/files\/2016\/05\/motion-gryningar.pdf\" target=\"_blank\" rel=\"noopener noreferrer\"><br \/>\nN\u00e4r det \u00e4r sv\u00e5rt att vara sm\u00e5barnsf\u00f6r\u00e4lder (31\/5 2016)<\/a><strong><br \/>\n<\/strong><a href=\"http:\/\/wp.kristdemokraterna.se\/sormland\/files\/2016\/03\/motion-seniormottagningar.pdf\" target=\"_blank\" rel=\"noopener noreferrer\">Vi beh\u00f6ver fler seniormottagningar (22\/3 2016)<strong><br \/>\n<\/strong><\/a><a href=\"http:\/\/wp.kristdemokraterna.se\/sormland\/files\/2016\/02\/motion-hyrpersonal.pdf\" target=\"_blank\" rel=\"noopener noreferrer\">Handlingsplan g\u00e4llande hyrpersonal (11\/2 2016)<strong><br \/>\n<\/strong><\/a><a href=\"http:\/\/wp.kristdemokraterna.se\/sormland\/files\/2016\/01\/motion-samtalsmottagning.pdf\" target=\"_blank\" rel=\"noopener noreferrer\">Samtalsmottagningar f\u00f6r unga vuxna (20\/1 2016)<\/a><\/p>\n<p><strong>2015<br \/>\n<\/strong><a href=\"http:\/\/wp.kristdemokraterna.se\/sormland\/files\/2015\/12\/motion-barnsjukvard.pdf\" target=\"_blank\" rel=\"noopener noreferrer\">Vi beh\u00f6ver en trygg och s\u00e4ker barnsjukv\u00e5rd i \u00d6stra S\u00f6rmland! (8\/12 2015)<strong><br \/>\n<\/strong><\/a><a href=\"http:\/\/wp.kristdemokraterna.se\/sormland\/files\/2015\/11\/diabetesscreening.pdf\" target=\"_blank\" rel=\"noopener noreferrer\">Screening f\u00f6r typ 2-diabetes (24\/11 2015)<strong><br \/>\n<\/strong><\/a><a href=\"http:\/\/wp.kristdemokraterna.se\/sormland\/files\/2015\/08\/motion-hedersfortryck.pdf\" target=\"_blank\" rel=\"noopener noreferrer\">Resurscentrum mot hedersrelaterat v\u00e5ld och f\u00f6rtryck (27\/8 2015 )<strong><br \/>\n<\/strong><\/a><a href=\"http:\/\/wp.kristdemokraterna.se\/sormland\/files\/2015\/06\/motion-blodgivning.pdf\" target=\"_blank\" rel=\"noopener noreferrer\">L\u00e5t landstingsanst\u00e4llda ge blod p\u00e5 arbetstid (17\/6 2015)<\/a><strong><br \/>\n<\/strong><a href=\"http:\/\/wp.kristdemokraterna.se\/sormland\/files\/2015\/05\/motion-allergi.pdf\" target=\"_blank\" rel=\"noopener noreferrer\">F\u00f6rebygg allergi i S\u00f6rmland (11\/5 2015)<\/a><br \/>\n<a href=\"http:\/\/wp.kristdemokraterna.se\/sormland\/files\/2015\/04\/motion-frivilliginsatser.pdf\" target=\"_blank\" rel=\"noopener noreferrer\">Ingen ska beh\u00f6va d\u00f6 i ensamhet p\u00e5 sjukhus (27\/4 2015)<strong><br \/>\n<\/strong><\/a><a href=\"http:\/\/wp.kristdemokraterna.se\/sormland\/files\/2015\/04\/motion-multisjuka.pdf\" target=\"_blank\" rel=\"noopener noreferrer\">B\u00e4ttre v\u00e5rd f\u00f6r multisjuka \u00e4ldre i S\u00f6rmland (21\/4 2015)<\/a><strong><br \/>\n<\/strong><a href=\"http:\/\/wp.kristdemokraterna.se\/sormland\/files\/2015\/04\/motion-ang-familjecentral-i-flen.pdf\" target=\"_blank\" rel=\"noopener noreferrer\">Inr\u00e4tta en familjecentral i Flen (7\/4 2015)<\/a><br \/>\n<a href=\"http:\/\/wp.kristdemokraterna.se\/sormland\/files\/2015\/03\/motion-ang-alkoholfria-operationer.pdf\" target=\"_blank\" rel=\"noopener noreferrer\">Alkoholstopp f\u00f6r operationspatienter (3\/3 2015)<\/a><\/p>\n<p><strong>2014<br \/>\n<\/strong><a href=\"http:\/\/wp.kristdemokraterna.se\/sormland\/files\/2012\/06\/motion-mobil-ungdomsmottagning.pdf\" target=\"_blank\" rel=\"noopener noreferrer\">Mobil ungdomsmottagning (30\/10 2014)<br \/>\n<\/a><a href=\"http:\/\/wp.kristdemokraterna.se\/sormland\/files\/2012\/06\/motion-om-endometrios.pdf\" target=\"_blank\" rel=\"noopener noreferrer\">V\u00e5rden av kvinnor med endometrios (30\/10 2014)<br \/>\n<\/a><a href=\"http:\/\/wp.kristdemokraterna.se\/sormland\/files\/2012\/06\/motion-screening-for-benskorhet.pdf\" target=\"_blank\" rel=\"noopener noreferrer\">Screening f\u00f6r bensk\u00f6rhet hos \u00e4ldre (30\/10 2014)<br \/>\n<\/a><a href=\"http:\/\/wp.kristdemokraterna.se\/sormland\/files\/2012\/06\/motion-konsstympning.pdf\" target=\"_blank\" rel=\"noopener noreferrer\">En handlingsplan f\u00f6r att bek\u00e4mpa k\u00f6nsstympning (8\/6 2014)<\/a><\/p>\n<p><strong>2013<\/strong><br \/>\n<a href=\"http:\/\/wp.kristdemokraterna.se\/sormland\/files\/2012\/06\/Motion-familjecentral-i-Mariefred.pdf\" target=\"_blank\" rel=\"noopener noreferrer\">Familjecentral i Mariefred (18\/11 2013)<\/a><br \/>\n<a href=\"http:\/\/wp.kristdemokraterna.se\/sormland\/files\/2015\/02\/motion-kd-aldrevardscentraler.pdf\" target=\"_blank\" rel=\"noopener noreferrer\">F\u00f6rs\u00f6ksverksamhet med \u00e4ldrev\u00e5rdscentraler (10\/6 2013)<strong><br \/>\n<\/strong><\/a><a href=\"http:\/\/wp.kristdemokraterna.se\/sormland\/files\/2013\/04\/Motion-Antidrogkampanj-mot-cannabis.pdf\" target=\"_blank\" rel=\"noopener noreferrer\">Antidrogkampanj mot cannabis (23\/4 2013)<br \/>\n<\/a><a href=\"http:\/\/wp.kristdemokraterna.se\/sormland\/files\/2015\/02\/motion-smslivraddare.pdf\" target=\"_blank\" rel=\"noopener noreferrer\">SMS-livr\u00e4ddare i S\u00f6rmland (5\/3 2013)<\/a><\/p>\n<p><strong>2012<br \/>\n<\/strong><a href=\"http:\/\/wp.kristdemokraterna.se\/sormland\/files\/2015\/02\/motion-halsoval-malardalen.pdf\" target=\"_blank\" rel=\"noopener noreferrer\">H\u00e4lsoval M\u00e4lardalen (27\/11 2012)<\/a><br \/>\n<a href=\"http:\/\/wp.kristdemokraterna.se\/sormland\/files\/2015\/02\/motion-barn-och-ungdomshalsa-2012-09-13.pdf\" target=\"_blank\" rel=\"noopener noreferrer\">Dags att starta Barn- och ungdomsh\u00e4lsa (13\/9 2012)<\/a><br \/>\n<a href=\"http:\/\/wp.kristdemokraterna.se\/sormland\/files\/2015\/02\/konstgalleri-pa-natet.pdf\" target=\"_blank\" rel=\"noopener noreferrer\">Skapa ett konstgalleri p\u00e5 internet (6\/3 2012)<\/a><br \/>\n<a href=\"http:\/\/wp.kristdemokraterna.se\/sormland\/files\/2015\/02\/motion-avskaffa-avgift.pdf\" target=\"_blank\" rel=\"noopener noreferrer\">Avskaffa avgiften f\u00f6r gynekologisk h\u00e4lsokontroll (6\/3 2012)<\/a><br \/>\n<a href=\"http:\/\/wp.kristdemokraterna.se\/sormland\/files\/2012\/08\/Barnskyddsteam.pdf\" target=\"_blank\" rel=\"noopener noreferrer\">Inr\u00e4tta ett Barnskyddsteam i landstinget (6\/3 2012)<\/a><br \/>\n<a href=\"http:\/\/wp.kristdemokraterna.se\/sormland\/files\/2015\/02\/motion-pensioner.pdf\" target=\"_blank\" rel=\"noopener noreferrer\">Se \u00f6ver riktlinjerna f\u00f6r politikerpensioner (3\/1 2012)<\/a><\/p>\n<p><strong>2011<br \/>\n<\/strong><a href=\"http:\/\/wp.kristdemokraterna.se\/sormland\/files\/2012\/08\/Motion-ang-Patienthotell-11-11-30.pdf\" target=\"_blank\" rel=\"noopener noreferrer\">Patienthotell &#8211; en viktig del i v\u00e5rdkedjan (30\/11 2011)<\/a><br \/>\n<a href=\"http:\/\/wp.kristdemokraterna.se\/sormland\/files\/2015\/02\/motion-lov-for-psykoterapi-11-08-28.pdf\" target=\"_blank\" rel=\"noopener noreferrer\">Inf\u00f6r LOV f\u00f6r privata psykoterapeuter (28\/8 2011)<\/a><br \/>\n<a href=\"http:\/\/wp.kristdemokraterna.se\/sormland\/files\/2015\/02\/motion-ny-organisation-for-halso-och-sjukvarden-11-05-16.pdf\" target=\"_blank\" rel=\"noopener noreferrer\">Ny organisation f\u00f6r h\u00e4lso- och sjukv\u00e5rden (16\/5 2011)<\/a><br \/>\n<a href=\"http:\/\/wp.kristdemokraterna.se\/sormland\/files\/2015\/02\/motion-om-vardval-inom-habilitering-11-03-30.pdf\" target=\"_blank\" rel=\"noopener noreferrer\">V\u00e5rdval \u00e4ven f\u00f6r barnhabilitering (30\/3 2011)<\/a><br \/>\n<a href=\"http:\/\/wp.kristdemokraterna.se\/sormland\/files\/2012\/06\/Motion-ny-driftform-Kullbergska-sjukhuset.pdf\" target=\"_blank\" rel=\"noopener noreferrer\">Ny driftform f\u00f6r Kullbergska sjukhuset (9\/2 2011)<\/a><a href=\"http:\/\/wp.kristdemokraterna.se\/sormland\/files\/2012\/08\/Motion-om-v\u00e5rdval-inom-habilitering-11-03-30.pdf\"><br \/>\n<\/a><\/p>\n<p><strong>2010<\/strong><br \/>\n<a href=\"http:\/\/wp.kristdemokraterna.se\/sormland\/files\/2012\/08\/Motion-Hepatit-B-vaccination-av-barn-10-11-29.pdf\" target=\"_blank\" rel=\"noopener noreferrer\">Hepatit B-vaccination f\u00f6r alla barn i S\u00f6rmland (29\/11 2010)<br \/>\n<\/a><a href=\"http:\/\/wp.kristdemokraterna.se\/sormland\/files\/2012\/08\/Motion-om-Ekokommun-10-05-11.pdf\" target=\"_blank\" rel=\"noopener noreferrer\">Landstinget S\u00f6rmland &#8211; en Ekokommun (11\/5 2010)<\/a><a href=\"http:\/\/wp.kristdemokraterna.se\/sormland\/files\/2012\/08\/Motion-sprutbytesprogram-10-03-09.pdf\" target=\"_blank\" rel=\"noopener noreferrer\"><br \/>\nInf\u00f6r sprutbytesprogram i Landstinget S\u00f6rmland (9\/3 2010)<\/a><\/p>\n<p><strong>2009<\/strong><br \/>\n<a href=\"http:\/\/wp.kristdemokraterna.se\/sormland\/files\/2015\/02\/motion-vald-mot-kvinnor.pdf\" target=\"_blank\" rel=\"noopener noreferrer\">Handlingsprogram v\u00e5ld mot kvinnor (4\/12 2009)<\/a><br \/>\n<a href=\"http:\/\/wp.kristdemokraterna.se\/sormland\/files\/2012\/08\/Motion-upphandling-mammografi-09-11-24.pdf\" target=\"_blank\" rel=\"noopener noreferrer\">Upphandling av mammografi (24\/11 2009)<\/a><br \/>\n<a href=\"http:\/\/wp.kristdemokraterna.se\/sormland\/files\/2015\/02\/motion-utvardering-psykvard-09-11-24.pdf\" target=\"_blank\" rel=\"noopener noreferrer\">Utv\u00e4rdering av den psykiatriska v\u00e5rden (24\/11 2009)<\/a><\/p>\n","protected":false},"excerpt":{"rendered":"<p>Ett av de b\u00e4sta s\u00e4tten v\u00e5ra ledam\u00f6ter i regionfullm\u00e4ktige kan p\u00e5verka politiken sittande i opposition samt visa var de st\u00e5r i olika fr\u00e5gor, \u00e4r att l\u00e4mna f\u00f6rslag till fullm\u00e4ktige i form av motioner. Motionerna debatteras och beslutas vid regionfullm\u00e4ktiges sammantr\u00e4den, som \u00e4r \u00f6ppna f\u00f6r allm\u00e4nheten. Nedan kan du ta del av ett urval av regiongruppens <a class=\"read-more-link\" href=\"https:\/\/wp.kristdemokraterna.se\/sormland\/regionfullmaktigegruppen\/motioner\/\">Read More<\/a><\/p>\n","protected":false},"author":16,"featured_media":0,"parent":203,"menu_order":3,"comment_status":"closed","ping_status":"closed","template":"","meta":{"_acf_changed":false,"footnotes":""},"class_list":["post-7","page","type-page","status-publish","hentry"],"acf":[],"yoast_head":"<!-- This site is optimized with the Yoast SEO plugin v27.4 - https:\/\/yoast.com\/product\/yoast-seo-wordpress\/ -->\n<title>Motioner - S\u00d6RMLAND<\/title>\n<meta name=\"robots\" content=\"index, follow, max-snippet:-1, max-image-preview:large, max-video-preview:-1\" \/>\n<link rel=\"canonical\" href=\"https:\/\/wp.kristdemokraterna.se\/sormland\/regionfullmaktigegruppen\/motioner\/\" \/>\n<meta property=\"og:locale\" content=\"sv_SE\" \/>\n<meta property=\"og:type\" content=\"article\" \/>\n<meta property=\"og:title\" content=\"Motioner - S\u00d6RMLAND\" \/>\n<meta property=\"og:description\" content=\"Ett av de b\u00e4sta s\u00e4tten v\u00e5ra ledam\u00f6ter i regionfullm\u00e4ktige kan p\u00e5verka politiken sittande i opposition samt visa var de st\u00e5r i olika fr\u00e5gor, \u00e4r att l\u00e4mna f\u00f6rslag till fullm\u00e4ktige i form av motioner. Motionerna debatteras och beslutas vid regionfullm\u00e4ktiges sammantr\u00e4den, som \u00e4r \u00f6ppna f\u00f6r allm\u00e4nheten. Nedan kan du ta del av ett urval av regiongruppens Read More\" \/>\n<meta property=\"og:url\" content=\"https:\/\/wp.kristdemokraterna.se\/sormland\/regionfullmaktigegruppen\/motioner\/\" \/>\n<meta property=\"og:site_name\" content=\"S\u00d6RMLAND\" \/>\n<meta property=\"article:modified_time\" content=\"2019-02-27T16:54:02+00:00\" \/>\n<meta name=\"twitter:card\" content=\"summary_large_image\" \/>\n<meta name=\"twitter:label1\" content=\"Ber\u00e4knad l\u00e4stid\" \/>\n\t<meta name=\"twitter:data1\" content=\"2 minuter\" \/>\n<script type=\"application\/ld+json\" class=\"yoast-schema-graph\">{\"@context\":\"https:\\\/\\\/schema.org\",\"@graph\":[{\"@type\":\"WebPage\",\"@id\":\"https:\\\/\\\/wp.kristdemokraterna.se\\\/sormland\\\/regionfullmaktigegruppen\\\/motioner\\\/\",\"url\":\"https:\\\/\\\/wp.kristdemokraterna.se\\\/sormland\\\/regionfullmaktigegruppen\\\/motioner\\\/\",\"name\":\"Motioner - S\u00d6RMLAND\",\"isPartOf\":{\"@id\":\"https:\\\/\\\/wp.kristdemokraterna.se\\\/sormland\\\/#website\"},\"datePublished\":\"2012-06-20T20:11:18+00:00\",\"dateModified\":\"2019-02-27T16:54:02+00:00\",\"breadcrumb\":{\"@id\":\"https:\\\/\\\/wp.kristdemokraterna.se\\\/sormland\\\/regionfullmaktigegruppen\\\/motioner\\\/#breadcrumb\"},\"inLanguage\":\"sv-SE\",\"potentialAction\":[{\"@type\":\"ReadAction\",\"target\":[\"https:\\\/\\\/wp.kristdemokraterna.se\\\/sormland\\\/regionfullmaktigegruppen\\\/motioner\\\/\"]}]},{\"@type\":\"BreadcrumbList\",\"@id\":\"https:\\\/\\\/wp.kristdemokraterna.se\\\/sormland\\\/regionfullmaktigegruppen\\\/motioner\\\/#breadcrumb\",\"itemListElement\":[{\"@type\":\"ListItem\",\"position\":1,\"name\":\"Hem\",\"item\":\"https:\\\/\\\/wp.kristdemokraterna.se\\\/sormland\\\/\"},{\"@type\":\"ListItem\",\"position\":2,\"name\":\"Regiongruppen\",\"item\":\"https:\\\/\\\/wp.kristdemokraterna.se\\\/sormland\\\/regionfullmaktigegruppen\\\/\"},{\"@type\":\"ListItem\",\"position\":3,\"name\":\"Motioner\"}]},{\"@type\":\"WebSite\",\"@id\":\"https:\\\/\\\/wp.kristdemokraterna.se\\\/sormland\\\/#website\",\"url\":\"https:\\\/\\\/wp.kristdemokraterna.se\\\/sormland\\\/\",\"name\":\"S\u00d6RMLAND\",\"description\":\"\",\"inLanguage\":\"sv-SE\"}]}<\/script>\n<!-- \/ Yoast SEO plugin. -->","yoast_head_json":{"title":"Motioner - S\u00d6RMLAND","robots":{"index":"index","follow":"follow","max-snippet":"max-snippet:-1","max-image-preview":"max-image-preview:large","max-video-preview":"max-video-preview:-1"},"canonical":"https:\/\/wp.kristdemokraterna.se\/sormland\/regionfullmaktigegruppen\/motioner\/","og_locale":"sv_SE","og_type":"article","og_title":"Motioner - S\u00d6RMLAND","og_description":"Ett av de b\u00e4sta s\u00e4tten v\u00e5ra ledam\u00f6ter i regionfullm\u00e4ktige kan p\u00e5verka politiken sittande i opposition samt visa var de st\u00e5r i olika fr\u00e5gor, \u00e4r att l\u00e4mna f\u00f6rslag till fullm\u00e4ktige i form av motioner. Motionerna debatteras och beslutas vid regionfullm\u00e4ktiges sammantr\u00e4den, som \u00e4r \u00f6ppna f\u00f6r allm\u00e4nheten. Nedan kan du ta del av ett urval av regiongruppens Read More","og_url":"https:\/\/wp.kristdemokraterna.se\/sormland\/regionfullmaktigegruppen\/motioner\/","og_site_name":"S\u00d6RMLAND","article_modified_time":"2019-02-27T16:54:02+00:00","twitter_card":"summary_large_image","twitter_misc":{"Ber\u00e4knad l\u00e4stid":"2 minuter"},"schema":{"@context":"https:\/\/schema.org","@graph":[{"@type":"WebPage","@id":"https:\/\/wp.kristdemokraterna.se\/sormland\/regionfullmaktigegruppen\/motioner\/","url":"https:\/\/wp.kristdemokraterna.se\/sormland\/regionfullmaktigegruppen\/motioner\/","name":"Motioner - S\u00d6RMLAND","isPartOf":{"@id":"https:\/\/wp.kristdemokraterna.se\/sormland\/#website"},"datePublished":"2012-06-20T20:11:18+00:00","dateModified":"2019-02-27T16:54:02+00:00","breadcrumb":{"@id":"https:\/\/wp.kristdemokraterna.se\/sormland\/regionfullmaktigegruppen\/motioner\/#breadcrumb"},"inLanguage":"sv-SE","potentialAction":[{"@type":"ReadAction","target":["https:\/\/wp.kristdemokraterna.se\/sormland\/regionfullmaktigegruppen\/motioner\/"]}]},{"@type":"BreadcrumbList","@id":"https:\/\/wp.kristdemokraterna.se\/sormland\/regionfullmaktigegruppen\/motioner\/#breadcrumb","itemListElement":[{"@type":"ListItem","position":1,"name":"Hem","item":"https:\/\/wp.kristdemokraterna.se\/sormland\/"},{"@type":"ListItem","position":2,"name":"Regiongruppen","item":"https:\/\/wp.kristdemokraterna.se\/sormland\/regionfullmaktigegruppen\/"},{"@type":"ListItem","position":3,"name":"Motioner"}]},{"@type":"WebSite","@id":"https:\/\/wp.kristdemokraterna.se\/sormland\/#website","url":"https:\/\/wp.kristdemokraterna.se\/sormland\/","name":"S\u00d6RMLAND","description":"","inLanguage":"sv-SE"}]}},"_links":{"self":[{"href":"https:\/\/wp.kristdemokraterna.se\/sormland\/wp-json\/wp\/v2\/pages\/7","targetHints":{"allow":["GET"]}}],"collection":[{"href":"https:\/\/wp.kristdemokraterna.se\/sormland\/wp-json\/wp\/v2\/pages"}],"about":[{"href":"https:\/\/wp.kristdemokraterna.se\/sormland\/wp-json\/wp\/v2\/types\/page"}],"author":[{"embeddable":true,"href":"https:\/\/wp.kristdemokraterna.se\/sormland\/wp-json\/wp\/v2\/users\/16"}],"replies":[{"embeddable":true,"href":"https:\/\/wp.kristdemokraterna.se\/sormland\/wp-json\/wp\/v2\/comments?post=7"}],"version-history":[{"count":73,"href":"https:\/\/wp.kristdemokraterna.se\/sormland\/wp-json\/wp\/v2\/pages\/7\/revisions"}],"predecessor-version":[{"id":2808,"href":"https:\/\/wp.kristdemokraterna.se\/sormland\/wp-json\/wp\/v2\/pages\/7\/revisions\/2808"}],"up":[{"embeddable":true,"href":"https:\/\/wp.kristdemokraterna.se\/sormland\/wp-json\/wp\/v2\/pages\/203"}],"wp:attachment":[{"href":"https:\/\/wp.kristdemokraterna.se\/sormland\/wp-json\/wp\/v2\/media?parent=7"}],"curies":[{"name":"wp","href":"https:\/\/api.w.org\/{rel}","templated":true}]}}