{"version":"1.0","provider_name":"Sundbyberg","provider_url":"https:\/\/wp.kristdemokraterna.se\/sundbyberg","title":"Nu tar vi arbetslinjen till Sundbyberg - Sundbyberg","type":"rich","width":600,"height":338,"html":"<blockquote class=\"wp-embedded-content\" data-secret=\"oGO10YsHdH\"><a href=\"https:\/\/wp.kristdemokraterna.se\/sundbyberg\/2016\/02\/18\/nu-tar-vi-arbetslinjen-till-sundbyberg\/\">Nu tar vi arbetslinjen till Sundbyberg<\/a><\/blockquote><iframe sandbox=\"allow-scripts\" security=\"restricted\" src=\"https:\/\/wp.kristdemokraterna.se\/sundbyberg\/2016\/02\/18\/nu-tar-vi-arbetslinjen-till-sundbyberg\/embed\/#?secret=oGO10YsHdH\" width=\"600\" height=\"338\" title=\"\u201dNu tar vi arbetslinjen till Sundbyberg\u201d &ndash; Sundbyberg\" data-secret=\"oGO10YsHdH\" frameborder=\"0\" marginwidth=\"0\" marginheight=\"0\" scrolling=\"no\" class=\"wp-embedded-content\"><\/iframe><script type=\"text\/javascript\">\n\/* <![CDATA[ *\/\n\/*! This file is auto-generated *\/\n!function(d,l){\"use strict\";l.querySelector&&d.addEventListener&&\"undefined\"!=typeof URL&&(d.wp=d.wp||{},d.wp.receiveEmbedMessage||(d.wp.receiveEmbedMessage=function(e){var t=e.data;if((t||t.secret||t.message||t.value)&&!\/[^a-zA-Z0-9]\/.test(t.secret)){for(var s,r,n,a=l.querySelectorAll('iframe[data-secret=\"'+t.secret+'\"]'),o=l.querySelectorAll('blockquote[data-secret=\"'+t.secret+'\"]'),c=new RegExp(\"^https?:$\",\"i\"),i=0;i<o.length;i++)o[i].style.display=\"none\";for(i=0;i<a.length;i++)s=a[i],e.source===s.contentWindow&&(s.removeAttribute(\"style\"),\"height\"===t.message?(1e3<(r=parseInt(t.value,10))?r=1e3:~~r<200&&(r=200),s.height=r):\"link\"===t.message&&(r=new URL(s.getAttribute(\"src\")),n=new URL(t.value),c.test(n.protocol))&&n.host===r.host&&l.activeElement===s&&(d.top.location.href=t.value))}},d.addEventListener(\"message\",d.wp.receiveEmbedMessage,!1),l.addEventListener(\"DOMContentLoaded\",function(){for(var e,t,s=l.querySelectorAll(\"iframe.wp-embedded-content\"),r=0;r<s.length;r++)(t=(e=s[r]).getAttribute(\"data-secret\"))||(t=Math.random().toString(36).substring(2,12),e.src+=\"#?secret=\"+t,e.setAttribute(\"data-secret\",t)),e.contentWindow.postMessage({message:\"ready\",secret:t},\"*\")},!1)))}(window,document);\n\/\/# sourceURL=https:\/\/wp.kristdemokraterna.se\/sundbyberg\/wp-includes\/js\/wp-embed.min.js\n\/* ]]> *\/\n<\/script>\n","description":"Nu l\u00e4gger vi i det gr\u00f6nbl\u00e5 styret fram v\u00e5r f\u00f6rsta gemensamma verksamhetsplan f\u00f6r jobb, integration och socialtj\u00e4nst. Utg\u00e5ngspunkten i v\u00e5r politik \u00e4r att alla som kan och vill ska ha m\u00f6jlighet att jobba. Detta \u00e4r ett ambiti\u00f6st m\u00e5l som kr\u00e4ver att politiken underl\u00e4ttar f\u00f6r m\u00e4nniskor som vill anst\u00e4lla och bli anst\u00e4llda. Alla beh\u00f6vs i arbetet Read More"}