{"id":112,"date":"2014-02-26T08:38:26","date_gmt":"2014-02-26T07:38:26","guid":{"rendered":"http:\/\/wp.kristdemokraterna.se\/sundbyberg\/?page_id=112"},"modified":"2022-11-09T16:29:23","modified_gmt":"2022-11-09T15:29:23","slug":"en-vardig-aldreomsorg","status":"publish","type":"page","link":"https:\/\/wp.kristdemokraterna.se\/sundbyberg\/var-politik\/en-vardig-aldreomsorg\/","title":{"rendered":"En v\u00e4rdig \u00e4ldreomsorg"},"content":{"rendered":"<p><span style=\"font-weight: 400\">Alla medborgare ska kunna \u00e5ldras i trygghet och med v\u00e4rdighet. Det inneb\u00e4r att service, v\u00e5rd och omsorg ska vara tillg\u00e4nglig och ges utifr\u00e5n en helhetssyn p\u00e5 den enskilde med h\u00e4nsyn till sj\u00e4lsliga, andliga och materiella behov. Denna samh\u00e4lleliga skyldighet inneb\u00e4r att \u00e4ldreomsorgen m\u00e5ste vara v\u00e4l utbyggd med hemtj\u00e4nst och hemsjukv\u00e5rd, olika former av dagverksamhet samt ett varierat utbud av boendeformer.<\/span><\/p>\n<p><span style=\"font-weight: 400\">M\u00e4nniskov\u00e4rdet beror inte p\u00e5 \u00e5ldern eller den egna f\u00f6rm\u00e5gan. \u00c4ldreomsorgen ska d\u00e4rf\u00f6r pr\u00e4glas av trygghet, v\u00e4rdighet och delaktighet. V\u00e5r utg\u00e5ngspunkt \u00e4r att varje person b\u00e4st k\u00e4nner sina egna behov och att m\u00f6jligheten till inflytande och valfrihet d\u00e4rf\u00f6r ska vara stort. N\u00e4rhet och gemenskap \u00e4r grundl\u00e4ggande m\u00e4nskliga behov, n\u00e5got som det offentliga inte fullt ut kan tillfredsst\u00e4lla. Av denna anledning m\u00e5ste \u00e4ldreomsorgen m\u00e5na om goda relationer med anh\u00f6riga och ett gott samarbete med exempelvis anh\u00f6riga, f\u00f6reningar, kyrkor och andra ideella krafter.<\/span><\/p>\n<p><span style=\"font-weight: 400\">Tyv\u00e4rr \u00e4r ensamhet och passivitet bland \u00e4ldre ett problem. Det finns ocks\u00e5 personer som inte f\u00e5r den omsorg de beh\u00f6ver och som ett resultat av detta drabbas av exempelvis undern\u00e4ring men ocks\u00e5 oro och \u00e5ngest. <\/span><\/p>\n<p><span style=\"font-weight: 400\">Boendet \u00e4r centralt f\u00f6r alla. Behoven varierar \u00f6ver tid, och tillg\u00e4ngliga bost\u00e4der med m\u00f6jlighet till gemenskap \u00e4r n\u00e5got m\u00e5nga efterfr\u00e5gar, s\u00e5 kallade Trygghetsboenden. D\u00e4r det finns m\u00f6jlighet till gemenskap och viss tillg\u00e5ng till personal. Vi vill ocks\u00e5 ha mellanboenden, f\u00f6r \u00e4ldre som inte \u00e4r s\u00e5 d\u00e5liga att man beh\u00f6ver bo p\u00e5 s\u00e4rskilt boende. Dessa ska kunna s\u00f6kas fr\u00e5n 70 \u00e5rs \u00e5lder.<\/span><\/p>\n<ul>\n<li style=\"font-weight: 400\"><span style=\"font-weight: 400\">De olika verksamheterna ska s\u00e5 l\u00e5ngt som m\u00f6jligt anpassas f\u00f6r att m\u00f6ta varje persons behov vad g\u00e4ller intressen, spr\u00e5k, livs\u00e5sk\u00e5dning och v\u00e5rdbehov exempelvis genom profileringar och temaboenden.<\/span><\/li>\n<li style=\"font-weight: 400\"><span style=\"font-weight: 400\">Personalens behov av st\u00f6d och kunskaper beh\u00f6ver tryggas med en god personalpolitik och utbildning.<\/span><\/li>\n<li style=\"font-weight: 400\"><span style=\"font-weight: 400\">Integritet, delaktighet och valfrihet skall pr\u00e4gla syns\u00e4ttet inom \u00e4ldrev\u00e5rden.<\/span><\/li>\n<li style=\"font-weight: 400\"><span style=\"font-weight: 400\">Anh\u00f6riga v\u00e4lkomnas att ha inblick och delaktighet enligt sitt eget \u00f6nskem\u00e5l.<\/span><\/li>\n<li style=\"font-weight: 400\"><span style=\"font-weight: 400\">De som s\u00e5 \u00f6nskar skall kunna f\u00e5 v\u00e5rd i hemmet av anh\u00f6riga och f\u00e5 ekonomiskt st\u00f6d till detta.<\/span><\/li>\n<li style=\"font-weight: 400\"><span style=\"font-weight: 400\">En \u00e4ldrepeng skall genomf\u00f6ras, vilket ger en valfrihet till att sj\u00e4lv f\u00e5 v\u00e4lja \u00e4ldreboende. Det f\u00e5r aldrig bli en ekonomisk fr\u00e5ga om man ska kunna f\u00e5 tillg\u00e5ng till den v\u00e5rd och omsorg man beh\u00f6ver.<\/span><\/li>\n<li style=\"font-weight: 400\"><span style=\"font-weight: 400\">Inr\u00e4tta trygghetsboenden och mellanboenden i flera stadsdelar<\/span><\/li>\n<li style=\"font-weight: 400\"><span style=\"font-weight: 400\">Personalen ska f\u00e5 mer utrymme att p\u00e5verka verksamheten.<\/span><\/li>\n<li style=\"font-weight: 400\"><span style=\"font-weight: 400\">Effektiviseringar och god kvalitet f\u00e5r inte bedrivas p\u00e5 bekostnad av s\u00f6nderstressad personal.<\/span><\/li>\n<li style=\"font-weight: 400\"><span style=\"font-weight: 400\">Ers\u00e4ttningen i hemtj\u00e4nsten ska h\u00f6jas s\u00e5 att personalen f\u00e5r tid att sitta ner en stund med v\u00e5ra \u00e4ldre.<\/span><\/li>\n<li style=\"font-weight: 400\"><span style=\"font-weight: 400\">Hellre fler h\u00e4nder i v\u00e5rden \u00e4n dyra certifieringar.<\/span><\/li>\n<li style=\"font-weight: 400\"><span style=\"font-weight: 400\">Valfrihet f\u00f6r \u00e4ldre avseende hems\u00e4nd mat, som tidigare inte ing\u00e5tt i valfrihetssystem ska inf\u00f6ras.<\/span><\/li>\n<li style=\"font-weight: 400\"><span style=\"font-weight: 400\">De \u00e4ldres mat ska bli \u00e4nnu b\u00e4ttre och s\u00e5 n\u00e4ra hemlagad som m\u00f6jligt.<\/span><\/li>\n<li style=\"font-weight: 400\"><span style=\"font-weight: 400\">H\u00f6g \u00e5lder ska beaktas som ett bed\u00f6mningskriterium i kommunens bist\u00e5ndsbed\u00f6mning av personer som ans\u00f6ker om plats p\u00e5 v\u00e5rd- och omsorgsboende<\/span><\/li>\n<li style=\"font-weight: 400\"><span style=\"font-weight: 400\">Alla som fyllt 75 \u00e5r ska inbjudas till en informationstr\u00e4ff f\u00f6r att f\u00e5 information om kommunens verksamhet och ges m\u00f6jlighet att framf\u00f6ra \u00f6nskem\u00e5l.<\/span><\/li>\n<li style=\"font-weight: 400\"><span style=\"font-weight: 400\">Musikpedagogtj\u00e4nsten ska f\u00e5 vara kvarn och vi vill ut\u00f6ka feriemusikupptr\u00e4danden till andra lov.<\/span><\/li>\n<li style=\"font-weight: 400\"><span style=\"font-weight: 400\">St\u00f6rre valfrihet f\u00f6r val av serviceinsatser inom hemtj\u00e4nst erbjudas.<\/span><\/li>\n<li style=\"font-weight: 400\"><span style=\"font-weight: 400\">Alla \u00f6ver 85 \u00e5r ska f\u00e5 plats p\u00e5 ett boende n\u00e4r personen sj\u00e4lv bed\u00f6mer att behovet finns.\u00a0<\/span><\/li>\n<li style=\"font-weight: 400\"><span style=\"font-weight: 400\">V\u00e5rdserviceteam ska inr\u00e4ttas med personal som avlastar v\u00e5rdpersonalen arbetsuppgifter, exempelvis administrativa tj\u00e4nster, service i form av transporter och st\u00e4dning med mera<\/span><\/li>\n<li style=\"font-weight: 400\"><span style=\"font-weight: 400\">Staden ska ha ett v\u00e4lutvecklat anh\u00f6rigst\u00f6d. Det ska finnas tydlig information kring vilket st\u00f6d anh\u00f6riga har r\u00e4tt till.<\/span><\/li>\n<li style=\"font-weight: 400\"><span style=\"font-weight: 400\">I samarbete med regionen ska team med l\u00e4kare och sjuksk\u00f6terskor inr\u00e4ttas f\u00f6r att f\u00f6rst\u00e4rka hemsjukv\u00e5rden och minska antalet inl\u00e4ggningar p\u00e5 sjukhus.<\/span><\/li>\n<li style=\"font-weight: 400\"><span style=\"font-weight: 400\">Mobila enheter ska i inr\u00e4ttas i samverkan med regionen som kan ge v\u00e5rd i hemmet i de fall detta \u00e4r en b\u00e4ttre l\u00f6sning \u00e4n inl\u00e4ggning vid sjukhus<\/span><\/li>\n<li style=\"font-weight: 400\"><span style=\"font-weight: 400\">Hemtagningsteam best\u00e5ende av bist\u00e5ndsbed\u00f6mare, fysioterapeuter, arbetsterapeuter och sjuksk\u00f6terskor inf\u00f6rs f\u00f6r att g\u00f6ra \u00f6verg\u00e5ngen fr\u00e5n sjukhusv\u00e5rden till det egna boendet tryggare och anpassningen till vardagen b\u00e4ttre.\u00a0\u00a0<\/span><\/li>\n<li style=\"font-weight: 400\"><span style=\"font-weight: 400\">Staden ska ha r\u00e4tt att anst\u00e4lla l\u00e4kare<\/span><\/li>\n<li style=\"font-weight: 400\"><span style=\"font-weight: 400\">Staden ska tills\u00e4tta en koordinator som samordnar civilsamh\u00e4llets verksamheter f\u00f6r \u00e4ldre.<\/span><\/li>\n<li style=\"font-weight: 400\"><span style=\"font-weight: 400\">Ideellt driven och id\u00e9buren v\u00e5rd och omsorg ska ges goda f\u00f6ruts\u00e4ttningar att v\u00e4xa fram och driva verksamheten<\/span><\/li>\n<li style=\"font-weight: 400\"><span style=\"font-weight: 400\">Tr\u00e4ffpunkterna ska f\u00e5 vara kvar och f\u00f6reningslivet ska erbjudas att driva stadens tr\u00e4ffpunkter. Samutnyttja tr\u00e4ffpunkternas lokaler med den \u00f6ppna f\u00f6rskolan.<\/span><\/li>\n<li style=\"font-weight: 400\"><span style=\"font-weight: 400\">Genomf\u00f6r ett \u00e5tg\u00e4rdsprogram f\u00f6r att undvika tomma platser p\u00e5 s\u00e4rskilt boende i egen regi och \u00f6ka tillg\u00e5ngen till trygghetsboenden eller motsvarande, exempelvis genom en \u00f6versyn av stadens lokalutnyttjande och antalet boenden i egen regi.\u00a0<\/span><\/li>\n<li style=\"font-weight: 400\"><span style=\"font-weight: 400\">Det ska finnas kuratorer tillg\u00e4ngligt i \u00e4ldreomsorgen f\u00f6r samtalsst\u00f6d till de boende och anh\u00f6riga.<\/span><\/li>\n<li style=\"font-weight: 400\"><span style=\"font-weight: 400\">\u00c4ldresamtal ska erbjudas alla som fyllt 80 \u00e5r som inte har hemtj\u00e4nst eller bor i s\u00e4rskilt boende. <\/span><\/li>\n<\/ul>\n","protected":false},"excerpt":{"rendered":"<p>Alla medborgare ska kunna \u00e5ldras i trygghet och med v\u00e4rdighet. Det inneb\u00e4r att service, v\u00e5rd och omsorg ska vara tillg\u00e4nglig och ges utifr\u00e5n en helhetssyn p\u00e5 den enskilde med h\u00e4nsyn till sj\u00e4lsliga, andliga och materiella behov. Denna samh\u00e4lleliga skyldighet inneb\u00e4r att \u00e4ldreomsorgen m\u00e5ste vara v\u00e4l utbyggd med hemtj\u00e4nst och hemsjukv\u00e5rd, olika former av dagverksamhet samt <a class=\"read-more-link\" href=\"https:\/\/wp.kristdemokraterna.se\/sundbyberg\/var-politik\/en-vardig-aldreomsorg\/\">Read More<\/a><\/p>\n","protected":false},"author":611,"featured_media":0,"parent":60,"menu_order":6,"comment_status":"closed","ping_status":"closed","template":"","meta":{"_acf_changed":false,"footnotes":""},"class_list":["post-112","page","type-page","status-publish","hentry"],"acf":[],"yoast_head":"<!-- This site is optimized with the Yoast SEO plugin v27.4 - https:\/\/yoast.com\/product\/yoast-seo-wordpress\/ -->\n<title>En v\u00e4rdig \u00e4ldreomsorg - Sundbyberg<\/title>\n<meta name=\"robots\" content=\"index, follow, max-snippet:-1, max-image-preview:large, max-video-preview:-1\" \/>\n<link rel=\"canonical\" href=\"https:\/\/wp.kristdemokraterna.se\/sundbyberg\/var-politik\/en-vardig-aldreomsorg\/\" \/>\n<meta property=\"og:locale\" content=\"sv_SE\" \/>\n<meta property=\"og:type\" content=\"article\" \/>\n<meta property=\"og:title\" content=\"En v\u00e4rdig \u00e4ldreomsorg - Sundbyberg\" \/>\n<meta property=\"og:description\" content=\"Alla medborgare ska kunna \u00e5ldras i trygghet och med v\u00e4rdighet. Det inneb\u00e4r att service, v\u00e5rd och omsorg ska vara tillg\u00e4nglig och ges utifr\u00e5n en helhetssyn p\u00e5 den enskilde med h\u00e4nsyn till sj\u00e4lsliga, andliga och materiella behov. Denna samh\u00e4lleliga skyldighet inneb\u00e4r att \u00e4ldreomsorgen m\u00e5ste vara v\u00e4l utbyggd med hemtj\u00e4nst och hemsjukv\u00e5rd, olika former av dagverksamhet samt Read More\" \/>\n<meta property=\"og:url\" content=\"https:\/\/wp.kristdemokraterna.se\/sundbyberg\/var-politik\/en-vardig-aldreomsorg\/\" \/>\n<meta property=\"og:site_name\" content=\"Sundbyberg\" \/>\n<meta property=\"article:modified_time\" content=\"2022-11-09T15:29:23+00:00\" \/>\n<meta name=\"twitter:card\" content=\"summary_large_image\" \/>\n<meta name=\"twitter:label1\" content=\"Ber\u00e4knad l\u00e4stid\" \/>\n\t<meta name=\"twitter:data1\" content=\"4 minuter\" \/>\n<script type=\"application\/ld+json\" class=\"yoast-schema-graph\">{\"@context\":\"https:\\\/\\\/schema.org\",\"@graph\":[{\"@type\":\"WebPage\",\"@id\":\"https:\\\/\\\/wp.kristdemokraterna.se\\\/sundbyberg\\\/var-politik\\\/en-vardig-aldreomsorg\\\/\",\"url\":\"https:\\\/\\\/wp.kristdemokraterna.se\\\/sundbyberg\\\/var-politik\\\/en-vardig-aldreomsorg\\\/\",\"name\":\"En v\u00e4rdig \u00e4ldreomsorg - Sundbyberg\",\"isPartOf\":{\"@id\":\"https:\\\/\\\/wp.kristdemokraterna.se\\\/sundbyberg\\\/#website\"},\"datePublished\":\"2014-02-26T07:38:26+00:00\",\"dateModified\":\"2022-11-09T15:29:23+00:00\",\"breadcrumb\":{\"@id\":\"https:\\\/\\\/wp.kristdemokraterna.se\\\/sundbyberg\\\/var-politik\\\/en-vardig-aldreomsorg\\\/#breadcrumb\"},\"inLanguage\":\"sv-SE\",\"potentialAction\":[{\"@type\":\"ReadAction\",\"target\":[\"https:\\\/\\\/wp.kristdemokraterna.se\\\/sundbyberg\\\/var-politik\\\/en-vardig-aldreomsorg\\\/\"]}]},{\"@type\":\"BreadcrumbList\",\"@id\":\"https:\\\/\\\/wp.kristdemokraterna.se\\\/sundbyberg\\\/var-politik\\\/en-vardig-aldreomsorg\\\/#breadcrumb\",\"itemListElement\":[{\"@type\":\"ListItem\",\"position\":1,\"name\":\"Hem\",\"item\":\"https:\\\/\\\/wp.kristdemokraterna.se\\\/sundbyberg\\\/\"},{\"@type\":\"ListItem\",\"position\":2,\"name\":\"V\u00e5r politik\",\"item\":\"https:\\\/\\\/wp.kristdemokraterna.se\\\/sundbyberg\\\/var-politik\\\/\"},{\"@type\":\"ListItem\",\"position\":3,\"name\":\"En v\u00e4rdig \u00e4ldreomsorg\"}]},{\"@type\":\"WebSite\",\"@id\":\"https:\\\/\\\/wp.kristdemokraterna.se\\\/sundbyberg\\\/#website\",\"url\":\"https:\\\/\\\/wp.kristdemokraterna.se\\\/sundbyberg\\\/\",\"name\":\"Sundbyberg\",\"description\":\"En till Kristdemokraterna webbplats\",\"inLanguage\":\"sv-SE\"}]}<\/script>\n<!-- \/ Yoast SEO plugin. -->","yoast_head_json":{"title":"En v\u00e4rdig \u00e4ldreomsorg - Sundbyberg","robots":{"index":"index","follow":"follow","max-snippet":"max-snippet:-1","max-image-preview":"max-image-preview:large","max-video-preview":"max-video-preview:-1"},"canonical":"https:\/\/wp.kristdemokraterna.se\/sundbyberg\/var-politik\/en-vardig-aldreomsorg\/","og_locale":"sv_SE","og_type":"article","og_title":"En v\u00e4rdig \u00e4ldreomsorg - Sundbyberg","og_description":"Alla medborgare ska kunna \u00e5ldras i trygghet och med v\u00e4rdighet. Det inneb\u00e4r att service, v\u00e5rd och omsorg ska vara tillg\u00e4nglig och ges utifr\u00e5n en helhetssyn p\u00e5 den enskilde med h\u00e4nsyn till sj\u00e4lsliga, andliga och materiella behov. Denna samh\u00e4lleliga skyldighet inneb\u00e4r att \u00e4ldreomsorgen m\u00e5ste vara v\u00e4l utbyggd med hemtj\u00e4nst och hemsjukv\u00e5rd, olika former av dagverksamhet samt Read More","og_url":"https:\/\/wp.kristdemokraterna.se\/sundbyberg\/var-politik\/en-vardig-aldreomsorg\/","og_site_name":"Sundbyberg","article_modified_time":"2022-11-09T15:29:23+00:00","twitter_card":"summary_large_image","twitter_misc":{"Ber\u00e4knad l\u00e4stid":"4 minuter"},"schema":{"@context":"https:\/\/schema.org","@graph":[{"@type":"WebPage","@id":"https:\/\/wp.kristdemokraterna.se\/sundbyberg\/var-politik\/en-vardig-aldreomsorg\/","url":"https:\/\/wp.kristdemokraterna.se\/sundbyberg\/var-politik\/en-vardig-aldreomsorg\/","name":"En v\u00e4rdig \u00e4ldreomsorg - Sundbyberg","isPartOf":{"@id":"https:\/\/wp.kristdemokraterna.se\/sundbyberg\/#website"},"datePublished":"2014-02-26T07:38:26+00:00","dateModified":"2022-11-09T15:29:23+00:00","breadcrumb":{"@id":"https:\/\/wp.kristdemokraterna.se\/sundbyberg\/var-politik\/en-vardig-aldreomsorg\/#breadcrumb"},"inLanguage":"sv-SE","potentialAction":[{"@type":"ReadAction","target":["https:\/\/wp.kristdemokraterna.se\/sundbyberg\/var-politik\/en-vardig-aldreomsorg\/"]}]},{"@type":"BreadcrumbList","@id":"https:\/\/wp.kristdemokraterna.se\/sundbyberg\/var-politik\/en-vardig-aldreomsorg\/#breadcrumb","itemListElement":[{"@type":"ListItem","position":1,"name":"Hem","item":"https:\/\/wp.kristdemokraterna.se\/sundbyberg\/"},{"@type":"ListItem","position":2,"name":"V\u00e5r politik","item":"https:\/\/wp.kristdemokraterna.se\/sundbyberg\/var-politik\/"},{"@type":"ListItem","position":3,"name":"En v\u00e4rdig \u00e4ldreomsorg"}]},{"@type":"WebSite","@id":"https:\/\/wp.kristdemokraterna.se\/sundbyberg\/#website","url":"https:\/\/wp.kristdemokraterna.se\/sundbyberg\/","name":"Sundbyberg","description":"En till Kristdemokraterna webbplats","inLanguage":"sv-SE"}]}},"_links":{"self":[{"href":"https:\/\/wp.kristdemokraterna.se\/sundbyberg\/wp-json\/wp\/v2\/pages\/112","targetHints":{"allow":["GET"]}}],"collection":[{"href":"https:\/\/wp.kristdemokraterna.se\/sundbyberg\/wp-json\/wp\/v2\/pages"}],"about":[{"href":"https:\/\/wp.kristdemokraterna.se\/sundbyberg\/wp-json\/wp\/v2\/types\/page"}],"author":[{"embeddable":true,"href":"https:\/\/wp.kristdemokraterna.se\/sundbyberg\/wp-json\/wp\/v2\/users\/611"}],"replies":[{"embeddable":true,"href":"https:\/\/wp.kristdemokraterna.se\/sundbyberg\/wp-json\/wp\/v2\/comments?post=112"}],"version-history":[{"count":4,"href":"https:\/\/wp.kristdemokraterna.se\/sundbyberg\/wp-json\/wp\/v2\/pages\/112\/revisions"}],"predecessor-version":[{"id":1143,"href":"https:\/\/wp.kristdemokraterna.se\/sundbyberg\/wp-json\/wp\/v2\/pages\/112\/revisions\/1143"}],"up":[{"embeddable":true,"href":"https:\/\/wp.kristdemokraterna.se\/sundbyberg\/wp-json\/wp\/v2\/pages\/60"}],"wp:attachment":[{"href":"https:\/\/wp.kristdemokraterna.se\/sundbyberg\/wp-json\/wp\/v2\/media?parent=112"}],"curies":[{"name":"wp","href":"https:\/\/api.w.org\/{rel}","templated":true}]}}