{"id":122,"date":"2014-02-26T08:40:34","date_gmt":"2014-02-26T07:40:34","guid":{"rendered":"http:\/\/wp.kristdemokraterna.se\/sundbyberg\/?page_id=122"},"modified":"2022-11-09T16:31:26","modified_gmt":"2022-11-09T15:31:26","slug":"social-trygghet","status":"publish","type":"page","link":"https:\/\/wp.kristdemokraterna.se\/sundbyberg\/var-politik\/social-trygghet\/","title":{"rendered":"Du ska k\u00e4nna dig trygg i Sundbyberg"},"content":{"rendered":"<p><span style=\"font-weight: 400\">Det viktigaste s\u00e4ttet att bek\u00e4mpa brottslighet \u00e4r genom f\u00f6rebyggande insatser och det \u00e4r framf\u00f6r allt vuxnas ansvar gentemot barn och ungdomar. Familjens roll att fostra och leda de unga \u00e4r av st\u00f6rsta vikt. Samh\u00e4llet m\u00e5ste vidare ge tydliga signaler om vad som \u00e4r r\u00e4tt och vad som \u00e4r fel. En snabb reaktion p\u00e5 beg\u00e5ngna brott och en \u00f6kad uppt\u00e4cktsrisk f\u00f6r f\u00f6r\u00f6varna \u00e4r viktigt.<\/span><\/p>\n<p><span style=\"font-weight: 400\">Ofta n\u00e4r man talar om det brottsf\u00f6rebyggande arbetet handlar det om mer pengar och mer lagstiftning. Pengar och lagstiftning beh\u00f6vs och \u00e4r viktigt, men kan inte ensamt l\u00f6sa alla problem. K\u00e4nslan av att n\u00e5gon bryr sig, att det finns n\u00e5gon att v\u00e4nda sig till, att n\u00e5gon ser och reagerar n\u00e4r n\u00e5got \u00e4r fel, \u00e4r ov\u00e4rderligt. Familjens och skolans roll i det brottsf\u00f6rebyggande arbetet \u00e4r d\u00e4rf\u00f6r centralt.<\/span><span style=\"font-weight: 400\"><br \/>\n<\/span><span style=\"font-weight: 400\">Vi vill skapa en stad d\u00e4r alla k\u00e4nner sig trygga p\u00e5 gator och torg.<\/span><\/p>\n<p><span style=\"font-weight: 400\">F\u00f6r att staden ska vara attraktiv kr\u00e4vs det att medborgarna upplever den som trygg. Att bygga ett samh\u00e4lle d\u00e4r m\u00e4nniskor k\u00e4nner sig trygga handlar om att ta till sig en m\u00e4ngd olika perspektiv. Alltifr\u00e5n att skapa naturliga m\u00f6tesplatser och hur vi arbetar med ljuss\u00e4ttning till att bek\u00e4mpa organiserad brottslighet och allt d\u00e4remellan. I grunden handlar det dock om ett samh\u00e4lle d\u00e4r medborgarna k\u00e4nner tillit, tillit till varandra och tillit till samh\u00e4llets institutioner. H\u00e4r fyller det civila samh\u00e4llet en betydelsefull roll. I f\u00f6reningsengagemang fostras vi till tillit, ansvarstagande och civilkurage.<\/span><\/p>\n<ul>\n<li style=\"font-weight: 400\"><span style=\"font-weight: 400\">F\u00f6rst\u00e4rkt kamera\u00f6vervakning i brottsutsatta omr\u00e5den<\/span><\/li>\n<li style=\"font-weight: 400\"><span style=\"font-weight: 400\">F\u00f6rb\u00e4ttra det upps\u00f6kande arbetet med unga p\u00e5 glid f\u00f6r att f\u00f6rebygga utanf\u00f6rskap och minska otryggheten<\/span><\/li>\n<li style=\"font-weight: 400\"><span style=\"font-weight: 400\">Aktivt uppf\u00f6ljningsarbete ska g\u00f6ras inom socialtj\u00e4nsten f\u00f6r att uppm\u00e4rksamma personer som \u00e5terkommande f\u00f6rekommer i \u00e4renden inom barn- och ungdomsenheten<\/span><\/li>\n<li style=\"font-weight: 400\"><span style=\"font-weight: 400\">En trygghetsbil ska rulla i Sundbyberg d\u00e4r f\u00f6reningar och enskilda hj\u00e4lper till med att f\u00f6rhindra brott.<\/span><\/li>\n<li style=\"font-weight: 400\"><span style=\"font-weight: 400\">Fler bostadsr\u00e4tter i Hallonbergen f\u00f6r att \u00f6ka ansvarstagandet i boendet.<\/span><\/li>\n<li style=\"font-weight: 400\"><span style=\"font-weight: 400\">Fler synliga poliser p\u00e5 gator och torg<\/span><b>.<\/b><\/li>\n<li style=\"font-weight: 400\"><span style=\"font-weight: 400\">St\u00f6dcentrum f\u00f6r unga brottsoffer ska tillskapas.<\/span><\/li>\n<li style=\"font-weight: 400\"><span style=\"font-weight: 400\">Avhopparjourer ska utvecklas, dit personer som vill l\u00e4mna sitt kriminella liv kan v\u00e4nda sig.<\/span><\/li>\n<li style=\"font-weight: 400\"><span style=\"font-weight: 400\">Bekymringssamtal, orosm\u00f6ten och liknande b\u00f6r erbjudas som behandling till personer som ing\u00e5r i kriminella strukturer.<\/span><\/li>\n<li style=\"font-weight: 400\"><span style=\"font-weight: 400\">Inr\u00e4tta ett trygghetscentrum i Hallonbergen d\u00e4r bland andra polis, ordningsvakter, nattvandrare, grannsamverkan, socialtj\u00e4nst, r\u00e4ddningstj\u00e4nst och avhopparjour kan samordna sitt trygghetsskapande arbete och ha kontakt med medborgare.<\/span><\/li>\n<li style=\"font-weight: 400\"><span style=\"font-weight: 400\">Kontaktmannaskap f\u00f6r unga som beg\u00e5tt kriminella handlingar ska finnas.<\/span><\/li>\n<li style=\"font-weight: 400\"><span style=\"font-weight: 400\">Trygghetsperspektivet ska vara en integrerad del i stadsbyggnadsarbetet f\u00f6r att undvika att milj\u00f6er skapas som upplevs otrygga.<\/span><\/li>\n<li style=\"font-weight: 400\"><span style=\"font-weight: 400\">Klotter ska omedelbart avl\u00e4gsnas f\u00f6r att minska upplevelsen av otrygghet.<\/span><\/li>\n<li style=\"font-weight: 400\"><span style=\"font-weight: 400\">Stadens ordningsf\u00f6reskrifter ska ses \u00f6ver f\u00f6r att reglera var tiggeri, gatumusicerande och annan liknande verksamhet inte f\u00e5r f\u00f6rekomma f\u00f6r att s\u00e4kra trygghet och trivsel i v\u00e5r offentliga milj\u00f6.<\/span><\/li>\n<li style=\"font-weight: 400\"><span style=\"font-weight: 400\">Dialog ska f\u00f6ras mellan kommunen och polisen med syfte att komma fram till s\u00e5 kallade medborgarl\u00f6ften som en del i det brottsf\u00f6rebyggande och trygghetsskapande arbetet.<\/span><\/li>\n<li style=\"font-weight: 400\"><span style=\"font-weight: 400\">Personalen inom f\u00f6rskola, skola och socialtj\u00e4nst ska fortbildas f\u00f6r att kunna uppt\u00e4cka tecken p\u00e5 radikalisering och v\u00e5ldsbejakande extremism.<\/span><\/li>\n<li style=\"font-weight: 400\">Allm\u00e4nnyttan ska tillhandah\u00e5lla ett tillr\u00e4ckligt antal bostadssociala kontrakt.<\/li>\n<\/ul>\n","protected":false},"excerpt":{"rendered":"<p>Det viktigaste s\u00e4ttet att bek\u00e4mpa brottslighet \u00e4r genom f\u00f6rebyggande insatser och det \u00e4r framf\u00f6r allt vuxnas ansvar gentemot barn och ungdomar. Familjens roll att fostra och leda de unga \u00e4r av st\u00f6rsta vikt. Samh\u00e4llet m\u00e5ste vidare ge tydliga signaler om vad som \u00e4r r\u00e4tt och vad som \u00e4r fel. En snabb reaktion p\u00e5 beg\u00e5ngna brott <a class=\"read-more-link\" href=\"https:\/\/wp.kristdemokraterna.se\/sundbyberg\/var-politik\/social-trygghet\/\">Read More<\/a><\/p>\n","protected":false},"author":611,"featured_media":0,"parent":60,"menu_order":8,"comment_status":"closed","ping_status":"closed","template":"","meta":{"_acf_changed":false,"footnotes":""},"class_list":["post-122","page","type-page","status-publish","hentry"],"acf":[],"yoast_head":"<!-- This site is optimized with the Yoast SEO plugin v27.4 - https:\/\/yoast.com\/product\/yoast-seo-wordpress\/ -->\n<title>Du ska k\u00e4nna dig trygg i Sundbyberg - Sundbyberg<\/title>\n<meta name=\"robots\" content=\"index, follow, max-snippet:-1, max-image-preview:large, max-video-preview:-1\" \/>\n<link rel=\"canonical\" href=\"https:\/\/wp.kristdemokraterna.se\/sundbyberg\/var-politik\/social-trygghet\/\" \/>\n<meta property=\"og:locale\" content=\"sv_SE\" \/>\n<meta property=\"og:type\" content=\"article\" \/>\n<meta property=\"og:title\" content=\"Du ska k\u00e4nna dig trygg i Sundbyberg - Sundbyberg\" \/>\n<meta property=\"og:description\" content=\"Det viktigaste s\u00e4ttet att bek\u00e4mpa brottslighet \u00e4r genom f\u00f6rebyggande insatser och det \u00e4r framf\u00f6r allt vuxnas ansvar gentemot barn och ungdomar. Familjens roll att fostra och leda de unga \u00e4r av st\u00f6rsta vikt. Samh\u00e4llet m\u00e5ste vidare ge tydliga signaler om vad som \u00e4r r\u00e4tt och vad som \u00e4r fel. En snabb reaktion p\u00e5 beg\u00e5ngna brott Read More\" \/>\n<meta property=\"og:url\" content=\"https:\/\/wp.kristdemokraterna.se\/sundbyberg\/var-politik\/social-trygghet\/\" \/>\n<meta property=\"og:site_name\" content=\"Sundbyberg\" \/>\n<meta property=\"article:modified_time\" content=\"2022-11-09T15:31:26+00:00\" \/>\n<meta name=\"twitter:card\" content=\"summary_large_image\" \/>\n<meta name=\"twitter:label1\" content=\"Ber\u00e4knad l\u00e4stid\" \/>\n\t<meta name=\"twitter:data1\" content=\"3 minuter\" \/>\n<script type=\"application\/ld+json\" class=\"yoast-schema-graph\">{\"@context\":\"https:\\\/\\\/schema.org\",\"@graph\":[{\"@type\":\"WebPage\",\"@id\":\"https:\\\/\\\/wp.kristdemokraterna.se\\\/sundbyberg\\\/var-politik\\\/social-trygghet\\\/\",\"url\":\"https:\\\/\\\/wp.kristdemokraterna.se\\\/sundbyberg\\\/var-politik\\\/social-trygghet\\\/\",\"name\":\"Du ska k\u00e4nna dig trygg i Sundbyberg - Sundbyberg\",\"isPartOf\":{\"@id\":\"https:\\\/\\\/wp.kristdemokraterna.se\\\/sundbyberg\\\/#website\"},\"datePublished\":\"2014-02-26T07:40:34+00:00\",\"dateModified\":\"2022-11-09T15:31:26+00:00\",\"breadcrumb\":{\"@id\":\"https:\\\/\\\/wp.kristdemokraterna.se\\\/sundbyberg\\\/var-politik\\\/social-trygghet\\\/#breadcrumb\"},\"inLanguage\":\"sv-SE\",\"potentialAction\":[{\"@type\":\"ReadAction\",\"target\":[\"https:\\\/\\\/wp.kristdemokraterna.se\\\/sundbyberg\\\/var-politik\\\/social-trygghet\\\/\"]}]},{\"@type\":\"BreadcrumbList\",\"@id\":\"https:\\\/\\\/wp.kristdemokraterna.se\\\/sundbyberg\\\/var-politik\\\/social-trygghet\\\/#breadcrumb\",\"itemListElement\":[{\"@type\":\"ListItem\",\"position\":1,\"name\":\"Hem\",\"item\":\"https:\\\/\\\/wp.kristdemokraterna.se\\\/sundbyberg\\\/\"},{\"@type\":\"ListItem\",\"position\":2,\"name\":\"V\u00e5r politik\",\"item\":\"https:\\\/\\\/wp.kristdemokraterna.se\\\/sundbyberg\\\/var-politik\\\/\"},{\"@type\":\"ListItem\",\"position\":3,\"name\":\"Du ska k\u00e4nna dig trygg i Sundbyberg\"}]},{\"@type\":\"WebSite\",\"@id\":\"https:\\\/\\\/wp.kristdemokraterna.se\\\/sundbyberg\\\/#website\",\"url\":\"https:\\\/\\\/wp.kristdemokraterna.se\\\/sundbyberg\\\/\",\"name\":\"Sundbyberg\",\"description\":\"En till Kristdemokraterna webbplats\",\"inLanguage\":\"sv-SE\"}]}<\/script>\n<!-- \/ Yoast SEO plugin. -->","yoast_head_json":{"title":"Du ska k\u00e4nna dig trygg i Sundbyberg - Sundbyberg","robots":{"index":"index","follow":"follow","max-snippet":"max-snippet:-1","max-image-preview":"max-image-preview:large","max-video-preview":"max-video-preview:-1"},"canonical":"https:\/\/wp.kristdemokraterna.se\/sundbyberg\/var-politik\/social-trygghet\/","og_locale":"sv_SE","og_type":"article","og_title":"Du ska k\u00e4nna dig trygg i Sundbyberg - Sundbyberg","og_description":"Det viktigaste s\u00e4ttet att bek\u00e4mpa brottslighet \u00e4r genom f\u00f6rebyggande insatser och det \u00e4r framf\u00f6r allt vuxnas ansvar gentemot barn och ungdomar. Familjens roll att fostra och leda de unga \u00e4r av st\u00f6rsta vikt. Samh\u00e4llet m\u00e5ste vidare ge tydliga signaler om vad som \u00e4r r\u00e4tt och vad som \u00e4r fel. En snabb reaktion p\u00e5 beg\u00e5ngna brott Read More","og_url":"https:\/\/wp.kristdemokraterna.se\/sundbyberg\/var-politik\/social-trygghet\/","og_site_name":"Sundbyberg","article_modified_time":"2022-11-09T15:31:26+00:00","twitter_card":"summary_large_image","twitter_misc":{"Ber\u00e4knad l\u00e4stid":"3 minuter"},"schema":{"@context":"https:\/\/schema.org","@graph":[{"@type":"WebPage","@id":"https:\/\/wp.kristdemokraterna.se\/sundbyberg\/var-politik\/social-trygghet\/","url":"https:\/\/wp.kristdemokraterna.se\/sundbyberg\/var-politik\/social-trygghet\/","name":"Du ska k\u00e4nna dig trygg i Sundbyberg - Sundbyberg","isPartOf":{"@id":"https:\/\/wp.kristdemokraterna.se\/sundbyberg\/#website"},"datePublished":"2014-02-26T07:40:34+00:00","dateModified":"2022-11-09T15:31:26+00:00","breadcrumb":{"@id":"https:\/\/wp.kristdemokraterna.se\/sundbyberg\/var-politik\/social-trygghet\/#breadcrumb"},"inLanguage":"sv-SE","potentialAction":[{"@type":"ReadAction","target":["https:\/\/wp.kristdemokraterna.se\/sundbyberg\/var-politik\/social-trygghet\/"]}]},{"@type":"BreadcrumbList","@id":"https:\/\/wp.kristdemokraterna.se\/sundbyberg\/var-politik\/social-trygghet\/#breadcrumb","itemListElement":[{"@type":"ListItem","position":1,"name":"Hem","item":"https:\/\/wp.kristdemokraterna.se\/sundbyberg\/"},{"@type":"ListItem","position":2,"name":"V\u00e5r politik","item":"https:\/\/wp.kristdemokraterna.se\/sundbyberg\/var-politik\/"},{"@type":"ListItem","position":3,"name":"Du ska k\u00e4nna dig trygg i Sundbyberg"}]},{"@type":"WebSite","@id":"https:\/\/wp.kristdemokraterna.se\/sundbyberg\/#website","url":"https:\/\/wp.kristdemokraterna.se\/sundbyberg\/","name":"Sundbyberg","description":"En till Kristdemokraterna webbplats","inLanguage":"sv-SE"}]}},"_links":{"self":[{"href":"https:\/\/wp.kristdemokraterna.se\/sundbyberg\/wp-json\/wp\/v2\/pages\/122","targetHints":{"allow":["GET"]}}],"collection":[{"href":"https:\/\/wp.kristdemokraterna.se\/sundbyberg\/wp-json\/wp\/v2\/pages"}],"about":[{"href":"https:\/\/wp.kristdemokraterna.se\/sundbyberg\/wp-json\/wp\/v2\/types\/page"}],"author":[{"embeddable":true,"href":"https:\/\/wp.kristdemokraterna.se\/sundbyberg\/wp-json\/wp\/v2\/users\/611"}],"replies":[{"embeddable":true,"href":"https:\/\/wp.kristdemokraterna.se\/sundbyberg\/wp-json\/wp\/v2\/comments?post=122"}],"version-history":[{"count":4,"href":"https:\/\/wp.kristdemokraterna.se\/sundbyberg\/wp-json\/wp\/v2\/pages\/122\/revisions"}],"predecessor-version":[{"id":1145,"href":"https:\/\/wp.kristdemokraterna.se\/sundbyberg\/wp-json\/wp\/v2\/pages\/122\/revisions\/1145"}],"up":[{"embeddable":true,"href":"https:\/\/wp.kristdemokraterna.se\/sundbyberg\/wp-json\/wp\/v2\/pages\/60"}],"wp:attachment":[{"href":"https:\/\/wp.kristdemokraterna.se\/sundbyberg\/wp-json\/wp\/v2\/media?parent=122"}],"curies":[{"name":"wp","href":"https:\/\/api.w.org\/{rel}","templated":true}]}}