{"id":439,"date":"2017-01-19T13:01:41","date_gmt":"2017-01-19T12:01:41","guid":{"rendered":"http:\/\/wp.kristdemokraterna.se\/sundbyberg\/?page_id=439"},"modified":"2017-01-25T11:40:16","modified_gmt":"2017-01-25T10:40:16","slug":"storre-valfrihet-med-lov-i-sundbyberg","status":"publish","type":"page","link":"https:\/\/wp.kristdemokraterna.se\/sundbyberg\/var-politik\/en-vardig-aldreomsorg\/storre-valfrihet-med-lov-i-sundbyberg\/","title":{"rendered":"St\u00f6rre valfrihet med LOV i Sundbyberg"},"content":{"rendered":"<p class=\"m_3762562735722500541m7006422707228141800brdtextfrstaraden\"><b>I december\u00a0inf\u00f6rdes Lagen om valfrihetssystem (LOV), f\u00f6r \u00e4ldreboenden. Det \u00e4r en efterl\u00e4ngtad reform som g\u00f6r det m\u00f6jligt f\u00f6r privata utf\u00f6rare att etablera och driva \u00e4ldreboenden, f\u00f6rutsatt att de uppfyller kommunens kvalitetskrav. <\/b>\u00a0<b>Vi har f\u00f6r l\u00e4nge sedan gett makten till f\u00f6r\u00e4ldrarna att v\u00e4lja skola \u00e5t sina barn. Nu \u00e4r det dags att vi ser p\u00e5 v\u00e5ra \u00e4ldre som individer som sj\u00e4lva f\u00e5r v\u00e4lja p\u00e5 vilket hem de ska tillbringa sina sista dagar. V\u00e5rdboenden ska inte vara institutioner i samh\u00e4llsmaskineriet utan m\u00e4nniskors hem.<\/b><\/p>\n<p><u><\/u>V\u00e5ra<span class=\"m_3762562735722500541apple-converted-space\">\u00a0<\/span><span class=\"m_3762562735722500541il\">\u00e4ldre<\/span><span class=\"m_3762562735722500541apple-converted-space\">\u00a0<\/span>kan<span class=\"m_3762562735722500541apple-converted-space\">\u00a0sedan ett par \u00e5r tillbaka <\/span><span class=\"m_3762562735722500541il\">v\u00e4lja <\/span>nischade hemtj\u00e4nstf\u00f6retag och byta om man inte \u00e4r n\u00f6jd. Likav\u00e4l som man v\u00e4ljer p\u00e5 vilken restaurang man \u00e4ter, s\u00e5 kan man v\u00e4lja hemtj\u00e4nst. 2017 tar vi ytterligare ett steg mot full valfrihet f\u00f6r v\u00e5ra \u00e4ldre n\u00e4r vi inf\u00f6r LOV f\u00f6r s\u00e4rskilda boenden. V\u00e5rt m\u00e5l \u00e4r att alla ska f\u00e5 bo kvar i \u201dsina\u201d kvarter n\u00e4r det uppst\u00e5r ett behov av stor omsorg. Dessutom f\u00e5r alla LOV-boenden samma ekonomiska villkor.<u><\/u><\/p>\n<p><u><\/u>Ett av m\u00e5len med att inf\u00f6ra LOV \u00e4r att \u00f6ka m\u00e5ngfalden av boenden i kommunen. Exempelvis kan boendet ut\u00f6ver omv\u00e5rdnad och\/eller demensinriktning ha en specialkompetens eller s\u00e4rskild inriktning s\u00e5som musik, mat eller ett visst spr\u00e5k. En m\u00e5ngfald av ut\u00f6vare \u00f6kar valfriheten f\u00f6r den enskilde samt h\u00f6jer kvaliteten i \u00e4ldreomsorgen.<\/p>\n<p><b>Information om f\u00f6rb\u00e4ttringar f\u00f6r de \u00e4ldre n\u00e4sta \u00e5r<\/b><b><u><\/u><u><\/u><\/b><\/p>\n<p class=\"m_3762562735722500541m7006422707228141800brdtextfrstaraden\"><span class=\"m_3762562735722500541m7006422707228141800brodtextfet0\">\u00c4ldren\u00e4mnden i Sundbybergs stad satsar stort p\u00e5 stadens \u00e4ldreboenden 2017.<\/span><span class=\"m_3762562735722500541apple-converted-space\">\u00a0<\/span>F\u00f6rutom Tule Plaza, \u00e4ldreboendet nedanf\u00f6r kyrkan som blir klart om drygt ett \u00e5r, g\u00e5r man in i slutfasen f\u00f6r planeringen av mellanboendet i \u00d6r, det vill s\u00e4ga hyresl\u00e4genheter f\u00f6r seniorer utan krav p\u00e5 behovspr\u00f6vning. I \u00d6r planerarar n\u00e4mnden \u00e4ven ett traditionellt \u00e4ldreboende. N\u00e4mnden kommer ocks\u00e5 att fatta beslut om placeringen av ett nytt \u00e4ldreboende i Stora Ursvik. Det blir samtidigt l\u00e4ttare att f\u00e5 plats p\u00e5 F\u00f6rvaltarens trygghetsboende, d\u00e5 alla sundbybergare f\u00e5r en gemensam k\u00f6.<\/p>\n","protected":false},"excerpt":{"rendered":"<p>I december\u00a0inf\u00f6rdes Lagen om valfrihetssystem (LOV), f\u00f6r \u00e4ldreboenden. Det \u00e4r en efterl\u00e4ngtad reform som g\u00f6r det m\u00f6jligt f\u00f6r privata utf\u00f6rare att etablera och driva \u00e4ldreboenden, f\u00f6rutsatt att de uppfyller kommunens kvalitetskrav. \u00a0Vi har f\u00f6r l\u00e4nge sedan gett makten till f\u00f6r\u00e4ldrarna att v\u00e4lja skola \u00e5t sina barn. Nu \u00e4r det dags att vi ser p\u00e5 v\u00e5ra <a class=\"read-more-link\" href=\"https:\/\/wp.kristdemokraterna.se\/sundbyberg\/var-politik\/en-vardig-aldreomsorg\/storre-valfrihet-med-lov-i-sundbyberg\/\">Read More<\/a><\/p>\n","protected":false},"author":611,"featured_media":0,"parent":112,"menu_order":0,"comment_status":"closed","ping_status":"closed","template":"","meta":{"_acf_changed":false,"footnotes":""},"class_list":["post-439","page","type-page","status-publish","hentry"],"acf":[],"yoast_head":"<!-- This site is optimized with the Yoast SEO plugin v27.4 - https:\/\/yoast.com\/product\/yoast-seo-wordpress\/ -->\n<title>St\u00f6rre valfrihet med LOV i Sundbyberg - Sundbyberg<\/title>\n<meta name=\"robots\" content=\"index, follow, max-snippet:-1, max-image-preview:large, max-video-preview:-1\" \/>\n<link rel=\"canonical\" href=\"https:\/\/wp.kristdemokraterna.se\/sundbyberg\/var-politik\/en-vardig-aldreomsorg\/storre-valfrihet-med-lov-i-sundbyberg\/\" \/>\n<meta property=\"og:locale\" content=\"sv_SE\" \/>\n<meta property=\"og:type\" content=\"article\" \/>\n<meta property=\"og:title\" content=\"St\u00f6rre valfrihet med LOV i Sundbyberg - Sundbyberg\" \/>\n<meta property=\"og:description\" content=\"I december\u00a0inf\u00f6rdes Lagen om valfrihetssystem (LOV), f\u00f6r \u00e4ldreboenden. Det \u00e4r en efterl\u00e4ngtad reform som g\u00f6r det m\u00f6jligt f\u00f6r privata utf\u00f6rare att etablera och driva \u00e4ldreboenden, f\u00f6rutsatt att de uppfyller kommunens kvalitetskrav. \u00a0Vi har f\u00f6r l\u00e4nge sedan gett makten till f\u00f6r\u00e4ldrarna att v\u00e4lja skola \u00e5t sina barn. Nu \u00e4r det dags att vi ser p\u00e5 v\u00e5ra Read More\" \/>\n<meta property=\"og:url\" content=\"https:\/\/wp.kristdemokraterna.se\/sundbyberg\/var-politik\/en-vardig-aldreomsorg\/storre-valfrihet-med-lov-i-sundbyberg\/\" \/>\n<meta property=\"og:site_name\" content=\"Sundbyberg\" \/>\n<meta property=\"article:modified_time\" content=\"2017-01-25T10:40:16+00:00\" \/>\n<meta name=\"twitter:card\" content=\"summary_large_image\" \/>\n<meta name=\"twitter:label1\" content=\"Ber\u00e4knad l\u00e4stid\" \/>\n\t<meta name=\"twitter:data1\" content=\"2 minuter\" \/>\n<script type=\"application\/ld+json\" class=\"yoast-schema-graph\">{\"@context\":\"https:\\\/\\\/schema.org\",\"@graph\":[{\"@type\":\"WebPage\",\"@id\":\"https:\\\/\\\/wp.kristdemokraterna.se\\\/sundbyberg\\\/var-politik\\\/en-vardig-aldreomsorg\\\/storre-valfrihet-med-lov-i-sundbyberg\\\/\",\"url\":\"https:\\\/\\\/wp.kristdemokraterna.se\\\/sundbyberg\\\/var-politik\\\/en-vardig-aldreomsorg\\\/storre-valfrihet-med-lov-i-sundbyberg\\\/\",\"name\":\"St\u00f6rre valfrihet med LOV i Sundbyberg - Sundbyberg\",\"isPartOf\":{\"@id\":\"https:\\\/\\\/wp.kristdemokraterna.se\\\/sundbyberg\\\/#website\"},\"datePublished\":\"2017-01-19T12:01:41+00:00\",\"dateModified\":\"2017-01-25T10:40:16+00:00\",\"breadcrumb\":{\"@id\":\"https:\\\/\\\/wp.kristdemokraterna.se\\\/sundbyberg\\\/var-politik\\\/en-vardig-aldreomsorg\\\/storre-valfrihet-med-lov-i-sundbyberg\\\/#breadcrumb\"},\"inLanguage\":\"sv-SE\",\"potentialAction\":[{\"@type\":\"ReadAction\",\"target\":[\"https:\\\/\\\/wp.kristdemokraterna.se\\\/sundbyberg\\\/var-politik\\\/en-vardig-aldreomsorg\\\/storre-valfrihet-med-lov-i-sundbyberg\\\/\"]}]},{\"@type\":\"BreadcrumbList\",\"@id\":\"https:\\\/\\\/wp.kristdemokraterna.se\\\/sundbyberg\\\/var-politik\\\/en-vardig-aldreomsorg\\\/storre-valfrihet-med-lov-i-sundbyberg\\\/#breadcrumb\",\"itemListElement\":[{\"@type\":\"ListItem\",\"position\":1,\"name\":\"Hem\",\"item\":\"https:\\\/\\\/wp.kristdemokraterna.se\\\/sundbyberg\\\/\"},{\"@type\":\"ListItem\",\"position\":2,\"name\":\"V\u00e5r politik\",\"item\":\"https:\\\/\\\/wp.kristdemokraterna.se\\\/sundbyberg\\\/var-politik\\\/\"},{\"@type\":\"ListItem\",\"position\":3,\"name\":\"En v\u00e4rdig \u00e4ldreomsorg\",\"item\":\"https:\\\/\\\/wp.kristdemokraterna.se\\\/sundbyberg\\\/var-politik\\\/en-vardig-aldreomsorg\\\/\"},{\"@type\":\"ListItem\",\"position\":4,\"name\":\"St\u00f6rre valfrihet med LOV i Sundbyberg\"}]},{\"@type\":\"WebSite\",\"@id\":\"https:\\\/\\\/wp.kristdemokraterna.se\\\/sundbyberg\\\/#website\",\"url\":\"https:\\\/\\\/wp.kristdemokraterna.se\\\/sundbyberg\\\/\",\"name\":\"Sundbyberg\",\"description\":\"En till Kristdemokraterna webbplats\",\"inLanguage\":\"sv-SE\"}]}<\/script>\n<!-- \/ Yoast SEO plugin. -->","yoast_head_json":{"title":"St\u00f6rre valfrihet med LOV i Sundbyberg - Sundbyberg","robots":{"index":"index","follow":"follow","max-snippet":"max-snippet:-1","max-image-preview":"max-image-preview:large","max-video-preview":"max-video-preview:-1"},"canonical":"https:\/\/wp.kristdemokraterna.se\/sundbyberg\/var-politik\/en-vardig-aldreomsorg\/storre-valfrihet-med-lov-i-sundbyberg\/","og_locale":"sv_SE","og_type":"article","og_title":"St\u00f6rre valfrihet med LOV i Sundbyberg - Sundbyberg","og_description":"I december\u00a0inf\u00f6rdes Lagen om valfrihetssystem (LOV), f\u00f6r \u00e4ldreboenden. Det \u00e4r en efterl\u00e4ngtad reform som g\u00f6r det m\u00f6jligt f\u00f6r privata utf\u00f6rare att etablera och driva \u00e4ldreboenden, f\u00f6rutsatt att de uppfyller kommunens kvalitetskrav. \u00a0Vi har f\u00f6r l\u00e4nge sedan gett makten till f\u00f6r\u00e4ldrarna att v\u00e4lja skola \u00e5t sina barn. Nu \u00e4r det dags att vi ser p\u00e5 v\u00e5ra Read More","og_url":"https:\/\/wp.kristdemokraterna.se\/sundbyberg\/var-politik\/en-vardig-aldreomsorg\/storre-valfrihet-med-lov-i-sundbyberg\/","og_site_name":"Sundbyberg","article_modified_time":"2017-01-25T10:40:16+00:00","twitter_card":"summary_large_image","twitter_misc":{"Ber\u00e4knad l\u00e4stid":"2 minuter"},"schema":{"@context":"https:\/\/schema.org","@graph":[{"@type":"WebPage","@id":"https:\/\/wp.kristdemokraterna.se\/sundbyberg\/var-politik\/en-vardig-aldreomsorg\/storre-valfrihet-med-lov-i-sundbyberg\/","url":"https:\/\/wp.kristdemokraterna.se\/sundbyberg\/var-politik\/en-vardig-aldreomsorg\/storre-valfrihet-med-lov-i-sundbyberg\/","name":"St\u00f6rre valfrihet med LOV i Sundbyberg - Sundbyberg","isPartOf":{"@id":"https:\/\/wp.kristdemokraterna.se\/sundbyberg\/#website"},"datePublished":"2017-01-19T12:01:41+00:00","dateModified":"2017-01-25T10:40:16+00:00","breadcrumb":{"@id":"https:\/\/wp.kristdemokraterna.se\/sundbyberg\/var-politik\/en-vardig-aldreomsorg\/storre-valfrihet-med-lov-i-sundbyberg\/#breadcrumb"},"inLanguage":"sv-SE","potentialAction":[{"@type":"ReadAction","target":["https:\/\/wp.kristdemokraterna.se\/sundbyberg\/var-politik\/en-vardig-aldreomsorg\/storre-valfrihet-med-lov-i-sundbyberg\/"]}]},{"@type":"BreadcrumbList","@id":"https:\/\/wp.kristdemokraterna.se\/sundbyberg\/var-politik\/en-vardig-aldreomsorg\/storre-valfrihet-med-lov-i-sundbyberg\/#breadcrumb","itemListElement":[{"@type":"ListItem","position":1,"name":"Hem","item":"https:\/\/wp.kristdemokraterna.se\/sundbyberg\/"},{"@type":"ListItem","position":2,"name":"V\u00e5r politik","item":"https:\/\/wp.kristdemokraterna.se\/sundbyberg\/var-politik\/"},{"@type":"ListItem","position":3,"name":"En v\u00e4rdig \u00e4ldreomsorg","item":"https:\/\/wp.kristdemokraterna.se\/sundbyberg\/var-politik\/en-vardig-aldreomsorg\/"},{"@type":"ListItem","position":4,"name":"St\u00f6rre valfrihet med LOV i Sundbyberg"}]},{"@type":"WebSite","@id":"https:\/\/wp.kristdemokraterna.se\/sundbyberg\/#website","url":"https:\/\/wp.kristdemokraterna.se\/sundbyberg\/","name":"Sundbyberg","description":"En till Kristdemokraterna webbplats","inLanguage":"sv-SE"}]}},"_links":{"self":[{"href":"https:\/\/wp.kristdemokraterna.se\/sundbyberg\/wp-json\/wp\/v2\/pages\/439","targetHints":{"allow":["GET"]}}],"collection":[{"href":"https:\/\/wp.kristdemokraterna.se\/sundbyberg\/wp-json\/wp\/v2\/pages"}],"about":[{"href":"https:\/\/wp.kristdemokraterna.se\/sundbyberg\/wp-json\/wp\/v2\/types\/page"}],"author":[{"embeddable":true,"href":"https:\/\/wp.kristdemokraterna.se\/sundbyberg\/wp-json\/wp\/v2\/users\/611"}],"replies":[{"embeddable":true,"href":"https:\/\/wp.kristdemokraterna.se\/sundbyberg\/wp-json\/wp\/v2\/comments?post=439"}],"version-history":[{"count":2,"href":"https:\/\/wp.kristdemokraterna.se\/sundbyberg\/wp-json\/wp\/v2\/pages\/439\/revisions"}],"predecessor-version":[{"id":444,"href":"https:\/\/wp.kristdemokraterna.se\/sundbyberg\/wp-json\/wp\/v2\/pages\/439\/revisions\/444"}],"up":[{"embeddable":true,"href":"https:\/\/wp.kristdemokraterna.se\/sundbyberg\/wp-json\/wp\/v2\/pages\/112"}],"wp:attachment":[{"href":"https:\/\/wp.kristdemokraterna.se\/sundbyberg\/wp-json\/wp\/v2\/media?parent=439"}],"curies":[{"name":"wp","href":"https:\/\/api.w.org\/{rel}","templated":true}]}}