{"version":"1.0","provider_name":"Kristdemokraterna - Sval\u00f6v","provider_url":"https:\/\/wp.kristdemokraterna.se\/svalov","title":"KD Sval\u00f6vs film inf\u00f6r valet den 11 september 2022 - Kristdemokraterna - Sval\u00f6v","type":"rich","width":600,"height":338,"html":"<blockquote class=\"wp-embedded-content\" data-secret=\"U6MK2yEwor\"><a href=\"https:\/\/wp.kristdemokraterna.se\/svalov\/kd-svalovs-forsta-valfilm\/\">KD Sval\u00f6vs film inf\u00f6r valet den 11 september 2022<\/a><\/blockquote><iframe sandbox=\"allow-scripts\" security=\"restricted\" src=\"https:\/\/wp.kristdemokraterna.se\/svalov\/kd-svalovs-forsta-valfilm\/embed\/#?secret=U6MK2yEwor\" width=\"600\" height=\"338\" title=\"\u201dKD Sval\u00f6vs film inf\u00f6r valet den 11 september 2022\u201d &ndash; Kristdemokraterna - Sval\u00f6v\" data-secret=\"U6MK2yEwor\" frameborder=\"0\" marginwidth=\"0\" marginheight=\"0\" scrolling=\"no\" class=\"wp-embedded-content\"><\/iframe><script type=\"text\/javascript\">\n\/* <![CDATA[ *\/\n\/*! This file is auto-generated *\/\n!function(d,l){\"use strict\";l.querySelector&&d.addEventListener&&\"undefined\"!=typeof URL&&(d.wp=d.wp||{},d.wp.receiveEmbedMessage||(d.wp.receiveEmbedMessage=function(e){var t=e.data;if((t||t.secret||t.message||t.value)&&!\/[^a-zA-Z0-9]\/.test(t.secret)){for(var s,r,n,a=l.querySelectorAll('iframe[data-secret=\"'+t.secret+'\"]'),o=l.querySelectorAll('blockquote[data-secret=\"'+t.secret+'\"]'),c=new RegExp(\"^https?:$\",\"i\"),i=0;i<o.length;i++)o[i].style.display=\"none\";for(i=0;i<a.length;i++)s=a[i],e.source===s.contentWindow&&(s.removeAttribute(\"style\"),\"height\"===t.message?(1e3<(r=parseInt(t.value,10))?r=1e3:~~r<200&&(r=200),s.height=r):\"link\"===t.message&&(r=new URL(s.getAttribute(\"src\")),n=new URL(t.value),c.test(n.protocol))&&n.host===r.host&&l.activeElement===s&&(d.top.location.href=t.value))}},d.addEventListener(\"message\",d.wp.receiveEmbedMessage,!1),l.addEventListener(\"DOMContentLoaded\",function(){for(var e,t,s=l.querySelectorAll(\"iframe.wp-embedded-content\"),r=0;r<s.length;r++)(t=(e=s[r]).getAttribute(\"data-secret\"))||(t=Math.random().toString(36).substring(2,12),e.src+=\"#?secret=\"+t,e.setAttribute(\"data-secret\",t)),e.contentWindow.postMessage({message:\"ready\",secret:t},\"*\")},!1)))}(window,document);\n\/\/# sourceURL=https:\/\/wp.kristdemokraterna.se\/svalov\/wp-includes\/js\/wp-embed.min.js\n\/* ]]> *\/\n<\/script>\n","description":"Den 11 september \u00e4r det \u00e4ntligen dags f\u00f6r val. Vi i KD st\u00e5r f\u00f6r allas lika v\u00e4rde, oavsett fas i livet har man r\u00e4tt till en fullgod livskvalit\u00e9. Vi anser att landsbygden ska v\u00e4rnas och utvecklas till en h\u00e5llbar plats att v\u00e4xa upp och leva p\u00e5. En r\u00f6st p\u00e5 KD \u00e4r en r\u00f6st f\u00f6r en L\u00e4s mer","thumbnail_url":"https:\/\/static.xx.fbcdn.net\/images\/emoji.php\/v9\/tc6\/1.5\/16\/1f973.png"}