{"version":"1.0","provider_name":"Kristdemokraterna - Sval\u00f6v","provider_url":"https:\/\/wp.kristdemokraterna.se\/svalov","title":"Kristdemokrater m\u00f6ter landsbygdsfolk p\u00e5 Borgeby f\u00e4ltdagar - Kristdemokraterna - Sval\u00f6v","type":"rich","width":600,"height":338,"html":"<blockquote class=\"wp-embedded-content\" data-secret=\"5sn4gntVW8\"><a href=\"https:\/\/wp.kristdemokraterna.se\/svalov\/kristdemokrater-moter-landsbygdsfolk-pa-borgeby-faltdagar\/\">Kristdemokrater m\u00f6ter landsbygdsfolk p\u00e5 Borgeby f\u00e4ltdagar<\/a><\/blockquote><iframe sandbox=\"allow-scripts\" security=\"restricted\" src=\"https:\/\/wp.kristdemokraterna.se\/svalov\/kristdemokrater-moter-landsbygdsfolk-pa-borgeby-faltdagar\/embed\/#?secret=5sn4gntVW8\" width=\"600\" height=\"338\" title=\"\u201dKristdemokrater m\u00f6ter landsbygdsfolk p\u00e5 Borgeby f\u00e4ltdagar\u201d &ndash; Kristdemokraterna - Sval\u00f6v\" data-secret=\"5sn4gntVW8\" frameborder=\"0\" marginwidth=\"0\" marginheight=\"0\" scrolling=\"no\" class=\"wp-embedded-content\"><\/iframe><script type=\"text\/javascript\">\n\/* <![CDATA[ *\/\n\/*! This file is auto-generated *\/\n!function(d,l){\"use strict\";l.querySelector&&d.addEventListener&&\"undefined\"!=typeof URL&&(d.wp=d.wp||{},d.wp.receiveEmbedMessage||(d.wp.receiveEmbedMessage=function(e){var t=e.data;if((t||t.secret||t.message||t.value)&&!\/[^a-zA-Z0-9]\/.test(t.secret)){for(var s,r,n,a=l.querySelectorAll('iframe[data-secret=\"'+t.secret+'\"]'),o=l.querySelectorAll('blockquote[data-secret=\"'+t.secret+'\"]'),c=new RegExp(\"^https?:$\",\"i\"),i=0;i<o.length;i++)o[i].style.display=\"none\";for(i=0;i<a.length;i++)s=a[i],e.source===s.contentWindow&&(s.removeAttribute(\"style\"),\"height\"===t.message?(1e3<(r=parseInt(t.value,10))?r=1e3:~~r<200&&(r=200),s.height=r):\"link\"===t.message&&(r=new URL(s.getAttribute(\"src\")),n=new URL(t.value),c.test(n.protocol))&&n.host===r.host&&l.activeElement===s&&(d.top.location.href=t.value))}},d.addEventListener(\"message\",d.wp.receiveEmbedMessage,!1),l.addEventListener(\"DOMContentLoaded\",function(){for(var e,t,s=l.querySelectorAll(\"iframe.wp-embedded-content\"),r=0;r<s.length;r++)(t=(e=s[r]).getAttribute(\"data-secret\"))||(t=Math.random().toString(36).substring(2,12),e.src+=\"#?secret=\"+t,e.setAttribute(\"data-secret\",t)),e.contentWindow.postMessage({message:\"ready\",secret:t},\"*\")},!1)))}(window,document);\n\/\/# sourceURL=https:\/\/wp.kristdemokraterna.se\/svalov\/wp-includes\/js\/wp-embed.min.js\n\/* ]]> *\/\n<\/script>\n","thumbnail_url":"https:\/\/wp.kristdemokraterna.se\/svalov\/files\/2022\/06\/tobias-kampanj-i-borgeby.jpg","thumbnail_width":960,"thumbnail_height":751,"description":"Under onsdagen den 29 och torsdagen den 30 juni hittar ni v\u00e5ra KD-politiker p\u00e5 Borgeby F\u00e4ltdagar i monter S52. Ni som ska dit f\u00e5r g\u00e4rna passa p\u00e5 att prata med v\u00e5r egen lokala stj\u00e4rna Tobias Entin som ni p\u00e5 valdagen den 11 september kommer hitta p\u00e5 toppen av valsedeln till Regionfullm\u00e4ktige i Sk\u00e5ne. Ett uppdrag L\u00e4s mer"}