{"version":"1.0","provider_name":"Kristdemokraterna - Sval\u00f6v","provider_url":"https:\/\/wp.kristdemokraterna.se\/svalov","title":"V\u00e5rt KD-kommunalr\u00e5d blir ordf\u00f6rande f\u00f6r FINSAM - Kristdemokraterna - Sval\u00f6v","type":"rich","width":600,"height":338,"html":"<blockquote class=\"wp-embedded-content\" data-secret=\"0tK6nDdPV2\"><a href=\"https:\/\/wp.kristdemokraterna.se\/svalov\/vart-kd-kommunalrad-blir-ordforande-for-finsam\/\">V\u00e5rt KD-kommunalr\u00e5d blir ordf\u00f6rande f\u00f6r FINSAM<\/a><\/blockquote><iframe sandbox=\"allow-scripts\" security=\"restricted\" src=\"https:\/\/wp.kristdemokraterna.se\/svalov\/vart-kd-kommunalrad-blir-ordforande-for-finsam\/embed\/#?secret=0tK6nDdPV2\" width=\"600\" height=\"338\" title=\"\u201dV\u00e5rt KD-kommunalr\u00e5d blir ordf\u00f6rande f\u00f6r FINSAM\u201d &ndash; Kristdemokraterna - Sval\u00f6v\" data-secret=\"0tK6nDdPV2\" frameborder=\"0\" marginwidth=\"0\" marginheight=\"0\" scrolling=\"no\" class=\"wp-embedded-content\"><\/iframe><script type=\"text\/javascript\">\n\/* <![CDATA[ *\/\n\/*! This file is auto-generated *\/\n!function(d,l){\"use strict\";l.querySelector&&d.addEventListener&&\"undefined\"!=typeof URL&&(d.wp=d.wp||{},d.wp.receiveEmbedMessage||(d.wp.receiveEmbedMessage=function(e){var t=e.data;if((t||t.secret||t.message||t.value)&&!\/[^a-zA-Z0-9]\/.test(t.secret)){for(var s,r,n,a=l.querySelectorAll('iframe[data-secret=\"'+t.secret+'\"]'),o=l.querySelectorAll('blockquote[data-secret=\"'+t.secret+'\"]'),c=new RegExp(\"^https?:$\",\"i\"),i=0;i<o.length;i++)o[i].style.display=\"none\";for(i=0;i<a.length;i++)s=a[i],e.source===s.contentWindow&&(s.removeAttribute(\"style\"),\"height\"===t.message?(1e3<(r=parseInt(t.value,10))?r=1e3:~~r<200&&(r=200),s.height=r):\"link\"===t.message&&(r=new URL(s.getAttribute(\"src\")),n=new URL(t.value),c.test(n.protocol))&&n.host===r.host&&l.activeElement===s&&(d.top.location.href=t.value))}},d.addEventListener(\"message\",d.wp.receiveEmbedMessage,!1),l.addEventListener(\"DOMContentLoaded\",function(){for(var e,t,s=l.querySelectorAll(\"iframe.wp-embedded-content\"),r=0;r<s.length;r++)(t=(e=s[r]).getAttribute(\"data-secret\"))||(t=Math.random().toString(36).substring(2,12),e.src+=\"#?secret=\"+t,e.setAttribute(\"data-secret\",t)),e.contentWindow.postMessage({message:\"ready\",secret:t},\"*\")},!1)))}(window,document);\n\/\/# sourceURL=https:\/\/wp.kristdemokraterna.se\/svalov\/wp-includes\/js\/wp-embed.min.js\n\/* ]]> *\/\n<\/script>\n","thumbnail_url":"https:\/\/wp.kristdemokraterna.se\/svalov\/files\/2023\/01\/aase-ordf-finsam.jpg","thumbnail_width":712,"thumbnail_height":934,"description":"Idag skriver Sk\u00e5nska Dagbladet om att v\u00e5r gruppledare och KD-kommunalr\u00e5d Aase J\u00f6nsson blir ordf\u00f6rande f\u00f6r FINSAM. \u2013 Det h\u00e4r \u00e4r bra f\u00f6r Sval\u00f6v. Nu blir det betydligt enklare att p\u00e5verka, s\u00e4ger Aase J\u00f6nsson. Finsam, som st\u00e5r f\u00f6r Finansiell samordning, \u00e4r ett samarbete mellan Sval\u00f6vs kommun, Landskrona kommun, Arbetsf\u00f6rmedlingen, F\u00f6rs\u00e4kringskassan och Region Sk\u00e5ne som tillsammans jobbar L\u00e4s mer"}