{"id":52,"date":"2013-04-10T15:44:48","date_gmt":"2013-04-10T13:44:48","guid":{"rendered":"http:\/\/wp.kristdemokraterna.se\/svalov\/?page_id=52"},"modified":"2013-04-10T15:44:48","modified_gmt":"2013-04-10T13:44:48","slug":"motionerinterpellationer","status":"publish","type":"page","link":"https:\/\/wp.kristdemokraterna.se\/svalov\/motionerinterpellationer\/","title":{"rendered":"Motioner\/interpellationer\/yttranden"},"content":{"rendered":"<p>H\u00e4r finner du v\u00e5ra senaste motioner, interpellationer och yttranden.<\/p>\n<p><a href=\"http:\/\/wp.kristdemokraterna.se\/svalov\/kristdemokraterna-har-granskat-naturvardsprogrammet\/\">Yttrande <\/a>Synpunkter p\u00e5 Naturv\u00e5rdsprogram f\u00f6r Sval\u00f6vs kommun 2016-10-19<\/p>\n<p><a title=\"Yttrande \u00f6versiktsplan 2016\" href=\"http:\/\/wp.kristdemokraterna.se\/svalov\/files\/2015\/03\/yttrande-oversiktsplan-2016.pdf\" target=\"_blank\" rel=\"noopener\">Yttrande<\/a> \u00d6versiktsplan 2016. 2015-03-10<br \/>\n<a title=\"Yttrande Tematiskt till\u00e4gg \u00f6versiktsplanen avseende vindkraft.\" href=\"http:\/\/wp.kristdemokraterna.se\/svalov\/files\/2015\/03\/yttrande-vindkraft-op-2016.pdf\" target=\"_blank\" rel=\"noopener\">Yttrande<\/a> \u00f6ver Tematiskt till\u00e4gg till \u00f6versiktsplanen avseende vindkraft. 2015-03-10<\/p>\n<p><a href=\"http:\/\/diarier.svalov.se\/Diabaswebb\/famdok.asp?DSN=0&amp;assoc_data=2014001059:1&amp;MaxRec=100&amp;PgSize=10\">Motion<\/a>\u00a0Ut\u00f6ka LOV att \u00e4ven g\u00e4lla matdistribution 2014-09-09<a href=\"http:\/\/diarier.svalov.se\/Diabaswebb\/famdok.asp?DSN=0&amp;P=22460\"><br \/>\nMotion<\/a> om att inf\u00f6ra en &#8221;Bygdepeng&#8221; 2014-09-09<a title=\"Interpellation ang f\u00f6rsummat underh\u00e5ll T\u00e5garps torg Kommunens diarium\" href=\"http:\/\/diarier.svalov.se\/Diabaswebb\/famdok.asp?DSN=0&amp;P=438713\" target=\"_blank\" rel=\"noopener\"><br \/>\nInterpellation<\/a> om f\u00f6rsummat underh\u00e5ll T\u00e5garps torg 2014-08-05<br \/>\n<a title=\"Interpellation ang trygghetslarm kommunens diarium\" href=\"http:\/\/diarier.svalov.se\/Diabaswebb\/famdok.asp?DSN=0&amp;assoc_data=2014000171:1&amp;MaxRec=100&amp;PgSize=10\" target=\"_blank\" rel=\"noopener\">Interpellation<\/a> om trygghetslarm 2014-02-04<\/p>\n<p><a title=\"Interpellation ang busslinje 243\" href=\"http:\/\/diarier.svalov.se\/Diabaswebb\/famdok.asp?DSN=0&amp;P=346470\">Interpellation <\/a>ang\u00e5ende busslinje 243 2013-11-27<a title=\"Motion V\u00e5rd i livets slut kommunens diarium\" href=\"http:\/\/diarier.svalov.se\/Diabaswebb\/famdok.asp?DSN=0&amp;assoc_data=2013001264:1&amp;MaxRec=100&amp;PgSize=10\" target=\"_blank\" rel=\"noopener\"><br \/>\nMotion<\/a> om v\u00e5rd i livets slutskede VILA 2013-11-27<br \/>\n<a title=\"Motion om F\u00f6rslag om motprestation efter f\u00f6rm\u00e5ga f\u00f6r den som uppb\u00e4r ekonomiskt bist\u00e5nd och \u00e4r arbetsf\u00f6r\" href=\"http:\/\/diarier.svalov.se\/Diabaswebb\/famdok.asp?DSN=0&amp;P=231686\" target=\"_blank\" rel=\"noopener\">Motion<\/a>\u00a0om\u00a0F\u00f6rslag om krav p\u00e5 motprestation efter f\u00f6rm\u00e5ga f\u00f6r den som uppb\u00e4r ekonomiskt bist\u00e5nd och \u00e4r arbetsf\u00f6r. 2013-05-07<a title=\"Interpellation g\u00e4llande det st\u00e4rkta barnskyddet\" href=\"http:\/\/diarier.svalov.se\/Diabaswebb\/famdok.asp?DSN=0&amp;P=209891\" target=\"_blank\" rel=\"noopener\"><br \/>\nInterpellation<\/a> G\u00e4llande det st\u00e4rkta barnskyddet, 2013-04-14<\/p>\n<p><a title=\"Interpellation H\u00f6rselslinga\" href=\"http:\/\/diarier.svalov.se\/Diabaswebb\/famdok.asp?DSN=0&amp;P=195292\">Interpellation <\/a>H\u00f6rselslinga p\u00e5 Solg\u00e5rden. 2012-12-04<br \/>\n<a title=\"Interpellation uppv\u00e4rmningen friluftsbadet i R\u00f6st\u00e5nga\" href=\"http:\/\/diarier.svalov.se\/Diabaswebb\/famdok.asp?DSN=0&amp;P=85310\" target=\"_blank\" rel=\"noopener\">Interpellation\u00a0<\/a>Uppv\u00e4rmning friluftsbadet R\u00f6st\u00e5nga. 2012-06-03<br \/>\n<a title=\"Motion om upprustning av skoltoaletter\" href=\"http:\/\/diarier.svalov.se\/Diabaswebb\/famdok.asp?DSN=0&amp;P=203146\" target=\"_blank\" rel=\"noopener\">Motion<\/a> om Upprustning av skoltoaletter. 2012-05-29<br \/>\n<a title=\"Motion om kommunal n\u00e4tkurator\" href=\"http:\/\/diarier.svalov.se\/Diabaswebb\/famdok.asp?DSN=0&amp;P=181280\" target=\"_blank\" rel=\"noopener\">Motion<\/a> om Kommunal n\u00e4tkurator. 2012-05-10<a title=\"Motion Ekologisk mat\" href=\"http:\/\/diarier.svalov.se\/Diabaswebb\/famdok.asp?DSN=0&amp;P=87277\"><br \/>\nMotion<\/a> om Ekologisk mat p\u00e5 Sval\u00f6vs gymnasium. 2012-01-14<\/p>\n<p><a title=\"Motion Sveriges Ekokommuner\" href=\"http:\/\/diarier.svalov.se\/Diabaswebb\/famdok.asp?DSN=0&amp;P=132084\">Motion<\/a> om Sveriges Ekokommuner. 2011-11-06<a title=\"Motion elevdatorer Lin\u00e5kersskolan\" href=\"http:\/\/diarier.svalov.se\/Diabaswebb\/famdok.asp?DSN=0&amp;assoc_data=2011000575:1&amp;MaxRec=100&amp;PgSize=10\"><br \/>\nMotion<\/a> om Elevdatorer p\u00e5 Lin\u00e5kersskolan. 2011-06-07<br \/>\n<a title=\"Interpellation sk\u00f6tsel Svenstorp-Bolhus naturreservat\" href=\"http:\/\/diarier.svalov.se\/Diabaswebb\/famdok.asp?DSN=0&amp;P=13771\" target=\"_blank\" rel=\"noopener\">Interpellation<\/a> Sk\u00f6tsel Svenstorp-Bolhus naturreservat. 2011-05-15<br \/>\n<a title=\"Interpellation Skolundervisning invandrarbarn\" href=\"http:\/\/diarier.svalov.se\/Diabaswebb\/famdok.asp?DSN=0&amp;P=13761\" target=\"_blank\" rel=\"noopener\">Interpellation<\/a> Skolundervisning invandrarbarn. 2011-05-14<br \/>\n<a title=\"Motion om Personalbil f\u00f6r milj\u00f6n\" href=\"http:\/\/diarier.svalov.se\/Diabaswebb\/famdok.asp?DSN=0&amp;P=11119\" target=\"_blank\" rel=\"noopener\">Motion<\/a>\u00a0om Personalbil f\u00f6r milj\u00f6n. 2011-01-13<br \/>\n<a title=\"Motion om Parboendegaranti\" href=\"http:\/\/diarier.svalov.se\/Diabaswebb\/famdok.asp?DSN=0&amp;P=11135\" target=\"_blank\" rel=\"noopener\">Motion <\/a>om Parboendegaranti. 2011-01-12<\/p>\n","protected":false},"excerpt":{"rendered":"<p>H\u00e4r finner du v\u00e5ra senaste motioner, interpellationer och yttranden. Yttrande Synpunkter p\u00e5 Naturv\u00e5rdsprogram f\u00f6r Sval\u00f6vs kommun 2016-10-19 Yttrande \u00d6versiktsplan 2016. 2015-03-10 Yttrande \u00f6ver Tematiskt till\u00e4gg till \u00f6versiktsplanen avseende vindkraft. 2015-03-10 Motion\u00a0Ut\u00f6ka LOV att \u00e4ven g\u00e4lla matdistribution 2014-09-09 Motion om att inf\u00f6ra en &#8221;Bygdepeng&#8221; 2014-09-09 Interpellation om f\u00f6rsummat underh\u00e5ll T\u00e5garps torg 2014-08-05 Interpellation om trygghetslarm 2014-02-04 <a class=\"read-more-link\" href=\"https:\/\/wp.kristdemokraterna.se\/svalov\/motionerinterpellationer\/\">L\u00e4s mer<\/a><\/p>\n","protected":false},"author":2,"featured_media":0,"parent":0,"menu_order":0,"comment_status":"closed","ping_status":"closed","template":"","meta":{"_acf_changed":false,"footnotes":""},"class_list":["post-52","page","type-page","status-publish","hentry"],"acf":[],"yoast_head":"<!-- This site is optimized with the Yoast SEO plugin v27.4 - https:\/\/yoast.com\/product\/yoast-seo-wordpress\/ -->\n<title>Motioner\/interpellationer\/yttranden - Kristdemokraterna - Sval\u00f6v<\/title>\n<meta name=\"robots\" content=\"index, follow, max-snippet:-1, max-image-preview:large, max-video-preview:-1\" \/>\n<link rel=\"canonical\" href=\"https:\/\/wp.kristdemokraterna.se\/svalov\/motionerinterpellationer\/\" \/>\n<meta property=\"og:locale\" content=\"sv_SE\" \/>\n<meta property=\"og:type\" content=\"article\" \/>\n<meta property=\"og:title\" content=\"Motioner\/interpellationer\/yttranden - Kristdemokraterna - Sval\u00f6v\" \/>\n<meta property=\"og:description\" content=\"H\u00e4r finner du v\u00e5ra senaste motioner, interpellationer och yttranden. Yttrande Synpunkter p\u00e5 Naturv\u00e5rdsprogram f\u00f6r Sval\u00f6vs kommun 2016-10-19 Yttrande \u00d6versiktsplan 2016. 2015-03-10 Yttrande \u00f6ver Tematiskt till\u00e4gg till \u00f6versiktsplanen avseende vindkraft. 2015-03-10 Motion\u00a0Ut\u00f6ka LOV att \u00e4ven g\u00e4lla matdistribution 2014-09-09 Motion om att inf\u00f6ra en &#8221;Bygdepeng&#8221; 2014-09-09 Interpellation om f\u00f6rsummat underh\u00e5ll T\u00e5garps torg 2014-08-05 Interpellation om trygghetslarm 2014-02-04 L\u00e4s mer\" \/>\n<meta property=\"og:url\" content=\"https:\/\/wp.kristdemokraterna.se\/svalov\/motionerinterpellationer\/\" \/>\n<meta property=\"og:site_name\" content=\"Kristdemokraterna - Sval\u00f6v\" \/>\n<meta name=\"twitter:card\" content=\"summary_large_image\" \/>\n<meta name=\"twitter:label1\" content=\"Ber\u00e4knad l\u00e4stid\" \/>\n\t<meta name=\"twitter:data1\" content=\"1 minut\" \/>\n<script type=\"application\/ld+json\" class=\"yoast-schema-graph\">{\"@context\":\"https:\\\/\\\/schema.org\",\"@graph\":[{\"@type\":\"WebPage\",\"@id\":\"https:\\\/\\\/wp.kristdemokraterna.se\\\/svalov\\\/motionerinterpellationer\\\/\",\"url\":\"https:\\\/\\\/wp.kristdemokraterna.se\\\/svalov\\\/motionerinterpellationer\\\/\",\"name\":\"Motioner\\\/interpellationer\\\/yttranden - Kristdemokraterna - Sval\u00f6v\",\"isPartOf\":{\"@id\":\"https:\\\/\\\/wp.kristdemokraterna.se\\\/svalov\\\/#website\"},\"datePublished\":\"2013-04-10T13:44:48+00:00\",\"breadcrumb\":{\"@id\":\"https:\\\/\\\/wp.kristdemokraterna.se\\\/svalov\\\/motionerinterpellationer\\\/#breadcrumb\"},\"inLanguage\":\"sv-SE\",\"potentialAction\":[{\"@type\":\"ReadAction\",\"target\":[\"https:\\\/\\\/wp.kristdemokraterna.se\\\/svalov\\\/motionerinterpellationer\\\/\"]}]},{\"@type\":\"BreadcrumbList\",\"@id\":\"https:\\\/\\\/wp.kristdemokraterna.se\\\/svalov\\\/motionerinterpellationer\\\/#breadcrumb\",\"itemListElement\":[{\"@type\":\"ListItem\",\"position\":1,\"name\":\"Hem\",\"item\":\"https:\\\/\\\/wp.kristdemokraterna.se\\\/svalov\\\/\"},{\"@type\":\"ListItem\",\"position\":2,\"name\":\"Motioner\\\/interpellationer\\\/yttranden\"}]},{\"@type\":\"WebSite\",\"@id\":\"https:\\\/\\\/wp.kristdemokraterna.se\\\/svalov\\\/#website\",\"url\":\"https:\\\/\\\/wp.kristdemokraterna.se\\\/svalov\\\/\",\"name\":\"Kristdemokraterna - Sval\u00f6v\",\"description\":\"\",\"inLanguage\":\"sv-SE\"}]}<\/script>\n<!-- \/ Yoast SEO plugin. -->","yoast_head_json":{"title":"Motioner\/interpellationer\/yttranden - Kristdemokraterna - Sval\u00f6v","robots":{"index":"index","follow":"follow","max-snippet":"max-snippet:-1","max-image-preview":"max-image-preview:large","max-video-preview":"max-video-preview:-1"},"canonical":"https:\/\/wp.kristdemokraterna.se\/svalov\/motionerinterpellationer\/","og_locale":"sv_SE","og_type":"article","og_title":"Motioner\/interpellationer\/yttranden - Kristdemokraterna - Sval\u00f6v","og_description":"H\u00e4r finner du v\u00e5ra senaste motioner, interpellationer och yttranden. Yttrande Synpunkter p\u00e5 Naturv\u00e5rdsprogram f\u00f6r Sval\u00f6vs kommun 2016-10-19 Yttrande \u00d6versiktsplan 2016. 2015-03-10 Yttrande \u00f6ver Tematiskt till\u00e4gg till \u00f6versiktsplanen avseende vindkraft. 2015-03-10 Motion\u00a0Ut\u00f6ka LOV att \u00e4ven g\u00e4lla matdistribution 2014-09-09 Motion om att inf\u00f6ra en &#8221;Bygdepeng&#8221; 2014-09-09 Interpellation om f\u00f6rsummat underh\u00e5ll T\u00e5garps torg 2014-08-05 Interpellation om trygghetslarm 2014-02-04 L\u00e4s mer","og_url":"https:\/\/wp.kristdemokraterna.se\/svalov\/motionerinterpellationer\/","og_site_name":"Kristdemokraterna - Sval\u00f6v","twitter_card":"summary_large_image","twitter_misc":{"Ber\u00e4knad l\u00e4stid":"1 minut"},"schema":{"@context":"https:\/\/schema.org","@graph":[{"@type":"WebPage","@id":"https:\/\/wp.kristdemokraterna.se\/svalov\/motionerinterpellationer\/","url":"https:\/\/wp.kristdemokraterna.se\/svalov\/motionerinterpellationer\/","name":"Motioner\/interpellationer\/yttranden - Kristdemokraterna - Sval\u00f6v","isPartOf":{"@id":"https:\/\/wp.kristdemokraterna.se\/svalov\/#website"},"datePublished":"2013-04-10T13:44:48+00:00","breadcrumb":{"@id":"https:\/\/wp.kristdemokraterna.se\/svalov\/motionerinterpellationer\/#breadcrumb"},"inLanguage":"sv-SE","potentialAction":[{"@type":"ReadAction","target":["https:\/\/wp.kristdemokraterna.se\/svalov\/motionerinterpellationer\/"]}]},{"@type":"BreadcrumbList","@id":"https:\/\/wp.kristdemokraterna.se\/svalov\/motionerinterpellationer\/#breadcrumb","itemListElement":[{"@type":"ListItem","position":1,"name":"Hem","item":"https:\/\/wp.kristdemokraterna.se\/svalov\/"},{"@type":"ListItem","position":2,"name":"Motioner\/interpellationer\/yttranden"}]},{"@type":"WebSite","@id":"https:\/\/wp.kristdemokraterna.se\/svalov\/#website","url":"https:\/\/wp.kristdemokraterna.se\/svalov\/","name":"Kristdemokraterna - Sval\u00f6v","description":"","inLanguage":"sv-SE"}]}},"_links":{"self":[{"href":"https:\/\/wp.kristdemokraterna.se\/svalov\/wp-json\/wp\/v2\/pages\/52","targetHints":{"allow":["GET"]}}],"collection":[{"href":"https:\/\/wp.kristdemokraterna.se\/svalov\/wp-json\/wp\/v2\/pages"}],"about":[{"href":"https:\/\/wp.kristdemokraterna.se\/svalov\/wp-json\/wp\/v2\/types\/page"}],"author":[{"embeddable":true,"href":"https:\/\/wp.kristdemokraterna.se\/svalov\/wp-json\/wp\/v2\/users\/2"}],"replies":[{"embeddable":true,"href":"https:\/\/wp.kristdemokraterna.se\/svalov\/wp-json\/wp\/v2\/comments?post=52"}],"version-history":[{"count":0,"href":"https:\/\/wp.kristdemokraterna.se\/svalov\/wp-json\/wp\/v2\/pages\/52\/revisions"}],"wp:attachment":[{"href":"https:\/\/wp.kristdemokraterna.se\/svalov\/wp-json\/wp\/v2\/media?parent=52"}],"curies":[{"name":"wp","href":"https:\/\/api.w.org\/{rel}","templated":true}]}}