{"id":839,"date":"2012-11-24T04:38:55","date_gmt":"2012-11-24T04:38:55","guid":{"rendered":"http:\/\/wpskane.kristdemokraterna.se\/svalov\/?page_id=11"},"modified":"2012-11-24T04:38:55","modified_gmt":"2012-11-24T04:38:55","slug":"arsmotesreferat-2022","status":"publish","type":"page","link":"https:\/\/wp.kristdemokraterna.se\/svalov\/arsmotesreferat-2022\/","title":{"rendered":"\u00c5rsm\u00f6tesreferat 2025"},"content":{"rendered":"<p><img decoding=\"async\" src=\"http:\/\/wp.kristdemokraterna.se\/svalov2\/files\/2025\/02\/1000011823b.jpg\" \/><\/p>\n<p><em>KD Sval\u00f6vs styrelse fr.v.: Aase J\u00f6nsson ordf., \u00c5ke Jonsson vice ordf., Karl-Erik<\/em><br \/>\n<em>Karlsson sekr., Christer Laurell ledamot, Lars Kristensson kass\u00f6r, Felicia Dahlstr\u00f6m ers\u00e4ttare och Marie Dahlstr\u00f6m ledamot.<\/em><\/p>\n<p>Kristdemokraterna i Sval\u00f6vs kommun h\u00f6ll den 6 februari sitt \u00e5rsm\u00f6te. F\u00f6rbundsordf. i<br \/>\nKristdemokraternas Seniorf\u00f6rbund Birgitta S\u00f6dertun, Helsingborg ber\u00e4ttade bl.a. om sina tidigare erfarenheter som regionr\u00e5d i Region Sk\u00e5ne, men gav ocks\u00e5 glimtar fr\u00e5n m\u00e5nga av de \u00e5tg\u00e4rder som v\u00e5ra ministrar i regeringen levererat eller snart kommer att leverera. Bland dessa kan s\u00e4rskilt n\u00e4mnas nationell styrning av sjukv\u00e5rden och pengar fr\u00e5n staten f\u00f6r att minska k\u00f6erna, samt samverkan mellan myndigheter f\u00f6r att minska brottsligheten.<\/p>\n<p>Verksamhetsber\u00e4ttelsen f\u00f6r det g\u00e5ngna \u00e5ret i partiavdelningen visade p\u00e5 ett stort politiskt engagemang i de 31 f\u00f6rtroendeuppdrag som Kristdemokraterna i Sval\u00f6v nu har i kommunen och regionen. Speciellt har Aase J\u00f6nssons arbete som ordf\u00f6rande i socialn\u00e4mnden och FINSAM Landskrona-Sval\u00f6v uppm\u00e4rksammats bl.a. f\u00f6r insatser f\u00f6r att ytterligare minska den l\u00e5ga arbetsl\u00f6sheten i kommunen och d\u00e4rmed f\u00e5 fler personer i egen f\u00f6rs\u00f6rjning. Dessutom p\u00e5g\u00e5r ett omfattande arbete f\u00f6r att b\u00e4ttre anpassa personalstyrkan inom \u00e4ldreomsorgen till det verkliga behovet.<\/p>\n<p>Vid \u00e5rsm\u00f6tet omvaldes Aase J\u00f6nsson till ordf\u00f6rande f\u00f6r partiavdelningen och som vice<br \/>\nordf\u00f6rande omvaldes \u00c5ke Jonsson. Karl-Erik Karlsson omvaldes som sekreterare och Lars Kristensson som kass\u00f6r. \u00d6vriga ledam\u00f6ter i styrelsen \u00e4r Christer Laurell och Marie<br \/>\nDahlstr\u00f6m. Ers\u00e4ttare i styrelsen \u00e4r Felicia Dahlstr\u00f6m. Bokslutet f\u00f6r det g\u00e5ngna \u00e5ret<br \/>\ngodk\u00e4ndes helt utan anm\u00e4rkning och styrelsen beviljades ansvarsfrihet f\u00f6r det g\u00e5ngna \u00e5ret.<br \/>\nBudgeten f\u00f6r 2025 l\u00e4gger fokus p\u00e5 att bygga upp ett kapital inf\u00f6r valet 2026.<\/p>\n<p>&nbsp;<\/p>\n<p>&nbsp;<\/p>\n","protected":false},"excerpt":{"rendered":"<p>KD Sval\u00f6vs styrelse fr.v.: Aase J\u00f6nsson ordf., \u00c5ke Jonsson vice ordf., Karl-Erik Karlsson sekr., Christer Laurell ledamot, Lars Kristensson kass\u00f6r, Felicia Dahlstr\u00f6m ers\u00e4ttare och Marie Dahlstr\u00f6m ledamot. Kristdemokraterna i Sval\u00f6vs kommun h\u00f6ll den 6 februari sitt \u00e5rsm\u00f6te. F\u00f6rbundsordf. i Kristdemokraternas Seniorf\u00f6rbund Birgitta S\u00f6dertun, Helsingborg ber\u00e4ttade bl.a. om sina tidigare erfarenheter som regionr\u00e5d i Region Sk\u00e5ne, <a class=\"read-more-link\" href=\"https:\/\/wp.kristdemokraterna.se\/svalov\/arsmotesreferat-2022\/\">L\u00e4s mer<\/a><\/p>\n","protected":false},"author":2,"featured_media":1638,"parent":0,"menu_order":0,"comment_status":"closed","ping_status":"closed","template":"","meta":{"_acf_changed":false,"footnotes":""},"class_list":["post-839","page","type-page","status-publish","hentry"],"acf":[],"yoast_head":"<!-- This site is optimized with the Yoast SEO plugin v27.4 - https:\/\/yoast.com\/product\/yoast-seo-wordpress\/ -->\n<title>\u00c5rsm\u00f6tesreferat 2025 - Kristdemokraterna - Sval\u00f6v<\/title>\n<meta name=\"robots\" content=\"index, follow, max-snippet:-1, max-image-preview:large, max-video-preview:-1\" \/>\n<link rel=\"canonical\" href=\"https:\/\/wp.kristdemokraterna.se\/svalov\/arsmotesreferat-2022\/\" \/>\n<meta property=\"og:locale\" content=\"sv_SE\" \/>\n<meta property=\"og:type\" content=\"article\" \/>\n<meta property=\"og:title\" content=\"\u00c5rsm\u00f6tesreferat 2025 - Kristdemokraterna - Sval\u00f6v\" \/>\n<meta property=\"og:description\" content=\"KD Sval\u00f6vs styrelse fr.v.: Aase J\u00f6nsson ordf., \u00c5ke Jonsson vice ordf., Karl-Erik Karlsson sekr., Christer Laurell ledamot, Lars Kristensson kass\u00f6r, Felicia Dahlstr\u00f6m ers\u00e4ttare och Marie Dahlstr\u00f6m ledamot. Kristdemokraterna i Sval\u00f6vs kommun h\u00f6ll den 6 februari sitt \u00e5rsm\u00f6te. F\u00f6rbundsordf. i Kristdemokraternas Seniorf\u00f6rbund Birgitta S\u00f6dertun, Helsingborg ber\u00e4ttade bl.a. om sina tidigare erfarenheter som regionr\u00e5d i Region Sk\u00e5ne, L\u00e4s mer\" \/>\n<meta property=\"og:url\" content=\"https:\/\/wp.kristdemokraterna.se\/svalov\/arsmotesreferat-2022\/\" \/>\n<meta property=\"og:site_name\" content=\"Kristdemokraterna - Sval\u00f6v\" \/>\n<meta property=\"og:image\" content=\"http:\/\/wp.kristdemokraterna.se\/svalov\/files\/2025\/02\/1000011823b.jpg\" \/>\n\t<meta property=\"og:image:width\" content=\"1028\" \/>\n\t<meta property=\"og:image:height\" content=\"560\" \/>\n\t<meta property=\"og:image:type\" content=\"image\/jpeg\" \/>\n<meta name=\"twitter:card\" content=\"summary_large_image\" \/>\n<meta name=\"twitter:label1\" content=\"Ber\u00e4knad l\u00e4stid\" \/>\n\t<meta name=\"twitter:data1\" content=\"2 minuter\" \/>\n<script type=\"application\/ld+json\" class=\"yoast-schema-graph\">{\"@context\":\"https:\\\/\\\/schema.org\",\"@graph\":[{\"@type\":\"WebPage\",\"@id\":\"https:\\\/\\\/wp.kristdemokraterna.se\\\/svalov\\\/arsmotesreferat-2022\\\/\",\"url\":\"https:\\\/\\\/wp.kristdemokraterna.se\\\/svalov\\\/arsmotesreferat-2022\\\/\",\"name\":\"\u00c5rsm\u00f6tesreferat 2025 - Kristdemokraterna - Sval\u00f6v\",\"isPartOf\":{\"@id\":\"https:\\\/\\\/wp.kristdemokraterna.se\\\/svalov\\\/#website\"},\"primaryImageOfPage\":{\"@id\":\"https:\\\/\\\/wp.kristdemokraterna.se\\\/svalov\\\/arsmotesreferat-2022\\\/#primaryimage\"},\"image\":{\"@id\":\"https:\\\/\\\/wp.kristdemokraterna.se\\\/svalov\\\/arsmotesreferat-2022\\\/#primaryimage\"},\"thumbnailUrl\":\"https:\\\/\\\/wp.kristdemokraterna.se\\\/svalov\\\/files\\\/2025\\\/02\\\/1000011823b.jpg\",\"datePublished\":\"2012-11-24T04:38:55+00:00\",\"breadcrumb\":{\"@id\":\"https:\\\/\\\/wp.kristdemokraterna.se\\\/svalov\\\/arsmotesreferat-2022\\\/#breadcrumb\"},\"inLanguage\":\"sv-SE\",\"potentialAction\":[{\"@type\":\"ReadAction\",\"target\":[\"https:\\\/\\\/wp.kristdemokraterna.se\\\/svalov\\\/arsmotesreferat-2022\\\/\"]}]},{\"@type\":\"ImageObject\",\"inLanguage\":\"sv-SE\",\"@id\":\"https:\\\/\\\/wp.kristdemokraterna.se\\\/svalov\\\/arsmotesreferat-2022\\\/#primaryimage\",\"url\":\"https:\\\/\\\/wp.kristdemokraterna.se\\\/svalov\\\/files\\\/2025\\\/02\\\/1000011823b.jpg\",\"contentUrl\":\"https:\\\/\\\/wp.kristdemokraterna.se\\\/svalov\\\/files\\\/2025\\\/02\\\/1000011823b.jpg\",\"width\":1028,\"height\":560},{\"@type\":\"BreadcrumbList\",\"@id\":\"https:\\\/\\\/wp.kristdemokraterna.se\\\/svalov\\\/arsmotesreferat-2022\\\/#breadcrumb\",\"itemListElement\":[{\"@type\":\"ListItem\",\"position\":1,\"name\":\"Hem\",\"item\":\"https:\\\/\\\/wp.kristdemokraterna.se\\\/svalov\\\/\"},{\"@type\":\"ListItem\",\"position\":2,\"name\":\"\u00c5rsm\u00f6tesreferat 2025\"}]},{\"@type\":\"WebSite\",\"@id\":\"https:\\\/\\\/wp.kristdemokraterna.se\\\/svalov\\\/#website\",\"url\":\"https:\\\/\\\/wp.kristdemokraterna.se\\\/svalov\\\/\",\"name\":\"Kristdemokraterna - Sval\u00f6v\",\"description\":\"\",\"inLanguage\":\"sv-SE\"}]}<\/script>\n<!-- \/ Yoast SEO plugin. -->","yoast_head_json":{"title":"\u00c5rsm\u00f6tesreferat 2025 - Kristdemokraterna - Sval\u00f6v","robots":{"index":"index","follow":"follow","max-snippet":"max-snippet:-1","max-image-preview":"max-image-preview:large","max-video-preview":"max-video-preview:-1"},"canonical":"https:\/\/wp.kristdemokraterna.se\/svalov\/arsmotesreferat-2022\/","og_locale":"sv_SE","og_type":"article","og_title":"\u00c5rsm\u00f6tesreferat 2025 - Kristdemokraterna - Sval\u00f6v","og_description":"KD Sval\u00f6vs styrelse fr.v.: Aase J\u00f6nsson ordf., \u00c5ke Jonsson vice ordf., Karl-Erik Karlsson sekr., Christer Laurell ledamot, Lars Kristensson kass\u00f6r, Felicia Dahlstr\u00f6m ers\u00e4ttare och Marie Dahlstr\u00f6m ledamot. Kristdemokraterna i Sval\u00f6vs kommun h\u00f6ll den 6 februari sitt \u00e5rsm\u00f6te. F\u00f6rbundsordf. i Kristdemokraternas Seniorf\u00f6rbund Birgitta S\u00f6dertun, Helsingborg ber\u00e4ttade bl.a. om sina tidigare erfarenheter som regionr\u00e5d i Region Sk\u00e5ne, L\u00e4s mer","og_url":"https:\/\/wp.kristdemokraterna.se\/svalov\/arsmotesreferat-2022\/","og_site_name":"Kristdemokraterna - Sval\u00f6v","og_image":[{"width":1028,"height":560,"url":"http:\/\/wp.kristdemokraterna.se\/svalov\/files\/2025\/02\/1000011823b.jpg","type":"image\/jpeg"}],"twitter_card":"summary_large_image","twitter_misc":{"Ber\u00e4knad l\u00e4stid":"2 minuter"},"schema":{"@context":"https:\/\/schema.org","@graph":[{"@type":"WebPage","@id":"https:\/\/wp.kristdemokraterna.se\/svalov\/arsmotesreferat-2022\/","url":"https:\/\/wp.kristdemokraterna.se\/svalov\/arsmotesreferat-2022\/","name":"\u00c5rsm\u00f6tesreferat 2025 - Kristdemokraterna - Sval\u00f6v","isPartOf":{"@id":"https:\/\/wp.kristdemokraterna.se\/svalov\/#website"},"primaryImageOfPage":{"@id":"https:\/\/wp.kristdemokraterna.se\/svalov\/arsmotesreferat-2022\/#primaryimage"},"image":{"@id":"https:\/\/wp.kristdemokraterna.se\/svalov\/arsmotesreferat-2022\/#primaryimage"},"thumbnailUrl":"https:\/\/wp.kristdemokraterna.se\/svalov\/files\/2025\/02\/1000011823b.jpg","datePublished":"2012-11-24T04:38:55+00:00","breadcrumb":{"@id":"https:\/\/wp.kristdemokraterna.se\/svalov\/arsmotesreferat-2022\/#breadcrumb"},"inLanguage":"sv-SE","potentialAction":[{"@type":"ReadAction","target":["https:\/\/wp.kristdemokraterna.se\/svalov\/arsmotesreferat-2022\/"]}]},{"@type":"ImageObject","inLanguage":"sv-SE","@id":"https:\/\/wp.kristdemokraterna.se\/svalov\/arsmotesreferat-2022\/#primaryimage","url":"https:\/\/wp.kristdemokraterna.se\/svalov\/files\/2025\/02\/1000011823b.jpg","contentUrl":"https:\/\/wp.kristdemokraterna.se\/svalov\/files\/2025\/02\/1000011823b.jpg","width":1028,"height":560},{"@type":"BreadcrumbList","@id":"https:\/\/wp.kristdemokraterna.se\/svalov\/arsmotesreferat-2022\/#breadcrumb","itemListElement":[{"@type":"ListItem","position":1,"name":"Hem","item":"https:\/\/wp.kristdemokraterna.se\/svalov\/"},{"@type":"ListItem","position":2,"name":"\u00c5rsm\u00f6tesreferat 2025"}]},{"@type":"WebSite","@id":"https:\/\/wp.kristdemokraterna.se\/svalov\/#website","url":"https:\/\/wp.kristdemokraterna.se\/svalov\/","name":"Kristdemokraterna - Sval\u00f6v","description":"","inLanguage":"sv-SE"}]}},"_links":{"self":[{"href":"https:\/\/wp.kristdemokraterna.se\/svalov\/wp-json\/wp\/v2\/pages\/839","targetHints":{"allow":["GET"]}}],"collection":[{"href":"https:\/\/wp.kristdemokraterna.se\/svalov\/wp-json\/wp\/v2\/pages"}],"about":[{"href":"https:\/\/wp.kristdemokraterna.se\/svalov\/wp-json\/wp\/v2\/types\/page"}],"author":[{"embeddable":true,"href":"https:\/\/wp.kristdemokraterna.se\/svalov\/wp-json\/wp\/v2\/users\/2"}],"replies":[{"embeddable":true,"href":"https:\/\/wp.kristdemokraterna.se\/svalov\/wp-json\/wp\/v2\/comments?post=839"}],"version-history":[{"count":0,"href":"https:\/\/wp.kristdemokraterna.se\/svalov\/wp-json\/wp\/v2\/pages\/839\/revisions"}],"wp:featuredmedia":[{"embeddable":true,"href":"https:\/\/wp.kristdemokraterna.se\/svalov\/wp-json\/wp\/v2\/media\/1638"}],"wp:attachment":[{"href":"https:\/\/wp.kristdemokraterna.se\/svalov\/wp-json\/wp\/v2\/media?parent=839"}],"curies":[{"name":"wp","href":"https:\/\/api.w.org\/{rel}","templated":true}]}}