{"id":269,"date":"2025-03-29T16:48:28","date_gmt":"2025-03-29T15:48:28","guid":{"rendered":"http:\/\/wp.kristdemokraterna.se\/svedala\/?page_id=269"},"modified":"2025-03-30T12:00:59","modified_gmt":"2025-03-30T10:00:59","slug":"om-oss","status":"publish","type":"page","link":"https:\/\/wp.kristdemokraterna.se\/svedala\/om-oss\/","title":{"rendered":"Om oss"},"content":{"rendered":"<p><strong>Kristdemokraterna i Svedala<\/strong><\/p>\n<p class=\"\" data-start=\"288\" data-end=\"728\">Kristdemokraterna i Svedala f\u00f6ddes ur ett lokalt engagemang \u00f6ver byggnationen av ett f\u00e4ngelse i kommunen. Fr\u00e5gan samlade inv\u00e5nare som k\u00e4nde att besluten inte l\u00e4ngre togs med h\u00e4nsyn till Svedalas b\u00e4sta. En gr\u00e4srotsr\u00f6relse v\u00e4xte fram, och genom h\u00e5rt arbete lyckades r\u00f6relsen driva igenom en folkomr\u00f6stning i fr\u00e5gan. Det blev inte bara ett tydligt st\u00e4llningstagande mot anstalten \u2013 det blev ocks\u00e5 startskottet f\u00f6r en ny politisk kraft i kommunen.<\/p>\n<p class=\"\" data-start=\"730\" data-end=\"1144\">Vi tror p\u00e5 n\u00e4rdemokrati. P\u00e5 att beslut ska tas s\u00e5 n\u00e4ra m\u00e4nniskor som m\u00f6jligt, av dem som f\u00f6rst\u00e5r den lokala verkligheten. V\u00e5r politik utg\u00e5r fr\u00e5n respekt f\u00f6r platsens \u2013 Svedalas unika v\u00e4rden ska inte offras f\u00f6r kortsiktiga vinster eller centralstyrda l\u00f6sningar. Vi vill att v\u00e5r kommun ska v\u00e4xa, men i r\u00e4tt takt och med varsam hand. Vi s\u00e4ger ja till utveckling som bevarar det som g\u00f6r Svedala till just Svedala.<\/p>\n<p class=\"\" data-start=\"1146\" data-end=\"1385\">V\u00e5ra hj\u00e4rtefr\u00e5gor handlar om m\u00e4nniskor \u2013 i alla \u00e5ldrar. Skolan ska vara trygg, elevh\u00e4lsan stark och l\u00e4rarna tillr\u00e4ckligt m\u00e5nga f\u00f6r att varje elev ska bli sedd. Samtidigt m\u00e5ste omsorgen om v\u00e5ra \u00e4ldre pr\u00e4glas av v\u00e4rdighet, tillit och n\u00e4rhet.<\/p>\n<p class=\"\" data-start=\"1387\" data-end=\"1561\">Vi st\u00e5r upp f\u00f6r ett socialt ansvar som str\u00e4cker sig \u00f6ver hela livet \u2013 fr\u00e5n barn till \u00e4ldre, fr\u00e5n byarna till t\u00e4torten.<\/p>\n<p class=\"\" data-start=\"1387\" data-end=\"1561\">Det \u00e4r s\u00e5 vi bygger ett h\u00e5llbart Svedala \u2013 tillsammans.<\/p>\n<p>&nbsp;<\/p>\n<p>&nbsp;<\/p>\n<p>&nbsp;<\/p>\n","protected":false},"excerpt":{"rendered":"<p>Kristdemokraterna i Svedala Kristdemokraterna i Svedala f\u00f6ddes ur ett lokalt engagemang \u00f6ver byggnationen av ett f\u00e4ngelse i kommunen. Fr\u00e5gan samlade inv\u00e5nare som k\u00e4nde att besluten inte l\u00e4ngre togs med h\u00e4nsyn till Svedalas b\u00e4sta. En gr\u00e4srotsr\u00f6relse v\u00e4xte fram, och genom h\u00e5rt arbete lyckades r\u00f6relsen driva igenom en folkomr\u00f6stning i fr\u00e5gan. Det blev inte bara ett tydligt <a class=\"read-more-link\" href=\"https:\/\/wp.kristdemokraterna.se\/svedala\/om-oss\/\">L\u00e4s mer<\/a><\/p>\n","protected":false},"author":945,"featured_media":0,"parent":0,"menu_order":0,"comment_status":"closed","ping_status":"closed","template":"page.php","meta":{"_acf_changed":false,"footnotes":""},"class_list":["post-269","page","type-page","status-publish","hentry"],"acf":[],"yoast_head":"<!-- This site is optimized with the Yoast SEO plugin v27.4 - https:\/\/yoast.com\/product\/yoast-seo-wordpress\/ -->\n<title>Om oss - Kristdemokraterna | Svedala<\/title>\n<meta name=\"robots\" content=\"index, follow, max-snippet:-1, max-image-preview:large, max-video-preview:-1\" \/>\n<link rel=\"canonical\" href=\"https:\/\/wp.kristdemokraterna.se\/svedala\/om-oss\/\" \/>\n<meta property=\"og:locale\" content=\"sv_SE\" \/>\n<meta property=\"og:type\" content=\"article\" \/>\n<meta property=\"og:title\" content=\"Om oss - Kristdemokraterna | Svedala\" \/>\n<meta property=\"og:description\" content=\"Kristdemokraterna i Svedala Kristdemokraterna i Svedala f\u00f6ddes ur ett lokalt engagemang \u00f6ver byggnationen av ett f\u00e4ngelse i kommunen. Fr\u00e5gan samlade inv\u00e5nare som k\u00e4nde att besluten inte l\u00e4ngre togs med h\u00e4nsyn till Svedalas b\u00e4sta. En gr\u00e4srotsr\u00f6relse v\u00e4xte fram, och genom h\u00e5rt arbete lyckades r\u00f6relsen driva igenom en folkomr\u00f6stning i fr\u00e5gan. Det blev inte bara ett tydligt L\u00e4s mer\" \/>\n<meta property=\"og:url\" content=\"https:\/\/wp.kristdemokraterna.se\/svedala\/om-oss\/\" \/>\n<meta property=\"og:site_name\" content=\"Kristdemokraterna | Svedala\" \/>\n<meta property=\"article:modified_time\" content=\"2025-03-30T10:00:59+00:00\" \/>\n<meta name=\"twitter:card\" content=\"summary_large_image\" \/>\n<meta name=\"twitter:label1\" content=\"Ber\u00e4knad l\u00e4stid\" \/>\n\t<meta name=\"twitter:data1\" content=\"2 minuter\" \/>\n<script type=\"application\/ld+json\" class=\"yoast-schema-graph\">{\"@context\":\"https:\\\/\\\/schema.org\",\"@graph\":[{\"@type\":\"WebPage\",\"@id\":\"https:\\\/\\\/wp.kristdemokraterna.se\\\/svedala\\\/om-oss\\\/\",\"url\":\"https:\\\/\\\/wp.kristdemokraterna.se\\\/svedala\\\/om-oss\\\/\",\"name\":\"Om oss - Kristdemokraterna | Svedala\",\"isPartOf\":{\"@id\":\"https:\\\/\\\/wp.kristdemokraterna.se\\\/svedala\\\/#website\"},\"datePublished\":\"2025-03-29T15:48:28+00:00\",\"dateModified\":\"2025-03-30T10:00:59+00:00\",\"breadcrumb\":{\"@id\":\"https:\\\/\\\/wp.kristdemokraterna.se\\\/svedala\\\/om-oss\\\/#breadcrumb\"},\"inLanguage\":\"sv-SE\",\"potentialAction\":[{\"@type\":\"ReadAction\",\"target\":[\"https:\\\/\\\/wp.kristdemokraterna.se\\\/svedala\\\/om-oss\\\/\"]}]},{\"@type\":\"BreadcrumbList\",\"@id\":\"https:\\\/\\\/wp.kristdemokraterna.se\\\/svedala\\\/om-oss\\\/#breadcrumb\",\"itemListElement\":[{\"@type\":\"ListItem\",\"position\":1,\"name\":\"Hem\",\"item\":\"https:\\\/\\\/wp.kristdemokraterna.se\\\/svedala\\\/\"},{\"@type\":\"ListItem\",\"position\":2,\"name\":\"Om oss\"}]},{\"@type\":\"WebSite\",\"@id\":\"https:\\\/\\\/wp.kristdemokraterna.se\\\/svedala\\\/#website\",\"url\":\"https:\\\/\\\/wp.kristdemokraterna.se\\\/svedala\\\/\",\"name\":\"Kristdemokraterna | Svedala\",\"description\":\"Ett Svedala d\u00e4r n\u00e4rhet, ansvar och omtanke f\u00e5r styra \u2013 inte storskalighet och centralisering\",\"inLanguage\":\"sv-SE\"}]}<\/script>\n<!-- \/ Yoast SEO plugin. -->","yoast_head_json":{"title":"Om oss - Kristdemokraterna | Svedala","robots":{"index":"index","follow":"follow","max-snippet":"max-snippet:-1","max-image-preview":"max-image-preview:large","max-video-preview":"max-video-preview:-1"},"canonical":"https:\/\/wp.kristdemokraterna.se\/svedala\/om-oss\/","og_locale":"sv_SE","og_type":"article","og_title":"Om oss - Kristdemokraterna | Svedala","og_description":"Kristdemokraterna i Svedala Kristdemokraterna i Svedala f\u00f6ddes ur ett lokalt engagemang \u00f6ver byggnationen av ett f\u00e4ngelse i kommunen. Fr\u00e5gan samlade inv\u00e5nare som k\u00e4nde att besluten inte l\u00e4ngre togs med h\u00e4nsyn till Svedalas b\u00e4sta. En gr\u00e4srotsr\u00f6relse v\u00e4xte fram, och genom h\u00e5rt arbete lyckades r\u00f6relsen driva igenom en folkomr\u00f6stning i fr\u00e5gan. Det blev inte bara ett tydligt L\u00e4s mer","og_url":"https:\/\/wp.kristdemokraterna.se\/svedala\/om-oss\/","og_site_name":"Kristdemokraterna | Svedala","article_modified_time":"2025-03-30T10:00:59+00:00","twitter_card":"summary_large_image","twitter_misc":{"Ber\u00e4knad l\u00e4stid":"2 minuter"},"schema":{"@context":"https:\/\/schema.org","@graph":[{"@type":"WebPage","@id":"https:\/\/wp.kristdemokraterna.se\/svedala\/om-oss\/","url":"https:\/\/wp.kristdemokraterna.se\/svedala\/om-oss\/","name":"Om oss - Kristdemokraterna | Svedala","isPartOf":{"@id":"https:\/\/wp.kristdemokraterna.se\/svedala\/#website"},"datePublished":"2025-03-29T15:48:28+00:00","dateModified":"2025-03-30T10:00:59+00:00","breadcrumb":{"@id":"https:\/\/wp.kristdemokraterna.se\/svedala\/om-oss\/#breadcrumb"},"inLanguage":"sv-SE","potentialAction":[{"@type":"ReadAction","target":["https:\/\/wp.kristdemokraterna.se\/svedala\/om-oss\/"]}]},{"@type":"BreadcrumbList","@id":"https:\/\/wp.kristdemokraterna.se\/svedala\/om-oss\/#breadcrumb","itemListElement":[{"@type":"ListItem","position":1,"name":"Hem","item":"https:\/\/wp.kristdemokraterna.se\/svedala\/"},{"@type":"ListItem","position":2,"name":"Om oss"}]},{"@type":"WebSite","@id":"https:\/\/wp.kristdemokraterna.se\/svedala\/#website","url":"https:\/\/wp.kristdemokraterna.se\/svedala\/","name":"Kristdemokraterna | Svedala","description":"Ett Svedala d\u00e4r n\u00e4rhet, ansvar och omtanke f\u00e5r styra \u2013 inte storskalighet och centralisering","inLanguage":"sv-SE"}]}},"_links":{"self":[{"href":"https:\/\/wp.kristdemokraterna.se\/svedala\/wp-json\/wp\/v2\/pages\/269","targetHints":{"allow":["GET"]}}],"collection":[{"href":"https:\/\/wp.kristdemokraterna.se\/svedala\/wp-json\/wp\/v2\/pages"}],"about":[{"href":"https:\/\/wp.kristdemokraterna.se\/svedala\/wp-json\/wp\/v2\/types\/page"}],"author":[{"embeddable":true,"href":"https:\/\/wp.kristdemokraterna.se\/svedala\/wp-json\/wp\/v2\/users\/945"}],"replies":[{"embeddable":true,"href":"https:\/\/wp.kristdemokraterna.se\/svedala\/wp-json\/wp\/v2\/comments?post=269"}],"version-history":[{"count":16,"href":"https:\/\/wp.kristdemokraterna.se\/svedala\/wp-json\/wp\/v2\/pages\/269\/revisions"}],"predecessor-version":[{"id":698,"href":"https:\/\/wp.kristdemokraterna.se\/svedala\/wp-json\/wp\/v2\/pages\/269\/revisions\/698"}],"wp:attachment":[{"href":"https:\/\/wp.kristdemokraterna.se\/svedala\/wp-json\/wp\/v2\/media?parent=269"}],"curies":[{"name":"wp","href":"https:\/\/api.w.org\/{rel}","templated":true}]}}