{"id":342,"date":"2025-03-29T19:00:10","date_gmt":"2025-03-29T18:00:10","guid":{"rendered":"http:\/\/wp.kristdemokraterna.se\/svedala\/?page_id=342"},"modified":"2025-03-29T19:05:25","modified_gmt":"2025-03-29T18:05:25","slug":"var-vision","status":"publish","type":"page","link":"https:\/\/wp.kristdemokraterna.se\/svedala\/var-vision\/","title":{"rendered":"V\u00e5r vision"},"content":{"rendered":"<p class=\"\" data-start=\"169\" data-end=\"493\">Vi vill att Svedala ska vara en trygg och\u00a0 v\u00e4lfungerande kommun \u2013 d\u00e4r hela kommunen utvecklas, inte bara vissa delar. En plats d\u00e4r barns skolg\u00e5ng pr\u00e4glas av god h\u00e4lsa och trygghet, d\u00e4r vuxna har m\u00f6jlighet att arbeta, bo och leva n\u00e4ra det som \u00e4r viktigt, och d\u00e4r \u00e4ldre m\u00f6ts med respekt, omsorg och delaktighet.<\/p>\n<p class=\"\" data-start=\"495\" data-end=\"730\">Vi tror p\u00e5 beslut som tas n\u00e4ra \u2013 av m\u00e4nniskor som f\u00f6rst\u00e5r den lokala verkligheten. D\u00e4rf\u00f6r st\u00e5r vi f\u00f6r n\u00e4rhetsdemokrati, ansvarstagande och respekt f\u00f6r Svedalas unika v\u00e4rden: v\u00e5r landsbygd, v\u00e5ra byar, v\u00e5ra gr\u00f6nomr\u00e5den och v\u00e5r gemenskap.<\/p>\n<p class=\"\" data-start=\"732\" data-end=\"1014\">Vi vill se en kommun som v\u00e4xer \u2013 men varsamt och med eftertanke. Vi s\u00e4ger ja till utveckling, men nej till exploatering som riskerar att urholka det som g\u00f6r Svedala speciellt. Vi vill ha fler l\u00e4rare, starkare skolh\u00e4lsa och en r\u00e4ddningstj\u00e4nst i egen regi \u2013 d\u00e4r tryggheten finns n\u00e4ra.<\/p>\n<p class=\"\" data-start=\"1016\" data-end=\"1431\">Vi ser ocks\u00e5 vikten av ett starkt och livskraftigt lokalt n\u00e4ringsliv. Svedalas ska domineras av ett starkt och lokalt f\u00f6rankrat n\u00e4ringsliv \u2013 inte p\u00e5 multinationella j\u00e4ttar med dominerande marknadsandelar. Det lokala f\u00f6retagandet \u00e4r en f\u00f6ruts\u00e4ttning f\u00f6r arbetstillf\u00e4llen, n\u00e4rhet till service och levande samh\u00e4llen. Vi vill att v\u00e5ra f\u00f6retag ska ges r\u00e4tt f\u00f6ruts\u00e4ttningar \u2013 och inte konkurreras ut av global stordrift.<\/p>\n<p class=\"\" data-start=\"1433\" data-end=\"1518\">V\u00e5r vision \u00e4r enkel: Ett Svedala f\u00f6r alla generationer, i hela kommunen.<\/p>\n","protected":false},"excerpt":{"rendered":"<p>Vi vill att Svedala ska vara en trygg och\u00a0 v\u00e4lfungerande kommun \u2013 d\u00e4r hela kommunen utvecklas, inte bara vissa delar. En plats d\u00e4r barns skolg\u00e5ng pr\u00e4glas av god h\u00e4lsa och trygghet, d\u00e4r vuxna har m\u00f6jlighet att arbeta, bo och leva n\u00e4ra det som \u00e4r viktigt, och d\u00e4r \u00e4ldre m\u00f6ts med respekt, omsorg och delaktighet. Vi <a class=\"read-more-link\" href=\"https:\/\/wp.kristdemokraterna.se\/svedala\/var-vision\/\">L\u00e4s mer<\/a><\/p>\n","protected":false},"author":945,"featured_media":0,"parent":0,"menu_order":0,"comment_status":"closed","ping_status":"closed","template":"page.php","meta":{"_acf_changed":false,"footnotes":""},"class_list":["post-342","page","type-page","status-publish","hentry"],"acf":[],"yoast_head":"<!-- This site is optimized with the Yoast SEO plugin v27.4 - https:\/\/yoast.com\/product\/yoast-seo-wordpress\/ -->\n<title>V\u00e5r vision - Kristdemokraterna | Svedala<\/title>\n<meta name=\"robots\" content=\"index, follow, max-snippet:-1, max-image-preview:large, max-video-preview:-1\" \/>\n<link rel=\"canonical\" href=\"https:\/\/wp.kristdemokraterna.se\/svedala\/var-vision\/\" \/>\n<meta property=\"og:locale\" content=\"sv_SE\" \/>\n<meta property=\"og:type\" content=\"article\" \/>\n<meta property=\"og:title\" content=\"V\u00e5r vision - Kristdemokraterna | Svedala\" \/>\n<meta property=\"og:description\" content=\"Vi vill att Svedala ska vara en trygg och\u00a0 v\u00e4lfungerande kommun \u2013 d\u00e4r hela kommunen utvecklas, inte bara vissa delar. En plats d\u00e4r barns skolg\u00e5ng pr\u00e4glas av god h\u00e4lsa och trygghet, d\u00e4r vuxna har m\u00f6jlighet att arbeta, bo och leva n\u00e4ra det som \u00e4r viktigt, och d\u00e4r \u00e4ldre m\u00f6ts med respekt, omsorg och delaktighet. Vi L\u00e4s mer\" \/>\n<meta property=\"og:url\" content=\"https:\/\/wp.kristdemokraterna.se\/svedala\/var-vision\/\" \/>\n<meta property=\"og:site_name\" content=\"Kristdemokraterna | Svedala\" \/>\n<meta property=\"article:modified_time\" content=\"2025-03-29T18:05:25+00:00\" \/>\n<meta name=\"twitter:card\" content=\"summary_large_image\" \/>\n<meta name=\"twitter:label1\" content=\"Ber\u00e4knad l\u00e4stid\" \/>\n\t<meta name=\"twitter:data1\" content=\"2 minuter\" \/>\n<script type=\"application\/ld+json\" class=\"yoast-schema-graph\">{\"@context\":\"https:\\\/\\\/schema.org\",\"@graph\":[{\"@type\":\"WebPage\",\"@id\":\"https:\\\/\\\/wp.kristdemokraterna.se\\\/svedala\\\/var-vision\\\/\",\"url\":\"https:\\\/\\\/wp.kristdemokraterna.se\\\/svedala\\\/var-vision\\\/\",\"name\":\"V\u00e5r vision - Kristdemokraterna | Svedala\",\"isPartOf\":{\"@id\":\"https:\\\/\\\/wp.kristdemokraterna.se\\\/svedala\\\/#website\"},\"datePublished\":\"2025-03-29T18:00:10+00:00\",\"dateModified\":\"2025-03-29T18:05:25+00:00\",\"breadcrumb\":{\"@id\":\"https:\\\/\\\/wp.kristdemokraterna.se\\\/svedala\\\/var-vision\\\/#breadcrumb\"},\"inLanguage\":\"sv-SE\",\"potentialAction\":[{\"@type\":\"ReadAction\",\"target\":[\"https:\\\/\\\/wp.kristdemokraterna.se\\\/svedala\\\/var-vision\\\/\"]}]},{\"@type\":\"BreadcrumbList\",\"@id\":\"https:\\\/\\\/wp.kristdemokraterna.se\\\/svedala\\\/var-vision\\\/#breadcrumb\",\"itemListElement\":[{\"@type\":\"ListItem\",\"position\":1,\"name\":\"Hem\",\"item\":\"https:\\\/\\\/wp.kristdemokraterna.se\\\/svedala\\\/\"},{\"@type\":\"ListItem\",\"position\":2,\"name\":\"V\u00e5r vision\"}]},{\"@type\":\"WebSite\",\"@id\":\"https:\\\/\\\/wp.kristdemokraterna.se\\\/svedala\\\/#website\",\"url\":\"https:\\\/\\\/wp.kristdemokraterna.se\\\/svedala\\\/\",\"name\":\"Kristdemokraterna | Svedala\",\"description\":\"Ett Svedala d\u00e4r n\u00e4rhet, ansvar och omtanke f\u00e5r styra \u2013 inte storskalighet och centralisering\",\"inLanguage\":\"sv-SE\"}]}<\/script>\n<!-- \/ Yoast SEO plugin. -->","yoast_head_json":{"title":"V\u00e5r vision - Kristdemokraterna | Svedala","robots":{"index":"index","follow":"follow","max-snippet":"max-snippet:-1","max-image-preview":"max-image-preview:large","max-video-preview":"max-video-preview:-1"},"canonical":"https:\/\/wp.kristdemokraterna.se\/svedala\/var-vision\/","og_locale":"sv_SE","og_type":"article","og_title":"V\u00e5r vision - Kristdemokraterna | Svedala","og_description":"Vi vill att Svedala ska vara en trygg och\u00a0 v\u00e4lfungerande kommun \u2013 d\u00e4r hela kommunen utvecklas, inte bara vissa delar. En plats d\u00e4r barns skolg\u00e5ng pr\u00e4glas av god h\u00e4lsa och trygghet, d\u00e4r vuxna har m\u00f6jlighet att arbeta, bo och leva n\u00e4ra det som \u00e4r viktigt, och d\u00e4r \u00e4ldre m\u00f6ts med respekt, omsorg och delaktighet. Vi L\u00e4s mer","og_url":"https:\/\/wp.kristdemokraterna.se\/svedala\/var-vision\/","og_site_name":"Kristdemokraterna | Svedala","article_modified_time":"2025-03-29T18:05:25+00:00","twitter_card":"summary_large_image","twitter_misc":{"Ber\u00e4knad l\u00e4stid":"2 minuter"},"schema":{"@context":"https:\/\/schema.org","@graph":[{"@type":"WebPage","@id":"https:\/\/wp.kristdemokraterna.se\/svedala\/var-vision\/","url":"https:\/\/wp.kristdemokraterna.se\/svedala\/var-vision\/","name":"V\u00e5r vision - Kristdemokraterna | Svedala","isPartOf":{"@id":"https:\/\/wp.kristdemokraterna.se\/svedala\/#website"},"datePublished":"2025-03-29T18:00:10+00:00","dateModified":"2025-03-29T18:05:25+00:00","breadcrumb":{"@id":"https:\/\/wp.kristdemokraterna.se\/svedala\/var-vision\/#breadcrumb"},"inLanguage":"sv-SE","potentialAction":[{"@type":"ReadAction","target":["https:\/\/wp.kristdemokraterna.se\/svedala\/var-vision\/"]}]},{"@type":"BreadcrumbList","@id":"https:\/\/wp.kristdemokraterna.se\/svedala\/var-vision\/#breadcrumb","itemListElement":[{"@type":"ListItem","position":1,"name":"Hem","item":"https:\/\/wp.kristdemokraterna.se\/svedala\/"},{"@type":"ListItem","position":2,"name":"V\u00e5r vision"}]},{"@type":"WebSite","@id":"https:\/\/wp.kristdemokraterna.se\/svedala\/#website","url":"https:\/\/wp.kristdemokraterna.se\/svedala\/","name":"Kristdemokraterna | Svedala","description":"Ett Svedala d\u00e4r n\u00e4rhet, ansvar och omtanke f\u00e5r styra \u2013 inte storskalighet och centralisering","inLanguage":"sv-SE"}]}},"_links":{"self":[{"href":"https:\/\/wp.kristdemokraterna.se\/svedala\/wp-json\/wp\/v2\/pages\/342","targetHints":{"allow":["GET"]}}],"collection":[{"href":"https:\/\/wp.kristdemokraterna.se\/svedala\/wp-json\/wp\/v2\/pages"}],"about":[{"href":"https:\/\/wp.kristdemokraterna.se\/svedala\/wp-json\/wp\/v2\/types\/page"}],"author":[{"embeddable":true,"href":"https:\/\/wp.kristdemokraterna.se\/svedala\/wp-json\/wp\/v2\/users\/945"}],"replies":[{"embeddable":true,"href":"https:\/\/wp.kristdemokraterna.se\/svedala\/wp-json\/wp\/v2\/comments?post=342"}],"version-history":[{"count":5,"href":"https:\/\/wp.kristdemokraterna.se\/svedala\/wp-json\/wp\/v2\/pages\/342\/revisions"}],"predecessor-version":[{"id":649,"href":"https:\/\/wp.kristdemokraterna.se\/svedala\/wp-json\/wp\/v2\/pages\/342\/revisions\/649"}],"wp:attachment":[{"href":"https:\/\/wp.kristdemokraterna.se\/svedala\/wp-json\/wp\/v2\/media?parent=342"}],"curies":[{"name":"wp","href":"https:\/\/api.w.org\/{rel}","templated":true}]}}