{"id":799,"date":"2025-11-14T15:35:50","date_gmt":"2025-11-14T14:35:50","guid":{"rendered":"https:\/\/wp.kristdemokraterna.se\/svedala\/?page_id=799"},"modified":"2025-11-21T16:08:49","modified_gmt":"2025-11-21T15:08:49","slug":"valkommen-till-lokalpolitiken","status":"publish","type":"page","link":"https:\/\/wp.kristdemokraterna.se\/svedala\/valkommen-till-lokalpolitiken\/","title":{"rendered":"V\u00e4lkommen till lokalpolitiken"},"content":{"rendered":"<p>Inom Kristdemokraterna i Svedala \u00e4r alla v\u00e4lkomna att delta och vara en aktiv del av politiken. Vi tror p\u00e5 ett \u00f6ppet klimat d\u00e4r varje r\u00f6st r\u00e4knas och d\u00e4r alla som vill bidra till ett b\u00e4ttre Svedala f\u00e5r m\u00f6jlighet att g\u00f6ra det. Hos oss kan du vara med p\u00e5 m\u00f6ten, samtal och diskussioner d\u00e4r vi tillsammans formar politiken i fr\u00e5gor som ber\u00f6r Svedala och dess inv\u00e5nare. Vi v\u00e4lkomnar alla som vill engagera sig, lyfta id\u00e9er och vara delaktiga i att skapa ett tryggare, starkare och mer sammanh\u00e5llet Svedala.<\/p>\n<p>Vi ser fram emot att h\u00f6ra av dig!<\/p>\n<p><a href=\"https:\/\/kristdemokraterna.se\/engagera-dig\/ansok-om-medlemskap-i-kristdemokraterna\">Bli medlem<\/a><\/p>\n\n<div class=\"wpcf7 no-js\" id=\"wpcf7-f873-o1\" lang=\"sv-SE\" dir=\"ltr\" data-wpcf7-id=\"873\">\n<div class=\"screen-reader-response\"><p role=\"status\" aria-live=\"polite\" aria-atomic=\"true\"><\/p> <ul><\/ul><\/div>\n<form action=\"\/svedala\/wp-json\/wp\/v2\/pages\/799#wpcf7-f873-o1\" method=\"post\" class=\"wpcf7-form init\" aria-label=\"Kontaktformul\u00e4r\" novalidate=\"novalidate\" data-status=\"init\">\n<fieldset class=\"hidden-fields-container\"><input type=\"hidden\" name=\"_wpcf7\" value=\"873\" \/><input type=\"hidden\" name=\"_wpcf7_version\" value=\"6.1.5\" \/><input type=\"hidden\" name=\"_wpcf7_locale\" value=\"sv_SE\" \/><input type=\"hidden\" name=\"_wpcf7_unit_tag\" value=\"wpcf7-f873-o1\" \/><input type=\"hidden\" name=\"_wpcf7_container_post\" value=\"0\" \/><input type=\"hidden\" name=\"_wpcf7_posted_data_hash\" value=\"\" \/>\n<\/fieldset>\n<p><label> Ditt namn<br \/>\n<span class=\"wpcf7-form-control-wrap\" data-name=\"your-name\"><input size=\"40\" maxlength=\"400\" class=\"wpcf7-form-control wpcf7-text wpcf7-validates-as-required\" autocomplete=\"name\" aria-required=\"true\" aria-invalid=\"false\" value=\"\" type=\"text\" name=\"your-name\" \/><\/span> <\/label>\n<\/p>\n<p><label> Din e-post<br \/>\n<span class=\"wpcf7-form-control-wrap\" data-name=\"your-email\"><input size=\"40\" maxlength=\"400\" class=\"wpcf7-form-control wpcf7-email wpcf7-validates-as-required wpcf7-text wpcf7-validates-as-email\" autocomplete=\"email\" aria-required=\"true\" aria-invalid=\"false\" value=\"\" type=\"email\" name=\"your-email\" \/><\/span> <\/label>\n<\/p>\n<p><label> \u00c4mne<br \/>\n<span class=\"wpcf7-form-control-wrap\" data-name=\"your-subject\"><input size=\"40\" maxlength=\"400\" class=\"wpcf7-form-control wpcf7-text wpcf7-validates-as-required\" aria-required=\"true\" aria-invalid=\"false\" value=\"\" type=\"text\" name=\"your-subject\" \/><\/span> <\/label>\n<\/p>\n<p><label> Ditt meddelande (valfritt)<br \/>\n<span class=\"wpcf7-form-control-wrap\" data-name=\"your-message\"><textarea cols=\"40\" rows=\"10\" maxlength=\"2000\" class=\"wpcf7-form-control wpcf7-textarea\" aria-invalid=\"false\" name=\"your-message\"><\/textarea><\/span> <\/label>\n<\/p>\n<p><input class=\"wpcf7-form-control wpcf7-submit has-spinner\" type=\"submit\" value=\"Skicka\" \/>\n<\/p><div class=\"wpcf7-response-output\" aria-hidden=\"true\"><\/div>\n<\/form>\n<\/div>\n\n","protected":false},"excerpt":{"rendered":"<p>Inom Kristdemokraterna i Svedala \u00e4r alla v\u00e4lkomna att delta och vara en aktiv del av politiken. Vi tror p\u00e5 ett \u00f6ppet klimat d\u00e4r varje r\u00f6st r\u00e4knas och d\u00e4r alla som vill bidra till ett b\u00e4ttre Svedala f\u00e5r m\u00f6jlighet att g\u00f6ra det. Hos oss kan du vara med p\u00e5 m\u00f6ten, samtal och diskussioner d\u00e4r vi tillsammans <a class=\"read-more-link\" href=\"https:\/\/wp.kristdemokraterna.se\/svedala\/valkommen-till-lokalpolitiken\/\">L\u00e4s mer<\/a><\/p>\n","protected":false},"author":945,"featured_media":0,"parent":0,"menu_order":0,"comment_status":"closed","ping_status":"closed","template":"","meta":{"_acf_changed":false,"footnotes":""},"class_list":["post-799","page","type-page","status-publish","hentry"],"acf":[],"yoast_head":"<!-- This site is optimized with the Yoast SEO plugin v27.4 - https:\/\/yoast.com\/product\/yoast-seo-wordpress\/ -->\n<title>V\u00e4lkommen till lokalpolitiken - Kristdemokraterna | Svedala<\/title>\n<meta name=\"robots\" content=\"index, follow, max-snippet:-1, max-image-preview:large, max-video-preview:-1\" \/>\n<link rel=\"canonical\" href=\"https:\/\/wp.kristdemokraterna.se\/svedala\/valkommen-till-lokalpolitiken\/\" \/>\n<meta property=\"og:locale\" content=\"sv_SE\" \/>\n<meta property=\"og:type\" content=\"article\" \/>\n<meta property=\"og:title\" content=\"V\u00e4lkommen till lokalpolitiken - Kristdemokraterna | Svedala\" \/>\n<meta property=\"og:description\" content=\"Inom Kristdemokraterna i Svedala \u00e4r alla v\u00e4lkomna att delta och vara en aktiv del av politiken. Vi tror p\u00e5 ett \u00f6ppet klimat d\u00e4r varje r\u00f6st r\u00e4knas och d\u00e4r alla som vill bidra till ett b\u00e4ttre Svedala f\u00e5r m\u00f6jlighet att g\u00f6ra det. Hos oss kan du vara med p\u00e5 m\u00f6ten, samtal och diskussioner d\u00e4r vi tillsammans L\u00e4s mer\" \/>\n<meta property=\"og:url\" content=\"https:\/\/wp.kristdemokraterna.se\/svedala\/valkommen-till-lokalpolitiken\/\" \/>\n<meta property=\"og:site_name\" content=\"Kristdemokraterna | Svedala\" \/>\n<meta property=\"article:modified_time\" content=\"2025-11-21T15:08:49+00:00\" \/>\n<meta name=\"twitter:card\" content=\"summary_large_image\" \/>\n<meta name=\"twitter:label1\" content=\"Ber\u00e4knad l\u00e4stid\" \/>\n\t<meta name=\"twitter:data1\" content=\"1 minut\" \/>\n<script type=\"application\/ld+json\" class=\"yoast-schema-graph\">{\"@context\":\"https:\\\/\\\/schema.org\",\"@graph\":[{\"@type\":\"WebPage\",\"@id\":\"https:\\\/\\\/wp.kristdemokraterna.se\\\/svedala\\\/valkommen-till-lokalpolitiken\\\/\",\"url\":\"https:\\\/\\\/wp.kristdemokraterna.se\\\/svedala\\\/valkommen-till-lokalpolitiken\\\/\",\"name\":\"V\u00e4lkommen till lokalpolitiken - Kristdemokraterna | Svedala\",\"isPartOf\":{\"@id\":\"https:\\\/\\\/wp.kristdemokraterna.se\\\/svedala\\\/#website\"},\"datePublished\":\"2025-11-14T14:35:50+00:00\",\"dateModified\":\"2025-11-21T15:08:49+00:00\",\"breadcrumb\":{\"@id\":\"https:\\\/\\\/wp.kristdemokraterna.se\\\/svedala\\\/valkommen-till-lokalpolitiken\\\/#breadcrumb\"},\"inLanguage\":\"sv-SE\",\"potentialAction\":[{\"@type\":\"ReadAction\",\"target\":[\"https:\\\/\\\/wp.kristdemokraterna.se\\\/svedala\\\/valkommen-till-lokalpolitiken\\\/\"]}]},{\"@type\":\"BreadcrumbList\",\"@id\":\"https:\\\/\\\/wp.kristdemokraterna.se\\\/svedala\\\/valkommen-till-lokalpolitiken\\\/#breadcrumb\",\"itemListElement\":[{\"@type\":\"ListItem\",\"position\":1,\"name\":\"Hem\",\"item\":\"https:\\\/\\\/wp.kristdemokraterna.se\\\/svedala\\\/\"},{\"@type\":\"ListItem\",\"position\":2,\"name\":\"V\u00e4lkommen till lokalpolitiken\"}]},{\"@type\":\"WebSite\",\"@id\":\"https:\\\/\\\/wp.kristdemokraterna.se\\\/svedala\\\/#website\",\"url\":\"https:\\\/\\\/wp.kristdemokraterna.se\\\/svedala\\\/\",\"name\":\"Kristdemokraterna | Svedala\",\"description\":\"Ett Svedala d\u00e4r n\u00e4rhet, ansvar och omtanke f\u00e5r styra \u2013 inte storskalighet och centralisering\",\"inLanguage\":\"sv-SE\"}]}<\/script>\n<!-- \/ Yoast SEO plugin. -->","yoast_head_json":{"title":"V\u00e4lkommen till lokalpolitiken - Kristdemokraterna | Svedala","robots":{"index":"index","follow":"follow","max-snippet":"max-snippet:-1","max-image-preview":"max-image-preview:large","max-video-preview":"max-video-preview:-1"},"canonical":"https:\/\/wp.kristdemokraterna.se\/svedala\/valkommen-till-lokalpolitiken\/","og_locale":"sv_SE","og_type":"article","og_title":"V\u00e4lkommen till lokalpolitiken - Kristdemokraterna | Svedala","og_description":"Inom Kristdemokraterna i Svedala \u00e4r alla v\u00e4lkomna att delta och vara en aktiv del av politiken. Vi tror p\u00e5 ett \u00f6ppet klimat d\u00e4r varje r\u00f6st r\u00e4knas och d\u00e4r alla som vill bidra till ett b\u00e4ttre Svedala f\u00e5r m\u00f6jlighet att g\u00f6ra det. Hos oss kan du vara med p\u00e5 m\u00f6ten, samtal och diskussioner d\u00e4r vi tillsammans L\u00e4s mer","og_url":"https:\/\/wp.kristdemokraterna.se\/svedala\/valkommen-till-lokalpolitiken\/","og_site_name":"Kristdemokraterna | Svedala","article_modified_time":"2025-11-21T15:08:49+00:00","twitter_card":"summary_large_image","twitter_misc":{"Ber\u00e4knad l\u00e4stid":"1 minut"},"schema":{"@context":"https:\/\/schema.org","@graph":[{"@type":"WebPage","@id":"https:\/\/wp.kristdemokraterna.se\/svedala\/valkommen-till-lokalpolitiken\/","url":"https:\/\/wp.kristdemokraterna.se\/svedala\/valkommen-till-lokalpolitiken\/","name":"V\u00e4lkommen till lokalpolitiken - Kristdemokraterna | Svedala","isPartOf":{"@id":"https:\/\/wp.kristdemokraterna.se\/svedala\/#website"},"datePublished":"2025-11-14T14:35:50+00:00","dateModified":"2025-11-21T15:08:49+00:00","breadcrumb":{"@id":"https:\/\/wp.kristdemokraterna.se\/svedala\/valkommen-till-lokalpolitiken\/#breadcrumb"},"inLanguage":"sv-SE","potentialAction":[{"@type":"ReadAction","target":["https:\/\/wp.kristdemokraterna.se\/svedala\/valkommen-till-lokalpolitiken\/"]}]},{"@type":"BreadcrumbList","@id":"https:\/\/wp.kristdemokraterna.se\/svedala\/valkommen-till-lokalpolitiken\/#breadcrumb","itemListElement":[{"@type":"ListItem","position":1,"name":"Hem","item":"https:\/\/wp.kristdemokraterna.se\/svedala\/"},{"@type":"ListItem","position":2,"name":"V\u00e4lkommen till lokalpolitiken"}]},{"@type":"WebSite","@id":"https:\/\/wp.kristdemokraterna.se\/svedala\/#website","url":"https:\/\/wp.kristdemokraterna.se\/svedala\/","name":"Kristdemokraterna | Svedala","description":"Ett Svedala d\u00e4r n\u00e4rhet, ansvar och omtanke f\u00e5r styra \u2013 inte storskalighet och centralisering","inLanguage":"sv-SE"}]}},"_links":{"self":[{"href":"https:\/\/wp.kristdemokraterna.se\/svedala\/wp-json\/wp\/v2\/pages\/799","targetHints":{"allow":["GET"]}}],"collection":[{"href":"https:\/\/wp.kristdemokraterna.se\/svedala\/wp-json\/wp\/v2\/pages"}],"about":[{"href":"https:\/\/wp.kristdemokraterna.se\/svedala\/wp-json\/wp\/v2\/types\/page"}],"author":[{"embeddable":true,"href":"https:\/\/wp.kristdemokraterna.se\/svedala\/wp-json\/wp\/v2\/users\/945"}],"replies":[{"embeddable":true,"href":"https:\/\/wp.kristdemokraterna.se\/svedala\/wp-json\/wp\/v2\/comments?post=799"}],"version-history":[{"count":6,"href":"https:\/\/wp.kristdemokraterna.se\/svedala\/wp-json\/wp\/v2\/pages\/799\/revisions"}],"predecessor-version":[{"id":875,"href":"https:\/\/wp.kristdemokraterna.se\/svedala\/wp-json\/wp\/v2\/pages\/799\/revisions\/875"}],"wp:attachment":[{"href":"https:\/\/wp.kristdemokraterna.se\/svedala\/wp-json\/wp\/v2\/media?parent=799"}],"curies":[{"name":"wp","href":"https:\/\/api.w.org\/{rel}","templated":true}]}}