{"version":"1.0","provider_name":"T\u00e4by","provider_url":"https:\/\/wp.kristdemokraterna.se\/taby","title":"L\u00e5t f\u00f6r\u00e4ldrar f\u00e5 best\u00e4mma sj\u00e4lva! - T\u00e4by","type":"rich","width":600,"height":338,"html":"<blockquote class=\"wp-embedded-content\" data-secret=\"m6SO8llSB8\"><a href=\"https:\/\/wp.kristdemokraterna.se\/taby\/lat-foraldrar-fa-bestamma-sjalva\/\">L\u00e5t f\u00f6r\u00e4ldrar f\u00e5 best\u00e4mma sj\u00e4lva!<\/a><\/blockquote><iframe sandbox=\"allow-scripts\" security=\"restricted\" src=\"https:\/\/wp.kristdemokraterna.se\/taby\/lat-foraldrar-fa-bestamma-sjalva\/embed\/#?secret=m6SO8llSB8\" width=\"600\" height=\"338\" title=\"\u201dL\u00e5t f\u00f6r\u00e4ldrar f\u00e5 best\u00e4mma sj\u00e4lva!\u201d &ndash; T\u00e4by\" data-secret=\"m6SO8llSB8\" frameborder=\"0\" marginwidth=\"0\" marginheight=\"0\" scrolling=\"no\" class=\"wp-embedded-content\"><\/iframe><script type=\"text\/javascript\">\n\/* <![CDATA[ *\/\n\/*! This file is auto-generated *\/\n!function(d,l){\"use strict\";l.querySelector&&d.addEventListener&&\"undefined\"!=typeof URL&&(d.wp=d.wp||{},d.wp.receiveEmbedMessage||(d.wp.receiveEmbedMessage=function(e){var t=e.data;if((t||t.secret||t.message||t.value)&&!\/[^a-zA-Z0-9]\/.test(t.secret)){for(var s,r,n,a=l.querySelectorAll('iframe[data-secret=\"'+t.secret+'\"]'),o=l.querySelectorAll('blockquote[data-secret=\"'+t.secret+'\"]'),c=new RegExp(\"^https?:$\",\"i\"),i=0;i<o.length;i++)o[i].style.display=\"none\";for(i=0;i<a.length;i++)s=a[i],e.source===s.contentWindow&&(s.removeAttribute(\"style\"),\"height\"===t.message?(1e3<(r=parseInt(t.value,10))?r=1e3:~~r<200&&(r=200),s.height=r):\"link\"===t.message&&(r=new URL(s.getAttribute(\"src\")),n=new URL(t.value),c.test(n.protocol))&&n.host===r.host&&l.activeElement===s&&(d.top.location.href=t.value))}},d.addEventListener(\"message\",d.wp.receiveEmbedMessage,!1),l.addEventListener(\"DOMContentLoaded\",function(){for(var e,t,s=l.querySelectorAll(\"iframe.wp-embedded-content\"),r=0;r<s.length;r++)(t=(e=s[r]).getAttribute(\"data-secret\"))||(t=Math.random().toString(36).substring(2,12),e.src+=\"#?secret=\"+t,e.setAttribute(\"data-secret\",t)),e.contentWindow.postMessage({message:\"ready\",secret:t},\"*\")},!1)))}(window,document);\n\/\/# sourceURL=https:\/\/wp.kristdemokraterna.se\/taby\/wp-includes\/js\/wp-embed.min.js\n\/* ]]> *\/\n<\/script>\n","description":"Vi s\u00e4ger nej till kvotering av f\u00f6r\u00e4ldraf\u00f6rs\u00e4kringen.\u00a0Vi kommer ta strid mot familjefientliga f\u00f6rslag i alla l\u00e4gen! Idag har regeringen presenterat ett f\u00f6rslag om att kvotera f\u00f6r\u00e4ldrapenningen p\u00e5 grundniv\u00e5. Vi \u00e4r emot kvotering av f\u00f6r\u00e4ldraf\u00f6rs\u00e4kringen och anser att f\u00f6r\u00e4ldrarna sj\u00e4lva \u00e4r de som b\u00e4st kan fatta beslut om tid med sina barn. Vi kristdemokrater vill ist\u00e4llet Read More","thumbnail_url":"https:\/\/static.xx.fbcdn.net\/images\/emoji.php\/v9\/fd2\/2\/16\/2714.png"}