{"version":"1.0","provider_name":"T\u00e4by","provider_url":"https:\/\/wp.kristdemokraterna.se\/taby","title":"M\u00e5nga tr\u00e4ffade Ebba och Ulf i T\u00e4by! - T\u00e4by","type":"rich","width":600,"height":338,"html":"<blockquote class=\"wp-embedded-content\" data-secret=\"blMNhccOPY\"><a href=\"https:\/\/wp.kristdemokraterna.se\/taby\/manga-traffade-ebba-och-ulf-i-taby\/\">M\u00e5nga tr\u00e4ffade Ebba och Ulf i T\u00e4by!<\/a><\/blockquote><iframe sandbox=\"allow-scripts\" security=\"restricted\" src=\"https:\/\/wp.kristdemokraterna.se\/taby\/manga-traffade-ebba-och-ulf-i-taby\/embed\/#?secret=blMNhccOPY\" width=\"600\" height=\"338\" title=\"\u201dM\u00e5nga tr\u00e4ffade Ebba och Ulf i T\u00e4by!\u201d &ndash; T\u00e4by\" data-secret=\"blMNhccOPY\" frameborder=\"0\" marginwidth=\"0\" marginheight=\"0\" scrolling=\"no\" class=\"wp-embedded-content\"><\/iframe><script type=\"text\/javascript\">\n\/* <![CDATA[ *\/\n\/*! This file is auto-generated *\/\n!function(d,l){\"use strict\";l.querySelector&&d.addEventListener&&\"undefined\"!=typeof URL&&(d.wp=d.wp||{},d.wp.receiveEmbedMessage||(d.wp.receiveEmbedMessage=function(e){var t=e.data;if((t||t.secret||t.message||t.value)&&!\/[^a-zA-Z0-9]\/.test(t.secret)){for(var s,r,n,a=l.querySelectorAll('iframe[data-secret=\"'+t.secret+'\"]'),o=l.querySelectorAll('blockquote[data-secret=\"'+t.secret+'\"]'),c=new RegExp(\"^https?:$\",\"i\"),i=0;i<o.length;i++)o[i].style.display=\"none\";for(i=0;i<a.length;i++)s=a[i],e.source===s.contentWindow&&(s.removeAttribute(\"style\"),\"height\"===t.message?(1e3<(r=parseInt(t.value,10))?r=1e3:~~r<200&&(r=200),s.height=r):\"link\"===t.message&&(r=new URL(s.getAttribute(\"src\")),n=new URL(t.value),c.test(n.protocol))&&n.host===r.host&&l.activeElement===s&&(d.top.location.href=t.value))}},d.addEventListener(\"message\",d.wp.receiveEmbedMessage,!1),l.addEventListener(\"DOMContentLoaded\",function(){for(var e,t,s=l.querySelectorAll(\"iframe.wp-embedded-content\"),r=0;r<s.length;r++)(t=(e=s[r]).getAttribute(\"data-secret\"))||(t=Math.random().toString(36).substring(2,12),e.src+=\"#?secret=\"+t,e.setAttribute(\"data-secret\",t)),e.contentWindow.postMessage({message:\"ready\",secret:t},\"*\")},!1)))}(window,document);\n\/\/# sourceURL=https:\/\/wp.kristdemokraterna.se\/taby\/wp-includes\/js\/wp-embed.min.js\n\/* ]]> *\/\n<\/script>\n","description":"Under l\u00f6rdagen s\u00e5 var det m\u00e5nga som passade p\u00e5 att tr\u00e4ffa, st\u00e4lla fr\u00e5gor och ta foton med moderaternas partiledare Ulf Kristersson och Kristdemokraternas partiledare Ebba Busch Thor. Det var en samlad h\u00f6ger som m\u00f6tte v\u00e4ljare i T\u00e4by centrum under l\u00f6rdagen. Det blev trevliga m\u00f6ten d\u00e4r m\u00e5nga passade p\u00e5 att ta foton tillsammans med partiledarna. V\u00e4rdar Read More","thumbnail_url":"http:\/\/wp.kristdemokraterna.se\/taby\/files\/2019\/05\/ebba-moter-valjarna-i-taby-c-300x225.jpg"}