{"version":"1.0","provider_name":"Kristdemokraterna i Timr\u00e5","provider_url":"https:\/\/wp.kristdemokraterna.se\/timra","title":"\u00d6kad \u00f6ppenhet och demokrati nedr\u00f6stat - Kristdemokraterna i Timr\u00e5","type":"rich","width":600,"height":338,"html":"<blockquote class=\"wp-embedded-content\" data-secret=\"sU0vvd1aut\"><a href=\"https:\/\/wp.kristdemokraterna.se\/timra\/okad-oppenhet-och-demokrati-nedrostat\/\">\u00d6kad \u00f6ppenhet och demokrati nedr\u00f6stat<\/a><\/blockquote><iframe sandbox=\"allow-scripts\" security=\"restricted\" src=\"https:\/\/wp.kristdemokraterna.se\/timra\/okad-oppenhet-och-demokrati-nedrostat\/embed\/#?secret=sU0vvd1aut\" width=\"600\" height=\"338\" title=\"\u201d\u00d6kad \u00f6ppenhet och demokrati nedr\u00f6stat\u201d &ndash; Kristdemokraterna i Timr\u00e5\" data-secret=\"sU0vvd1aut\" frameborder=\"0\" marginwidth=\"0\" marginheight=\"0\" scrolling=\"no\" class=\"wp-embedded-content\"><\/iframe><script type=\"text\/javascript\">\n\/* <![CDATA[ *\/\n\/*! This file is auto-generated *\/\n!function(d,l){\"use strict\";l.querySelector&&d.addEventListener&&\"undefined\"!=typeof URL&&(d.wp=d.wp||{},d.wp.receiveEmbedMessage||(d.wp.receiveEmbedMessage=function(e){var t=e.data;if((t||t.secret||t.message||t.value)&&!\/[^a-zA-Z0-9]\/.test(t.secret)){for(var s,r,n,a=l.querySelectorAll('iframe[data-secret=\"'+t.secret+'\"]'),o=l.querySelectorAll('blockquote[data-secret=\"'+t.secret+'\"]'),c=new RegExp(\"^https?:$\",\"i\"),i=0;i<o.length;i++)o[i].style.display=\"none\";for(i=0;i<a.length;i++)s=a[i],e.source===s.contentWindow&&(s.removeAttribute(\"style\"),\"height\"===t.message?(1e3<(r=parseInt(t.value,10))?r=1e3:~~r<200&&(r=200),s.height=r):\"link\"===t.message&&(r=new URL(s.getAttribute(\"src\")),n=new URL(t.value),c.test(n.protocol))&&n.host===r.host&&l.activeElement===s&&(d.top.location.href=t.value))}},d.addEventListener(\"message\",d.wp.receiveEmbedMessage,!1),l.addEventListener(\"DOMContentLoaded\",function(){for(var e,t,s=l.querySelectorAll(\"iframe.wp-embedded-content\"),r=0;r<s.length;r++)(t=(e=s[r]).getAttribute(\"data-secret\"))||(t=Math.random().toString(36).substring(2,12),e.src+=\"#?secret=\"+t,e.setAttribute(\"data-secret\",t)),e.contentWindow.postMessage({message:\"ready\",secret:t},\"*\")},!1)))}(window,document);\n\/\/# sourceURL=https:\/\/wp.kristdemokraterna.se\/timra\/wp-includes\/js\/wp-embed.min.js\n\/* ]]> *\/\n<\/script>\n","description":"Timr\u00e5s kommunfullm\u00e4ktige beslutade p\u00e5 m\u00e5ndagens sammantr\u00e4de att r\u00f6sta ned f\u00f6rslaget om \u00f6kad \u00f6ppenhet i kommunpolitikens viktigaste fr\u00e5ga budgeten. Demokrati finns tydligen inte p\u00e5 majoritetens agenda. Sedan tidigare har man ocks\u00e5 gjort n\u00e4mndssammantr\u00e4dena st\u00e4ngda f\u00f6r allm\u00e4nhetens insyn. Nu fattas bara att man slopar allm\u00e4nhetens fr\u00e5gestund och m\u00f6jligheten f\u00f6r kommuninv\u00e5nare att l\u00e4mna in medborgarf\u00f6rslag. Motionen som hade L\u00e4s mer"}