{"id":576,"date":"2022-06-26T23:55:26","date_gmt":"2022-06-26T21:55:26","guid":{"rendered":"https:\/\/wp.kristdemokraterna.se\/tingsryd\/?page_id=576"},"modified":"2022-06-26T23:55:26","modified_gmt":"2022-06-26T21:55:26","slug":"kommunvalet-2018","status":"publish","type":"page","link":"https:\/\/wp.kristdemokraterna.se\/tingsryd\/kommunvalet-2018\/","title":{"rendered":"Kommunvalet 2018"},"content":{"rendered":"<p><a href=\"http:\/\/wp.kristdemokraterna.se\/tingsryd\/files\/2018\/05\/61a0023-2.jpg\"><img loading=\"lazy\" decoding=\"async\" class=\"aligncenter size-large wp-image-413\" src=\"http:\/\/wp.kristdemokraterna.se\/tingsryd\/files\/2018\/05\/61a0023-2-1024x576.jpg\" alt=\"\" width=\"1024\" height=\"576\" srcset=\"https:\/\/wp.kristdemokraterna.se\/tingsryd\/files\/2018\/05\/61a0023-2-1024x576.jpg 1024w, https:\/\/wp.kristdemokraterna.se\/tingsryd\/files\/2018\/05\/61a0023-2-300x169.jpg 300w, https:\/\/wp.kristdemokraterna.se\/tingsryd\/files\/2018\/05\/61a0023-2-768x432.jpg 768w, https:\/\/wp.kristdemokraterna.se\/tingsryd\/files\/2018\/05\/61a0023-2-356x200.jpg 356w, https:\/\/wp.kristdemokraterna.se\/tingsryd\/files\/2018\/05\/61a0023-2-370x208.jpg 370w, https:\/\/wp.kristdemokraterna.se\/tingsryd\/files\/2018\/05\/61a0023-2-770x433.jpg 770w, https:\/\/wp.kristdemokraterna.se\/tingsryd\/files\/2018\/05\/61a0023-2-450x253.jpg 450w, https:\/\/wp.kristdemokraterna.se\/tingsryd\/files\/2018\/05\/61a0023-2-280x158.jpg 280w, https:\/\/wp.kristdemokraterna.se\/tingsryd\/files\/2018\/05\/61a0023-2-340x191.jpg 340w, https:\/\/wp.kristdemokraterna.se\/tingsryd\/files\/2018\/05\/61a0023-2-200x113.jpg 200w, https:\/\/wp.kristdemokraterna.se\/tingsryd\/files\/2018\/05\/61a0023-2-100x56.jpg 100w\" sizes=\"auto, (max-width: 1024px) 100vw, 1024px\" \/><\/a><\/p>\n<h2>Kristdemokraterna beh\u00f6vs i Tingsryd!<\/h2>\n<p>Vi vill verka f\u00f6r en enad kommun, d\u00e4r vi pratar vik\u00e4nsla och k\u00e4nner stolthet \u00f6ver hela v\u00e5r kommun.<br \/>\nTingsryds kommun ska ha en blomstrande centralort men samtliga orter ska ha en god service, anpassad efter dess befolkning. Den lokala handeln ska fungera som m\u00f6tesplatser f\u00f6r turister och bofasta och d\u00e4r ska man bl.a. kunna f\u00e5 turistinformation och h\u00e4mta best\u00e4llda b\u00f6cker fr\u00e5n biblioteken.<\/p>\n<p>Vi vill st\u00e4rka n\u00e4ringslivet i hela kommunen och verka f\u00f6r att bygga n\u00e4tverk mellan f\u00f6retag. Bygglov m\u00e5ste ges skyndsamt till expanderande f\u00f6retag. Vi vill tillsammans med v\u00e5ra f\u00f6retagare forts\u00e4tta arbetet med fr\u00e5gor som infrastruktur, bost\u00e4der, utbildning och kompetensf\u00f6rs\u00f6rjning. I Tingsryd ska m\u00e4nniskor v\u00e5ga satsa p\u00e5 sina id\u00e9er!<\/p>\n<p>Fler f\u00f6retag betyder fler jobb, b\u00e4ttre ekonomi, framtidstro och mer v\u00e4lf\u00e4rd f\u00f6r oss alla. F\u00f6r nyanl\u00e4nda \u00e4r det viktigt att integreras genom utbildning och arbete. L\u00e4rcenter b\u00f6r utforma yrkesutbildningar i samarbete med Wasaskolan d\u00e4r det finns anpassade lokaler och personal.<\/p>\n<p>F\u00f6reningslivet \u00e4r ytterst viktigt f\u00f6r sociala gemenskaper och \u00e4ven integrationen. M\u00e4nniskor fr\u00e5n hela kommunen m\u00f6ts och f\u00f6reningarna \u00e4r en stor tillg\u00e5ng f\u00f6r samh\u00e4llet.<\/p>\n<p>Vi beh\u00f6ver \u00f6ka antalet bost\u00e4der i attraktiva l\u00e4gen i hela kommunen. I kommunen finns m\u00e5nga sj\u00f6ar d\u00e4r natursk\u00f6na tomter kan skapas.<\/p>\n<p>F\u00f6r att f\u00f6rebygga brottslighet och f\u00f6r att v\u00e5ra inv\u00e5nare ska k\u00e4nna trygghet beh\u00f6ver vi ut\u00f6ka samarbetet med den lokala polisen.<\/p>\n<p>&nbsp;<\/p>\n<p><a href=\"http:\/\/wp.kristdemokraterna.se\/tingsryd\/files\/2018\/05\/61a0033-2-1-e1527100035395.jpg\"><img loading=\"lazy\" decoding=\"async\" class=\"aligncenter size-large wp-image-432\" src=\"http:\/\/wp.kristdemokraterna.se\/tingsryd\/files\/2018\/05\/61a0033-2-1-e1527100035395-1024x440.jpg\" alt=\"\" width=\"1024\" height=\"440\" srcset=\"https:\/\/wp.kristdemokraterna.se\/tingsryd\/files\/2018\/05\/61a0033-2-1-e1527100035395-1024x440.jpg 1024w, https:\/\/wp.kristdemokraterna.se\/tingsryd\/files\/2018\/05\/61a0033-2-1-e1527100035395-300x129.jpg 300w, https:\/\/wp.kristdemokraterna.se\/tingsryd\/files\/2018\/05\/61a0033-2-1-e1527100035395-768x330.jpg 768w, https:\/\/wp.kristdemokraterna.se\/tingsryd\/files\/2018\/05\/61a0033-2-1-e1527100035395-370x159.jpg 370w, https:\/\/wp.kristdemokraterna.se\/tingsryd\/files\/2018\/05\/61a0033-2-1-e1527100035395-770x331.jpg 770w, https:\/\/wp.kristdemokraterna.se\/tingsryd\/files\/2018\/05\/61a0033-2-1-e1527100035395-450x194.jpg 450w, https:\/\/wp.kristdemokraterna.se\/tingsryd\/files\/2018\/05\/61a0033-2-1-e1527100035395-280x120.jpg 280w, https:\/\/wp.kristdemokraterna.se\/tingsryd\/files\/2018\/05\/61a0033-2-1-e1527100035395-340x146.jpg 340w, https:\/\/wp.kristdemokraterna.se\/tingsryd\/files\/2018\/05\/61a0033-2-1-e1527100035395-200x86.jpg 200w, https:\/\/wp.kristdemokraterna.se\/tingsryd\/files\/2018\/05\/61a0033-2-1-e1527100035395-130x56.jpg 130w\" sizes=\"auto, (max-width: 1024px) 100vw, 1024px\" \/><\/a><\/p>\n<h2><strong>Trygghet och valfrihet hela livet!<\/strong><\/h2>\n<p>En trygg barnomsorg, en kunskapsinriktad skola med v\u00e4rdegrunden i fokus och boendealternativ f\u00f6r de \u00e4ldre.<\/p>\n<p>Trygga barn ger trygga vuxna. Barngruppernas storlek i f\u00f6rskolan beh\u00f6ver minskas s\u00e5 alla barn blir sedda, men ocks\u00e5 f\u00f6r att genom lek \u00e5stadkomma en god kunskapsgrund. Ett gott samarbete beh\u00f6vs mellan f\u00f6rskola, skola och hemmet f\u00f6r att fr\u00e4mja barnens utveckling och tillsammans ska vi verka f\u00f6r en god v\u00e4rdegrund.<\/p>\n<p>Resultaten i skolan m\u00e5ste h\u00f6jas! Goda kunskapsresultat ger barnen m\u00f6jlighet att i framtiden kunna f\u00f6rverkliga sina dr\u00f6mmar. Det \u00e4r h\u00f6g tid att de \u00e4ldre prioriteras och f\u00e5r den v\u00e5rd och det boende man beh\u00f6ver. Seniorbost\u00e4der b\u00f6r byggas i anslutning till v\u00e5ra servicehus i olika delar av kommunen. I centralorten har kvarteret \u00d6rnen ett perfekt l\u00e4ge f\u00f6r detta med n\u00e4rhet till det s\u00e4rskilda boendet, servicefunktioner, f\u00f6reningsliv, handel och naturen.<\/p>\n<p>Alla \u00f6ver 85 ska kunna bo i n\u00e5gon form av seniorboende, utan n\u00e5gon behovsbed\u00f6mning, om man \u00f6nskar. Aktiviteter och friskv\u00e5rd b\u00f6r erbjudas.<\/p>\n<p>&nbsp;<\/p>\n<p><strong>Kommunvalet 2014<\/strong><\/p>\n<p><strong>Tingsryd \u2013 En m\u00e4nsklig och attraktiv kommun<\/strong><\/p>\n<p><em>\u201dPolitik kan inte reduceras till att enbart centreras runt pl\u00e5nboksfr\u00e5gor, det m\u00e5ste<br \/>\nocks\u00e5 handla om det mjuka, m\u00e4nskliga; om barn och \u00e4ldre och om mer tid f\u00f6r varandra\u201d<\/em><br \/>\n\u2013 Alf Svensson<\/p>\n<p>Kristdemokraterna har under 2006-14 varit med i majoriteten i Tingsryd. Kristdemokraternas m\u00e5ls\u00e4ttning har varit och \u00e4r, att se kommunen som en helhet med bra kvalitet p\u00e5 boende i hela kommunen och b\u00e4sta m\u00f6jliga kommunala service utan n\u00e5gra skatteh\u00f6jningar. Trots sv\u00e5ra ekonomiska tider och en minskande befolkning, och d\u00e4rav f\u00f6ljande omstruktureringar i den kommunala verksamheten, har vi v\u00e4rnat kvalit\u00e9n inom barnomsorgen, skolan och \u00e4ldreomsorgen och haft ordning p\u00e5 ekonomin. Det \u00e4r vi stolta \u00f6ver.<\/p>\n<p><strong>Skola och familj<\/strong><br \/>\nBarn har r\u00e4tt till sina f\u00f6r\u00e4ldrar! B\u00e5de f\u00f6r\u00e4ldrar och barn beh\u00f6ver kunna f\u00e5 tid med varandra. D\u00e4rf\u00f6r m\u00e5ste familjer sj\u00e4lva kunna v\u00e4lja det liv som passar dem b\u00e4st. Vi ser med oro att m\u00e5nga barn idag \u00e4r stressade och oroliga. D\u00e4rf\u00f6r vill vi \u00f6ka m\u00f6jligheten till samvaro f\u00f6r f\u00f6r\u00e4ldrar och barn. Vi \u00f6nskar \u00f6kad valfrihet inom barnomsorgen med \u00f6kad information runt de olika alternativ som vi skapat med Kristdemokraterna i majoriteten: v\u00e5rdnadsbidrag, familjedaghem, kommunal- eller enskild f\u00f6rskola. Barngruppernas storlek har betydelse f\u00f6r barnens trygghet och m\u00f6jlighet till identitets- och spr\u00e5kutveckling och vi vill verka f\u00f6r mindre grupper inom f\u00f6rskolan, framf\u00f6r allt f\u00f6r de minsta barnen.<\/p>\n<p>Grundskolan ska m\u00f6ta varje elevs f\u00f6ruts\u00e4ttningar i l\u00e4randet f\u00f6r att kunna uppn\u00e5 kunskapsm\u00e5len. M\u00e5ls\u00e4ttningen \u00e4r en skola d\u00e4r ingen h\u00e5lls tillbaka och ingen l\u00e4mnas efter. Vi vill ha ett \u00f6kat samarbete mellan f\u00f6r\u00e4ldrar, l\u00e4rare och politiker f\u00f6r att fr\u00e4mja elevernas kunskapsutveckling. Administrationen f\u00f6r l\u00e4rarna m\u00e5ste minska f\u00f6r att d\u00e4rigenom frig\u00f6ra tid som kan \u00e4gnas \u00e5t enskild undervisning och handledning s\u00e5 att varje elev stimuleras att n\u00e5 sin fulla potential. Tingsryds duktiga l\u00e4rare ska ges goda utvecklingsm\u00f6jligheter och en bra l\u00f6n. Nolltolerans mot mobbing, kr\u00e4nkande behandling och d\u00e5lig skolmilj\u00f6 \u00e4r f\u00f6r oss en sj\u00e4lvklarhet.<\/p>\n<p>Wasaskolan beh\u00f6vs i Tingsryds kommun f\u00f6r n\u00e4ringslivets skull och f\u00f6r de elever som inte vill spendera m\u00e5nga timmar p\u00e5 buss eller flytta. Skolan ska erbjuda b\u00e5de h\u00f6gskolef\u00f6rberedande- och yrkesprogram som elever och n\u00e4ringslivet efterfr\u00e5gar, i proportion till det elevantal vi har. Vi vill stimulera Wasaskolan att kunna utveckla sitt arbete med internationalisering, idrottsprofilen och samarbete med kommunens friskolor, inte minst AMB med sin unika utbildning inom den v\u00e4xande musikindustrin.<\/p>\n<p><strong>\u00c4ldreomsorg<\/strong><br \/>\nVi vill forts\u00e4tta att h\u00f6ja kvaliteten p\u00e5 \u00e4ldreomsorgen och g\u00f6ra den m\u00e4nsklig och varm. De som \u00e4r ber\u00e4ttigade till hemtj\u00e4nst ska i \u00f6kad grad sj\u00e4lva kunna p\u00e5verka inneh\u00e5llet. Alla ska k\u00e4nna att de m\u00f6ts med respekt och v\u00e4rme. Genom helgarbete f\u00f6r ungdomar inom \u00e4ldreomsorgen ger vi de \u00e4ldre \u00f6kad m\u00f6jlighet till gemenskap och aktivitet och de unga f\u00e5r v\u00e4rdefulla erfarenheter och dessutom en fot in p\u00e5 arbetsmarknaden.<\/p>\n<p>I Tingsryds kommun, liksom i riket som helhet, \u00f6kar antalet \u00e4ldre stadigt. D\u00e4rf\u00f6r \u00e4r det viktigt att i tid anpassa bost\u00e4derna och bostadsbyggandet till denna f\u00f6r\u00e4ndring. Genom f\u00e4rdigst\u00e4llandet av v\u00e5rt nyaste \u00e4ldreboende \u201d\u00d6rnen\u201d skapar vi ett modernt \u00e4ldreboende med h\u00f6gsta service. Det \u00e4r viktigt att de \u00e4ldre k\u00e4nner att deras \u00f6nskem\u00e5l ang\u00e5ende boende beaktas s\u00e5 l\u00e5ngt det \u00e4r m\u00f6jligt. Vi vill d\u00e4rf\u00f6r att det ska finnas olika typer av \u00e4ldreboenden i Tingsryds kommun. Trygghetsboenden b\u00f6r byggas i n\u00e4rheten av servicehusen och boende i dessa l\u00e4genheter ska kunna utnyttja gemensamhetsutrymmen samt delta i de aktiviteter som sker p\u00e5 servicehusen.<\/p>\n<p>Vi anser att kommunen b\u00f6r erbjuda de \u00e4ldre friskv\u00e5rdande aktiviteter som stimulerar h\u00e4lsa och livskvalitet, genom samarbete med det civila samh\u00e4llet, ideella organisationer, studief\u00f6rbund och pension\u00e4rsorganisationer. Kommunen ska satsa p\u00e5 de \u00e4ldres mat och s\u00e4kerst\u00e4lla att den som beh\u00f6ver f\u00e5r hj\u00e4lp och gemenskap runt m\u00e5ltiderna.<br \/>\nVi \u00e4r stolta \u00f6ver de beslut som tagits i Socialn\u00e4mnden b\u00e5de vad g\u00e4ller v\u00e4rdighetsgaranti inom \u00e4ldreomsorgen, samt den parboendegaranti som ger \u00e4ldre m\u00f6jlighet att forts\u00e4tta bo tillsammans, om b\u00e5da vill, \u00e4ven om de har olika behov av v\u00e5rd och omsorg.<\/p>\n<p><strong>N\u00e4ringsliv, natur, f\u00f6reningsliv och kultur<\/strong><br \/>\nDet \u00e4r av yttersta vikt att Tingsryd \u00e4r en kommun som \u00e4r attraktiv f\u00f6r f\u00f6retag och m\u00e4nniskor. H\u00e4r ska m\u00e4nniskor v\u00e5ga satsa p\u00e5 sina id\u00e9er, och det \u00e4r viktigt att f\u00f6retagandet st\u00f6ds p\u00e5 olika s\u00e4tt. Fler f\u00f6retag betyder fler jobb, b\u00e4ttre ekonomi framtidstro och mer v\u00e4lf\u00e4rd. \u00a0F\u00f6r att unga och arbetsl\u00f6sa ska ha st\u00f6rre chans att f\u00e5 in en fot p\u00e5 arbetsmarknaden vill vi se en \u00f6kad satsning p\u00e5 praktikplatser.<\/p>\n<p>En tillg\u00e5ng f\u00f6r Tingsryd \u00e4r v\u00e5r vackra natur och den ska nyttjas, men med varsamhet och omsorg. Jord- och skogsbruken \u00e4r viktiga i en landsortskommun men vi ser \u00e4ven turismen som mycket viktig f\u00f6r v\u00e5r kommun. I och med utbyggnaden av cykelleden sydostleden genom v\u00e5r kommun ser vi m\u00f6jlighet f\u00f6r nya f\u00f6retag att kunna etableras inom turistn\u00e4ringen.<\/p>\n<p>Kommunen ska arbeta f\u00f6r en \u00f6kad andel n\u00e4rproducerade livsmedel i m\u00e5ltidsverksamheten, samt att k\u00f6ttet i \u00f6kad grad kommer fr\u00e5n g\u00e5rdar med sund och v\u00e4rdig djurh\u00e5llning. Vildsvinsstammen i kommunen m\u00e5ste begr\u00e4nsas och vi ser g\u00e4rna att vildsvinsk\u00f6tt finns p\u00e5 menyerna i v\u00e5r m\u00e5ltidsverksamhet.<\/p>\n<p>F\u00f6r oss Kristdemokrater \u00e4r gemenskap och medm\u00e4nsklighet nyckelord. Ett s\u00e4tt att skapa kontakter mellan m\u00e4nniskor \u00e4r bl.a. i olika f\u00f6reningar och kyrkor och vi ser dem som en stor tillg\u00e5ng. Vi vill ocks\u00e5 tillvarata och st\u00f6tta olika former av ideellt arbete.<\/p>\n<p>Tingsryd har ett rikt och m\u00e5ngfacetterat idrotts- och kulturliv som vi vill v\u00e4rna och st\u00f6tta. S\u00e4rskilt viktiga \u00e4r satsningar p\u00e5 barn och ungdomar.<\/p>\n","protected":false},"excerpt":{"rendered":"<p>Kristdemokraterna beh\u00f6vs i Tingsryd! Vi vill verka f\u00f6r en enad kommun, d\u00e4r vi pratar vik\u00e4nsla och k\u00e4nner stolthet \u00f6ver hela v\u00e5r kommun. Tingsryds kommun ska ha en blomstrande centralort men samtliga orter ska ha en god service, anpassad efter dess befolkning. Den lokala handeln ska fungera som m\u00f6tesplatser f\u00f6r turister och bofasta och d\u00e4r ska <a class=\"read-more-link\" href=\"https:\/\/wp.kristdemokraterna.se\/tingsryd\/kommunvalet-2018\/\">Read More<\/a><\/p>\n","protected":false},"author":631,"featured_media":0,"parent":0,"menu_order":0,"comment_status":"closed","ping_status":"closed","template":"","meta":{"_acf_changed":false,"footnotes":""},"class_list":["post-576","page","type-page","status-publish","hentry"],"acf":[],"yoast_head":"<!-- This site is optimized with the Yoast SEO plugin v27.5 - https:\/\/yoast.com\/product\/yoast-seo-wordpress\/ -->\n<title>Kommunvalet 2018 - Kristdemokraterna i Tingsryd<\/title>\n<meta name=\"robots\" content=\"index, follow, max-snippet:-1, max-image-preview:large, max-video-preview:-1\" \/>\n<link rel=\"canonical\" href=\"https:\/\/wp.kristdemokraterna.se\/tingsryd\/kommunvalet-2018\/\" \/>\n<meta property=\"og:locale\" content=\"sv_SE\" \/>\n<meta property=\"og:type\" content=\"article\" \/>\n<meta property=\"og:title\" content=\"Kommunvalet 2018 - Kristdemokraterna i Tingsryd\" \/>\n<meta property=\"og:description\" content=\"Kristdemokraterna beh\u00f6vs i Tingsryd! Vi vill verka f\u00f6r en enad kommun, d\u00e4r vi pratar vik\u00e4nsla och k\u00e4nner stolthet \u00f6ver hela v\u00e5r kommun. Tingsryds kommun ska ha en blomstrande centralort men samtliga orter ska ha en god service, anpassad efter dess befolkning. Den lokala handeln ska fungera som m\u00f6tesplatser f\u00f6r turister och bofasta och d\u00e4r ska Read More\" \/>\n<meta property=\"og:url\" content=\"https:\/\/wp.kristdemokraterna.se\/tingsryd\/kommunvalet-2018\/\" \/>\n<meta property=\"og:site_name\" content=\"Kristdemokraterna i Tingsryd\" \/>\n<meta property=\"og:image\" content=\"http:\/\/wp.kristdemokraterna.se\/tingsryd\/files\/2018\/05\/61a0023-2-1024x576.jpg\" \/>\n<meta name=\"twitter:card\" content=\"summary_large_image\" \/>\n<meta name=\"twitter:label1\" content=\"Ber\u00e4knad l\u00e4stid\" \/>\n\t<meta name=\"twitter:data1\" content=\"7 minuter\" \/>\n<script type=\"application\/ld+json\" class=\"yoast-schema-graph\">{\"@context\":\"https:\\\/\\\/schema.org\",\"@graph\":[{\"@type\":\"WebPage\",\"@id\":\"https:\\\/\\\/wp.kristdemokraterna.se\\\/tingsryd\\\/kommunvalet-2018\\\/\",\"url\":\"https:\\\/\\\/wp.kristdemokraterna.se\\\/tingsryd\\\/kommunvalet-2018\\\/\",\"name\":\"Kommunvalet 2018 - Kristdemokraterna i Tingsryd\",\"isPartOf\":{\"@id\":\"https:\\\/\\\/wp.kristdemokraterna.se\\\/tingsryd\\\/#website\"},\"primaryImageOfPage\":{\"@id\":\"https:\\\/\\\/wp.kristdemokraterna.se\\\/tingsryd\\\/kommunvalet-2018\\\/#primaryimage\"},\"image\":{\"@id\":\"https:\\\/\\\/wp.kristdemokraterna.se\\\/tingsryd\\\/kommunvalet-2018\\\/#primaryimage\"},\"thumbnailUrl\":\"http:\\\/\\\/wp.kristdemokraterna.se\\\/tingsryd\\\/files\\\/2018\\\/05\\\/61a0023-2-1024x576.jpg\",\"datePublished\":\"2022-06-26T21:55:26+00:00\",\"breadcrumb\":{\"@id\":\"https:\\\/\\\/wp.kristdemokraterna.se\\\/tingsryd\\\/kommunvalet-2018\\\/#breadcrumb\"},\"inLanguage\":\"sv-SE\",\"potentialAction\":[{\"@type\":\"ReadAction\",\"target\":[\"https:\\\/\\\/wp.kristdemokraterna.se\\\/tingsryd\\\/kommunvalet-2018\\\/\"]}]},{\"@type\":\"ImageObject\",\"inLanguage\":\"sv-SE\",\"@id\":\"https:\\\/\\\/wp.kristdemokraterna.se\\\/tingsryd\\\/kommunvalet-2018\\\/#primaryimage\",\"url\":\"http:\\\/\\\/wp.kristdemokraterna.se\\\/tingsryd\\\/files\\\/2018\\\/05\\\/61a0023-2-1024x576.jpg\",\"contentUrl\":\"http:\\\/\\\/wp.kristdemokraterna.se\\\/tingsryd\\\/files\\\/2018\\\/05\\\/61a0023-2-1024x576.jpg\"},{\"@type\":\"BreadcrumbList\",\"@id\":\"https:\\\/\\\/wp.kristdemokraterna.se\\\/tingsryd\\\/kommunvalet-2018\\\/#breadcrumb\",\"itemListElement\":[{\"@type\":\"ListItem\",\"position\":1,\"name\":\"Hem\",\"item\":\"https:\\\/\\\/wp.kristdemokraterna.se\\\/tingsryd\\\/\"},{\"@type\":\"ListItem\",\"position\":2,\"name\":\"Kommunvalet 2018\"}]},{\"@type\":\"WebSite\",\"@id\":\"https:\\\/\\\/wp.kristdemokraterna.se\\\/tingsryd\\\/#website\",\"url\":\"https:\\\/\\\/wp.kristdemokraterna.se\\\/tingsryd\\\/\",\"name\":\"Kristdemokraterna i Tingsryd\",\"description\":\"\",\"inLanguage\":\"sv-SE\"}]}<\/script>\n<!-- \/ Yoast SEO plugin. -->","yoast_head_json":{"title":"Kommunvalet 2018 - Kristdemokraterna i Tingsryd","robots":{"index":"index","follow":"follow","max-snippet":"max-snippet:-1","max-image-preview":"max-image-preview:large","max-video-preview":"max-video-preview:-1"},"canonical":"https:\/\/wp.kristdemokraterna.se\/tingsryd\/kommunvalet-2018\/","og_locale":"sv_SE","og_type":"article","og_title":"Kommunvalet 2018 - Kristdemokraterna i Tingsryd","og_description":"Kristdemokraterna beh\u00f6vs i Tingsryd! Vi vill verka f\u00f6r en enad kommun, d\u00e4r vi pratar vik\u00e4nsla och k\u00e4nner stolthet \u00f6ver hela v\u00e5r kommun. Tingsryds kommun ska ha en blomstrande centralort men samtliga orter ska ha en god service, anpassad efter dess befolkning. Den lokala handeln ska fungera som m\u00f6tesplatser f\u00f6r turister och bofasta och d\u00e4r ska Read More","og_url":"https:\/\/wp.kristdemokraterna.se\/tingsryd\/kommunvalet-2018\/","og_site_name":"Kristdemokraterna i Tingsryd","og_image":[{"url":"http:\/\/wp.kristdemokraterna.se\/tingsryd\/files\/2018\/05\/61a0023-2-1024x576.jpg","type":"","width":"","height":""}],"twitter_card":"summary_large_image","twitter_misc":{"Ber\u00e4knad l\u00e4stid":"7 minuter"},"schema":{"@context":"https:\/\/schema.org","@graph":[{"@type":"WebPage","@id":"https:\/\/wp.kristdemokraterna.se\/tingsryd\/kommunvalet-2018\/","url":"https:\/\/wp.kristdemokraterna.se\/tingsryd\/kommunvalet-2018\/","name":"Kommunvalet 2018 - Kristdemokraterna i Tingsryd","isPartOf":{"@id":"https:\/\/wp.kristdemokraterna.se\/tingsryd\/#website"},"primaryImageOfPage":{"@id":"https:\/\/wp.kristdemokraterna.se\/tingsryd\/kommunvalet-2018\/#primaryimage"},"image":{"@id":"https:\/\/wp.kristdemokraterna.se\/tingsryd\/kommunvalet-2018\/#primaryimage"},"thumbnailUrl":"http:\/\/wp.kristdemokraterna.se\/tingsryd\/files\/2018\/05\/61a0023-2-1024x576.jpg","datePublished":"2022-06-26T21:55:26+00:00","breadcrumb":{"@id":"https:\/\/wp.kristdemokraterna.se\/tingsryd\/kommunvalet-2018\/#breadcrumb"},"inLanguage":"sv-SE","potentialAction":[{"@type":"ReadAction","target":["https:\/\/wp.kristdemokraterna.se\/tingsryd\/kommunvalet-2018\/"]}]},{"@type":"ImageObject","inLanguage":"sv-SE","@id":"https:\/\/wp.kristdemokraterna.se\/tingsryd\/kommunvalet-2018\/#primaryimage","url":"http:\/\/wp.kristdemokraterna.se\/tingsryd\/files\/2018\/05\/61a0023-2-1024x576.jpg","contentUrl":"http:\/\/wp.kristdemokraterna.se\/tingsryd\/files\/2018\/05\/61a0023-2-1024x576.jpg"},{"@type":"BreadcrumbList","@id":"https:\/\/wp.kristdemokraterna.se\/tingsryd\/kommunvalet-2018\/#breadcrumb","itemListElement":[{"@type":"ListItem","position":1,"name":"Hem","item":"https:\/\/wp.kristdemokraterna.se\/tingsryd\/"},{"@type":"ListItem","position":2,"name":"Kommunvalet 2018"}]},{"@type":"WebSite","@id":"https:\/\/wp.kristdemokraterna.se\/tingsryd\/#website","url":"https:\/\/wp.kristdemokraterna.se\/tingsryd\/","name":"Kristdemokraterna i Tingsryd","description":"","inLanguage":"sv-SE"}]}},"_links":{"self":[{"href":"https:\/\/wp.kristdemokraterna.se\/tingsryd\/wp-json\/wp\/v2\/pages\/576","targetHints":{"allow":["GET"]}}],"collection":[{"href":"https:\/\/wp.kristdemokraterna.se\/tingsryd\/wp-json\/wp\/v2\/pages"}],"about":[{"href":"https:\/\/wp.kristdemokraterna.se\/tingsryd\/wp-json\/wp\/v2\/types\/page"}],"author":[{"embeddable":true,"href":"https:\/\/wp.kristdemokraterna.se\/tingsryd\/wp-json\/wp\/v2\/users\/631"}],"replies":[{"embeddable":true,"href":"https:\/\/wp.kristdemokraterna.se\/tingsryd\/wp-json\/wp\/v2\/comments?post=576"}],"version-history":[{"count":1,"href":"https:\/\/wp.kristdemokraterna.se\/tingsryd\/wp-json\/wp\/v2\/pages\/576\/revisions"}],"predecessor-version":[{"id":578,"href":"https:\/\/wp.kristdemokraterna.se\/tingsryd\/wp-json\/wp\/v2\/pages\/576\/revisions\/578"}],"wp:attachment":[{"href":"https:\/\/wp.kristdemokraterna.se\/tingsryd\/wp-json\/wp\/v2\/media?parent=576"}],"curies":[{"name":"wp","href":"https:\/\/api.w.org\/{rel}","templated":true}]}}